{"id":15999,"date":"2021-03-05T08:08:48","date_gmt":"2021-03-05T07:08:48","guid":{"rendered":"https:\/\/www.enriquerequena.com\/politica-de-privacidad\/"},"modified":"2021-04-20T17:03:59","modified_gmt":"2021-04-20T15:03:59","slug":"politique-de-confidentialite","status":"publish","type":"page","link":"https:\/\/www.enriquerequena.com\/fr\/politique-de-confidentialite\/","title":{"rendered":"Politique de confidentialit\u00e9"},"content":{"rendered":"<h3><strong>Politique de confidentialit\u00e9<\/strong><\/h3>\n<p>ENRIQUE REQUENA, S.L.U .. avec CIF B46414330 avec adresse \u00e0 C \/ CARTAGENA, 3 &#8211; 46018 VALENCIA (ESPAGNE) est le propri\u00e9taire du site et responsable du traitement des donn\u00e9es personnelles que les utilisateurs fournissent via ce site.<br \/>\nENRIQUE REQUENA, S.L.U .. informe les utilisateurs de ce site Web de sa politique concernant le traitement et la protection des donn\u00e9es personnelles des utilisateurs et des clients qui peuvent \u00eatre collect\u00e9es en naviguant et en utilisant ce site.<br \/>\nLe but de ce document est d&rsquo;informer les utilisateurs sur ce que nous faisons de leurs donn\u00e9es personnelles, comment elles sont collect\u00e9es, \u00e0 quoi elles sont utilis\u00e9es, leurs droits ainsi que toutes les informations n\u00e9cessaires \u00e9tablies par la r\u00e9glementation en vigueur.<br \/>\nEn utilisant ce site Web, nous comprenons que vous avez lu et compris les informations qui sont expos\u00e9es dans le cadre du traitement de vos donn\u00e9es personnelles.<br \/>\nNotre objectif principal est de traiter les donn\u00e9es personnelles de mani\u00e8re licite, \u00e9quitable et transparente.<br \/>\nDonn\u00e9es collect\u00e9es, finalit\u00e9 et l\u00e9galit\u00e9<br \/>\nLes donn\u00e9es personnelles trait\u00e9es sont celles fournies par les utilisateurs via les formulaires disponibles sur ce site et sont le minimum requis pour pouvoir vous envoyer des informations sur nos produits \/ services, pour pouvoir passer des commandes, ainsi que pour pouvoir pr\u00e9parer le factures correspondantes, informer sur l&rsquo;\u00e9tat des commandes, assister aux r\u00e9clamations et \u00e0 toute autre gestion d\u00e9riv\u00e9e de la fourniture du service effectu\u00e9e via ce site.<\/p>\n<h3>La conservation des donn\u00e9es<\/h3>\n<p>Les donn\u00e9es personnelles seront conserv\u00e9es aussi longtemps que n\u00e9cessaire pour \u00eatre en mesure de r\u00e9pondre aux finalit\u00e9s pour lesquelles elles \u00e9taient.<br \/>\nPar cons\u00e9quent, nous conserverons vos informations personnelles tant qu&rsquo;il existe une relation contractuelle et \/ ou commerciale avec vous ou tant que vous n&rsquo;exercez pas votre droit de supprimer, d&rsquo;annuler et \/ ou de limiter le traitement de vos donn\u00e9es.<br \/>\nDans ces cas, nous garderons les informations d\u00fbment bloqu\u00e9es, sans leur donner aucune utilisation, aussi longtemps que cela peut \u00eatre n\u00e9cessaire pour l&rsquo;exercice ou la d\u00e9fense de r\u00e9clamations ou un certain type de responsabilit\u00e9 judiciaire, l\u00e9gale ou contractuelle peut d\u00e9couler de son traitement, qui doit \u00eatre pris en charge et pour lequel \u00eatre<br \/>\nr\u00e9cup\u00e9ration n\u00e9cessaire.<br \/>\nProtection des mineurs<br \/>\nCe site Web n&rsquo;est pas destin\u00e9 aux utilisateurs mineurs. Si vous \u00eates mineur, n&rsquo;essayez pas de vous inscrire en tant qu&rsquo;utilisateur. Si nous d\u00e9couvrons que nous avons obtenu par erreur des informations personnelles d&rsquo;un mineur, nous supprimerons ces informations d\u00e8s que possible.<br \/>\nDestinataires de vos donn\u00e9es personnelles<br \/>\nNous informons les utilisateurs que leurs donn\u00e9es personnelles ne seront pas communiqu\u00e9es \u00e0 des tiers, \u00e0 l&rsquo;exception que ladite communication de donn\u00e9es est couverte par une obligation l\u00e9gale ou lorsque pour la fourniture correcte du service ou l&rsquo;ex\u00e9cution du contrat, il est n\u00e9cessaire de communiquer leurs donn\u00e9es. aux autres. Responsable, comme d&rsquo;autres soci\u00e9t\u00e9s du groupe, responsable du traitement.<br \/>\nDans les cas o\u00f9 la communication de donn\u00e9es \u00e0 des tiers n&rsquo;est pas couverte par les bases juridiques \u00e9tablies dans la section pr\u00e9c\u00e9dente, la communication de donn\u00e9es \u00e0 d&rsquo;autres destinataires ne sera effectu\u00e9e que si l&rsquo;utilisateur a donn\u00e9 son consentement expr\u00e8s.<br \/>\nENRIQUE REQUENA, S.L.U .. maintient des crit\u00e8res stricts pour la s\u00e9lection des gestionnaires de traitement et s&rsquo;engage contractuellement avec chacun \u00e0 respecter et \u00e0 faire respecter les obligations \u00e9tablies en mati\u00e8re de protection des donn\u00e9es.<\/p>\n<h3>Exercice des droits<\/h3>\n<p>Conform\u00e9ment aux droits conf\u00e9r\u00e9s par la r\u00e9glementation en vigueur sur la protection des donn\u00e9es personnelles, l&rsquo;utilisateur peut exercer les droits d&rsquo;acc\u00e8s, de rectification, de limitation de traitement, de suppression, de portabilit\u00e9 et d&rsquo;opposition au traitement de ses donn\u00e9es en adressant sa demande \u00e0 la poste indiqu\u00e9e. adresse ou email web@enriquerequena.com<br \/>\nPour exercer vos droits, vous devez vous identifier en pr\u00e9sentant votre pi\u00e8ce d&rsquo;identit\u00e9.<br \/>\nPour toute r\u00e9clamation vous pouvez vous rendre au m\u00eame email indiqu\u00e9. Vous pouvez \u00e9galement contacter l&rsquo;Agence espagnole de protection des donn\u00e9es: www.aepd.es<\/p>\n","protected":false},"excerpt":{"rendered":"<p>Politique de confidentialit\u00e9 ENRIQUE REQUENA, S.L.U .. avec CIF B46414330 avec adresse \u00e0 C \/ CARTAGENA, 3 &#8211; 46018 VALENCIA<\/p>\n","protected":false},"author":16,"featured_media":0,"parent":0,"menu_order":0,"comment_status":"closed","ping_status":"closed","template":"","meta":{"footnotes":""},"class_list":["post-15999","page","type-page","status-publish","hentry"],"yoast_head":"<!-- This site is optimized with the Yoast SEO plugin v27.5 - https:\/\/yoast.com\/product\/yoast-seo-wordpress\/ -->\n<title>Politique de confidentialit\u00e9 - ENRIQUE REQUENA<\/title>\n<meta name=\"robots\" content=\"noindex, nofollow\" \/>\n<meta property=\"og:locale\" content=\"fr_FR\" \/>\n<meta property=\"og:type\" content=\"article\" \/>\n<meta property=\"og:title\" content=\"Politique de confidentialit\u00e9 - ENRIQUE REQUENA\" \/>\n<meta property=\"og:description\" content=\"Politique de confidentialit\u00e9 ENRIQUE REQUENA, S.L.U .. avec CIF B46414330 avec adresse \u00e0 C \/ CARTAGENA, 3 &#8211; 46018 VALENCIA\" \/>\n<meta property=\"og:url\" content=\"https:\/\/www.enriquerequena.com\/fr\/politique-de-confidentialite\/\" \/>\n<meta property=\"og:site_name\" content=\"ENRIQUE REQUENA\" \/>\n<meta property=\"article:modified_time\" content=\"2021-04-20T15:03:59+00:00\" \/>\n<meta name=\"twitter:card\" content=\"summary_large_image\" \/>\n<meta name=\"twitter:label1\" content=\"Dur\u00e9e de lecture estim\u00e9e\" \/>\n\t<meta name=\"twitter:data1\" content=\"3 minutes\" \/>\n<script type=\"application\/ld+json\" class=\"yoast-schema-graph\">{\"@context\":\"https:\\\/\\\/schema.org\",\"@graph\":[{\"@type\":\"WebPage\",\"@id\":\"https:\\\/\\\/www.enriquerequena.com\\\/fr\\\/politique-de-confidentialite\\\/\",\"url\":\"https:\\\/\\\/www.enriquerequena.com\\\/fr\\\/politique-de-confidentialite\\\/\",\"name\":\"Politique de confidentialit\u00e9 - ENRIQUE REQUENA\",\"isPartOf\":{\"@id\":\"https:\\\/\\\/www.enriquerequena.com\\\/fr\\\/#website\"},\"datePublished\":\"2021-03-05T07:08:48+00:00\",\"dateModified\":\"2021-04-20T15:03:59+00:00\",\"breadcrumb\":{\"@id\":\"https:\\\/\\\/www.enriquerequena.com\\\/fr\\\/politique-de-confidentialite\\\/#breadcrumb\"},\"inLanguage\":\"fr-FR\",\"potentialAction\":[{\"@type\":\"ReadAction\",\"target\":[\"https:\\\/\\\/www.enriquerequena.com\\\/fr\\\/politique-de-confidentialite\\\/\"]}]},{\"@type\":\"WebSite\",\"@id\":\"https:\\\/\\\/www.enriquerequena.com\\\/fr\\\/#website\",\"url\":\"https:\\\/\\\/www.enriquerequena.com\\\/fr\\\/\",\"name\":\"ENRIQUE REQUENA\",\"description\":\"Sp\u00e9cialistes des transmissions cardan avec des exp\u00e9ditions dans le monde entier et des pi\u00e8ces d\u00e9tach\u00e9es pour voitures, camions et accessoires \u00e0 Valence, en Espagne. Avec vous depuis 1950!\",\"publisher\":{\"@id\":\"https:\\\/\\\/www.enriquerequena.com\\\/fr\\\/#organization\"},\"potentialAction\":[{\"@type\":\"SearchAction\",\"target\":{\"@type\":\"EntryPoint\",\"urlTemplate\":\"https:\\\/\\\/www.enriquerequena.com\\\/fr\\\/?s={search_term_string}\"},\"query-input\":{\"@type\":\"PropertyValueSpecification\",\"valueRequired\":true,\"valueName\":\"search_term_string\"}}],\"inLanguage\":\"fr-FR\"},{\"@type\":\"Organization\",\"@id\":\"https:\\\/\\\/www.enriquerequena.com\\\/fr\\\/#organization\",\"name\":\"Enrique Requena S.L.\",\"url\":\"https:\\\/\\\/www.enriquerequena.com\\\/fr\\\/\",\"logo\":{\"@type\":\"ImageObject\",\"inLanguage\":\"fr-FR\",\"@id\":\"https:\\\/\\\/www.enriquerequena.com\\\/fr\\\/#\\\/schema\\\/logo\\\/image\\\/\",\"url\":\"https:\\\/\\\/www.enriquerequena.com\\\/wp-content\\\/uploads\\\/2019\\\/11\\\/enrique-requena-recambios-logotipo.jpg\",\"contentUrl\":\"https:\\\/\\\/www.enriquerequena.com\\\/wp-content\\\/uploads\\\/2019\\\/11\\\/enrique-requena-recambios-logotipo.jpg\",\"width\":381,\"height\":75,\"caption\":\"Enrique Requena S.L.\"},\"image\":{\"@id\":\"https:\\\/\\\/www.enriquerequena.com\\\/fr\\\/#\\\/schema\\\/logo\\\/image\\\/\"}}]}<\/script>\n<!-- \/ Yoast SEO plugin. -->","yoast_head_json":{"title":"Politique de confidentialit\u00e9 - ENRIQUE REQUENA","robots":{"index":"noindex","follow":"nofollow"},"og_locale":"fr_FR","og_type":"article","og_title":"Politique de confidentialit\u00e9 - ENRIQUE REQUENA","og_description":"Politique de confidentialit\u00e9 ENRIQUE REQUENA, S.L.U .. avec CIF B46414330 avec adresse \u00e0 C \/ CARTAGENA, 3 &#8211; 46018 VALENCIA","og_url":"https:\/\/www.enriquerequena.com\/fr\/politique-de-confidentialite\/","og_site_name":"ENRIQUE REQUENA","article_modified_time":"2021-04-20T15:03:59+00:00","twitter_card":"summary_large_image","twitter_misc":{"Dur\u00e9e de lecture estim\u00e9e":"3 minutes"},"schema":{"@context":"https:\/\/schema.org","@graph":[{"@type":"WebPage","@id":"https:\/\/www.enriquerequena.com\/fr\/politique-de-confidentialite\/","url":"https:\/\/www.enriquerequena.com\/fr\/politique-de-confidentialite\/","name":"Politique de confidentialit\u00e9 - ENRIQUE REQUENA","isPartOf":{"@id":"https:\/\/www.enriquerequena.com\/fr\/#website"},"datePublished":"2021-03-05T07:08:48+00:00","dateModified":"2021-04-20T15:03:59+00:00","breadcrumb":{"@id":"https:\/\/www.enriquerequena.com\/fr\/politique-de-confidentialite\/#breadcrumb"},"inLanguage":"fr-FR","potentialAction":[{"@type":"ReadAction","target":["https:\/\/www.enriquerequena.com\/fr\/politique-de-confidentialite\/"]}]},{"@type":"WebSite","@id":"https:\/\/www.enriquerequena.com\/fr\/#website","url":"https:\/\/www.enriquerequena.com\/fr\/","name":"ENRIQUE REQUENA","description":"Sp\u00e9cialistes des transmissions cardan avec des exp\u00e9ditions dans le monde entier et des pi\u00e8ces d\u00e9tach\u00e9es pour voitures, camions et accessoires \u00e0 Valence, en Espagne. Avec vous depuis 1950!","publisher":{"@id":"https:\/\/www.enriquerequena.com\/fr\/#organization"},"potentialAction":[{"@type":"SearchAction","target":{"@type":"EntryPoint","urlTemplate":"https:\/\/www.enriquerequena.com\/fr\/?s={search_term_string}"},"query-input":{"@type":"PropertyValueSpecification","valueRequired":true,"valueName":"search_term_string"}}],"inLanguage":"fr-FR"},{"@type":"Organization","@id":"https:\/\/www.enriquerequena.com\/fr\/#organization","name":"Enrique Requena S.L.","url":"https:\/\/www.enriquerequena.com\/fr\/","logo":{"@type":"ImageObject","inLanguage":"fr-FR","@id":"https:\/\/www.enriquerequena.com\/fr\/#\/schema\/logo\/image\/","url":"https:\/\/www.enriquerequena.com\/wp-content\/uploads\/2019\/11\/enrique-requena-recambios-logotipo.jpg","contentUrl":"https:\/\/www.enriquerequena.com\/wp-content\/uploads\/2019\/11\/enrique-requena-recambios-logotipo.jpg","width":381,"height":75,"caption":"Enrique Requena S.L."},"image":{"@id":"https:\/\/www.enriquerequena.com\/fr\/#\/schema\/logo\/image\/"}}]}},"_links":{"self":[{"href":"https:\/\/www.enriquerequena.com\/fr\/wp-json\/wp\/v2\/pages\/15999","targetHints":{"allow":["GET"]}}],"collection":[{"href":"https:\/\/www.enriquerequena.com\/fr\/wp-json\/wp\/v2\/pages"}],"about":[{"href":"https:\/\/www.enriquerequena.com\/fr\/wp-json\/wp\/v2\/types\/page"}],"author":[{"embeddable":true,"href":"https:\/\/www.enriquerequena.com\/fr\/wp-json\/wp\/v2\/users\/16"}],"replies":[{"embeddable":true,"href":"https:\/\/www.enriquerequena.com\/fr\/wp-json\/wp\/v2\/comments?post=15999"}],"version-history":[{"count":0,"href":"https:\/\/www.enriquerequena.com\/fr\/wp-json\/wp\/v2\/pages\/15999\/revisions"}],"wp:attachment":[{"href":"https:\/\/www.enriquerequena.com\/fr\/wp-json\/wp\/v2\/media?parent=15999"}],"curies":[{"name":"wp","href":"https:\/\/api.w.org\/{rel}","templated":true}]}}