{"id":10528,"date":"2020-03-01T19:58:02","date_gmt":"2020-03-01T18:58:03","guid":{"rendered":"https:\/\/www.enriquerequena.com\/?post_type=product&#038;p=10528"},"modified":"2023-02-07T16:32:14","modified_gmt":"2023-02-07T15:32:14","slug":"arbre-de-transmission-a-deux-pieces-ford-transit-long-2580-mm","status":"publish","type":"product","link":"https:\/\/www.enriquerequena.com\/fr\/tienda-online\/arbre-transmission-cardan\/arbre-transmission-cardan-fourgons\/arbre-de-transmission-a-deux-pieces-ford-transit-long-2580-mm\/","title":{"rendered":"Arbre de transmission \u00e0 deux pi\u00e8ces Ford Transit Long 2580 mm"},"content":{"rendered":"<div class=\"wpb-content-wrapper\"><p>[vc_row][vc_column][vc_column_text text_larger=\u00a0\u00bbno\u00a0\u00bb]Arbre de transmission \u00e0 deux pi\u00e8ces Ford Transit Long 2580 mm <strong>neuf<\/strong> et de<strong> fabrication espagnole<\/strong>. Disponibilit\u00e9 de <strong>17 mod\u00e8les<\/strong> dans notre boutique<strong> en ligne.<\/strong> Si vous ne trouvez pas v\u00f4tre mod\u00e8le, <strong>appelez-nous<\/strong>.<\/p>\n<ul>\n<li>\u00e0 plusieurs pi\u00e8ces: \u00e0 deux pi\u00e8ces<\/li>\n<li>Article compl\u00e9mentaire \/ Info compl\u00e9mentaire 2: avec roulement<\/li>\n<li>L1 [mm]: 1210 mm<\/li>\n<li>L2 [mm]: 1370mm<\/li>\n<li>Longueur totale: 2580 mm<\/li>\n<li>Diam\u00e8tre moyeu 1 [mm]: 40 mm<\/li>\n<li>Diam\u00e8tre moyeu 2 [mm]: 17 mm<\/li>\n<li>Diam\u00e8tre moyeu 3 [mm]: 56 mm<\/li>\n<li>Nombre de trous: 4<\/li>\n<li>Pi\u00e8ce neuve<\/li>\n<\/ul>\n<p>[\/vc_column_text][\/vc_column][\/vc_row]<\/p>\n<\/div>","protected":false},"excerpt":{"rendered":"<p><strong>Arbre de Transmission<\/strong> <strong>neuf<\/strong> et de<strong> fabrication espagnole<\/strong> pour <strong>Ford Transit<\/strong>. Disponibilit\u00e9 de <strong>17 mod\u00e8les<\/strong> dans notre boutique<strong> en ligne.<\/strong> Si vous ne trouvez pas v\u00f4tre mod\u00e8le, <strong>appelez-nous<\/strong>.<\/p>\n","protected":false},"featured_media":10350,"template":"","meta":[],"product_brand":[],"product_cat":[144,159],"product_tag":[],"class_list":{"0":"post-10528","1":"product","2":"type-product","3":"status-publish","4":"has-post-thumbnail","6":"product_cat-arbre-transmission-cardan","7":"product_cat-arbre-transmission-cardan-fourgons","8":"pa_manufacturer-ford","9":"pa_tipo-fourgons-et-vehicules-legers","11":"first","12":"instock","13":"taxable","14":"shipping-taxable","15":"purchasable","16":"product-type-simple"},"yoast_head":"<!-- This site is optimized with the Yoast SEO plugin v27.5 - https:\/\/yoast.com\/product\/yoast-seo-wordpress\/ -->\n<title>Arbre de transmission \u00e0 deux pi\u00e8ces Ford Transit Long 2580 mm<\/title>\n<meta name=\"description\" content=\"Arbre de transmission \u00e0 deux pi\u00e8ces Ford Transit Long 2580 mm. Transmission neuf et de fabrication espagnole. Les meilleurs prix avec la meilleure qualit\u00e9.\" \/>\n<meta name=\"robots\" content=\"index, follow, max-snippet:-1, max-image-preview:large, max-video-preview:-1\" \/>\n<link rel=\"canonical\" href=\"https:\/\/www.enriquerequena.com\/fr\/tienda-online\/arbre-transmission-cardan\/arbre-transmission-cardan-fourgons\/arbre-de-transmission-a-deux-pieces-ford-transit-long-2580-mm\/\" \/>\n<meta property=\"og:locale\" content=\"fr_FR\" \/>\n<meta property=\"og:type\" content=\"article\" \/>\n<meta property=\"og:title\" content=\"Arbre de transmission \u00e0 deux pi\u00e8ces Ford Transit Long 2580 mm\" \/>\n<meta property=\"og:description\" content=\"Arbre de transmission \u00e0 deux pi\u00e8ces Ford Transit Long 2580 mm. Transmission neuf et de fabrication espagnole. Les meilleurs prix avec la meilleure qualit\u00e9.\" \/>\n<meta property=\"og:url\" content=\"https:\/\/www.enriquerequena.com\/fr\/tienda-online\/arbre-transmission-cardan\/arbre-transmission-cardan-fourgons\/arbre-de-transmission-a-deux-pieces-ford-transit-long-2580-mm\/\" \/>\n<meta property=\"og:site_name\" content=\"ENRIQUE REQUENA\" \/>\n<meta property=\"article:modified_time\" content=\"2023-02-07T15:32:14+00:00\" \/>\n<meta property=\"og:image\" content=\"https:\/\/www.enriquerequena.com\/wp-content\/uploads\/2020\/02\/TRANSMISION-CARDAN-ARBRE-DE-TRANSMISSION-PROPSHAFT-FORD-TRANSIT-LONG-2140MM-1.jpg\" \/>\n\t<meta property=\"og:image:width\" content=\"800\" \/>\n\t<meta property=\"og:image:height\" content=\"800\" \/>\n\t<meta property=\"og:image:type\" content=\"image\/jpeg\" \/>\n<meta name=\"twitter:card\" content=\"summary_large_image\" \/>\n<script type=\"application\/ld+json\" class=\"yoast-schema-graph\">{\"@context\":\"https:\\\/\\\/schema.org\",\"@graph\":[{\"@type\":\"WebPage\",\"@id\":\"https:\\\/\\\/www.enriquerequena.com\\\/fr\\\/tienda-online\\\/arbre-transmission-cardan\\\/arbre-transmission-cardan-fourgons\\\/arbre-de-transmission-a-deux-pieces-ford-transit-long-2580-mm\\\/\",\"url\":\"https:\\\/\\\/www.enriquerequena.com\\\/fr\\\/tienda-online\\\/arbre-transmission-cardan\\\/arbre-transmission-cardan-fourgons\\\/arbre-de-transmission-a-deux-pieces-ford-transit-long-2580-mm\\\/\",\"name\":\"Arbre de transmission \u00e0 deux pi\u00e8ces Ford Transit Long 2580 mm\",\"isPartOf\":{\"@id\":\"https:\\\/\\\/www.enriquerequena.com\\\/fr\\\/#website\"},\"primaryImageOfPage\":{\"@id\":\"https:\\\/\\\/www.enriquerequena.com\\\/fr\\\/tienda-online\\\/arbre-transmission-cardan\\\/arbre-transmission-cardan-fourgons\\\/arbre-de-transmission-a-deux-pieces-ford-transit-long-2580-mm\\\/#primaryimage\"},\"image\":{\"@id\":\"https:\\\/\\\/www.enriquerequena.com\\\/fr\\\/tienda-online\\\/arbre-transmission-cardan\\\/arbre-transmission-cardan-fourgons\\\/arbre-de-transmission-a-deux-pieces-ford-transit-long-2580-mm\\\/#primaryimage\"},\"thumbnailUrl\":\"https:\\\/\\\/www.enriquerequena.com\\\/wp-content\\\/uploads\\\/2020\\\/02\\\/TRANSMISION-CARDAN-ARBRE-DE-TRANSMISSION-PROPSHAFT-FORD-TRANSIT-LONG-2140MM-1.jpg\",\"datePublished\":\"2020-03-01T18:58:03+00:00\",\"dateModified\":\"2023-02-07T15:32:14+00:00\",\"description\":\"Arbre de transmission \u00e0 deux pi\u00e8ces Ford Transit Long 2580 mm. Transmission neuf et de fabrication espagnole. Les meilleurs prix avec la meilleure qualit\u00e9.\",\"breadcrumb\":{\"@id\":\"https:\\\/\\\/www.enriquerequena.com\\\/fr\\\/tienda-online\\\/arbre-transmission-cardan\\\/arbre-transmission-cardan-fourgons\\\/arbre-de-transmission-a-deux-pieces-ford-transit-long-2580-mm\\\/#breadcrumb\"},\"inLanguage\":\"fr-FR\",\"potentialAction\":[{\"@type\":\"ReadAction\",\"target\":[\"https:\\\/\\\/www.enriquerequena.com\\\/fr\\\/tienda-online\\\/arbre-transmission-cardan\\\/arbre-transmission-cardan-fourgons\\\/arbre-de-transmission-a-deux-pieces-ford-transit-long-2580-mm\\\/\"]}]},{\"@type\":\"ImageObject\",\"inLanguage\":\"fr-FR\",\"@id\":\"https:\\\/\\\/www.enriquerequena.com\\\/fr\\\/tienda-online\\\/arbre-transmission-cardan\\\/arbre-transmission-cardan-fourgons\\\/arbre-de-transmission-a-deux-pieces-ford-transit-long-2580-mm\\\/#primaryimage\",\"url\":\"https:\\\/\\\/www.enriquerequena.com\\\/wp-content\\\/uploads\\\/2020\\\/02\\\/TRANSMISION-CARDAN-ARBRE-DE-TRANSMISSION-PROPSHAFT-FORD-TRANSIT-LONG-2140MM-1.jpg\",\"contentUrl\":\"https:\\\/\\\/www.enriquerequena.com\\\/wp-content\\\/uploads\\\/2020\\\/02\\\/TRANSMISION-CARDAN-ARBRE-DE-TRANSMISSION-PROPSHAFT-FORD-TRANSIT-LONG-2140MM-1.jpg\",\"width\":800,\"height\":800,\"caption\":\"TRANSMISION, CARDAN, ARBRE DE TRANSMISSION, PROPSHAFT, FORD TRANSIT, LONG 2140MM\"},{\"@type\":\"WebSite\",\"@id\":\"https:\\\/\\\/www.enriquerequena.com\\\/fr\\\/#website\",\"url\":\"https:\\\/\\\/www.enriquerequena.com\\\/fr\\\/\",\"name\":\"ENRIQUE REQUENA\",\"description\":\"Sp\u00e9cialistes des transmissions cardan avec des exp\u00e9ditions dans le monde entier et des pi\u00e8ces d\u00e9tach\u00e9es pour voitures, camions et accessoires \u00e0 Valence, en Espagne. Avec vous depuis 1950!\",\"publisher\":{\"@id\":\"https:\\\/\\\/www.enriquerequena.com\\\/fr\\\/#organization\"},\"potentialAction\":[{\"@type\":\"SearchAction\",\"target\":{\"@type\":\"EntryPoint\",\"urlTemplate\":\"https:\\\/\\\/www.enriquerequena.com\\\/fr\\\/?s={search_term_string}\"},\"query-input\":{\"@type\":\"PropertyValueSpecification\",\"valueRequired\":true,\"valueName\":\"search_term_string\"}}],\"inLanguage\":\"fr-FR\"},{\"@type\":\"Organization\",\"@id\":\"https:\\\/\\\/www.enriquerequena.com\\\/fr\\\/#organization\",\"name\":\"Enrique Requena S.L.\",\"url\":\"https:\\\/\\\/www.enriquerequena.com\\\/fr\\\/\",\"logo\":{\"@type\":\"ImageObject\",\"inLanguage\":\"fr-FR\",\"@id\":\"https:\\\/\\\/www.enriquerequena.com\\\/fr\\\/#\\\/schema\\\/logo\\\/image\\\/\",\"url\":\"https:\\\/\\\/www.enriquerequena.com\\\/wp-content\\\/uploads\\\/2019\\\/11\\\/enrique-requena-recambios-logotipo.jpg\",\"contentUrl\":\"https:\\\/\\\/www.enriquerequena.com\\\/wp-content\\\/uploads\\\/2019\\\/11\\\/enrique-requena-recambios-logotipo.jpg\",\"width\":381,\"height\":75,\"caption\":\"Enrique Requena S.L.\"},\"image\":{\"@id\":\"https:\\\/\\\/www.enriquerequena.com\\\/fr\\\/#\\\/schema\\\/logo\\\/image\\\/\"}}]}<\/script>\n<!-- \/ Yoast SEO plugin. -->","yoast_head_json":{"title":"Arbre de transmission \u00e0 deux pi\u00e8ces Ford Transit Long 2580 mm","description":"Arbre de transmission \u00e0 deux pi\u00e8ces Ford Transit Long 2580 mm. Transmission neuf et de fabrication espagnole. Les meilleurs prix avec la meilleure qualit\u00e9.","robots":{"index":"index","follow":"follow","max-snippet":"max-snippet:-1","max-image-preview":"max-image-preview:large","max-video-preview":"max-video-preview:-1"},"canonical":"https:\/\/www.enriquerequena.com\/fr\/tienda-online\/arbre-transmission-cardan\/arbre-transmission-cardan-fourgons\/arbre-de-transmission-a-deux-pieces-ford-transit-long-2580-mm\/","og_locale":"fr_FR","og_type":"article","og_title":"Arbre de transmission \u00e0 deux pi\u00e8ces Ford Transit Long 2580 mm","og_description":"Arbre de transmission \u00e0 deux pi\u00e8ces Ford Transit Long 2580 mm. Transmission neuf et de fabrication espagnole. Les meilleurs prix avec la meilleure qualit\u00e9.","og_url":"https:\/\/www.enriquerequena.com\/fr\/tienda-online\/arbre-transmission-cardan\/arbre-transmission-cardan-fourgons\/arbre-de-transmission-a-deux-pieces-ford-transit-long-2580-mm\/","og_site_name":"ENRIQUE REQUENA","article_modified_time":"2023-02-07T15:32:14+00:00","og_image":[{"width":800,"height":800,"url":"https:\/\/www.enriquerequena.com\/wp-content\/uploads\/2020\/02\/TRANSMISION-CARDAN-ARBRE-DE-TRANSMISSION-PROPSHAFT-FORD-TRANSIT-LONG-2140MM-1.jpg","type":"image\/jpeg"}],"twitter_card":"summary_large_image","schema":{"@context":"https:\/\/schema.org","@graph":[{"@type":"WebPage","@id":"https:\/\/www.enriquerequena.com\/fr\/tienda-online\/arbre-transmission-cardan\/arbre-transmission-cardan-fourgons\/arbre-de-transmission-a-deux-pieces-ford-transit-long-2580-mm\/","url":"https:\/\/www.enriquerequena.com\/fr\/tienda-online\/arbre-transmission-cardan\/arbre-transmission-cardan-fourgons\/arbre-de-transmission-a-deux-pieces-ford-transit-long-2580-mm\/","name":"Arbre de transmission \u00e0 deux pi\u00e8ces Ford Transit Long 2580 mm","isPartOf":{"@id":"https:\/\/www.enriquerequena.com\/fr\/#website"},"primaryImageOfPage":{"@id":"https:\/\/www.enriquerequena.com\/fr\/tienda-online\/arbre-transmission-cardan\/arbre-transmission-cardan-fourgons\/arbre-de-transmission-a-deux-pieces-ford-transit-long-2580-mm\/#primaryimage"},"image":{"@id":"https:\/\/www.enriquerequena.com\/fr\/tienda-online\/arbre-transmission-cardan\/arbre-transmission-cardan-fourgons\/arbre-de-transmission-a-deux-pieces-ford-transit-long-2580-mm\/#primaryimage"},"thumbnailUrl":"https:\/\/www.enriquerequena.com\/wp-content\/uploads\/2020\/02\/TRANSMISION-CARDAN-ARBRE-DE-TRANSMISSION-PROPSHAFT-FORD-TRANSIT-LONG-2140MM-1.jpg","datePublished":"2020-03-01T18:58:03+00:00","dateModified":"2023-02-07T15:32:14+00:00","description":"Arbre de transmission \u00e0 deux pi\u00e8ces Ford Transit Long 2580 mm. Transmission neuf et de fabrication espagnole. Les meilleurs prix avec la meilleure qualit\u00e9.","breadcrumb":{"@id":"https:\/\/www.enriquerequena.com\/fr\/tienda-online\/arbre-transmission-cardan\/arbre-transmission-cardan-fourgons\/arbre-de-transmission-a-deux-pieces-ford-transit-long-2580-mm\/#breadcrumb"},"inLanguage":"fr-FR","potentialAction":[{"@type":"ReadAction","target":["https:\/\/www.enriquerequena.com\/fr\/tienda-online\/arbre-transmission-cardan\/arbre-transmission-cardan-fourgons\/arbre-de-transmission-a-deux-pieces-ford-transit-long-2580-mm\/"]}]},{"@type":"ImageObject","inLanguage":"fr-FR","@id":"https:\/\/www.enriquerequena.com\/fr\/tienda-online\/arbre-transmission-cardan\/arbre-transmission-cardan-fourgons\/arbre-de-transmission-a-deux-pieces-ford-transit-long-2580-mm\/#primaryimage","url":"https:\/\/www.enriquerequena.com\/wp-content\/uploads\/2020\/02\/TRANSMISION-CARDAN-ARBRE-DE-TRANSMISSION-PROPSHAFT-FORD-TRANSIT-LONG-2140MM-1.jpg","contentUrl":"https:\/\/www.enriquerequena.com\/wp-content\/uploads\/2020\/02\/TRANSMISION-CARDAN-ARBRE-DE-TRANSMISSION-PROPSHAFT-FORD-TRANSIT-LONG-2140MM-1.jpg","width":800,"height":800,"caption":"TRANSMISION, CARDAN, ARBRE DE TRANSMISSION, PROPSHAFT, FORD TRANSIT, LONG 2140MM"},{"@type":"WebSite","@id":"https:\/\/www.enriquerequena.com\/fr\/#website","url":"https:\/\/www.enriquerequena.com\/fr\/","name":"ENRIQUE REQUENA","description":"Sp\u00e9cialistes des transmissions cardan avec des exp\u00e9ditions dans le monde entier et des pi\u00e8ces d\u00e9tach\u00e9es pour voitures, camions et accessoires \u00e0 Valence, en Espagne. Avec vous depuis 1950!","publisher":{"@id":"https:\/\/www.enriquerequena.com\/fr\/#organization"},"potentialAction":[{"@type":"SearchAction","target":{"@type":"EntryPoint","urlTemplate":"https:\/\/www.enriquerequena.com\/fr\/?s={search_term_string}"},"query-input":{"@type":"PropertyValueSpecification","valueRequired":true,"valueName":"search_term_string"}}],"inLanguage":"fr-FR"},{"@type":"Organization","@id":"https:\/\/www.enriquerequena.com\/fr\/#organization","name":"Enrique Requena S.L.","url":"https:\/\/www.enriquerequena.com\/fr\/","logo":{"@type":"ImageObject","inLanguage":"fr-FR","@id":"https:\/\/www.enriquerequena.com\/fr\/#\/schema\/logo\/image\/","url":"https:\/\/www.enriquerequena.com\/wp-content\/uploads\/2019\/11\/enrique-requena-recambios-logotipo.jpg","contentUrl":"https:\/\/www.enriquerequena.com\/wp-content\/uploads\/2019\/11\/enrique-requena-recambios-logotipo.jpg","width":381,"height":75,"caption":"Enrique Requena S.L."},"image":{"@id":"https:\/\/www.enriquerequena.com\/fr\/#\/schema\/logo\/image\/"}}]}},"_links":{"self":[{"href":"https:\/\/www.enriquerequena.com\/fr\/wp-json\/wp\/v2\/product\/10528","targetHints":{"allow":["GET"]}}],"collection":[{"href":"https:\/\/www.enriquerequena.com\/fr\/wp-json\/wp\/v2\/product"}],"about":[{"href":"https:\/\/www.enriquerequena.com\/fr\/wp-json\/wp\/v2\/types\/product"}],"wp:featuredmedia":[{"embeddable":true,"href":"https:\/\/www.enriquerequena.com\/fr\/wp-json\/wp\/v2\/media\/10350"}],"wp:attachment":[{"href":"https:\/\/www.enriquerequena.com\/fr\/wp-json\/wp\/v2\/media?parent=10528"}],"wp:term":[{"taxonomy":"product_brand","embeddable":true,"href":"https:\/\/www.enriquerequena.com\/fr\/wp-json\/wp\/v2\/product_brand?post=10528"},{"taxonomy":"product_cat","embeddable":true,"href":"https:\/\/www.enriquerequena.com\/fr\/wp-json\/wp\/v2\/product_cat?post=10528"},{"taxonomy":"product_tag","embeddable":true,"href":"https:\/\/www.enriquerequena.com\/fr\/wp-json\/wp\/v2\/product_tag?post=10528"}],"curies":[{"name":"wp","href":"https:\/\/api.w.org\/{rel}","templated":true}]}}