{"id":12010,"date":"2020-04-17T10:20:00","date_gmt":"2020-04-17T08:20:00","guid":{"rendered":"https:\/\/www.enriquerequena.com\/?post_type=product&#038;p=12010"},"modified":"2023-02-07T16:31:06","modified_gmt":"2023-02-07T15:31:06","slug":"arbre-de-transmission-bmw-e90-e91-e92-e93-26107551199-26107527355","status":"publish","type":"product","link":"https:\/\/www.enriquerequena.com\/fr\/tienda-online\/arbre-transmission-cardan\/arbre-transmission-cardan-4x4\/arbre-de-transmission-bmw-e90-e91-e92-e93-26107551199-26107527355\/","title":{"rendered":"Arbre de Transmission Bmw E90, E91, E92, E93, 26107551199, 26107527355."},"content":{"rendered":"<div class=\"wpb-content-wrapper\"><p>[vc_row][vc_column][vc_column_text text_larger=\u00a0\u00bbno\u00a0\u00bb]<\/p>\n<ul>\n<li style=\"text-align: left;\">Arbre de transmission\u00a0 pour Bmw E90, E91, E92, E93, 320D sous la r\u00e9f\u00e9rence, 26107551199, 7551199<\/li>\n<li style=\"text-align: left;\">N&rsquo;h\u00e9sitez pas \u00e0 nous appeler pour nous demander\u00a0d&rsquo;autres mod\u00e8les de transmissions BMW\u00a0ou \u00e0 cardans,\u00a069 ans d&rsquo;exp\u00e9rience\u00a0garantissent le\u00a0professionnalisme\u00a0de cet article\u00a0et nous proposons la gamme la plus vaste et la plus large de transmissions ou de cardans pour BMW: E30, E46, E87, E90, E34, E39, E60, E61, E70, E71, E84, E90, E91, X1, X3, X4, X5, X6<\/li>\n<li style=\"text-align: left;\">Appelez-nous et demandez-nous, nous serons heureux de vous aider.<\/li>\n<li style=\"text-align: left;\">&#8211; PIECES DE RECHANGE: Arbre de Transmision<\/li>\n<li style=\"text-align: left;\">&#8211; MOD\u00c8LE: BMW E90, E91, E92, E93<\/li>\n<li style=\"text-align: left;\">&#8211; R\u00c9F\u00c9RENCES: 26107551199, 7551199, 26107527355, 7527355<\/li>\n<li style=\"text-align: left;\">&#8211; LONGUEUR: 1452 MM<\/li>\n<\/ul>\n<p>&nbsp;<\/p>\n<\/div>","protected":false},"excerpt":{"rendered":"<p>Arbre de transmission pour Bmw E90, E91, E92, E93 sous la r\u00e9f\u00e9rence 26107551199, 26107527355 au meilleur prix du march\u00e9. Cet arbre de transmission ou cardan est neuf et avec la qualit\u00e9 d&rsquo;origine.<\/p>\n","protected":false},"featured_media":12013,"template":"","meta":[],"product_brand":[],"product_cat":[144,156],"product_tag":[],"class_list":{"0":"post-12010","1":"product","2":"type-product","3":"status-publish","4":"has-post-thumbnail","6":"product_cat-arbre-transmission-cardan","7":"product_cat-arbre-transmission-cardan-4x4","8":"pa_manufacturer-bmw","9":"pa_tipo-auto","11":"first","12":"instock","13":"taxable","14":"shipping-taxable","15":"purchasable","16":"product-type-simple"},"yoast_head":"<!-- This site is optimized with the Yoast SEO plugin v27.5 - https:\/\/yoast.com\/product\/yoast-seo-wordpress\/ -->\n<title>Arbre de Transmission Bmw E90, E91, E92, E93, 26107551199, 26107527355.<\/title>\n<meta name=\"description\" content=\"Arbre de Transmission Bmw E90, E91, E92, E93, 26107551199, 26107527355. N&#039;h\u00e9sitez pas \u00e0 nous appeler pour nous demander\u00a0d&#039;autres mod\u00e8les de transmissions BMW.\" \/>\n<meta name=\"robots\" content=\"index, follow, max-snippet:-1, max-image-preview:large, max-video-preview:-1\" \/>\n<link rel=\"canonical\" href=\"https:\/\/www.enriquerequena.com\/fr\/tienda-online\/arbre-transmission-cardan\/arbre-transmission-cardan-4x4\/arbre-de-transmission-bmw-e90-e91-e92-e93-26107551199-26107527355\/\" \/>\n<meta property=\"og:locale\" content=\"fr_FR\" \/>\n<meta property=\"og:type\" content=\"article\" \/>\n<meta property=\"og:title\" content=\"Arbre de Transmission Bmw E90, E91, E92, E93, 26107551199, 26107527355.\" \/>\n<meta property=\"og:description\" content=\"Arbre de Transmission Bmw E90, E91, E92, E93, 26107551199, 26107527355. N&#039;h\u00e9sitez pas \u00e0 nous appeler pour nous demander\u00a0d&#039;autres mod\u00e8les de transmissions BMW.\" \/>\n<meta property=\"og:url\" content=\"https:\/\/www.enriquerequena.com\/fr\/tienda-online\/arbre-transmission-cardan\/arbre-transmission-cardan-4x4\/arbre-de-transmission-bmw-e90-e91-e92-e93-26107551199-26107527355\/\" \/>\n<meta property=\"og:site_name\" content=\"ENRIQUE REQUENA\" \/>\n<meta property=\"article:modified_time\" content=\"2023-02-07T15:31:06+00:00\" \/>\n<meta property=\"og:image\" content=\"https:\/\/www.enriquerequena.com\/wp-content\/uploads\/2020\/04\/TRANSMISION-CARDAN-ARBRE-DE-TRANSMISSION-PROPSHAFTBMW-REF-7551199-369\u20ac-4.jpg\" \/>\n\t<meta property=\"og:image:width\" content=\"800\" \/>\n\t<meta property=\"og:image:height\" content=\"800\" \/>\n\t<meta property=\"og:image:type\" content=\"image\/jpeg\" \/>\n<meta name=\"twitter:card\" content=\"summary_large_image\" \/>\n<meta name=\"twitter:label1\" content=\"Dur\u00e9e de lecture estim\u00e9e\" \/>\n\t<meta name=\"twitter:data1\" content=\"1 minute\" \/>\n<script type=\"application\/ld+json\" class=\"yoast-schema-graph\">{\"@context\":\"https:\\\/\\\/schema.org\",\"@graph\":[{\"@type\":\"WebPage\",\"@id\":\"https:\\\/\\\/www.enriquerequena.com\\\/fr\\\/tienda-online\\\/arbre-transmission-cardan\\\/arbre-transmission-cardan-4x4\\\/arbre-de-transmission-bmw-e90-e91-e92-e93-26107551199-26107527355\\\/\",\"url\":\"https:\\\/\\\/www.enriquerequena.com\\\/fr\\\/tienda-online\\\/arbre-transmission-cardan\\\/arbre-transmission-cardan-4x4\\\/arbre-de-transmission-bmw-e90-e91-e92-e93-26107551199-26107527355\\\/\",\"name\":\"Arbre de Transmission Bmw E90, E91, E92, E93, 26107551199, 26107527355.\",\"isPartOf\":{\"@id\":\"https:\\\/\\\/www.enriquerequena.com\\\/fr\\\/#website\"},\"primaryImageOfPage\":{\"@id\":\"https:\\\/\\\/www.enriquerequena.com\\\/fr\\\/tienda-online\\\/arbre-transmission-cardan\\\/arbre-transmission-cardan-4x4\\\/arbre-de-transmission-bmw-e90-e91-e92-e93-26107551199-26107527355\\\/#primaryimage\"},\"image\":{\"@id\":\"https:\\\/\\\/www.enriquerequena.com\\\/fr\\\/tienda-online\\\/arbre-transmission-cardan\\\/arbre-transmission-cardan-4x4\\\/arbre-de-transmission-bmw-e90-e91-e92-e93-26107551199-26107527355\\\/#primaryimage\"},\"thumbnailUrl\":\"https:\\\/\\\/www.enriquerequena.com\\\/wp-content\\\/uploads\\\/2020\\\/04\\\/TRANSMISION-CARDAN-ARBRE-DE-TRANSMISSION-PROPSHAFTBMW-REF-7551199-369\u20ac-4.jpg\",\"datePublished\":\"2020-04-17T08:20:00+00:00\",\"dateModified\":\"2023-02-07T15:31:06+00:00\",\"description\":\"Arbre de Transmission Bmw E90, E91, E92, E93, 26107551199, 26107527355. N'h\u00e9sitez pas \u00e0 nous appeler pour nous demander\u00a0d'autres mod\u00e8les de transmissions BMW.\",\"breadcrumb\":{\"@id\":\"https:\\\/\\\/www.enriquerequena.com\\\/fr\\\/tienda-online\\\/arbre-transmission-cardan\\\/arbre-transmission-cardan-4x4\\\/arbre-de-transmission-bmw-e90-e91-e92-e93-26107551199-26107527355\\\/#breadcrumb\"},\"inLanguage\":\"fr-FR\",\"potentialAction\":[{\"@type\":\"ReadAction\",\"target\":[\"https:\\\/\\\/www.enriquerequena.com\\\/fr\\\/tienda-online\\\/arbre-transmission-cardan\\\/arbre-transmission-cardan-4x4\\\/arbre-de-transmission-bmw-e90-e91-e92-e93-26107551199-26107527355\\\/\"]}]},{\"@type\":\"ImageObject\",\"inLanguage\":\"fr-FR\",\"@id\":\"https:\\\/\\\/www.enriquerequena.com\\\/fr\\\/tienda-online\\\/arbre-transmission-cardan\\\/arbre-transmission-cardan-4x4\\\/arbre-de-transmission-bmw-e90-e91-e92-e93-26107551199-26107527355\\\/#primaryimage\",\"url\":\"https:\\\/\\\/www.enriquerequena.com\\\/wp-content\\\/uploads\\\/2020\\\/04\\\/TRANSMISION-CARDAN-ARBRE-DE-TRANSMISSION-PROPSHAFTBMW-REF-7551199-369\u20ac-4.jpg\",\"contentUrl\":\"https:\\\/\\\/www.enriquerequena.com\\\/wp-content\\\/uploads\\\/2020\\\/04\\\/TRANSMISION-CARDAN-ARBRE-DE-TRANSMISSION-PROPSHAFTBMW-REF-7551199-369\u20ac-4.jpg\",\"width\":800,\"height\":800,\"caption\":\"TRANSMISION-CARDAN-ARBRE-DE-TRANSMISSION-PROPSHAFTBMW-REF-7551199\"},{\"@type\":\"WebSite\",\"@id\":\"https:\\\/\\\/www.enriquerequena.com\\\/fr\\\/#website\",\"url\":\"https:\\\/\\\/www.enriquerequena.com\\\/fr\\\/\",\"name\":\"ENRIQUE REQUENA\",\"description\":\"Sp\u00e9cialistes des transmissions cardan avec des exp\u00e9ditions dans le monde entier et des pi\u00e8ces d\u00e9tach\u00e9es pour voitures, camions et accessoires \u00e0 Valence, en Espagne. Avec vous depuis 1950!\",\"publisher\":{\"@id\":\"https:\\\/\\\/www.enriquerequena.com\\\/fr\\\/#organization\"},\"potentialAction\":[{\"@type\":\"SearchAction\",\"target\":{\"@type\":\"EntryPoint\",\"urlTemplate\":\"https:\\\/\\\/www.enriquerequena.com\\\/fr\\\/?s={search_term_string}\"},\"query-input\":{\"@type\":\"PropertyValueSpecification\",\"valueRequired\":true,\"valueName\":\"search_term_string\"}}],\"inLanguage\":\"fr-FR\"},{\"@type\":\"Organization\",\"@id\":\"https:\\\/\\\/www.enriquerequena.com\\\/fr\\\/#organization\",\"name\":\"Enrique Requena S.L.\",\"url\":\"https:\\\/\\\/www.enriquerequena.com\\\/fr\\\/\",\"logo\":{\"@type\":\"ImageObject\",\"inLanguage\":\"fr-FR\",\"@id\":\"https:\\\/\\\/www.enriquerequena.com\\\/fr\\\/#\\\/schema\\\/logo\\\/image\\\/\",\"url\":\"https:\\\/\\\/www.enriquerequena.com\\\/wp-content\\\/uploads\\\/2019\\\/11\\\/enrique-requena-recambios-logotipo.jpg\",\"contentUrl\":\"https:\\\/\\\/www.enriquerequena.com\\\/wp-content\\\/uploads\\\/2019\\\/11\\\/enrique-requena-recambios-logotipo.jpg\",\"width\":381,\"height\":75,\"caption\":\"Enrique Requena S.L.\"},\"image\":{\"@id\":\"https:\\\/\\\/www.enriquerequena.com\\\/fr\\\/#\\\/schema\\\/logo\\\/image\\\/\"}}]}<\/script>\n<!-- \/ Yoast SEO plugin. -->","yoast_head_json":{"title":"Arbre de Transmission Bmw E90, E91, E92, E93, 26107551199, 26107527355.","description":"Arbre de Transmission Bmw E90, E91, E92, E93, 26107551199, 26107527355. N'h\u00e9sitez pas \u00e0 nous appeler pour nous demander\u00a0d'autres mod\u00e8les de transmissions BMW.","robots":{"index":"index","follow":"follow","max-snippet":"max-snippet:-1","max-image-preview":"max-image-preview:large","max-video-preview":"max-video-preview:-1"},"canonical":"https:\/\/www.enriquerequena.com\/fr\/tienda-online\/arbre-transmission-cardan\/arbre-transmission-cardan-4x4\/arbre-de-transmission-bmw-e90-e91-e92-e93-26107551199-26107527355\/","og_locale":"fr_FR","og_type":"article","og_title":"Arbre de Transmission Bmw E90, E91, E92, E93, 26107551199, 26107527355.","og_description":"Arbre de Transmission Bmw E90, E91, E92, E93, 26107551199, 26107527355. N'h\u00e9sitez pas \u00e0 nous appeler pour nous demander\u00a0d'autres mod\u00e8les de transmissions BMW.","og_url":"https:\/\/www.enriquerequena.com\/fr\/tienda-online\/arbre-transmission-cardan\/arbre-transmission-cardan-4x4\/arbre-de-transmission-bmw-e90-e91-e92-e93-26107551199-26107527355\/","og_site_name":"ENRIQUE REQUENA","article_modified_time":"2023-02-07T15:31:06+00:00","og_image":[{"width":800,"height":800,"url":"https:\/\/www.enriquerequena.com\/wp-content\/uploads\/2020\/04\/TRANSMISION-CARDAN-ARBRE-DE-TRANSMISSION-PROPSHAFTBMW-REF-7551199-369\u20ac-4.jpg","type":"image\/jpeg"}],"twitter_card":"summary_large_image","twitter_misc":{"Dur\u00e9e de lecture estim\u00e9e":"1 minute"},"schema":{"@context":"https:\/\/schema.org","@graph":[{"@type":"WebPage","@id":"https:\/\/www.enriquerequena.com\/fr\/tienda-online\/arbre-transmission-cardan\/arbre-transmission-cardan-4x4\/arbre-de-transmission-bmw-e90-e91-e92-e93-26107551199-26107527355\/","url":"https:\/\/www.enriquerequena.com\/fr\/tienda-online\/arbre-transmission-cardan\/arbre-transmission-cardan-4x4\/arbre-de-transmission-bmw-e90-e91-e92-e93-26107551199-26107527355\/","name":"Arbre de Transmission Bmw E90, E91, E92, E93, 26107551199, 26107527355.","isPartOf":{"@id":"https:\/\/www.enriquerequena.com\/fr\/#website"},"primaryImageOfPage":{"@id":"https:\/\/www.enriquerequena.com\/fr\/tienda-online\/arbre-transmission-cardan\/arbre-transmission-cardan-4x4\/arbre-de-transmission-bmw-e90-e91-e92-e93-26107551199-26107527355\/#primaryimage"},"image":{"@id":"https:\/\/www.enriquerequena.com\/fr\/tienda-online\/arbre-transmission-cardan\/arbre-transmission-cardan-4x4\/arbre-de-transmission-bmw-e90-e91-e92-e93-26107551199-26107527355\/#primaryimage"},"thumbnailUrl":"https:\/\/www.enriquerequena.com\/wp-content\/uploads\/2020\/04\/TRANSMISION-CARDAN-ARBRE-DE-TRANSMISSION-PROPSHAFTBMW-REF-7551199-369\u20ac-4.jpg","datePublished":"2020-04-17T08:20:00+00:00","dateModified":"2023-02-07T15:31:06+00:00","description":"Arbre de Transmission Bmw E90, E91, E92, E93, 26107551199, 26107527355. N'h\u00e9sitez pas \u00e0 nous appeler pour nous demander\u00a0d'autres mod\u00e8les de transmissions BMW.","breadcrumb":{"@id":"https:\/\/www.enriquerequena.com\/fr\/tienda-online\/arbre-transmission-cardan\/arbre-transmission-cardan-4x4\/arbre-de-transmission-bmw-e90-e91-e92-e93-26107551199-26107527355\/#breadcrumb"},"inLanguage":"fr-FR","potentialAction":[{"@type":"ReadAction","target":["https:\/\/www.enriquerequena.com\/fr\/tienda-online\/arbre-transmission-cardan\/arbre-transmission-cardan-4x4\/arbre-de-transmission-bmw-e90-e91-e92-e93-26107551199-26107527355\/"]}]},{"@type":"ImageObject","inLanguage":"fr-FR","@id":"https:\/\/www.enriquerequena.com\/fr\/tienda-online\/arbre-transmission-cardan\/arbre-transmission-cardan-4x4\/arbre-de-transmission-bmw-e90-e91-e92-e93-26107551199-26107527355\/#primaryimage","url":"https:\/\/www.enriquerequena.com\/wp-content\/uploads\/2020\/04\/TRANSMISION-CARDAN-ARBRE-DE-TRANSMISSION-PROPSHAFTBMW-REF-7551199-369\u20ac-4.jpg","contentUrl":"https:\/\/www.enriquerequena.com\/wp-content\/uploads\/2020\/04\/TRANSMISION-CARDAN-ARBRE-DE-TRANSMISSION-PROPSHAFTBMW-REF-7551199-369\u20ac-4.jpg","width":800,"height":800,"caption":"TRANSMISION-CARDAN-ARBRE-DE-TRANSMISSION-PROPSHAFTBMW-REF-7551199"},{"@type":"WebSite","@id":"https:\/\/www.enriquerequena.com\/fr\/#website","url":"https:\/\/www.enriquerequena.com\/fr\/","name":"ENRIQUE REQUENA","description":"Sp\u00e9cialistes des transmissions cardan avec des exp\u00e9ditions dans le monde entier et des pi\u00e8ces d\u00e9tach\u00e9es pour voitures, camions et accessoires \u00e0 Valence, en Espagne. Avec vous depuis 1950!","publisher":{"@id":"https:\/\/www.enriquerequena.com\/fr\/#organization"},"potentialAction":[{"@type":"SearchAction","target":{"@type":"EntryPoint","urlTemplate":"https:\/\/www.enriquerequena.com\/fr\/?s={search_term_string}"},"query-input":{"@type":"PropertyValueSpecification","valueRequired":true,"valueName":"search_term_string"}}],"inLanguage":"fr-FR"},{"@type":"Organization","@id":"https:\/\/www.enriquerequena.com\/fr\/#organization","name":"Enrique Requena S.L.","url":"https:\/\/www.enriquerequena.com\/fr\/","logo":{"@type":"ImageObject","inLanguage":"fr-FR","@id":"https:\/\/www.enriquerequena.com\/fr\/#\/schema\/logo\/image\/","url":"https:\/\/www.enriquerequena.com\/wp-content\/uploads\/2019\/11\/enrique-requena-recambios-logotipo.jpg","contentUrl":"https:\/\/www.enriquerequena.com\/wp-content\/uploads\/2019\/11\/enrique-requena-recambios-logotipo.jpg","width":381,"height":75,"caption":"Enrique Requena S.L."},"image":{"@id":"https:\/\/www.enriquerequena.com\/fr\/#\/schema\/logo\/image\/"}}]}},"_links":{"self":[{"href":"https:\/\/www.enriquerequena.com\/fr\/wp-json\/wp\/v2\/product\/12010","targetHints":{"allow":["GET"]}}],"collection":[{"href":"https:\/\/www.enriquerequena.com\/fr\/wp-json\/wp\/v2\/product"}],"about":[{"href":"https:\/\/www.enriquerequena.com\/fr\/wp-json\/wp\/v2\/types\/product"}],"wp:featuredmedia":[{"embeddable":true,"href":"https:\/\/www.enriquerequena.com\/fr\/wp-json\/wp\/v2\/media\/12013"}],"wp:attachment":[{"href":"https:\/\/www.enriquerequena.com\/fr\/wp-json\/wp\/v2\/media?parent=12010"}],"wp:term":[{"taxonomy":"product_brand","embeddable":true,"href":"https:\/\/www.enriquerequena.com\/fr\/wp-json\/wp\/v2\/product_brand?post=12010"},{"taxonomy":"product_cat","embeddable":true,"href":"https:\/\/www.enriquerequena.com\/fr\/wp-json\/wp\/v2\/product_cat?post=12010"},{"taxonomy":"product_tag","embeddable":true,"href":"https:\/\/www.enriquerequena.com\/fr\/wp-json\/wp\/v2\/product_tag?post=12010"}],"curies":[{"name":"wp","href":"https:\/\/api.w.org\/{rel}","templated":true}]}}