{"id":13481,"date":"2020-08-07T09:00:06","date_gmt":"2020-07-30T15:41:07","guid":{"rendered":"https:\/\/www.enriquerequena.com\/?post_type=product&#038;p=13481"},"modified":"2023-02-07T16:24:27","modified_gmt":"2023-02-07T15:24:27","slug":"a9064105806-arbre-de-transmision-cardan-mercedes-sprinter-volkswagen-crafter","status":"publish","type":"product","link":"https:\/\/www.enriquerequena.com\/fr\/tienda-online\/arbre-transmission-cardan\/arbre-transmission-cardan-fourgons\/a9064105806-arbre-de-transmision-cardan-mercedes-sprinter-volkswagen-crafter\/","title":{"rendered":"A9064105806 Arbre De Transmision Cardan Mercedes Sprinter \/ Volkswagen Crafter"},"content":{"rendered":"<p>Arbre de transmission \u00e0 cardan pour Mercedes Sprinter \/ Volkswagen Crafter avec r\u00e9f\u00e9rence\u00a0A9064105806, A 9064105806, 9064105806\u00a0est une transmission neuve \u00e0 cardan de Mercedes\u00a0 \/ Volkswagen avec une garantie d&rsquo;un an. C&rsquo;est le choix le plus \u00e9conomique.<\/p>\n<p>A9064105806, A 9064105806, 9064105806\u00a0est disponible pour Mercedes Sprinter \/ Volkswagen Crafter. Nous vendons des pi\u00e8ces d\u00e9tach\u00e9es ou pi\u00e8ces de rechange pour camionnettes \u00e0 Valence depuis 1950 et nous vendons aussi en ligne dans le monde entier.<\/p>\n<p>N\u00b4h\u00e9sitez pas \u00e0 nous consulter pour d\u00b4autres mod\u00e8les de transmission \u00e0 cardan de tout type de v\u00e9hicule. Nous avons une exp\u00e9rience de 68 ans dans le commerce de transmissions \u00e0 cardan et connaissons tr\u00e8s bien le sujet.<\/p>\n<p>Caract\u00e9ristiques techniques:<\/p>\n<p>&#8211; Pi\u00e8ce de rechange: arbre de transmission \u00e0 cardan<\/p>\n<p>&#8211; Mod\u00e8le: Mercedes Sprinter \/ Volkswagen Crafter<\/p>\n<p>&#8211; Deux pi\u00e8ces d&rsquo;arbre avec cadre de support<\/p>\n<p>&#8211; Longueur: 2787 MM.<\/p>\n<p>&#8211; Num\u00e9ro de r\u00e9f\u00e9rence: A9064105806, A 9064105806, 9064105806<\/p>\n<p>&#8211; Etat: pi\u00e8ce neuve<\/p>\n<p>&#8211; Garantie d&rsquo;un an<\/p>\n","protected":false},"excerpt":{"rendered":"<p>A9064105806, A 9064105806, 9064105806 Arbre De Transmision Cardan Mercedes Sprinter \/ Volkswagen Crafter \u00a0neuf avec une garantie d\u2019un an.<\/p>\n","protected":false},"featured_media":13484,"template":"","meta":[],"product_brand":[],"product_cat":[144,159],"product_tag":[],"class_list":{"0":"post-13481","1":"product","2":"type-product","3":"status-publish","4":"has-post-thumbnail","6":"product_cat-arbre-transmission-cardan","7":"product_cat-arbre-transmission-cardan-fourgons","8":"pa_manufacturer-mercedes-benz","9":"pa_manufacturer-volkswagen","10":"pa_tipo-fourgons-et-vehicules-legers","12":"first","13":"instock","14":"featured","15":"taxable","16":"shipping-taxable","17":"purchasable","18":"product-type-simple"},"yoast_head":"<!-- This site is optimized with the Yoast SEO plugin v27.5 - https:\/\/yoast.com\/product\/yoast-seo-wordpress\/ -->\n<title>A9064105806 Arbre De Transmision Cardan Mercedes Sprinter\/VW Crafter<\/title>\n<meta name=\"description\" content=\"A9064105806\u00a0est une transmission neuve \u00e0 cardan de Mercedes\/Crafter avec une garantie dun an. Nos transmissions \u00e1 cardan pour MB Sprinter\/ VW Crafter sont origine, \u00e0 moiti\u00e9 prix\" \/>\n<meta name=\"robots\" content=\"index, follow, max-snippet:-1, max-image-preview:large, max-video-preview:-1\" \/>\n<link rel=\"canonical\" href=\"https:\/\/www.enriquerequena.com\/fr\/tienda-online\/arbre-transmission-cardan\/arbre-transmission-cardan-fourgons\/a9064105806-arbre-de-transmision-cardan-mercedes-sprinter-volkswagen-crafter\/\" \/>\n<meta property=\"og:locale\" content=\"fr_FR\" \/>\n<meta property=\"og:type\" content=\"article\" \/>\n<meta property=\"og:title\" content=\"A9064105806 Arbre De Transmision Cardan Mercedes Sprinter\/VW Crafter\" \/>\n<meta property=\"og:description\" content=\"A9064105806\u00a0est une transmission neuve \u00e0 cardan de Mercedes\/Crafter avec une garantie dun an. Nos transmissions \u00e1 cardan pour MB Sprinter\/ VW Crafter sont origine, \u00e0 moiti\u00e9 prix\" \/>\n<meta property=\"og:url\" content=\"https:\/\/www.enriquerequena.com\/fr\/tienda-online\/arbre-transmission-cardan\/arbre-transmission-cardan-fourgons\/a9064105806-arbre-de-transmision-cardan-mercedes-sprinter-volkswagen-crafter\/\" \/>\n<meta property=\"og:site_name\" content=\"ENRIQUE REQUENA\" \/>\n<meta property=\"article:modified_time\" content=\"2023-02-07T15:24:27+00:00\" \/>\n<meta property=\"og:image\" content=\"https:\/\/www.enriquerequena.com\/wp-content\/uploads\/2020\/07\/A9064105806.jpg\" \/>\n\t<meta property=\"og:image:width\" content=\"800\" \/>\n\t<meta property=\"og:image:height\" content=\"800\" \/>\n\t<meta property=\"og:image:type\" content=\"image\/jpeg\" \/>\n<meta name=\"twitter:card\" content=\"summary_large_image\" \/>\n<meta name=\"twitter:label1\" content=\"Dur\u00e9e de lecture estim\u00e9e\" \/>\n\t<meta name=\"twitter:data1\" content=\"1 minute\" \/>\n<script type=\"application\/ld+json\" class=\"yoast-schema-graph\">{\"@context\":\"https:\\\/\\\/schema.org\",\"@graph\":[{\"@type\":\"WebPage\",\"@id\":\"https:\\\/\\\/www.enriquerequena.com\\\/fr\\\/tienda-online\\\/arbre-transmission-cardan\\\/arbre-transmission-cardan-fourgons\\\/a9064105806-arbre-de-transmision-cardan-mercedes-sprinter-volkswagen-crafter\\\/\",\"url\":\"https:\\\/\\\/www.enriquerequena.com\\\/fr\\\/tienda-online\\\/arbre-transmission-cardan\\\/arbre-transmission-cardan-fourgons\\\/a9064105806-arbre-de-transmision-cardan-mercedes-sprinter-volkswagen-crafter\\\/\",\"name\":\"A9064105806 Arbre De Transmision Cardan Mercedes Sprinter\\\/VW Crafter\",\"isPartOf\":{\"@id\":\"https:\\\/\\\/www.enriquerequena.com\\\/fr\\\/#website\"},\"primaryImageOfPage\":{\"@id\":\"https:\\\/\\\/www.enriquerequena.com\\\/fr\\\/tienda-online\\\/arbre-transmission-cardan\\\/arbre-transmission-cardan-fourgons\\\/a9064105806-arbre-de-transmision-cardan-mercedes-sprinter-volkswagen-crafter\\\/#primaryimage\"},\"image\":{\"@id\":\"https:\\\/\\\/www.enriquerequena.com\\\/fr\\\/tienda-online\\\/arbre-transmission-cardan\\\/arbre-transmission-cardan-fourgons\\\/a9064105806-arbre-de-transmision-cardan-mercedes-sprinter-volkswagen-crafter\\\/#primaryimage\"},\"thumbnailUrl\":\"https:\\\/\\\/www.enriquerequena.com\\\/wp-content\\\/uploads\\\/2020\\\/07\\\/A9064105806.jpg\",\"datePublished\":\"2020-07-30T15:41:07+00:00\",\"dateModified\":\"2023-02-07T15:24:27+00:00\",\"description\":\"A9064105806\u00a0est une transmission neuve \u00e0 cardan de Mercedes\\\/Crafter avec une garantie dun an. Nos transmissions \u00e1 cardan pour MB Sprinter\\\/ VW Crafter sont origine, \u00e0 moiti\u00e9 prix\",\"breadcrumb\":{\"@id\":\"https:\\\/\\\/www.enriquerequena.com\\\/fr\\\/tienda-online\\\/arbre-transmission-cardan\\\/arbre-transmission-cardan-fourgons\\\/a9064105806-arbre-de-transmision-cardan-mercedes-sprinter-volkswagen-crafter\\\/#breadcrumb\"},\"inLanguage\":\"fr-FR\",\"potentialAction\":[{\"@type\":\"ReadAction\",\"target\":[\"https:\\\/\\\/www.enriquerequena.com\\\/fr\\\/tienda-online\\\/arbre-transmission-cardan\\\/arbre-transmission-cardan-fourgons\\\/a9064105806-arbre-de-transmision-cardan-mercedes-sprinter-volkswagen-crafter\\\/\"]}]},{\"@type\":\"ImageObject\",\"inLanguage\":\"fr-FR\",\"@id\":\"https:\\\/\\\/www.enriquerequena.com\\\/fr\\\/tienda-online\\\/arbre-transmission-cardan\\\/arbre-transmission-cardan-fourgons\\\/a9064105806-arbre-de-transmision-cardan-mercedes-sprinter-volkswagen-crafter\\\/#primaryimage\",\"url\":\"https:\\\/\\\/www.enriquerequena.com\\\/wp-content\\\/uploads\\\/2020\\\/07\\\/A9064105806.jpg\",\"contentUrl\":\"https:\\\/\\\/www.enriquerequena.com\\\/wp-content\\\/uploads\\\/2020\\\/07\\\/A9064105806.jpg\",\"width\":800,\"height\":800},{\"@type\":\"WebSite\",\"@id\":\"https:\\\/\\\/www.enriquerequena.com\\\/fr\\\/#website\",\"url\":\"https:\\\/\\\/www.enriquerequena.com\\\/fr\\\/\",\"name\":\"ENRIQUE REQUENA\",\"description\":\"Sp\u00e9cialistes des transmissions cardan avec des exp\u00e9ditions dans le monde entier et des pi\u00e8ces d\u00e9tach\u00e9es pour voitures, camions et accessoires \u00e0 Valence, en Espagne. Avec vous depuis 1950!\",\"publisher\":{\"@id\":\"https:\\\/\\\/www.enriquerequena.com\\\/fr\\\/#organization\"},\"potentialAction\":[{\"@type\":\"SearchAction\",\"target\":{\"@type\":\"EntryPoint\",\"urlTemplate\":\"https:\\\/\\\/www.enriquerequena.com\\\/fr\\\/?s={search_term_string}\"},\"query-input\":{\"@type\":\"PropertyValueSpecification\",\"valueRequired\":true,\"valueName\":\"search_term_string\"}}],\"inLanguage\":\"fr-FR\"},{\"@type\":\"Organization\",\"@id\":\"https:\\\/\\\/www.enriquerequena.com\\\/fr\\\/#organization\",\"name\":\"Enrique Requena S.L.\",\"url\":\"https:\\\/\\\/www.enriquerequena.com\\\/fr\\\/\",\"logo\":{\"@type\":\"ImageObject\",\"inLanguage\":\"fr-FR\",\"@id\":\"https:\\\/\\\/www.enriquerequena.com\\\/fr\\\/#\\\/schema\\\/logo\\\/image\\\/\",\"url\":\"https:\\\/\\\/www.enriquerequena.com\\\/wp-content\\\/uploads\\\/2019\\\/11\\\/enrique-requena-recambios-logotipo.jpg\",\"contentUrl\":\"https:\\\/\\\/www.enriquerequena.com\\\/wp-content\\\/uploads\\\/2019\\\/11\\\/enrique-requena-recambios-logotipo.jpg\",\"width\":381,\"height\":75,\"caption\":\"Enrique Requena S.L.\"},\"image\":{\"@id\":\"https:\\\/\\\/www.enriquerequena.com\\\/fr\\\/#\\\/schema\\\/logo\\\/image\\\/\"}}]}<\/script>\n<!-- \/ Yoast SEO plugin. -->","yoast_head_json":{"title":"A9064105806 Arbre De Transmision Cardan Mercedes Sprinter\/VW Crafter","description":"A9064105806\u00a0est une transmission neuve \u00e0 cardan de Mercedes\/Crafter avec une garantie dun an. Nos transmissions \u00e1 cardan pour MB Sprinter\/ VW Crafter sont origine, \u00e0 moiti\u00e9 prix","robots":{"index":"index","follow":"follow","max-snippet":"max-snippet:-1","max-image-preview":"max-image-preview:large","max-video-preview":"max-video-preview:-1"},"canonical":"https:\/\/www.enriquerequena.com\/fr\/tienda-online\/arbre-transmission-cardan\/arbre-transmission-cardan-fourgons\/a9064105806-arbre-de-transmision-cardan-mercedes-sprinter-volkswagen-crafter\/","og_locale":"fr_FR","og_type":"article","og_title":"A9064105806 Arbre De Transmision Cardan Mercedes Sprinter\/VW Crafter","og_description":"A9064105806\u00a0est une transmission neuve \u00e0 cardan de Mercedes\/Crafter avec une garantie dun an. Nos transmissions \u00e1 cardan pour MB Sprinter\/ VW Crafter sont origine, \u00e0 moiti\u00e9 prix","og_url":"https:\/\/www.enriquerequena.com\/fr\/tienda-online\/arbre-transmission-cardan\/arbre-transmission-cardan-fourgons\/a9064105806-arbre-de-transmision-cardan-mercedes-sprinter-volkswagen-crafter\/","og_site_name":"ENRIQUE REQUENA","article_modified_time":"2023-02-07T15:24:27+00:00","og_image":[{"width":800,"height":800,"url":"https:\/\/www.enriquerequena.com\/wp-content\/uploads\/2020\/07\/A9064105806.jpg","type":"image\/jpeg"}],"twitter_card":"summary_large_image","twitter_misc":{"Dur\u00e9e de lecture estim\u00e9e":"1 minute"},"schema":{"@context":"https:\/\/schema.org","@graph":[{"@type":"WebPage","@id":"https:\/\/www.enriquerequena.com\/fr\/tienda-online\/arbre-transmission-cardan\/arbre-transmission-cardan-fourgons\/a9064105806-arbre-de-transmision-cardan-mercedes-sprinter-volkswagen-crafter\/","url":"https:\/\/www.enriquerequena.com\/fr\/tienda-online\/arbre-transmission-cardan\/arbre-transmission-cardan-fourgons\/a9064105806-arbre-de-transmision-cardan-mercedes-sprinter-volkswagen-crafter\/","name":"A9064105806 Arbre De Transmision Cardan Mercedes Sprinter\/VW Crafter","isPartOf":{"@id":"https:\/\/www.enriquerequena.com\/fr\/#website"},"primaryImageOfPage":{"@id":"https:\/\/www.enriquerequena.com\/fr\/tienda-online\/arbre-transmission-cardan\/arbre-transmission-cardan-fourgons\/a9064105806-arbre-de-transmision-cardan-mercedes-sprinter-volkswagen-crafter\/#primaryimage"},"image":{"@id":"https:\/\/www.enriquerequena.com\/fr\/tienda-online\/arbre-transmission-cardan\/arbre-transmission-cardan-fourgons\/a9064105806-arbre-de-transmision-cardan-mercedes-sprinter-volkswagen-crafter\/#primaryimage"},"thumbnailUrl":"https:\/\/www.enriquerequena.com\/wp-content\/uploads\/2020\/07\/A9064105806.jpg","datePublished":"2020-07-30T15:41:07+00:00","dateModified":"2023-02-07T15:24:27+00:00","description":"A9064105806\u00a0est une transmission neuve \u00e0 cardan de Mercedes\/Crafter avec une garantie dun an. Nos transmissions \u00e1 cardan pour MB Sprinter\/ VW Crafter sont origine, \u00e0 moiti\u00e9 prix","breadcrumb":{"@id":"https:\/\/www.enriquerequena.com\/fr\/tienda-online\/arbre-transmission-cardan\/arbre-transmission-cardan-fourgons\/a9064105806-arbre-de-transmision-cardan-mercedes-sprinter-volkswagen-crafter\/#breadcrumb"},"inLanguage":"fr-FR","potentialAction":[{"@type":"ReadAction","target":["https:\/\/www.enriquerequena.com\/fr\/tienda-online\/arbre-transmission-cardan\/arbre-transmission-cardan-fourgons\/a9064105806-arbre-de-transmision-cardan-mercedes-sprinter-volkswagen-crafter\/"]}]},{"@type":"ImageObject","inLanguage":"fr-FR","@id":"https:\/\/www.enriquerequena.com\/fr\/tienda-online\/arbre-transmission-cardan\/arbre-transmission-cardan-fourgons\/a9064105806-arbre-de-transmision-cardan-mercedes-sprinter-volkswagen-crafter\/#primaryimage","url":"https:\/\/www.enriquerequena.com\/wp-content\/uploads\/2020\/07\/A9064105806.jpg","contentUrl":"https:\/\/www.enriquerequena.com\/wp-content\/uploads\/2020\/07\/A9064105806.jpg","width":800,"height":800},{"@type":"WebSite","@id":"https:\/\/www.enriquerequena.com\/fr\/#website","url":"https:\/\/www.enriquerequena.com\/fr\/","name":"ENRIQUE REQUENA","description":"Sp\u00e9cialistes des transmissions cardan avec des exp\u00e9ditions dans le monde entier et des pi\u00e8ces d\u00e9tach\u00e9es pour voitures, camions et accessoires \u00e0 Valence, en Espagne. Avec vous depuis 1950!","publisher":{"@id":"https:\/\/www.enriquerequena.com\/fr\/#organization"},"potentialAction":[{"@type":"SearchAction","target":{"@type":"EntryPoint","urlTemplate":"https:\/\/www.enriquerequena.com\/fr\/?s={search_term_string}"},"query-input":{"@type":"PropertyValueSpecification","valueRequired":true,"valueName":"search_term_string"}}],"inLanguage":"fr-FR"},{"@type":"Organization","@id":"https:\/\/www.enriquerequena.com\/fr\/#organization","name":"Enrique Requena S.L.","url":"https:\/\/www.enriquerequena.com\/fr\/","logo":{"@type":"ImageObject","inLanguage":"fr-FR","@id":"https:\/\/www.enriquerequena.com\/fr\/#\/schema\/logo\/image\/","url":"https:\/\/www.enriquerequena.com\/wp-content\/uploads\/2019\/11\/enrique-requena-recambios-logotipo.jpg","contentUrl":"https:\/\/www.enriquerequena.com\/wp-content\/uploads\/2019\/11\/enrique-requena-recambios-logotipo.jpg","width":381,"height":75,"caption":"Enrique Requena S.L."},"image":{"@id":"https:\/\/www.enriquerequena.com\/fr\/#\/schema\/logo\/image\/"}}]}},"_links":{"self":[{"href":"https:\/\/www.enriquerequena.com\/fr\/wp-json\/wp\/v2\/product\/13481","targetHints":{"allow":["GET"]}}],"collection":[{"href":"https:\/\/www.enriquerequena.com\/fr\/wp-json\/wp\/v2\/product"}],"about":[{"href":"https:\/\/www.enriquerequena.com\/fr\/wp-json\/wp\/v2\/types\/product"}],"wp:featuredmedia":[{"embeddable":true,"href":"https:\/\/www.enriquerequena.com\/fr\/wp-json\/wp\/v2\/media\/13484"}],"wp:attachment":[{"href":"https:\/\/www.enriquerequena.com\/fr\/wp-json\/wp\/v2\/media?parent=13481"}],"wp:term":[{"taxonomy":"product_brand","embeddable":true,"href":"https:\/\/www.enriquerequena.com\/fr\/wp-json\/wp\/v2\/product_brand?post=13481"},{"taxonomy":"product_cat","embeddable":true,"href":"https:\/\/www.enriquerequena.com\/fr\/wp-json\/wp\/v2\/product_cat?post=13481"},{"taxonomy":"product_tag","embeddable":true,"href":"https:\/\/www.enriquerequena.com\/fr\/wp-json\/wp\/v2\/product_tag?post=13481"}],"curies":[{"name":"wp","href":"https:\/\/api.w.org\/{rel}","templated":true}]}}