{"id":13778,"date":"2020-08-31T09:30:56","date_gmt":"2020-08-28T15:45:57","guid":{"rendered":"https:\/\/www.enriquerequena.com\/?post_type=product&#038;p=13778"},"modified":"2023-02-07T16:11:39","modified_gmt":"2023-02-07T15:11:39","slug":"a6394109406-arbre-de-transmision-cardan-mercedes-vito-copia","status":"publish","type":"product","link":"https:\/\/www.enriquerequena.com\/fr\/tienda-online\/arbre-transmission-cardan\/arbre-transmission-cardan-fourgons\/a6394109406-arbre-de-transmision-cardan-mercedes-vito-copia\/","title":{"rendered":"Arbre De Transmision Cardan Mercedes Vito &#8211; Viano A6394106506 &#8211; 6394106506 &#8211; A 6394106506"},"content":{"rendered":"<p style=\"text-align: justify;\"><span style=\"color: #666699;\"><strong>Arbre de transmission <\/strong>pour<strong> Mercedes Vito &#8211; Viano <\/strong>avec <strong>A6394106506 &#8211; 6394106506 &#8211; A 6394106506<\/strong> <strong>\u00a0<\/strong><\/span>\u00a0<span style=\"color: #666699;\">est une <\/span><strong style=\"color: #666699;\">transmission neuve<\/strong><span style=\"color: #666699;\">\u00a0de Mercedes Vito &#8211; Viano avec <\/span><strong style=\"color: #666699;\">une garantie d&rsquo;un an.<\/strong><span style=\"color: #666699;\"> C&rsquo;est le choix le plus \u00e9conomique.<\/span><\/p>\n<p style=\"text-align: justify;\"><span style=\"color: #666699;\">Nos transmissions\u00a0 pour Mercedes Vito &#8211; Viano <strong>sont d&rsquo;origine<\/strong>, \u00e0 moiti\u00e9 prix parce que nous sommes distribuiteurs de transmissions\u00a0 GKN, premier fabricant de ce composant en <strong>premi\u00e8re \u00e9quipe<\/strong>, c&rsquo;est pour cette raison que nous avons les m\u00eames arbres de transmission d&rsquo;origine aux meilleurs prix du march\u00e9.<\/span><\/p>\n<p style=\"text-align: justify;\"><span style=\"color: #666699;\">Nous vendons des pi\u00e8ces d\u00e9tach\u00e9es ou pi\u00e8ces de rechange pour camionnettes \u00e0 Valence depuis 1950 et nous vendons aussi en ligne dans le monde entier.<\/span><\/p>\n<p style=\"text-align: justify;\"><span style=\"color: #666699;\">N\u00b4h\u00e9sitez pas \u00e0 nous consulter pour d\u00b4autres mod\u00e8les de transmission\u00a0 de tout type de v\u00e9hicule. Nous avons une exp\u00e9rience de 68 ans dans le commerce de transmissions \u00e0 cardan et connaissons tr\u00e8s bien le sujet.<\/span><\/p>\n<p style=\"text-align: justify;\"><span style=\"color: #666699;\">Caract\u00e9ristiques techniques:<\/span><\/p>\n<p style=\"text-align: justify;\"><span style=\"color: #666699;\">&#8211; Pi\u00e8ce de rechange: arbre de transmission\u00a0<\/span><\/p>\n<p style=\"text-align: justify;\"><span style=\"color: #666699;\">&#8211; Mod\u00e8le: Mercedes Vito &#8211; Viano<\/span><\/p>\n<p style=\"text-align: justify;\"><span style=\"color: #666699;\">&#8211; Longueur: 2816 MM.<\/span><\/p>\n<p style=\"text-align: justify;\"><span style=\"color: #666699;\">&#8211; Num\u00e9ro de r\u00e9f\u00e9rence: A6394106506 &#8211; 6394106506 &#8211; A 6394106506<\/span><\/p>\n<p style=\"text-align: justify;\"><span style=\"color: #666699;\">&#8211; Marque: GKN<\/span><\/p>\n<p style=\"text-align: justify;\"><span style=\"color: #666699;\">&#8211; Etat: pi\u00e8ce neuve<\/span><\/p>\n<p style=\"text-align: justify;\"><span style=\"color: #666699;\">&#8211; Garantie d&rsquo;un an<\/span><\/p>\n","protected":false},"excerpt":{"rendered":"<p><span style=\"color: #666699;\">A6394106506 &#8211; 6394106506 &#8211; A 6394106506<\/span> Arbre De Transmision\u00a0 Mercedes Vito &#8211; Viano neuve et d&rsquo;origine GKN<\/p>\n","protected":false},"featured_media":13492,"template":"","meta":[],"product_brand":[],"product_cat":[144,159],"product_tag":[],"class_list":{"0":"post-13778","1":"product","2":"type-product","3":"status-publish","4":"has-post-thumbnail","6":"product_cat-arbre-transmission-cardan","7":"product_cat-arbre-transmission-cardan-fourgons","8":"pa_manufacturer-mercedes-benz","9":"pa_tipo-fourgons-et-vehicules-legers","11":"first","12":"instock","13":"featured","14":"taxable","15":"shipping-taxable","16":"purchasable","17":"product-type-simple"},"yoast_head":"<!-- This site is optimized with the Yoast SEO plugin v27.5 - https:\/\/yoast.com\/product\/yoast-seo-wordpress\/ -->\n<title>A6394109406 Arbre De Transmision Cardan Mercedes Vito<\/title>\n<meta name=\"description\" content=\"A6394109406 est une transmission neuve \u00e0 cardan de Mercedes Vito avec une garantie dun an. Nos transmissions \u00e1 cardan sont origine, \u00e0 moiti\u00e9 prix\" \/>\n<meta name=\"robots\" content=\"index, follow, max-snippet:-1, max-image-preview:large, max-video-preview:-1\" \/>\n<link rel=\"canonical\" href=\"https:\/\/www.enriquerequena.com\/fr\/tienda-online\/arbre-transmission-cardan\/arbre-transmission-cardan-fourgons\/a6394109406-arbre-de-transmision-cardan-mercedes-vito-copia\/\" \/>\n<meta property=\"og:locale\" content=\"fr_FR\" \/>\n<meta property=\"og:type\" content=\"article\" \/>\n<meta property=\"og:title\" content=\"A6394109406 Arbre De Transmision Cardan Mercedes Vito\" \/>\n<meta property=\"og:description\" content=\"A6394109406 est une transmission neuve \u00e0 cardan de Mercedes Vito avec une garantie dun an. Nos transmissions \u00e1 cardan sont origine, \u00e0 moiti\u00e9 prix\" \/>\n<meta property=\"og:url\" content=\"https:\/\/www.enriquerequena.com\/fr\/tienda-online\/arbre-transmission-cardan\/arbre-transmission-cardan-fourgons\/a6394109406-arbre-de-transmision-cardan-mercedes-vito-copia\/\" \/>\n<meta property=\"og:site_name\" content=\"ENRIQUE REQUENA\" \/>\n<meta property=\"article:modified_time\" content=\"2023-02-07T15:11:39+00:00\" \/>\n<meta property=\"og:image\" content=\"https:\/\/www.enriquerequena.com\/wp-content\/uploads\/2020\/07\/6394109406.jpg\" \/>\n\t<meta property=\"og:image:width\" content=\"800\" \/>\n\t<meta property=\"og:image:height\" content=\"800\" \/>\n\t<meta property=\"og:image:type\" content=\"image\/jpeg\" \/>\n<meta name=\"twitter:card\" content=\"summary_large_image\" \/>\n<meta name=\"twitter:label1\" content=\"Dur\u00e9e de lecture estim\u00e9e\" \/>\n\t<meta name=\"twitter:data1\" content=\"1 minute\" \/>\n<script type=\"application\/ld+json\" class=\"yoast-schema-graph\">{\"@context\":\"https:\\\/\\\/schema.org\",\"@graph\":[{\"@type\":\"WebPage\",\"@id\":\"https:\\\/\\\/www.enriquerequena.com\\\/fr\\\/tienda-online\\\/arbre-transmission-cardan\\\/arbre-transmission-cardan-fourgons\\\/a6394109406-arbre-de-transmision-cardan-mercedes-vito-copia\\\/\",\"url\":\"https:\\\/\\\/www.enriquerequena.com\\\/fr\\\/tienda-online\\\/arbre-transmission-cardan\\\/arbre-transmission-cardan-fourgons\\\/a6394109406-arbre-de-transmision-cardan-mercedes-vito-copia\\\/\",\"name\":\"A6394109406 Arbre De Transmision Cardan Mercedes Vito\",\"isPartOf\":{\"@id\":\"https:\\\/\\\/www.enriquerequena.com\\\/fr\\\/#website\"},\"primaryImageOfPage\":{\"@id\":\"https:\\\/\\\/www.enriquerequena.com\\\/fr\\\/tienda-online\\\/arbre-transmission-cardan\\\/arbre-transmission-cardan-fourgons\\\/a6394109406-arbre-de-transmision-cardan-mercedes-vito-copia\\\/#primaryimage\"},\"image\":{\"@id\":\"https:\\\/\\\/www.enriquerequena.com\\\/fr\\\/tienda-online\\\/arbre-transmission-cardan\\\/arbre-transmission-cardan-fourgons\\\/a6394109406-arbre-de-transmision-cardan-mercedes-vito-copia\\\/#primaryimage\"},\"thumbnailUrl\":\"https:\\\/\\\/www.enriquerequena.com\\\/wp-content\\\/uploads\\\/2020\\\/07\\\/6394109406.jpg\",\"datePublished\":\"2020-08-28T15:45:57+00:00\",\"dateModified\":\"2023-02-07T15:11:39+00:00\",\"description\":\"A6394109406 est une transmission neuve \u00e0 cardan de Mercedes Vito avec une garantie dun an. Nos transmissions \u00e1 cardan sont origine, \u00e0 moiti\u00e9 prix\",\"breadcrumb\":{\"@id\":\"https:\\\/\\\/www.enriquerequena.com\\\/fr\\\/tienda-online\\\/arbre-transmission-cardan\\\/arbre-transmission-cardan-fourgons\\\/a6394109406-arbre-de-transmision-cardan-mercedes-vito-copia\\\/#breadcrumb\"},\"inLanguage\":\"fr-FR\",\"potentialAction\":[{\"@type\":\"ReadAction\",\"target\":[\"https:\\\/\\\/www.enriquerequena.com\\\/fr\\\/tienda-online\\\/arbre-transmission-cardan\\\/arbre-transmission-cardan-fourgons\\\/a6394109406-arbre-de-transmision-cardan-mercedes-vito-copia\\\/\"]}]},{\"@type\":\"ImageObject\",\"inLanguage\":\"fr-FR\",\"@id\":\"https:\\\/\\\/www.enriquerequena.com\\\/fr\\\/tienda-online\\\/arbre-transmission-cardan\\\/arbre-transmission-cardan-fourgons\\\/a6394109406-arbre-de-transmision-cardan-mercedes-vito-copia\\\/#primaryimage\",\"url\":\"https:\\\/\\\/www.enriquerequena.com\\\/wp-content\\\/uploads\\\/2020\\\/07\\\/6394109406.jpg\",\"contentUrl\":\"https:\\\/\\\/www.enriquerequena.com\\\/wp-content\\\/uploads\\\/2020\\\/07\\\/6394109406.jpg\",\"width\":800,\"height\":800,\"caption\":\"Transmision Cardan Mercedes Vito A6394106506 - 6394106506\"},{\"@type\":\"WebSite\",\"@id\":\"https:\\\/\\\/www.enriquerequena.com\\\/fr\\\/#website\",\"url\":\"https:\\\/\\\/www.enriquerequena.com\\\/fr\\\/\",\"name\":\"ENRIQUE REQUENA\",\"description\":\"Sp\u00e9cialistes des transmissions cardan avec des exp\u00e9ditions dans le monde entier et des pi\u00e8ces d\u00e9tach\u00e9es pour voitures, camions et accessoires \u00e0 Valence, en Espagne. Avec vous depuis 1950!\",\"publisher\":{\"@id\":\"https:\\\/\\\/www.enriquerequena.com\\\/fr\\\/#organization\"},\"potentialAction\":[{\"@type\":\"SearchAction\",\"target\":{\"@type\":\"EntryPoint\",\"urlTemplate\":\"https:\\\/\\\/www.enriquerequena.com\\\/fr\\\/?s={search_term_string}\"},\"query-input\":{\"@type\":\"PropertyValueSpecification\",\"valueRequired\":true,\"valueName\":\"search_term_string\"}}],\"inLanguage\":\"fr-FR\"},{\"@type\":\"Organization\",\"@id\":\"https:\\\/\\\/www.enriquerequena.com\\\/fr\\\/#organization\",\"name\":\"Enrique Requena S.L.\",\"url\":\"https:\\\/\\\/www.enriquerequena.com\\\/fr\\\/\",\"logo\":{\"@type\":\"ImageObject\",\"inLanguage\":\"fr-FR\",\"@id\":\"https:\\\/\\\/www.enriquerequena.com\\\/fr\\\/#\\\/schema\\\/logo\\\/image\\\/\",\"url\":\"https:\\\/\\\/www.enriquerequena.com\\\/wp-content\\\/uploads\\\/2019\\\/11\\\/enrique-requena-recambios-logotipo.jpg\",\"contentUrl\":\"https:\\\/\\\/www.enriquerequena.com\\\/wp-content\\\/uploads\\\/2019\\\/11\\\/enrique-requena-recambios-logotipo.jpg\",\"width\":381,\"height\":75,\"caption\":\"Enrique Requena S.L.\"},\"image\":{\"@id\":\"https:\\\/\\\/www.enriquerequena.com\\\/fr\\\/#\\\/schema\\\/logo\\\/image\\\/\"}}]}<\/script>\n<!-- \/ Yoast SEO plugin. -->","yoast_head_json":{"title":"A6394109406 Arbre De Transmision Cardan Mercedes Vito","description":"A6394109406 est une transmission neuve \u00e0 cardan de Mercedes Vito avec une garantie dun an. Nos transmissions \u00e1 cardan sont origine, \u00e0 moiti\u00e9 prix","robots":{"index":"index","follow":"follow","max-snippet":"max-snippet:-1","max-image-preview":"max-image-preview:large","max-video-preview":"max-video-preview:-1"},"canonical":"https:\/\/www.enriquerequena.com\/fr\/tienda-online\/arbre-transmission-cardan\/arbre-transmission-cardan-fourgons\/a6394109406-arbre-de-transmision-cardan-mercedes-vito-copia\/","og_locale":"fr_FR","og_type":"article","og_title":"A6394109406 Arbre De Transmision Cardan Mercedes Vito","og_description":"A6394109406 est une transmission neuve \u00e0 cardan de Mercedes Vito avec une garantie dun an. Nos transmissions \u00e1 cardan sont origine, \u00e0 moiti\u00e9 prix","og_url":"https:\/\/www.enriquerequena.com\/fr\/tienda-online\/arbre-transmission-cardan\/arbre-transmission-cardan-fourgons\/a6394109406-arbre-de-transmision-cardan-mercedes-vito-copia\/","og_site_name":"ENRIQUE REQUENA","article_modified_time":"2023-02-07T15:11:39+00:00","og_image":[{"width":800,"height":800,"url":"https:\/\/www.enriquerequena.com\/wp-content\/uploads\/2020\/07\/6394109406.jpg","type":"image\/jpeg"}],"twitter_card":"summary_large_image","twitter_misc":{"Dur\u00e9e de lecture estim\u00e9e":"1 minute"},"schema":{"@context":"https:\/\/schema.org","@graph":[{"@type":"WebPage","@id":"https:\/\/www.enriquerequena.com\/fr\/tienda-online\/arbre-transmission-cardan\/arbre-transmission-cardan-fourgons\/a6394109406-arbre-de-transmision-cardan-mercedes-vito-copia\/","url":"https:\/\/www.enriquerequena.com\/fr\/tienda-online\/arbre-transmission-cardan\/arbre-transmission-cardan-fourgons\/a6394109406-arbre-de-transmision-cardan-mercedes-vito-copia\/","name":"A6394109406 Arbre De Transmision Cardan Mercedes Vito","isPartOf":{"@id":"https:\/\/www.enriquerequena.com\/fr\/#website"},"primaryImageOfPage":{"@id":"https:\/\/www.enriquerequena.com\/fr\/tienda-online\/arbre-transmission-cardan\/arbre-transmission-cardan-fourgons\/a6394109406-arbre-de-transmision-cardan-mercedes-vito-copia\/#primaryimage"},"image":{"@id":"https:\/\/www.enriquerequena.com\/fr\/tienda-online\/arbre-transmission-cardan\/arbre-transmission-cardan-fourgons\/a6394109406-arbre-de-transmision-cardan-mercedes-vito-copia\/#primaryimage"},"thumbnailUrl":"https:\/\/www.enriquerequena.com\/wp-content\/uploads\/2020\/07\/6394109406.jpg","datePublished":"2020-08-28T15:45:57+00:00","dateModified":"2023-02-07T15:11:39+00:00","description":"A6394109406 est une transmission neuve \u00e0 cardan de Mercedes Vito avec une garantie dun an. Nos transmissions \u00e1 cardan sont origine, \u00e0 moiti\u00e9 prix","breadcrumb":{"@id":"https:\/\/www.enriquerequena.com\/fr\/tienda-online\/arbre-transmission-cardan\/arbre-transmission-cardan-fourgons\/a6394109406-arbre-de-transmision-cardan-mercedes-vito-copia\/#breadcrumb"},"inLanguage":"fr-FR","potentialAction":[{"@type":"ReadAction","target":["https:\/\/www.enriquerequena.com\/fr\/tienda-online\/arbre-transmission-cardan\/arbre-transmission-cardan-fourgons\/a6394109406-arbre-de-transmision-cardan-mercedes-vito-copia\/"]}]},{"@type":"ImageObject","inLanguage":"fr-FR","@id":"https:\/\/www.enriquerequena.com\/fr\/tienda-online\/arbre-transmission-cardan\/arbre-transmission-cardan-fourgons\/a6394109406-arbre-de-transmision-cardan-mercedes-vito-copia\/#primaryimage","url":"https:\/\/www.enriquerequena.com\/wp-content\/uploads\/2020\/07\/6394109406.jpg","contentUrl":"https:\/\/www.enriquerequena.com\/wp-content\/uploads\/2020\/07\/6394109406.jpg","width":800,"height":800,"caption":"Transmision Cardan Mercedes Vito A6394106506 - 6394106506"},{"@type":"WebSite","@id":"https:\/\/www.enriquerequena.com\/fr\/#website","url":"https:\/\/www.enriquerequena.com\/fr\/","name":"ENRIQUE REQUENA","description":"Sp\u00e9cialistes des transmissions cardan avec des exp\u00e9ditions dans le monde entier et des pi\u00e8ces d\u00e9tach\u00e9es pour voitures, camions et accessoires \u00e0 Valence, en Espagne. Avec vous depuis 1950!","publisher":{"@id":"https:\/\/www.enriquerequena.com\/fr\/#organization"},"potentialAction":[{"@type":"SearchAction","target":{"@type":"EntryPoint","urlTemplate":"https:\/\/www.enriquerequena.com\/fr\/?s={search_term_string}"},"query-input":{"@type":"PropertyValueSpecification","valueRequired":true,"valueName":"search_term_string"}}],"inLanguage":"fr-FR"},{"@type":"Organization","@id":"https:\/\/www.enriquerequena.com\/fr\/#organization","name":"Enrique Requena S.L.","url":"https:\/\/www.enriquerequena.com\/fr\/","logo":{"@type":"ImageObject","inLanguage":"fr-FR","@id":"https:\/\/www.enriquerequena.com\/fr\/#\/schema\/logo\/image\/","url":"https:\/\/www.enriquerequena.com\/wp-content\/uploads\/2019\/11\/enrique-requena-recambios-logotipo.jpg","contentUrl":"https:\/\/www.enriquerequena.com\/wp-content\/uploads\/2019\/11\/enrique-requena-recambios-logotipo.jpg","width":381,"height":75,"caption":"Enrique Requena S.L."},"image":{"@id":"https:\/\/www.enriquerequena.com\/fr\/#\/schema\/logo\/image\/"}}]}},"_links":{"self":[{"href":"https:\/\/www.enriquerequena.com\/fr\/wp-json\/wp\/v2\/product\/13778","targetHints":{"allow":["GET"]}}],"collection":[{"href":"https:\/\/www.enriquerequena.com\/fr\/wp-json\/wp\/v2\/product"}],"about":[{"href":"https:\/\/www.enriquerequena.com\/fr\/wp-json\/wp\/v2\/types\/product"}],"wp:featuredmedia":[{"embeddable":true,"href":"https:\/\/www.enriquerequena.com\/fr\/wp-json\/wp\/v2\/media\/13492"}],"wp:attachment":[{"href":"https:\/\/www.enriquerequena.com\/fr\/wp-json\/wp\/v2\/media?parent=13778"}],"wp:term":[{"taxonomy":"product_brand","embeddable":true,"href":"https:\/\/www.enriquerequena.com\/fr\/wp-json\/wp\/v2\/product_brand?post=13778"},{"taxonomy":"product_cat","embeddable":true,"href":"https:\/\/www.enriquerequena.com\/fr\/wp-json\/wp\/v2\/product_cat?post=13778"},{"taxonomy":"product_tag","embeddable":true,"href":"https:\/\/www.enriquerequena.com\/fr\/wp-json\/wp\/v2\/product_tag?post=13778"}],"curies":[{"name":"wp","href":"https:\/\/api.w.org\/{rel}","templated":true}]}}