{"id":14653,"date":"2020-10-13T09:00:59","date_gmt":"2020-10-26T08:00:59","guid":{"rendered":"https:\/\/www.enriquerequena.com\/?post_type=product&#038;p=14653"},"modified":"2023-02-07T16:24:12","modified_gmt":"2023-02-07T15:24:12","slug":"arbre-de-transmission-volvo-xc-90-31256272","status":"publish","type":"product","link":"https:\/\/www.enriquerequena.com\/fr\/tienda-online\/arbre-transmission-cardan\/arbre-transmission-cardan-4x4\/arbre-de-transmission-volvo-xc-90-31256272\/","title":{"rendered":"Arbre de transmission Volvo Xc 90 31256272"},"content":{"rendered":"<p>Arbre de transmission \u00e0 cardan pour Volvo Xc90 \u00a0avec r\u00e9f\u00e9rences 31256272 est une transmission \u00e0 cardan neuve de Volvo avec une garantie d\u2019un an. C\u2019est le choix le plus \u00e9conomique<\/p>\n<p>31256272 est disponible pour Volvo Xc90 . Nous vendons des pi\u00e8ces d\u00e9tach\u00e9es ou pi\u00e8ces de rechange pour v\u00e9hicules 4\u00d74 \u00e0 Valence depuis 1950 et nous vendons aussi en ligne dans le monde entier.<\/p>\n<p>N\u00b4h\u00e9sitez pas \u00e0 nous consulter pour d\u00b4autres mod\u00e8les de transmission \u00e0 cardan de tout type de v\u00e9hicule. Nous avons une exp\u00e9rience de 68 ans dans le commerce de transmissions \u00e0 cardan et connaissons tr\u00e8s bien le sujet.<\/p>\n<p>Caract\u00e9ristiques techniques:<\/p>\n<p>\u2013 Pi\u00e8ce de rechange: arbre de transmission \u00e0 cardan<\/p>\n<p>\u2013 Mod\u00e8le: Volvo Xc90<\/p>\n<p>\u2013 Longueur: 2220 MM.<\/p>\n<p>\u2013 Num\u00e9ro de r\u00e9f\u00e9rence: 31256272<\/p>\n<p>\u2013 Etat: pi\u00e8ce neuve<\/p>\n<p>\u2013 Garantie d\u2019un an<\/p>\n","protected":false},"excerpt":{"rendered":"<p>Arbre de transmission Volvo Xc 90 31256272.<\/p>\n","protected":false},"featured_media":14640,"template":"","meta":[],"product_brand":[],"product_cat":[144,156],"product_tag":[],"class_list":{"0":"post-14653","1":"product","2":"type-product","3":"status-publish","4":"has-post-thumbnail","6":"product_cat-arbre-transmission-cardan","7":"product_cat-arbre-transmission-cardan-4x4","8":"pa_manufacturer-volvo","9":"pa_tipo-auto","11":"first","12":"instock","13":"featured","14":"taxable","15":"shipping-taxable","16":"purchasable","17":"product-type-simple"},"yoast_head":"<!-- This site is optimized with the Yoast SEO plugin v27.5 - https:\/\/yoast.com\/product\/yoast-seo-wordpress\/ -->\n<title>Arbre de transmission Volvo Xc 90 31256272<\/title>\n<meta name=\"description\" content=\"Arbre de transmission \u00e0 cardan pour Volvo Xc90 \u00a0avec r\u00e9f\u00e9rences 31256272 est une transmission \u00e0 cardan neuve de Volvo avec une garantie d\u2019un an.\" \/>\n<meta name=\"robots\" content=\"index, follow, max-snippet:-1, max-image-preview:large, max-video-preview:-1\" \/>\n<link rel=\"canonical\" href=\"https:\/\/www.enriquerequena.com\/fr\/tienda-online\/arbre-transmission-cardan\/arbre-transmission-cardan-4x4\/arbre-de-transmission-volvo-xc-90-31256272\/\" \/>\n<meta property=\"og:locale\" content=\"fr_FR\" \/>\n<meta property=\"og:type\" content=\"article\" \/>\n<meta property=\"og:title\" content=\"Arbre de transmission Volvo Xc 90 31256272\" \/>\n<meta property=\"og:description\" content=\"Arbre de transmission \u00e0 cardan pour Volvo Xc90 \u00a0avec r\u00e9f\u00e9rences 31256272 est une transmission \u00e0 cardan neuve de Volvo avec une garantie d\u2019un an.\" \/>\n<meta property=\"og:url\" content=\"https:\/\/www.enriquerequena.com\/fr\/tienda-online\/arbre-transmission-cardan\/arbre-transmission-cardan-4x4\/arbre-de-transmission-volvo-xc-90-31256272\/\" \/>\n<meta property=\"og:site_name\" content=\"ENRIQUE REQUENA\" \/>\n<meta property=\"article:modified_time\" content=\"2023-02-07T15:24:12+00:00\" \/>\n<meta property=\"og:image\" content=\"https:\/\/www.enriquerequena.com\/wp-content\/uploads\/2020\/10\/transmision-volvo.jpg\" \/>\n\t<meta property=\"og:image:width\" content=\"800\" \/>\n\t<meta property=\"og:image:height\" content=\"800\" \/>\n\t<meta property=\"og:image:type\" content=\"image\/jpeg\" \/>\n<meta name=\"twitter:card\" content=\"summary_large_image\" \/>\n<meta name=\"twitter:label1\" content=\"Dur\u00e9e de lecture estim\u00e9e\" \/>\n\t<meta name=\"twitter:data1\" content=\"1 minute\" \/>\n<script type=\"application\/ld+json\" class=\"yoast-schema-graph\">{\"@context\":\"https:\\\/\\\/schema.org\",\"@graph\":[{\"@type\":\"WebPage\",\"@id\":\"https:\\\/\\\/www.enriquerequena.com\\\/fr\\\/tienda-online\\\/arbre-transmission-cardan\\\/arbre-transmission-cardan-4x4\\\/arbre-de-transmission-volvo-xc-90-31256272\\\/\",\"url\":\"https:\\\/\\\/www.enriquerequena.com\\\/fr\\\/tienda-online\\\/arbre-transmission-cardan\\\/arbre-transmission-cardan-4x4\\\/arbre-de-transmission-volvo-xc-90-31256272\\\/\",\"name\":\"Arbre de transmission Volvo Xc 90 31256272\",\"isPartOf\":{\"@id\":\"https:\\\/\\\/www.enriquerequena.com\\\/fr\\\/#website\"},\"primaryImageOfPage\":{\"@id\":\"https:\\\/\\\/www.enriquerequena.com\\\/fr\\\/tienda-online\\\/arbre-transmission-cardan\\\/arbre-transmission-cardan-4x4\\\/arbre-de-transmission-volvo-xc-90-31256272\\\/#primaryimage\"},\"image\":{\"@id\":\"https:\\\/\\\/www.enriquerequena.com\\\/fr\\\/tienda-online\\\/arbre-transmission-cardan\\\/arbre-transmission-cardan-4x4\\\/arbre-de-transmission-volvo-xc-90-31256272\\\/#primaryimage\"},\"thumbnailUrl\":\"https:\\\/\\\/www.enriquerequena.com\\\/wp-content\\\/uploads\\\/2020\\\/10\\\/transmision-volvo.jpg\",\"datePublished\":\"2020-10-26T08:00:59+00:00\",\"dateModified\":\"2023-02-07T15:24:12+00:00\",\"description\":\"Arbre de transmission \u00e0 cardan pour Volvo Xc90 \u00a0avec r\u00e9f\u00e9rences 31256272 est une transmission \u00e0 cardan neuve de Volvo avec une garantie d\u2019un an.\",\"breadcrumb\":{\"@id\":\"https:\\\/\\\/www.enriquerequena.com\\\/fr\\\/tienda-online\\\/arbre-transmission-cardan\\\/arbre-transmission-cardan-4x4\\\/arbre-de-transmission-volvo-xc-90-31256272\\\/#breadcrumb\"},\"inLanguage\":\"fr-FR\",\"potentialAction\":[{\"@type\":\"ReadAction\",\"target\":[\"https:\\\/\\\/www.enriquerequena.com\\\/fr\\\/tienda-online\\\/arbre-transmission-cardan\\\/arbre-transmission-cardan-4x4\\\/arbre-de-transmission-volvo-xc-90-31256272\\\/\"]}]},{\"@type\":\"ImageObject\",\"inLanguage\":\"fr-FR\",\"@id\":\"https:\\\/\\\/www.enriquerequena.com\\\/fr\\\/tienda-online\\\/arbre-transmission-cardan\\\/arbre-transmission-cardan-4x4\\\/arbre-de-transmission-volvo-xc-90-31256272\\\/#primaryimage\",\"url\":\"https:\\\/\\\/www.enriquerequena.com\\\/wp-content\\\/uploads\\\/2020\\\/10\\\/transmision-volvo.jpg\",\"contentUrl\":\"https:\\\/\\\/www.enriquerequena.com\\\/wp-content\\\/uploads\\\/2020\\\/10\\\/transmision-volvo.jpg\",\"width\":800,\"height\":800,\"caption\":\"Arbre de transmission Volvo Xc 90 31256272\"},{\"@type\":\"WebSite\",\"@id\":\"https:\\\/\\\/www.enriquerequena.com\\\/fr\\\/#website\",\"url\":\"https:\\\/\\\/www.enriquerequena.com\\\/fr\\\/\",\"name\":\"ENRIQUE REQUENA\",\"description\":\"Sp\u00e9cialistes des transmissions cardan avec des exp\u00e9ditions dans le monde entier et des pi\u00e8ces d\u00e9tach\u00e9es pour voitures, camions et accessoires \u00e0 Valence, en Espagne. Avec vous depuis 1950!\",\"publisher\":{\"@id\":\"https:\\\/\\\/www.enriquerequena.com\\\/fr\\\/#organization\"},\"potentialAction\":[{\"@type\":\"SearchAction\",\"target\":{\"@type\":\"EntryPoint\",\"urlTemplate\":\"https:\\\/\\\/www.enriquerequena.com\\\/fr\\\/?s={search_term_string}\"},\"query-input\":{\"@type\":\"PropertyValueSpecification\",\"valueRequired\":true,\"valueName\":\"search_term_string\"}}],\"inLanguage\":\"fr-FR\"},{\"@type\":\"Organization\",\"@id\":\"https:\\\/\\\/www.enriquerequena.com\\\/fr\\\/#organization\",\"name\":\"Enrique Requena S.L.\",\"url\":\"https:\\\/\\\/www.enriquerequena.com\\\/fr\\\/\",\"logo\":{\"@type\":\"ImageObject\",\"inLanguage\":\"fr-FR\",\"@id\":\"https:\\\/\\\/www.enriquerequena.com\\\/fr\\\/#\\\/schema\\\/logo\\\/image\\\/\",\"url\":\"https:\\\/\\\/www.enriquerequena.com\\\/wp-content\\\/uploads\\\/2019\\\/11\\\/enrique-requena-recambios-logotipo.jpg\",\"contentUrl\":\"https:\\\/\\\/www.enriquerequena.com\\\/wp-content\\\/uploads\\\/2019\\\/11\\\/enrique-requena-recambios-logotipo.jpg\",\"width\":381,\"height\":75,\"caption\":\"Enrique Requena S.L.\"},\"image\":{\"@id\":\"https:\\\/\\\/www.enriquerequena.com\\\/fr\\\/#\\\/schema\\\/logo\\\/image\\\/\"}}]}<\/script>\n<!-- \/ Yoast SEO plugin. -->","yoast_head_json":{"title":"Arbre de transmission Volvo Xc 90 31256272","description":"Arbre de transmission \u00e0 cardan pour Volvo Xc90 \u00a0avec r\u00e9f\u00e9rences 31256272 est une transmission \u00e0 cardan neuve de Volvo avec une garantie d\u2019un an.","robots":{"index":"index","follow":"follow","max-snippet":"max-snippet:-1","max-image-preview":"max-image-preview:large","max-video-preview":"max-video-preview:-1"},"canonical":"https:\/\/www.enriquerequena.com\/fr\/tienda-online\/arbre-transmission-cardan\/arbre-transmission-cardan-4x4\/arbre-de-transmission-volvo-xc-90-31256272\/","og_locale":"fr_FR","og_type":"article","og_title":"Arbre de transmission Volvo Xc 90 31256272","og_description":"Arbre de transmission \u00e0 cardan pour Volvo Xc90 \u00a0avec r\u00e9f\u00e9rences 31256272 est une transmission \u00e0 cardan neuve de Volvo avec une garantie d\u2019un an.","og_url":"https:\/\/www.enriquerequena.com\/fr\/tienda-online\/arbre-transmission-cardan\/arbre-transmission-cardan-4x4\/arbre-de-transmission-volvo-xc-90-31256272\/","og_site_name":"ENRIQUE REQUENA","article_modified_time":"2023-02-07T15:24:12+00:00","og_image":[{"width":800,"height":800,"url":"https:\/\/www.enriquerequena.com\/wp-content\/uploads\/2020\/10\/transmision-volvo.jpg","type":"image\/jpeg"}],"twitter_card":"summary_large_image","twitter_misc":{"Dur\u00e9e de lecture estim\u00e9e":"1 minute"},"schema":{"@context":"https:\/\/schema.org","@graph":[{"@type":"WebPage","@id":"https:\/\/www.enriquerequena.com\/fr\/tienda-online\/arbre-transmission-cardan\/arbre-transmission-cardan-4x4\/arbre-de-transmission-volvo-xc-90-31256272\/","url":"https:\/\/www.enriquerequena.com\/fr\/tienda-online\/arbre-transmission-cardan\/arbre-transmission-cardan-4x4\/arbre-de-transmission-volvo-xc-90-31256272\/","name":"Arbre de transmission Volvo Xc 90 31256272","isPartOf":{"@id":"https:\/\/www.enriquerequena.com\/fr\/#website"},"primaryImageOfPage":{"@id":"https:\/\/www.enriquerequena.com\/fr\/tienda-online\/arbre-transmission-cardan\/arbre-transmission-cardan-4x4\/arbre-de-transmission-volvo-xc-90-31256272\/#primaryimage"},"image":{"@id":"https:\/\/www.enriquerequena.com\/fr\/tienda-online\/arbre-transmission-cardan\/arbre-transmission-cardan-4x4\/arbre-de-transmission-volvo-xc-90-31256272\/#primaryimage"},"thumbnailUrl":"https:\/\/www.enriquerequena.com\/wp-content\/uploads\/2020\/10\/transmision-volvo.jpg","datePublished":"2020-10-26T08:00:59+00:00","dateModified":"2023-02-07T15:24:12+00:00","description":"Arbre de transmission \u00e0 cardan pour Volvo Xc90 \u00a0avec r\u00e9f\u00e9rences 31256272 est une transmission \u00e0 cardan neuve de Volvo avec une garantie d\u2019un an.","breadcrumb":{"@id":"https:\/\/www.enriquerequena.com\/fr\/tienda-online\/arbre-transmission-cardan\/arbre-transmission-cardan-4x4\/arbre-de-transmission-volvo-xc-90-31256272\/#breadcrumb"},"inLanguage":"fr-FR","potentialAction":[{"@type":"ReadAction","target":["https:\/\/www.enriquerequena.com\/fr\/tienda-online\/arbre-transmission-cardan\/arbre-transmission-cardan-4x4\/arbre-de-transmission-volvo-xc-90-31256272\/"]}]},{"@type":"ImageObject","inLanguage":"fr-FR","@id":"https:\/\/www.enriquerequena.com\/fr\/tienda-online\/arbre-transmission-cardan\/arbre-transmission-cardan-4x4\/arbre-de-transmission-volvo-xc-90-31256272\/#primaryimage","url":"https:\/\/www.enriquerequena.com\/wp-content\/uploads\/2020\/10\/transmision-volvo.jpg","contentUrl":"https:\/\/www.enriquerequena.com\/wp-content\/uploads\/2020\/10\/transmision-volvo.jpg","width":800,"height":800,"caption":"Arbre de transmission Volvo Xc 90 31256272"},{"@type":"WebSite","@id":"https:\/\/www.enriquerequena.com\/fr\/#website","url":"https:\/\/www.enriquerequena.com\/fr\/","name":"ENRIQUE REQUENA","description":"Sp\u00e9cialistes des transmissions cardan avec des exp\u00e9ditions dans le monde entier et des pi\u00e8ces d\u00e9tach\u00e9es pour voitures, camions et accessoires \u00e0 Valence, en Espagne. Avec vous depuis 1950!","publisher":{"@id":"https:\/\/www.enriquerequena.com\/fr\/#organization"},"potentialAction":[{"@type":"SearchAction","target":{"@type":"EntryPoint","urlTemplate":"https:\/\/www.enriquerequena.com\/fr\/?s={search_term_string}"},"query-input":{"@type":"PropertyValueSpecification","valueRequired":true,"valueName":"search_term_string"}}],"inLanguage":"fr-FR"},{"@type":"Organization","@id":"https:\/\/www.enriquerequena.com\/fr\/#organization","name":"Enrique Requena S.L.","url":"https:\/\/www.enriquerequena.com\/fr\/","logo":{"@type":"ImageObject","inLanguage":"fr-FR","@id":"https:\/\/www.enriquerequena.com\/fr\/#\/schema\/logo\/image\/","url":"https:\/\/www.enriquerequena.com\/wp-content\/uploads\/2019\/11\/enrique-requena-recambios-logotipo.jpg","contentUrl":"https:\/\/www.enriquerequena.com\/wp-content\/uploads\/2019\/11\/enrique-requena-recambios-logotipo.jpg","width":381,"height":75,"caption":"Enrique Requena S.L."},"image":{"@id":"https:\/\/www.enriquerequena.com\/fr\/#\/schema\/logo\/image\/"}}]}},"_links":{"self":[{"href":"https:\/\/www.enriquerequena.com\/fr\/wp-json\/wp\/v2\/product\/14653","targetHints":{"allow":["GET"]}}],"collection":[{"href":"https:\/\/www.enriquerequena.com\/fr\/wp-json\/wp\/v2\/product"}],"about":[{"href":"https:\/\/www.enriquerequena.com\/fr\/wp-json\/wp\/v2\/types\/product"}],"wp:featuredmedia":[{"embeddable":true,"href":"https:\/\/www.enriquerequena.com\/fr\/wp-json\/wp\/v2\/media\/14640"}],"wp:attachment":[{"href":"https:\/\/www.enriquerequena.com\/fr\/wp-json\/wp\/v2\/media?parent=14653"}],"wp:term":[{"taxonomy":"product_brand","embeddable":true,"href":"https:\/\/www.enriquerequena.com\/fr\/wp-json\/wp\/v2\/product_brand?post=14653"},{"taxonomy":"product_cat","embeddable":true,"href":"https:\/\/www.enriquerequena.com\/fr\/wp-json\/wp\/v2\/product_cat?post=14653"},{"taxonomy":"product_tag","embeddable":true,"href":"https:\/\/www.enriquerequena.com\/fr\/wp-json\/wp\/v2\/product_tag?post=14653"}],"curies":[{"name":"wp","href":"https:\/\/api.w.org\/{rel}","templated":true}]}}