{"id":16795,"date":"2018-04-09T17:34:55","date_gmt":"2021-04-21T10:07:16","guid":{"rendered":"https:\/\/www.enriquerequena.com\/?post_type=product&#038;p=16795"},"modified":"2023-02-07T17:14:51","modified_gmt":"2023-02-07T16:14:51","slug":"7l0521102b-d-g-h-m-n-arbre-de-transmission-a-cardan-volkswagen-touareg-7l6521102g-j-m-r-p","status":"publish","type":"product","link":"https:\/\/www.enriquerequena.com\/fr\/tienda-online\/arbre-transmission-cardan\/arbre-transmission-cardan-4x4\/7l0521102b-d-g-h-m-n-arbre-de-transmission-a-cardan-volkswagen-touareg-7l6521102g-j-m-r-p\/","title":{"rendered":"Arbre de transmission \u00e0 cardan Volkswagen Touareg 7L0521102B\/D\/G\/H\/M\/N"},"content":{"rendered":"<p style=\"text-align: justify;\"><span style=\"color: #666699;\">Arbre de transmission \u00e0 cardan pour Volkswagen Touareg avec r\u00e9f\u00e9rence 7L6521102G\/J\/M\/R\/P 7L0521102B\/D\/G\/H\/M\/N est une transmission \u00e0 cardan de Volkswagen neuve avec une garantie d&rsquo;un an. C&rsquo;est le choix le plus \u00e9conomique.<\/span><\/p>\n<p style=\"text-align: justify;\"><span style=\"color: #666699;\">Nous vendons des arbres de transmission ou transmissions \u00e0 cardan pour Volkswagen Touareg. Nos arbres de transmission \u00e0 cardan sont similaires \u00e0 ceux des OEM avec les meilleurs prix du march\u00e9.<\/span><\/p>\n<p style=\"text-align: justify;\"><span style=\"color: #666699;\">7L6521102G\/J\/M\/R\/P 7L0521102B\/D\/G\/H\/M\/N est disponible pour Volkswagen Touareg. Nous vendons des pi\u00e8ces d\u00e9tach\u00e9es ou pi\u00e8ces de rechange pour v\u00e9hicules 4&#215;4 \u00e0 Valence depuis 1950 et nous vendons aussi en ligne dans le monde entier.<\/span><\/p>\n<p style=\"text-align: justify;\"><span style=\"color: #666699;\">N\u00b4h\u00e9sitez pas \u00e0 nous consulter pour d\u00b4autres mod\u00e8les de transmission \u00e0 cardan de tout type de v\u00e9hicule. Nous avons une exp\u00e9rience de 68 ans dans le commerce de transmissions \u00e0 cardan et connaissons tr\u00e8s bien le sujet.<\/span><\/p>\n<p style=\"text-align: justify;\"><span style=\"color: #666699;\">Caract\u00e9ristiques techniques:<\/span><\/p>\n<p style=\"text-align: justify;\"><span style=\"color: #666699;\">&#8211; Pi\u00e8ce de rechange: arbre de transmission \u00e0 cardan<\/span><\/p>\n<p style=\"text-align: justify;\"><span style=\"color: #666699;\">&#8211; Mod\u00e8le: Volkswagen Touareg<\/span><\/p>\n<p style=\"text-align: justify;\"><span style=\"color: #666699;\">&#8211; Deux pi\u00e8ces d&rsquo;arbre avec cadre de support<\/span><\/p>\n<p style=\"text-align: justify;\"><span style=\"color: #666699;\">&#8211; Longueur: 1246 MM.<\/span><\/p>\n<p style=\"text-align: justify;\"><span style=\"color: #666699;\">&#8211; Perceuses \u00e0 couronne diam\u00e8tre \u00d8: 110 MM<\/span><\/p>\n<p style=\"text-align: justify;\"><span style=\"color: #666699;\">&#8211; Perceuses 1 diam\u00e8tre \u00d8: 12.15 MM<\/span><\/p>\n<p style=\"text-align: justify;\"><span style=\"color: #666699;\">&#8211; Nombre de perceuses 1: 6<\/span><\/p>\n<p style=\"text-align: justify;\"><span style=\"color: #666699;\">&#8211; Perceuses 2 diam\u00e8tres de cercle \u00d8: 86 MM<\/span><\/p>\n<p style=\"text-align: justify;\"><span style=\"color: #666699;\">&#8211; Perceuses 2 diam\u00e8tre \u00d8: 10.2 MM<\/span><\/p>\n<p style=\"text-align: justify;\"><span style=\"color: #666699;\">&#8211; Nombre de perceuses 2: 6<\/span><\/p>\n<p style=\"text-align: justify;\"><span style=\"color: #666699;\">&#8211; Diam\u00e8tre du tube \u00d8: 70 MM<\/span><\/p>\n<p style=\"text-align: justify;\"><span style=\"color: #666699;\">&#8211; Num\u00e9ro de r\u00e9f\u00e9rence: 7L6521102G\/J\/M\/R\/P 7L0521102B\/D\/G\/H\/M\/N<\/span><\/p>\n<p style=\"text-align: justify;\"><span style=\"color: #666699;\">&#8211; Etat: pi\u00e8ce neuve<\/span><\/p>\n<p style=\"text-align: justify;\"><span style=\"color: #666699;\">&#8211; Garantie d&rsquo;un an<\/span><\/p>\n","protected":false},"excerpt":{"rendered":"<p>Arbre de transmission \u00e0 cardan pour Volkswagen Touareg avec r\u00e9f\u00e9rence 7L6521102G\/J\/M\/R\/P 7L0521102B\/D\/G\/H\/M\/N GKN nouveau avec garantie d&rsquo;un an.<\/p>\n","protected":false},"featured_media":14613,"template":"","meta":[],"product_brand":[],"product_cat":[144,156],"product_tag":[],"class_list":{"0":"post-16795","1":"product","2":"type-product","3":"status-publish","4":"has-post-thumbnail","6":"product_cat-arbre-transmission-cardan","7":"product_cat-arbre-transmission-cardan-4x4","8":"pa_manufacturer-volkswagen","9":"pa_tipo-4x4","11":"first","12":"instock","13":"featured","14":"taxable","15":"shipping-taxable","16":"purchasable","17":"product-type-simple"},"yoast_head":"<!-- This site is optimized with the Yoast SEO plugin v27.5 - https:\/\/yoast.com\/product\/yoast-seo-wordpress\/ -->\n<title>TRANSMISION, VOLKSWAGEN, TOUAREG, 7L6521102, 7L0521102<\/title>\n<meta name=\"description\" content=\"Vous pouvez acheter Arbre de transmission \u00e0 cardan 7L6521102 et 7L0521102 pour Volkswagen Touareg au meilleur prix ici. Nous vendons au monde entier.\" \/>\n<meta name=\"robots\" content=\"index, follow, max-snippet:-1, max-image-preview:large, max-video-preview:-1\" \/>\n<link rel=\"canonical\" href=\"https:\/\/www.enriquerequena.com\/fr\/tienda-online\/arbre-transmission-cardan\/arbre-transmission-cardan-4x4\/7l0521102b-d-g-h-m-n-arbre-de-transmission-a-cardan-volkswagen-touareg-7l6521102g-j-m-r-p\/\" \/>\n<meta property=\"og:locale\" content=\"fr_FR\" \/>\n<meta property=\"og:type\" content=\"article\" \/>\n<meta property=\"og:title\" content=\"TRANSMISION, VOLKSWAGEN, TOUAREG, 7L6521102, 7L0521102\" \/>\n<meta property=\"og:description\" content=\"Vous pouvez acheter Arbre de transmission \u00e0 cardan 7L6521102 et 7L0521102 pour Volkswagen Touareg au meilleur prix ici. Nous vendons au monde entier.\" \/>\n<meta property=\"og:url\" content=\"https:\/\/www.enriquerequena.com\/fr\/tienda-online\/arbre-transmission-cardan\/arbre-transmission-cardan-4x4\/7l0521102b-d-g-h-m-n-arbre-de-transmission-a-cardan-volkswagen-touareg-7l6521102g-j-m-r-p\/\" \/>\n<meta property=\"og:site_name\" content=\"ENRIQUE REQUENA\" \/>\n<meta property=\"article:modified_time\" content=\"2023-02-07T16:14:51+00:00\" \/>\n<meta property=\"og:image\" content=\"https:\/\/www.enriquerequena.com\/wp-content\/uploads\/2019\/10\/products-7L6521102D-F-B-C-E-H-N-Q--ARBRE-DE-TRANSMISSION-TRANSMISION-CARDAN-PROPSHAFT-VOLKSWAGEN-TOUAREG-5.jpg\" \/>\n\t<meta property=\"og:image:width\" content=\"800\" \/>\n\t<meta property=\"og:image:height\" content=\"800\" \/>\n\t<meta property=\"og:image:type\" content=\"image\/jpeg\" \/>\n<meta name=\"twitter:card\" content=\"summary_large_image\" \/>\n<meta name=\"twitter:label1\" content=\"Dur\u00e9e de lecture estim\u00e9e\" \/>\n\t<meta name=\"twitter:data1\" content=\"1 minute\" \/>\n<script type=\"application\/ld+json\" class=\"yoast-schema-graph\">{\"@context\":\"https:\\\/\\\/schema.org\",\"@graph\":[{\"@type\":\"WebPage\",\"@id\":\"https:\\\/\\\/www.enriquerequena.com\\\/fr\\\/tienda-online\\\/arbre-transmission-cardan\\\/arbre-transmission-cardan-4x4\\\/7l0521102b-d-g-h-m-n-arbre-de-transmission-a-cardan-volkswagen-touareg-7l6521102g-j-m-r-p\\\/\",\"url\":\"https:\\\/\\\/www.enriquerequena.com\\\/fr\\\/tienda-online\\\/arbre-transmission-cardan\\\/arbre-transmission-cardan-4x4\\\/7l0521102b-d-g-h-m-n-arbre-de-transmission-a-cardan-volkswagen-touareg-7l6521102g-j-m-r-p\\\/\",\"name\":\"TRANSMISION, VOLKSWAGEN, TOUAREG, 7L6521102, 7L0521102\",\"isPartOf\":{\"@id\":\"https:\\\/\\\/www.enriquerequena.com\\\/fr\\\/#website\"},\"primaryImageOfPage\":{\"@id\":\"https:\\\/\\\/www.enriquerequena.com\\\/fr\\\/tienda-online\\\/arbre-transmission-cardan\\\/arbre-transmission-cardan-4x4\\\/7l0521102b-d-g-h-m-n-arbre-de-transmission-a-cardan-volkswagen-touareg-7l6521102g-j-m-r-p\\\/#primaryimage\"},\"image\":{\"@id\":\"https:\\\/\\\/www.enriquerequena.com\\\/fr\\\/tienda-online\\\/arbre-transmission-cardan\\\/arbre-transmission-cardan-4x4\\\/7l0521102b-d-g-h-m-n-arbre-de-transmission-a-cardan-volkswagen-touareg-7l6521102g-j-m-r-p\\\/#primaryimage\"},\"thumbnailUrl\":\"https:\\\/\\\/www.enriquerequena.com\\\/wp-content\\\/uploads\\\/2019\\\/10\\\/products-7L6521102D-F-B-C-E-H-N-Q--ARBRE-DE-TRANSMISSION-TRANSMISION-CARDAN-PROPSHAFT-VOLKSWAGEN-TOUAREG-5.jpg\",\"datePublished\":\"2021-04-21T10:07:16+00:00\",\"dateModified\":\"2023-02-07T16:14:51+00:00\",\"description\":\"Vous pouvez acheter Arbre de transmission \u00e0 cardan 7L6521102 et 7L0521102 pour Volkswagen Touareg au meilleur prix ici. Nous vendons au monde entier.\",\"breadcrumb\":{\"@id\":\"https:\\\/\\\/www.enriquerequena.com\\\/fr\\\/tienda-online\\\/arbre-transmission-cardan\\\/arbre-transmission-cardan-4x4\\\/7l0521102b-d-g-h-m-n-arbre-de-transmission-a-cardan-volkswagen-touareg-7l6521102g-j-m-r-p\\\/#breadcrumb\"},\"inLanguage\":\"fr-FR\",\"potentialAction\":[{\"@type\":\"ReadAction\",\"target\":[\"https:\\\/\\\/www.enriquerequena.com\\\/fr\\\/tienda-online\\\/arbre-transmission-cardan\\\/arbre-transmission-cardan-4x4\\\/7l0521102b-d-g-h-m-n-arbre-de-transmission-a-cardan-volkswagen-touareg-7l6521102g-j-m-r-p\\\/\"]}]},{\"@type\":\"ImageObject\",\"inLanguage\":\"fr-FR\",\"@id\":\"https:\\\/\\\/www.enriquerequena.com\\\/fr\\\/tienda-online\\\/arbre-transmission-cardan\\\/arbre-transmission-cardan-4x4\\\/7l0521102b-d-g-h-m-n-arbre-de-transmission-a-cardan-volkswagen-touareg-7l6521102g-j-m-r-p\\\/#primaryimage\",\"url\":\"https:\\\/\\\/www.enriquerequena.com\\\/wp-content\\\/uploads\\\/2019\\\/10\\\/products-7L6521102D-F-B-C-E-H-N-Q--ARBRE-DE-TRANSMISSION-TRANSMISION-CARDAN-PROPSHAFT-VOLKSWAGEN-TOUAREG-5.jpg\",\"contentUrl\":\"https:\\\/\\\/www.enriquerequena.com\\\/wp-content\\\/uploads\\\/2019\\\/10\\\/products-7L6521102D-F-B-C-E-H-N-Q--ARBRE-DE-TRANSMISSION-TRANSMISION-CARDAN-PROPSHAFT-VOLKSWAGEN-TOUAREG-5.jpg\",\"width\":800,\"height\":800,\"caption\":\"Arbre de Transmission pour Porsche Cayenne\u00a0avec r\u00e9f\u00e9rences 95542102015, 95542102014, 95542102013, 95542102012, 95542102011, 95542102010 est une transmission de Porsche\u00a0neuve avec une garantie d\u2019un an.\"},{\"@type\":\"WebSite\",\"@id\":\"https:\\\/\\\/www.enriquerequena.com\\\/fr\\\/#website\",\"url\":\"https:\\\/\\\/www.enriquerequena.com\\\/fr\\\/\",\"name\":\"ENRIQUE REQUENA\",\"description\":\"Sp\u00e9cialistes des transmissions cardan avec des exp\u00e9ditions dans le monde entier et des pi\u00e8ces d\u00e9tach\u00e9es pour voitures, camions et accessoires \u00e0 Valence, en Espagne. Avec vous depuis 1950!\",\"publisher\":{\"@id\":\"https:\\\/\\\/www.enriquerequena.com\\\/fr\\\/#organization\"},\"potentialAction\":[{\"@type\":\"SearchAction\",\"target\":{\"@type\":\"EntryPoint\",\"urlTemplate\":\"https:\\\/\\\/www.enriquerequena.com\\\/fr\\\/?s={search_term_string}\"},\"query-input\":{\"@type\":\"PropertyValueSpecification\",\"valueRequired\":true,\"valueName\":\"search_term_string\"}}],\"inLanguage\":\"fr-FR\"},{\"@type\":\"Organization\",\"@id\":\"https:\\\/\\\/www.enriquerequena.com\\\/fr\\\/#organization\",\"name\":\"Enrique Requena S.L.\",\"url\":\"https:\\\/\\\/www.enriquerequena.com\\\/fr\\\/\",\"logo\":{\"@type\":\"ImageObject\",\"inLanguage\":\"fr-FR\",\"@id\":\"https:\\\/\\\/www.enriquerequena.com\\\/fr\\\/#\\\/schema\\\/logo\\\/image\\\/\",\"url\":\"https:\\\/\\\/www.enriquerequena.com\\\/wp-content\\\/uploads\\\/2019\\\/11\\\/enrique-requena-recambios-logotipo.jpg\",\"contentUrl\":\"https:\\\/\\\/www.enriquerequena.com\\\/wp-content\\\/uploads\\\/2019\\\/11\\\/enrique-requena-recambios-logotipo.jpg\",\"width\":381,\"height\":75,\"caption\":\"Enrique Requena S.L.\"},\"image\":{\"@id\":\"https:\\\/\\\/www.enriquerequena.com\\\/fr\\\/#\\\/schema\\\/logo\\\/image\\\/\"}}]}<\/script>\n<!-- \/ Yoast SEO plugin. -->","yoast_head_json":{"title":"TRANSMISION, VOLKSWAGEN, TOUAREG, 7L6521102, 7L0521102","description":"Vous pouvez acheter Arbre de transmission \u00e0 cardan 7L6521102 et 7L0521102 pour Volkswagen Touareg au meilleur prix ici. Nous vendons au monde entier.","robots":{"index":"index","follow":"follow","max-snippet":"max-snippet:-1","max-image-preview":"max-image-preview:large","max-video-preview":"max-video-preview:-1"},"canonical":"https:\/\/www.enriquerequena.com\/fr\/tienda-online\/arbre-transmission-cardan\/arbre-transmission-cardan-4x4\/7l0521102b-d-g-h-m-n-arbre-de-transmission-a-cardan-volkswagen-touareg-7l6521102g-j-m-r-p\/","og_locale":"fr_FR","og_type":"article","og_title":"TRANSMISION, VOLKSWAGEN, TOUAREG, 7L6521102, 7L0521102","og_description":"Vous pouvez acheter Arbre de transmission \u00e0 cardan 7L6521102 et 7L0521102 pour Volkswagen Touareg au meilleur prix ici. Nous vendons au monde entier.","og_url":"https:\/\/www.enriquerequena.com\/fr\/tienda-online\/arbre-transmission-cardan\/arbre-transmission-cardan-4x4\/7l0521102b-d-g-h-m-n-arbre-de-transmission-a-cardan-volkswagen-touareg-7l6521102g-j-m-r-p\/","og_site_name":"ENRIQUE REQUENA","article_modified_time":"2023-02-07T16:14:51+00:00","og_image":[{"width":800,"height":800,"url":"https:\/\/www.enriquerequena.com\/wp-content\/uploads\/2019\/10\/products-7L6521102D-F-B-C-E-H-N-Q--ARBRE-DE-TRANSMISSION-TRANSMISION-CARDAN-PROPSHAFT-VOLKSWAGEN-TOUAREG-5.jpg","type":"image\/jpeg"}],"twitter_card":"summary_large_image","twitter_misc":{"Dur\u00e9e de lecture estim\u00e9e":"1 minute"},"schema":{"@context":"https:\/\/schema.org","@graph":[{"@type":"WebPage","@id":"https:\/\/www.enriquerequena.com\/fr\/tienda-online\/arbre-transmission-cardan\/arbre-transmission-cardan-4x4\/7l0521102b-d-g-h-m-n-arbre-de-transmission-a-cardan-volkswagen-touareg-7l6521102g-j-m-r-p\/","url":"https:\/\/www.enriquerequena.com\/fr\/tienda-online\/arbre-transmission-cardan\/arbre-transmission-cardan-4x4\/7l0521102b-d-g-h-m-n-arbre-de-transmission-a-cardan-volkswagen-touareg-7l6521102g-j-m-r-p\/","name":"TRANSMISION, VOLKSWAGEN, TOUAREG, 7L6521102, 7L0521102","isPartOf":{"@id":"https:\/\/www.enriquerequena.com\/fr\/#website"},"primaryImageOfPage":{"@id":"https:\/\/www.enriquerequena.com\/fr\/tienda-online\/arbre-transmission-cardan\/arbre-transmission-cardan-4x4\/7l0521102b-d-g-h-m-n-arbre-de-transmission-a-cardan-volkswagen-touareg-7l6521102g-j-m-r-p\/#primaryimage"},"image":{"@id":"https:\/\/www.enriquerequena.com\/fr\/tienda-online\/arbre-transmission-cardan\/arbre-transmission-cardan-4x4\/7l0521102b-d-g-h-m-n-arbre-de-transmission-a-cardan-volkswagen-touareg-7l6521102g-j-m-r-p\/#primaryimage"},"thumbnailUrl":"https:\/\/www.enriquerequena.com\/wp-content\/uploads\/2019\/10\/products-7L6521102D-F-B-C-E-H-N-Q--ARBRE-DE-TRANSMISSION-TRANSMISION-CARDAN-PROPSHAFT-VOLKSWAGEN-TOUAREG-5.jpg","datePublished":"2021-04-21T10:07:16+00:00","dateModified":"2023-02-07T16:14:51+00:00","description":"Vous pouvez acheter Arbre de transmission \u00e0 cardan 7L6521102 et 7L0521102 pour Volkswagen Touareg au meilleur prix ici. Nous vendons au monde entier.","breadcrumb":{"@id":"https:\/\/www.enriquerequena.com\/fr\/tienda-online\/arbre-transmission-cardan\/arbre-transmission-cardan-4x4\/7l0521102b-d-g-h-m-n-arbre-de-transmission-a-cardan-volkswagen-touareg-7l6521102g-j-m-r-p\/#breadcrumb"},"inLanguage":"fr-FR","potentialAction":[{"@type":"ReadAction","target":["https:\/\/www.enriquerequena.com\/fr\/tienda-online\/arbre-transmission-cardan\/arbre-transmission-cardan-4x4\/7l0521102b-d-g-h-m-n-arbre-de-transmission-a-cardan-volkswagen-touareg-7l6521102g-j-m-r-p\/"]}]},{"@type":"ImageObject","inLanguage":"fr-FR","@id":"https:\/\/www.enriquerequena.com\/fr\/tienda-online\/arbre-transmission-cardan\/arbre-transmission-cardan-4x4\/7l0521102b-d-g-h-m-n-arbre-de-transmission-a-cardan-volkswagen-touareg-7l6521102g-j-m-r-p\/#primaryimage","url":"https:\/\/www.enriquerequena.com\/wp-content\/uploads\/2019\/10\/products-7L6521102D-F-B-C-E-H-N-Q--ARBRE-DE-TRANSMISSION-TRANSMISION-CARDAN-PROPSHAFT-VOLKSWAGEN-TOUAREG-5.jpg","contentUrl":"https:\/\/www.enriquerequena.com\/wp-content\/uploads\/2019\/10\/products-7L6521102D-F-B-C-E-H-N-Q--ARBRE-DE-TRANSMISSION-TRANSMISION-CARDAN-PROPSHAFT-VOLKSWAGEN-TOUAREG-5.jpg","width":800,"height":800,"caption":"Arbre de Transmission pour Porsche Cayenne\u00a0avec r\u00e9f\u00e9rences 95542102015, 95542102014, 95542102013, 95542102012, 95542102011, 95542102010 est une transmission de Porsche\u00a0neuve avec une garantie d\u2019un an."},{"@type":"WebSite","@id":"https:\/\/www.enriquerequena.com\/fr\/#website","url":"https:\/\/www.enriquerequena.com\/fr\/","name":"ENRIQUE REQUENA","description":"Sp\u00e9cialistes des transmissions cardan avec des exp\u00e9ditions dans le monde entier et des pi\u00e8ces d\u00e9tach\u00e9es pour voitures, camions et accessoires \u00e0 Valence, en Espagne. Avec vous depuis 1950!","publisher":{"@id":"https:\/\/www.enriquerequena.com\/fr\/#organization"},"potentialAction":[{"@type":"SearchAction","target":{"@type":"EntryPoint","urlTemplate":"https:\/\/www.enriquerequena.com\/fr\/?s={search_term_string}"},"query-input":{"@type":"PropertyValueSpecification","valueRequired":true,"valueName":"search_term_string"}}],"inLanguage":"fr-FR"},{"@type":"Organization","@id":"https:\/\/www.enriquerequena.com\/fr\/#organization","name":"Enrique Requena S.L.","url":"https:\/\/www.enriquerequena.com\/fr\/","logo":{"@type":"ImageObject","inLanguage":"fr-FR","@id":"https:\/\/www.enriquerequena.com\/fr\/#\/schema\/logo\/image\/","url":"https:\/\/www.enriquerequena.com\/wp-content\/uploads\/2019\/11\/enrique-requena-recambios-logotipo.jpg","contentUrl":"https:\/\/www.enriquerequena.com\/wp-content\/uploads\/2019\/11\/enrique-requena-recambios-logotipo.jpg","width":381,"height":75,"caption":"Enrique Requena S.L."},"image":{"@id":"https:\/\/www.enriquerequena.com\/fr\/#\/schema\/logo\/image\/"}}]}},"_links":{"self":[{"href":"https:\/\/www.enriquerequena.com\/fr\/wp-json\/wp\/v2\/product\/16795","targetHints":{"allow":["GET"]}}],"collection":[{"href":"https:\/\/www.enriquerequena.com\/fr\/wp-json\/wp\/v2\/product"}],"about":[{"href":"https:\/\/www.enriquerequena.com\/fr\/wp-json\/wp\/v2\/types\/product"}],"wp:featuredmedia":[{"embeddable":true,"href":"https:\/\/www.enriquerequena.com\/fr\/wp-json\/wp\/v2\/media\/14613"}],"wp:attachment":[{"href":"https:\/\/www.enriquerequena.com\/fr\/wp-json\/wp\/v2\/media?parent=16795"}],"wp:term":[{"taxonomy":"product_brand","embeddable":true,"href":"https:\/\/www.enriquerequena.com\/fr\/wp-json\/wp\/v2\/product_brand?post=16795"},{"taxonomy":"product_cat","embeddable":true,"href":"https:\/\/www.enriquerequena.com\/fr\/wp-json\/wp\/v2\/product_cat?post=16795"},{"taxonomy":"product_tag","embeddable":true,"href":"https:\/\/www.enriquerequena.com\/fr\/wp-json\/wp\/v2\/product_tag?post=16795"}],"curies":[{"name":"wp","href":"https:\/\/api.w.org\/{rel}","templated":true}]}}