{"id":19156,"date":"2021-09-19T15:57:29","date_gmt":"2021-09-19T13:57:29","guid":{"rendered":"https:\/\/www.enriquerequena.com\/?post_type=product&#038;p=19156"},"modified":"2023-02-07T16:34:30","modified_gmt":"2023-02-07T15:34:30","slug":"arbre-de-transmission-mercedes-vito-a6394103306-6394103306","status":"publish","type":"product","link":"https:\/\/www.enriquerequena.com\/fr\/tienda-online\/arbre-transmission-cardan\/arbre-transmission-cardan-fourgons\/arbre-de-transmission-mercedes-vito-a6394103306-6394103306\/","title":{"rendered":"Arbre de transmission Mercedes Vito &#8211; A6394103306 \/ 6394103306"},"content":{"rendered":"<p><strong>Arbre de transmission pour Mercedes Vito <\/strong>avec r\u00e9f\u00e9rences A6394103306 et 6394103306 est une transmission de Mercedes <strong>neuve avec une garantie d\u2019un an<\/strong>. C\u2019est le choix le plus \u00e9conomique.<\/p>\n<p>N\u00b4h\u00e9sitez pas \u00e0 nous consulter pour d\u00b4autres mod\u00e8les de transmission \u00e0 cardan de tout type de v\u00e9hicule. Nous avons une exp\u00e9rience de 70 ans dans le commerce de transmissions \u00e0 cardan et connaissons tr\u00e8s bien le sujet.<\/p>\n<p>Nous vendons des pi\u00e8ces d\u00e9tach\u00e9es ou pi\u00e8ces de rechange \u00e0 Valence depuis 1950 et nous vendons aussi en ligne dans le monde entier.<\/p>\n<p>Nos arbres de transmission \u00e0 cardan sont similaires \u00e0 ceux des OEM avec les meilleurs prix du march\u00e9.<\/p>\n<p>Caract\u00e9ristiques techniques:<\/p>\n<ul>\n<li>Pi\u00e8ce de rechange:<strong> arbre de transmission<\/strong><\/li>\n<li>Mod\u00e8le: <strong>Mercedes Vito<\/strong><\/li>\n<li>\u00c9tat: pi\u00e8ce neuve<\/li>\n<li>Garantie d\u2019un an<\/li>\n<li>Longueur: 2.440 mm<\/li>\n<li><strong>R\u00e9f\u00e9rences:<\/strong>\n<ul>\n<li>A6394103306<\/li>\n<li>6394103306<\/li>\n<li>MA6394103306<\/li>\n<li>639410330680<\/li>\n<li>A639410330680<\/li>\n<\/ul>\n<\/li>\n<\/ul>\n","protected":false},"excerpt":{"rendered":"<p><strong>Arbre de transmission pour Mercedes Vito <\/strong>avec r\u00e9f\u00e9rences<strong> A6394103306, 6394103306, MA6394103306, 639410330680 et A639410330680.<\/strong>\u00a0Est une transmission de Mercedes <strong>neuve<\/strong> avec une garantie d\u2019un an.<\/p>\n","protected":false},"featured_media":19694,"template":"","meta":[],"product_brand":[],"product_cat":[144,159],"product_tag":[],"class_list":{"0":"post-19156","1":"product","2":"type-product","3":"status-publish","4":"has-post-thumbnail","6":"product_cat-arbre-transmission-cardan","7":"product_cat-arbre-transmission-cardan-fourgons","8":"pa_manufacturer-mercedes-benz","9":"pa_tipo-fourgons-et-vehicules-legers","11":"first","12":"instock","13":"taxable","14":"shipping-taxable","15":"purchasable","16":"product-type-simple"},"yoast_head":"<!-- This site is optimized with the Yoast SEO plugin v27.5 - https:\/\/yoast.com\/product\/yoast-seo-wordpress\/ -->\n<title>Transmission Mercedes Vito - A6394103306- ENRIQUE REQUENA<\/title>\n<meta name=\"description\" content=\"Arbre de transmission pour Mercedes Vito avec r\u00e9f\u00e9rences A6394103306, 6394103306, MA6394103306, 639410330680 et A639410330680.\" \/>\n<meta name=\"robots\" content=\"index, follow, max-snippet:-1, max-image-preview:large, max-video-preview:-1\" \/>\n<link rel=\"canonical\" href=\"https:\/\/www.enriquerequena.com\/fr\/tienda-online\/arbre-transmission-cardan\/arbre-transmission-cardan-fourgons\/arbre-de-transmission-mercedes-vito-a6394103306-6394103306\/\" \/>\n<meta property=\"og:locale\" content=\"fr_FR\" \/>\n<meta property=\"og:type\" content=\"article\" \/>\n<meta property=\"og:title\" content=\"Transmission Mercedes Vito - A6394103306- ENRIQUE REQUENA\" \/>\n<meta property=\"og:description\" content=\"Arbre de transmission pour Mercedes Vito avec r\u00e9f\u00e9rences A6394103306, 6394103306, MA6394103306, 639410330680 et A639410330680.\" \/>\n<meta property=\"og:url\" content=\"https:\/\/www.enriquerequena.com\/fr\/tienda-online\/arbre-transmission-cardan\/arbre-transmission-cardan-fourgons\/arbre-de-transmission-mercedes-vito-a6394103306-6394103306\/\" \/>\n<meta property=\"og:site_name\" content=\"ENRIQUE REQUENA\" \/>\n<meta property=\"article:modified_time\" content=\"2023-02-07T15:34:30+00:00\" \/>\n<meta property=\"og:image\" content=\"https:\/\/www.enriquerequena.com\/wp-content\/uploads\/2021\/09\/transmision-cardan-mercedes-vito-A6394103306-A639410330680-1.jpg\" \/>\n\t<meta property=\"og:image:width\" content=\"800\" \/>\n\t<meta property=\"og:image:height\" content=\"800\" \/>\n\t<meta property=\"og:image:type\" content=\"image\/jpeg\" \/>\n<meta name=\"twitter:card\" content=\"summary_large_image\" \/>\n<meta name=\"twitter:label1\" content=\"Dur\u00e9e de lecture estim\u00e9e\" \/>\n\t<meta name=\"twitter:data1\" content=\"1 minute\" \/>\n<script type=\"application\/ld+json\" class=\"yoast-schema-graph\">{\"@context\":\"https:\\\/\\\/schema.org\",\"@graph\":[{\"@type\":\"WebPage\",\"@id\":\"https:\\\/\\\/www.enriquerequena.com\\\/fr\\\/tienda-online\\\/arbre-transmission-cardan\\\/arbre-transmission-cardan-fourgons\\\/arbre-de-transmission-mercedes-vito-a6394103306-6394103306\\\/\",\"url\":\"https:\\\/\\\/www.enriquerequena.com\\\/fr\\\/tienda-online\\\/arbre-transmission-cardan\\\/arbre-transmission-cardan-fourgons\\\/arbre-de-transmission-mercedes-vito-a6394103306-6394103306\\\/\",\"name\":\"Transmission Mercedes Vito - A6394103306- ENRIQUE REQUENA\",\"isPartOf\":{\"@id\":\"https:\\\/\\\/www.enriquerequena.com\\\/fr\\\/#website\"},\"primaryImageOfPage\":{\"@id\":\"https:\\\/\\\/www.enriquerequena.com\\\/fr\\\/tienda-online\\\/arbre-transmission-cardan\\\/arbre-transmission-cardan-fourgons\\\/arbre-de-transmission-mercedes-vito-a6394103306-6394103306\\\/#primaryimage\"},\"image\":{\"@id\":\"https:\\\/\\\/www.enriquerequena.com\\\/fr\\\/tienda-online\\\/arbre-transmission-cardan\\\/arbre-transmission-cardan-fourgons\\\/arbre-de-transmission-mercedes-vito-a6394103306-6394103306\\\/#primaryimage\"},\"thumbnailUrl\":\"https:\\\/\\\/www.enriquerequena.com\\\/wp-content\\\/uploads\\\/2021\\\/09\\\/transmision-cardan-mercedes-vito-A6394103306-A639410330680-1.jpg\",\"datePublished\":\"2021-09-19T13:57:29+00:00\",\"dateModified\":\"2023-02-07T15:34:30+00:00\",\"description\":\"Arbre de transmission pour Mercedes Vito avec r\u00e9f\u00e9rences A6394103306, 6394103306, MA6394103306, 639410330680 et A639410330680.\",\"breadcrumb\":{\"@id\":\"https:\\\/\\\/www.enriquerequena.com\\\/fr\\\/tienda-online\\\/arbre-transmission-cardan\\\/arbre-transmission-cardan-fourgons\\\/arbre-de-transmission-mercedes-vito-a6394103306-6394103306\\\/#breadcrumb\"},\"inLanguage\":\"fr-FR\",\"potentialAction\":[{\"@type\":\"ReadAction\",\"target\":[\"https:\\\/\\\/www.enriquerequena.com\\\/fr\\\/tienda-online\\\/arbre-transmission-cardan\\\/arbre-transmission-cardan-fourgons\\\/arbre-de-transmission-mercedes-vito-a6394103306-6394103306\\\/\"]}]},{\"@type\":\"ImageObject\",\"inLanguage\":\"fr-FR\",\"@id\":\"https:\\\/\\\/www.enriquerequena.com\\\/fr\\\/tienda-online\\\/arbre-transmission-cardan\\\/arbre-transmission-cardan-fourgons\\\/arbre-de-transmission-mercedes-vito-a6394103306-6394103306\\\/#primaryimage\",\"url\":\"https:\\\/\\\/www.enriquerequena.com\\\/wp-content\\\/uploads\\\/2021\\\/09\\\/transmision-cardan-mercedes-vito-A6394103306-A639410330680-1.jpg\",\"contentUrl\":\"https:\\\/\\\/www.enriquerequena.com\\\/wp-content\\\/uploads\\\/2021\\\/09\\\/transmision-cardan-mercedes-vito-A6394103306-A639410330680-1.jpg\",\"width\":800,\"height\":800,\"caption\":\"Transmisi\u00f3n Mercedes Vito A6394103306\"},{\"@type\":\"WebSite\",\"@id\":\"https:\\\/\\\/www.enriquerequena.com\\\/fr\\\/#website\",\"url\":\"https:\\\/\\\/www.enriquerequena.com\\\/fr\\\/\",\"name\":\"ENRIQUE REQUENA\",\"description\":\"Sp\u00e9cialistes des transmissions cardan avec des exp\u00e9ditions dans le monde entier et des pi\u00e8ces d\u00e9tach\u00e9es pour voitures, camions et accessoires \u00e0 Valence, en Espagne. Avec vous depuis 1950!\",\"publisher\":{\"@id\":\"https:\\\/\\\/www.enriquerequena.com\\\/fr\\\/#organization\"},\"potentialAction\":[{\"@type\":\"SearchAction\",\"target\":{\"@type\":\"EntryPoint\",\"urlTemplate\":\"https:\\\/\\\/www.enriquerequena.com\\\/fr\\\/?s={search_term_string}\"},\"query-input\":{\"@type\":\"PropertyValueSpecification\",\"valueRequired\":true,\"valueName\":\"search_term_string\"}}],\"inLanguage\":\"fr-FR\"},{\"@type\":\"Organization\",\"@id\":\"https:\\\/\\\/www.enriquerequena.com\\\/fr\\\/#organization\",\"name\":\"Enrique Requena S.L.\",\"url\":\"https:\\\/\\\/www.enriquerequena.com\\\/fr\\\/\",\"logo\":{\"@type\":\"ImageObject\",\"inLanguage\":\"fr-FR\",\"@id\":\"https:\\\/\\\/www.enriquerequena.com\\\/fr\\\/#\\\/schema\\\/logo\\\/image\\\/\",\"url\":\"https:\\\/\\\/www.enriquerequena.com\\\/wp-content\\\/uploads\\\/2019\\\/11\\\/enrique-requena-recambios-logotipo.jpg\",\"contentUrl\":\"https:\\\/\\\/www.enriquerequena.com\\\/wp-content\\\/uploads\\\/2019\\\/11\\\/enrique-requena-recambios-logotipo.jpg\",\"width\":381,\"height\":75,\"caption\":\"Enrique Requena S.L.\"},\"image\":{\"@id\":\"https:\\\/\\\/www.enriquerequena.com\\\/fr\\\/#\\\/schema\\\/logo\\\/image\\\/\"}}]}<\/script>\n<!-- \/ Yoast SEO plugin. -->","yoast_head_json":{"title":"Transmission Mercedes Vito - A6394103306- ENRIQUE REQUENA","description":"Arbre de transmission pour Mercedes Vito avec r\u00e9f\u00e9rences A6394103306, 6394103306, MA6394103306, 639410330680 et A639410330680.","robots":{"index":"index","follow":"follow","max-snippet":"max-snippet:-1","max-image-preview":"max-image-preview:large","max-video-preview":"max-video-preview:-1"},"canonical":"https:\/\/www.enriquerequena.com\/fr\/tienda-online\/arbre-transmission-cardan\/arbre-transmission-cardan-fourgons\/arbre-de-transmission-mercedes-vito-a6394103306-6394103306\/","og_locale":"fr_FR","og_type":"article","og_title":"Transmission Mercedes Vito - A6394103306- ENRIQUE REQUENA","og_description":"Arbre de transmission pour Mercedes Vito avec r\u00e9f\u00e9rences A6394103306, 6394103306, MA6394103306, 639410330680 et A639410330680.","og_url":"https:\/\/www.enriquerequena.com\/fr\/tienda-online\/arbre-transmission-cardan\/arbre-transmission-cardan-fourgons\/arbre-de-transmission-mercedes-vito-a6394103306-6394103306\/","og_site_name":"ENRIQUE REQUENA","article_modified_time":"2023-02-07T15:34:30+00:00","og_image":[{"width":800,"height":800,"url":"https:\/\/www.enriquerequena.com\/wp-content\/uploads\/2021\/09\/transmision-cardan-mercedes-vito-A6394103306-A639410330680-1.jpg","type":"image\/jpeg"}],"twitter_card":"summary_large_image","twitter_misc":{"Dur\u00e9e de lecture estim\u00e9e":"1 minute"},"schema":{"@context":"https:\/\/schema.org","@graph":[{"@type":"WebPage","@id":"https:\/\/www.enriquerequena.com\/fr\/tienda-online\/arbre-transmission-cardan\/arbre-transmission-cardan-fourgons\/arbre-de-transmission-mercedes-vito-a6394103306-6394103306\/","url":"https:\/\/www.enriquerequena.com\/fr\/tienda-online\/arbre-transmission-cardan\/arbre-transmission-cardan-fourgons\/arbre-de-transmission-mercedes-vito-a6394103306-6394103306\/","name":"Transmission Mercedes Vito - A6394103306- ENRIQUE REQUENA","isPartOf":{"@id":"https:\/\/www.enriquerequena.com\/fr\/#website"},"primaryImageOfPage":{"@id":"https:\/\/www.enriquerequena.com\/fr\/tienda-online\/arbre-transmission-cardan\/arbre-transmission-cardan-fourgons\/arbre-de-transmission-mercedes-vito-a6394103306-6394103306\/#primaryimage"},"image":{"@id":"https:\/\/www.enriquerequena.com\/fr\/tienda-online\/arbre-transmission-cardan\/arbre-transmission-cardan-fourgons\/arbre-de-transmission-mercedes-vito-a6394103306-6394103306\/#primaryimage"},"thumbnailUrl":"https:\/\/www.enriquerequena.com\/wp-content\/uploads\/2021\/09\/transmision-cardan-mercedes-vito-A6394103306-A639410330680-1.jpg","datePublished":"2021-09-19T13:57:29+00:00","dateModified":"2023-02-07T15:34:30+00:00","description":"Arbre de transmission pour Mercedes Vito avec r\u00e9f\u00e9rences A6394103306, 6394103306, MA6394103306, 639410330680 et A639410330680.","breadcrumb":{"@id":"https:\/\/www.enriquerequena.com\/fr\/tienda-online\/arbre-transmission-cardan\/arbre-transmission-cardan-fourgons\/arbre-de-transmission-mercedes-vito-a6394103306-6394103306\/#breadcrumb"},"inLanguage":"fr-FR","potentialAction":[{"@type":"ReadAction","target":["https:\/\/www.enriquerequena.com\/fr\/tienda-online\/arbre-transmission-cardan\/arbre-transmission-cardan-fourgons\/arbre-de-transmission-mercedes-vito-a6394103306-6394103306\/"]}]},{"@type":"ImageObject","inLanguage":"fr-FR","@id":"https:\/\/www.enriquerequena.com\/fr\/tienda-online\/arbre-transmission-cardan\/arbre-transmission-cardan-fourgons\/arbre-de-transmission-mercedes-vito-a6394103306-6394103306\/#primaryimage","url":"https:\/\/www.enriquerequena.com\/wp-content\/uploads\/2021\/09\/transmision-cardan-mercedes-vito-A6394103306-A639410330680-1.jpg","contentUrl":"https:\/\/www.enriquerequena.com\/wp-content\/uploads\/2021\/09\/transmision-cardan-mercedes-vito-A6394103306-A639410330680-1.jpg","width":800,"height":800,"caption":"Transmisi\u00f3n Mercedes Vito A6394103306"},{"@type":"WebSite","@id":"https:\/\/www.enriquerequena.com\/fr\/#website","url":"https:\/\/www.enriquerequena.com\/fr\/","name":"ENRIQUE REQUENA","description":"Sp\u00e9cialistes des transmissions cardan avec des exp\u00e9ditions dans le monde entier et des pi\u00e8ces d\u00e9tach\u00e9es pour voitures, camions et accessoires \u00e0 Valence, en Espagne. Avec vous depuis 1950!","publisher":{"@id":"https:\/\/www.enriquerequena.com\/fr\/#organization"},"potentialAction":[{"@type":"SearchAction","target":{"@type":"EntryPoint","urlTemplate":"https:\/\/www.enriquerequena.com\/fr\/?s={search_term_string}"},"query-input":{"@type":"PropertyValueSpecification","valueRequired":true,"valueName":"search_term_string"}}],"inLanguage":"fr-FR"},{"@type":"Organization","@id":"https:\/\/www.enriquerequena.com\/fr\/#organization","name":"Enrique Requena S.L.","url":"https:\/\/www.enriquerequena.com\/fr\/","logo":{"@type":"ImageObject","inLanguage":"fr-FR","@id":"https:\/\/www.enriquerequena.com\/fr\/#\/schema\/logo\/image\/","url":"https:\/\/www.enriquerequena.com\/wp-content\/uploads\/2019\/11\/enrique-requena-recambios-logotipo.jpg","contentUrl":"https:\/\/www.enriquerequena.com\/wp-content\/uploads\/2019\/11\/enrique-requena-recambios-logotipo.jpg","width":381,"height":75,"caption":"Enrique Requena S.L."},"image":{"@id":"https:\/\/www.enriquerequena.com\/fr\/#\/schema\/logo\/image\/"}}]}},"_links":{"self":[{"href":"https:\/\/www.enriquerequena.com\/fr\/wp-json\/wp\/v2\/product\/19156","targetHints":{"allow":["GET"]}}],"collection":[{"href":"https:\/\/www.enriquerequena.com\/fr\/wp-json\/wp\/v2\/product"}],"about":[{"href":"https:\/\/www.enriquerequena.com\/fr\/wp-json\/wp\/v2\/types\/product"}],"wp:featuredmedia":[{"embeddable":true,"href":"https:\/\/www.enriquerequena.com\/fr\/wp-json\/wp\/v2\/media\/19694"}],"wp:attachment":[{"href":"https:\/\/www.enriquerequena.com\/fr\/wp-json\/wp\/v2\/media?parent=19156"}],"wp:term":[{"taxonomy":"product_brand","embeddable":true,"href":"https:\/\/www.enriquerequena.com\/fr\/wp-json\/wp\/v2\/product_brand?post=19156"},{"taxonomy":"product_cat","embeddable":true,"href":"https:\/\/www.enriquerequena.com\/fr\/wp-json\/wp\/v2\/product_cat?post=19156"},{"taxonomy":"product_tag","embeddable":true,"href":"https:\/\/www.enriquerequena.com\/fr\/wp-json\/wp\/v2\/product_tag?post=19156"}],"curies":[{"name":"wp","href":"https:\/\/api.w.org\/{rel}","templated":true}]}}