{"id":21906,"date":"2022-02-04T19:38:40","date_gmt":"2022-02-04T18:38:40","guid":{"rendered":"https:\/\/www.enriquerequena.com\/?post_type=product&#038;p=21906"},"modified":"2024-10-04T10:32:19","modified_gmt":"2024-10-04T08:32:19","slug":"arbre-de-transmission-bmw-e46-320d-320td-26117519866","status":"publish","type":"product","link":"https:\/\/www.enriquerequena.com\/fr\/tienda-online\/arbre-transmission-cardan\/arbre-transmission-cardan-4x4\/arbre-de-transmission-bmw-e46-320d-320td-26117519866\/","title":{"rendered":"Arbre de transmission BMW E46 320D, 320TD &#8211; 26117519866 \/ 26117518471"},"content":{"rendered":"<p><strong>Arbre de transmission pour BMW E46 320D, 320TD <\/strong>avec r\u00e9f\u00e9rences 26117519866 et 26117518471 est une transmission de BMW <strong>neuve avec une garantie d\u2019un an<\/strong>. C\u2019est le choix le plus \u00e9conomique.<\/p>\n<p>Nous vendons des arbres de transmission ou transmissions pour BMW. Nos arbres de transmission \u00e0 cardan sont similaires \u00e0 ceux des OEM avec les meilleurs prix du march\u00e9.<\/p>\n<p>N\u00b4h\u00e9sitez pas \u00e0 nous consulter pour d\u00b4autres mod\u00e8les de transmission \u00e0 cardan de tout type de v\u00e9hicule. Nous vendons des pi\u00e8ces d\u00e9tach\u00e9es ou pi\u00e8ces de rechange \u00e0 Valence depuis 1950 et nous vendons aussi en ligne dans le monde entier.<\/p>\n<p>Nous avons une exp\u00e9rience de 70 ans dans le commerce de transmissions \u00e0 cardan et connaissons tr\u00e8s bien le sujet.<\/p>\n<p>Caract\u00e9ristiques techniques arbre de transmission BMW E46 26117519866, 26117518471, 7519866 et 7518471:<\/p>\n<ul>\n<li>Pi\u00e8ce de rechange: arbre de transmission<\/li>\n<li>Mod\u00e8le: BMW E46 320D, 320TD<\/li>\n<li>Etat: pi\u00e8ce neuve<\/li>\n<li>Garantie d\u2019un an<\/li>\n<li>R\u00e9f\u00e9rences:\n<ul>\n<li>26117519866<\/li>\n<li>26117518471<\/li>\n<li>7519866<\/li>\n<li>7518471<\/li>\n<\/ul>\n<\/li>\n<\/ul>\n","protected":false},"excerpt":{"rendered":"<p><strong>Arbre de transmission pour BMW E46 320D, 320TD <\/strong>avec r\u00e9f\u00e9rences <strong>26117519866, 26117518471, 7519866 et 7518471<\/strong><strong>. <\/strong>Est une transmission de BMW neuve avec une garantie d\u2019un an.<\/p>\n","protected":false},"featured_media":10063,"template":"","meta":[],"product_brand":[],"product_cat":[144,156],"product_tag":[],"class_list":{"0":"post-21906","1":"product","2":"type-product","3":"status-publish","4":"has-post-thumbnail","6":"product_cat-arbre-transmission-cardan","7":"product_cat-arbre-transmission-cardan-4x4","8":"pa_manufacturer-bmw","9":"pa_tipo-auto","11":"first","12":"instock","13":"taxable","14":"shipping-taxable","15":"purchasable","16":"product-type-simple"},"yoast_head":"<!-- This site is optimized with the Yoast SEO plugin v27.5 - https:\/\/yoast.com\/product\/yoast-seo-wordpress\/ -->\n<title>Transmission BMW E46 26117519866 - ENRIQUE REQUENA<\/title>\n<meta name=\"description\" content=\"Arbre de transmission pour BMW E46 320D, 320TD avec r\u00e9f\u00e9rences 26117519866, 26117518471, 7519866 et 7518471. Est une transmission neuve.\" \/>\n<meta name=\"robots\" content=\"index, follow, max-snippet:-1, max-image-preview:large, max-video-preview:-1\" \/>\n<link rel=\"canonical\" href=\"https:\/\/www.enriquerequena.com\/fr\/tienda-online\/arbre-transmission-cardan\/arbre-transmission-cardan-4x4\/arbre-de-transmission-bmw-e46-320d-320td-26117519866\/\" \/>\n<meta property=\"og:locale\" content=\"fr_FR\" \/>\n<meta property=\"og:type\" content=\"article\" \/>\n<meta property=\"og:title\" content=\"Transmission BMW E46 26117519866 - ENRIQUE REQUENA\" \/>\n<meta property=\"og:description\" content=\"Arbre de transmission pour BMW E46 320D, 320TD avec r\u00e9f\u00e9rences 26117519866, 26117518471, 7519866 et 7518471. Est une transmission neuve.\" \/>\n<meta property=\"og:url\" content=\"https:\/\/www.enriquerequena.com\/fr\/tienda-online\/arbre-transmission-cardan\/arbre-transmission-cardan-4x4\/arbre-de-transmission-bmw-e46-320d-320td-26117519866\/\" \/>\n<meta property=\"og:site_name\" content=\"ENRIQUE REQUENA\" \/>\n<meta property=\"article:modified_time\" content=\"2024-10-04T08:32:19+00:00\" \/>\n<meta property=\"og:image\" content=\"https:\/\/www.enriquerequena.com\/wp-content\/uploads\/2019\/10\/26111229569-TRANSMISION-CARDAN-ARBRE-DE-TRANSMISSION-PROPSHAFT-BMW-E46-320D-1-.jpg\" \/>\n\t<meta property=\"og:image:width\" content=\"800\" \/>\n\t<meta property=\"og:image:height\" content=\"800\" \/>\n\t<meta property=\"og:image:type\" content=\"image\/jpeg\" \/>\n<meta name=\"twitter:card\" content=\"summary_large_image\" \/>\n<meta name=\"twitter:label1\" content=\"Dur\u00e9e de lecture estim\u00e9e\" \/>\n\t<meta name=\"twitter:data1\" content=\"1 minute\" \/>\n<script type=\"application\/ld+json\" class=\"yoast-schema-graph\">{\"@context\":\"https:\\\/\\\/schema.org\",\"@graph\":[{\"@type\":\"WebPage\",\"@id\":\"https:\\\/\\\/www.enriquerequena.com\\\/fr\\\/tienda-online\\\/arbre-transmission-cardan\\\/arbre-transmission-cardan-4x4\\\/arbre-de-transmission-bmw-e46-320d-320td-26117519866\\\/\",\"url\":\"https:\\\/\\\/www.enriquerequena.com\\\/fr\\\/tienda-online\\\/arbre-transmission-cardan\\\/arbre-transmission-cardan-4x4\\\/arbre-de-transmission-bmw-e46-320d-320td-26117519866\\\/\",\"name\":\"Transmission BMW E46 26117519866 - ENRIQUE REQUENA\",\"isPartOf\":{\"@id\":\"https:\\\/\\\/www.enriquerequena.com\\\/fr\\\/#website\"},\"primaryImageOfPage\":{\"@id\":\"https:\\\/\\\/www.enriquerequena.com\\\/fr\\\/tienda-online\\\/arbre-transmission-cardan\\\/arbre-transmission-cardan-4x4\\\/arbre-de-transmission-bmw-e46-320d-320td-26117519866\\\/#primaryimage\"},\"image\":{\"@id\":\"https:\\\/\\\/www.enriquerequena.com\\\/fr\\\/tienda-online\\\/arbre-transmission-cardan\\\/arbre-transmission-cardan-4x4\\\/arbre-de-transmission-bmw-e46-320d-320td-26117519866\\\/#primaryimage\"},\"thumbnailUrl\":\"https:\\\/\\\/www.enriquerequena.com\\\/wp-content\\\/uploads\\\/2019\\\/10\\\/26111229569-TRANSMISION-CARDAN-ARBRE-DE-TRANSMISSION-PROPSHAFT-BMW-E46-320D-1-.jpg\",\"datePublished\":\"2022-02-04T18:38:40+00:00\",\"dateModified\":\"2024-10-04T08:32:19+00:00\",\"description\":\"Arbre de transmission pour BMW E46 320D, 320TD avec r\u00e9f\u00e9rences 26117519866, 26117518471, 7519866 et 7518471. Est une transmission neuve.\",\"breadcrumb\":{\"@id\":\"https:\\\/\\\/www.enriquerequena.com\\\/fr\\\/tienda-online\\\/arbre-transmission-cardan\\\/arbre-transmission-cardan-4x4\\\/arbre-de-transmission-bmw-e46-320d-320td-26117519866\\\/#breadcrumb\"},\"inLanguage\":\"fr-FR\",\"potentialAction\":[{\"@type\":\"ReadAction\",\"target\":[\"https:\\\/\\\/www.enriquerequena.com\\\/fr\\\/tienda-online\\\/arbre-transmission-cardan\\\/arbre-transmission-cardan-4x4\\\/arbre-de-transmission-bmw-e46-320d-320td-26117519866\\\/\"]}]},{\"@type\":\"ImageObject\",\"inLanguage\":\"fr-FR\",\"@id\":\"https:\\\/\\\/www.enriquerequena.com\\\/fr\\\/tienda-online\\\/arbre-transmission-cardan\\\/arbre-transmission-cardan-4x4\\\/arbre-de-transmission-bmw-e46-320d-320td-26117519866\\\/#primaryimage\",\"url\":\"https:\\\/\\\/www.enriquerequena.com\\\/wp-content\\\/uploads\\\/2019\\\/10\\\/26111229569-TRANSMISION-CARDAN-ARBRE-DE-TRANSMISSION-PROPSHAFT-BMW-E46-320D-1-.jpg\",\"contentUrl\":\"https:\\\/\\\/www.enriquerequena.com\\\/wp-content\\\/uploads\\\/2019\\\/10\\\/26111229569-TRANSMISION-CARDAN-ARBRE-DE-TRANSMISSION-PROPSHAFT-BMW-E46-320D-1-.jpg\",\"width\":800,\"height\":800,\"caption\":\"Arbre de Transmission Bmw E46 320D 26111229569\"},{\"@type\":\"WebSite\",\"@id\":\"https:\\\/\\\/www.enriquerequena.com\\\/fr\\\/#website\",\"url\":\"https:\\\/\\\/www.enriquerequena.com\\\/fr\\\/\",\"name\":\"ENRIQUE REQUENA\",\"description\":\"Sp\u00e9cialistes des transmissions cardan avec des exp\u00e9ditions dans le monde entier et des pi\u00e8ces d\u00e9tach\u00e9es pour voitures, camions et accessoires \u00e0 Valence, en Espagne. Avec vous depuis 1950!\",\"publisher\":{\"@id\":\"https:\\\/\\\/www.enriquerequena.com\\\/fr\\\/#organization\"},\"potentialAction\":[{\"@type\":\"SearchAction\",\"target\":{\"@type\":\"EntryPoint\",\"urlTemplate\":\"https:\\\/\\\/www.enriquerequena.com\\\/fr\\\/?s={search_term_string}\"},\"query-input\":{\"@type\":\"PropertyValueSpecification\",\"valueRequired\":true,\"valueName\":\"search_term_string\"}}],\"inLanguage\":\"fr-FR\"},{\"@type\":\"Organization\",\"@id\":\"https:\\\/\\\/www.enriquerequena.com\\\/fr\\\/#organization\",\"name\":\"Enrique Requena S.L.\",\"url\":\"https:\\\/\\\/www.enriquerequena.com\\\/fr\\\/\",\"logo\":{\"@type\":\"ImageObject\",\"inLanguage\":\"fr-FR\",\"@id\":\"https:\\\/\\\/www.enriquerequena.com\\\/fr\\\/#\\\/schema\\\/logo\\\/image\\\/\",\"url\":\"https:\\\/\\\/www.enriquerequena.com\\\/wp-content\\\/uploads\\\/2019\\\/11\\\/enrique-requena-recambios-logotipo.jpg\",\"contentUrl\":\"https:\\\/\\\/www.enriquerequena.com\\\/wp-content\\\/uploads\\\/2019\\\/11\\\/enrique-requena-recambios-logotipo.jpg\",\"width\":381,\"height\":75,\"caption\":\"Enrique Requena S.L.\"},\"image\":{\"@id\":\"https:\\\/\\\/www.enriquerequena.com\\\/fr\\\/#\\\/schema\\\/logo\\\/image\\\/\"}}]}<\/script>\n<!-- \/ Yoast SEO plugin. -->","yoast_head_json":{"title":"Transmission BMW E46 26117519866 - ENRIQUE REQUENA","description":"Arbre de transmission pour BMW E46 320D, 320TD avec r\u00e9f\u00e9rences 26117519866, 26117518471, 7519866 et 7518471. Est une transmission neuve.","robots":{"index":"index","follow":"follow","max-snippet":"max-snippet:-1","max-image-preview":"max-image-preview:large","max-video-preview":"max-video-preview:-1"},"canonical":"https:\/\/www.enriquerequena.com\/fr\/tienda-online\/arbre-transmission-cardan\/arbre-transmission-cardan-4x4\/arbre-de-transmission-bmw-e46-320d-320td-26117519866\/","og_locale":"fr_FR","og_type":"article","og_title":"Transmission BMW E46 26117519866 - ENRIQUE REQUENA","og_description":"Arbre de transmission pour BMW E46 320D, 320TD avec r\u00e9f\u00e9rences 26117519866, 26117518471, 7519866 et 7518471. Est une transmission neuve.","og_url":"https:\/\/www.enriquerequena.com\/fr\/tienda-online\/arbre-transmission-cardan\/arbre-transmission-cardan-4x4\/arbre-de-transmission-bmw-e46-320d-320td-26117519866\/","og_site_name":"ENRIQUE REQUENA","article_modified_time":"2024-10-04T08:32:19+00:00","og_image":[{"width":800,"height":800,"url":"https:\/\/www.enriquerequena.com\/wp-content\/uploads\/2019\/10\/26111229569-TRANSMISION-CARDAN-ARBRE-DE-TRANSMISSION-PROPSHAFT-BMW-E46-320D-1-.jpg","type":"image\/jpeg"}],"twitter_card":"summary_large_image","twitter_misc":{"Dur\u00e9e de lecture estim\u00e9e":"1 minute"},"schema":{"@context":"https:\/\/schema.org","@graph":[{"@type":"WebPage","@id":"https:\/\/www.enriquerequena.com\/fr\/tienda-online\/arbre-transmission-cardan\/arbre-transmission-cardan-4x4\/arbre-de-transmission-bmw-e46-320d-320td-26117519866\/","url":"https:\/\/www.enriquerequena.com\/fr\/tienda-online\/arbre-transmission-cardan\/arbre-transmission-cardan-4x4\/arbre-de-transmission-bmw-e46-320d-320td-26117519866\/","name":"Transmission BMW E46 26117519866 - ENRIQUE REQUENA","isPartOf":{"@id":"https:\/\/www.enriquerequena.com\/fr\/#website"},"primaryImageOfPage":{"@id":"https:\/\/www.enriquerequena.com\/fr\/tienda-online\/arbre-transmission-cardan\/arbre-transmission-cardan-4x4\/arbre-de-transmission-bmw-e46-320d-320td-26117519866\/#primaryimage"},"image":{"@id":"https:\/\/www.enriquerequena.com\/fr\/tienda-online\/arbre-transmission-cardan\/arbre-transmission-cardan-4x4\/arbre-de-transmission-bmw-e46-320d-320td-26117519866\/#primaryimage"},"thumbnailUrl":"https:\/\/www.enriquerequena.com\/wp-content\/uploads\/2019\/10\/26111229569-TRANSMISION-CARDAN-ARBRE-DE-TRANSMISSION-PROPSHAFT-BMW-E46-320D-1-.jpg","datePublished":"2022-02-04T18:38:40+00:00","dateModified":"2024-10-04T08:32:19+00:00","description":"Arbre de transmission pour BMW E46 320D, 320TD avec r\u00e9f\u00e9rences 26117519866, 26117518471, 7519866 et 7518471. Est une transmission neuve.","breadcrumb":{"@id":"https:\/\/www.enriquerequena.com\/fr\/tienda-online\/arbre-transmission-cardan\/arbre-transmission-cardan-4x4\/arbre-de-transmission-bmw-e46-320d-320td-26117519866\/#breadcrumb"},"inLanguage":"fr-FR","potentialAction":[{"@type":"ReadAction","target":["https:\/\/www.enriquerequena.com\/fr\/tienda-online\/arbre-transmission-cardan\/arbre-transmission-cardan-4x4\/arbre-de-transmission-bmw-e46-320d-320td-26117519866\/"]}]},{"@type":"ImageObject","inLanguage":"fr-FR","@id":"https:\/\/www.enriquerequena.com\/fr\/tienda-online\/arbre-transmission-cardan\/arbre-transmission-cardan-4x4\/arbre-de-transmission-bmw-e46-320d-320td-26117519866\/#primaryimage","url":"https:\/\/www.enriquerequena.com\/wp-content\/uploads\/2019\/10\/26111229569-TRANSMISION-CARDAN-ARBRE-DE-TRANSMISSION-PROPSHAFT-BMW-E46-320D-1-.jpg","contentUrl":"https:\/\/www.enriquerequena.com\/wp-content\/uploads\/2019\/10\/26111229569-TRANSMISION-CARDAN-ARBRE-DE-TRANSMISSION-PROPSHAFT-BMW-E46-320D-1-.jpg","width":800,"height":800,"caption":"Arbre de Transmission Bmw E46 320D 26111229569"},{"@type":"WebSite","@id":"https:\/\/www.enriquerequena.com\/fr\/#website","url":"https:\/\/www.enriquerequena.com\/fr\/","name":"ENRIQUE REQUENA","description":"Sp\u00e9cialistes des transmissions cardan avec des exp\u00e9ditions dans le monde entier et des pi\u00e8ces d\u00e9tach\u00e9es pour voitures, camions et accessoires \u00e0 Valence, en Espagne. Avec vous depuis 1950!","publisher":{"@id":"https:\/\/www.enriquerequena.com\/fr\/#organization"},"potentialAction":[{"@type":"SearchAction","target":{"@type":"EntryPoint","urlTemplate":"https:\/\/www.enriquerequena.com\/fr\/?s={search_term_string}"},"query-input":{"@type":"PropertyValueSpecification","valueRequired":true,"valueName":"search_term_string"}}],"inLanguage":"fr-FR"},{"@type":"Organization","@id":"https:\/\/www.enriquerequena.com\/fr\/#organization","name":"Enrique Requena S.L.","url":"https:\/\/www.enriquerequena.com\/fr\/","logo":{"@type":"ImageObject","inLanguage":"fr-FR","@id":"https:\/\/www.enriquerequena.com\/fr\/#\/schema\/logo\/image\/","url":"https:\/\/www.enriquerequena.com\/wp-content\/uploads\/2019\/11\/enrique-requena-recambios-logotipo.jpg","contentUrl":"https:\/\/www.enriquerequena.com\/wp-content\/uploads\/2019\/11\/enrique-requena-recambios-logotipo.jpg","width":381,"height":75,"caption":"Enrique Requena S.L."},"image":{"@id":"https:\/\/www.enriquerequena.com\/fr\/#\/schema\/logo\/image\/"}}]}},"_links":{"self":[{"href":"https:\/\/www.enriquerequena.com\/fr\/wp-json\/wp\/v2\/product\/21906","targetHints":{"allow":["GET"]}}],"collection":[{"href":"https:\/\/www.enriquerequena.com\/fr\/wp-json\/wp\/v2\/product"}],"about":[{"href":"https:\/\/www.enriquerequena.com\/fr\/wp-json\/wp\/v2\/types\/product"}],"wp:featuredmedia":[{"embeddable":true,"href":"https:\/\/www.enriquerequena.com\/fr\/wp-json\/wp\/v2\/media\/10063"}],"wp:attachment":[{"href":"https:\/\/www.enriquerequena.com\/fr\/wp-json\/wp\/v2\/media?parent=21906"}],"wp:term":[{"taxonomy":"product_brand","embeddable":true,"href":"https:\/\/www.enriquerequena.com\/fr\/wp-json\/wp\/v2\/product_brand?post=21906"},{"taxonomy":"product_cat","embeddable":true,"href":"https:\/\/www.enriquerequena.com\/fr\/wp-json\/wp\/v2\/product_cat?post=21906"},{"taxonomy":"product_tag","embeddable":true,"href":"https:\/\/www.enriquerequena.com\/fr\/wp-json\/wp\/v2\/product_tag?post=21906"}],"curies":[{"name":"wp","href":"https:\/\/api.w.org\/{rel}","templated":true}]}}