{"id":25799,"date":"2022-11-17T09:59:16","date_gmt":"2022-11-17T08:59:16","guid":{"rendered":"https:\/\/www.enriquerequena.com\/?post_type=product&#038;p=25799"},"modified":"2023-02-07T16:20:31","modified_gmt":"2023-02-07T15:20:31","slug":"element-dajustage-etrier-frein-stationnement-bmw-x5-x6-34436850289","status":"publish","type":"product","link":"https:\/\/www.enriquerequena.com\/fr\/tienda-online\/pieces-rechange-voiture\/element-dajustage-etrier-frein-stationnement-bmw-x5-x6-34436850289\/","title":{"rendered":"\u00c9l\u00e9ment D&rsquo;ajustage \u00c9trier De Frein De Stationnement BMW X5 E70 et X6 E71 E72 \u2013 34436850289"},"content":{"rendered":"<p><strong>\u00c9l\u00e9ment D&rsquo;ajustage \u00c9trier De Frein De Stationnement BMW X5 E70 et X6 E71 E72 <\/strong>avec r\u00e9f\u00e9rences 34436850289, 34 43 6 850 289, 34 43 6 779 451, 34 43 6 782 205, 34 43 6 785 487, 34 43 6 788 556, 34 43 6 788 968 et 34 43 6 796 072 est une pi\u00e8ce de BMW <strong>neuve avec une garantie d\u2019un an<\/strong>. C\u2019est le choix le plus \u00e9conomique.<\/p>\n<p>Nos pi\u00e8ces sont similaires \u00e0 ceux des OEM avec les meilleurs prix du march\u00e9.<\/p>\n<p>N\u00b4h\u00e9sitez pas \u00e0 nous consulter pour d\u00b4autres mod\u00e8les de tout type de v\u00e9hicule. Nous vendons des pi\u00e8ces d\u00e9tach\u00e9es ou pi\u00e8ces de rechange \u00e0 Valence depuis 1950 et nous vendons aussi en ligne dans le monde entier.<\/p>\n<p>Caract\u00e9ristiques techniques \u00c9l\u00e9ment D&rsquo;ajustage \u00c9trier De Frein De Stationnement BMW 34436850289:<\/p>\n<ul>\n<li>Pi\u00e8ce de rechange: \u00c9l\u00e9ment D&rsquo;ajustage \u00c9trier De Frein De Stationnement<\/li>\n<li>Mod\u00e8le: <strong>BMW X5 et X6\u00a0<\/strong>\n<ul>\n<li>X5 (E70) 3.0 sd<\/li>\n<li>X5 (E70) 3.0 si<\/li>\n<li>X5 (E70) 4.8 i xDrive<\/li>\n<li>X5 (E70) xDrive 35 d<\/li>\n<li>X5 (E70) xDrive 35 i<\/li>\n<li>X5 (E70) xDrive 48 i<\/li>\n<li>X6 (E71, E72) ActiveHybrid<\/li>\n<li>X6 (E71, E72) ActiveHybrid xDrive<\/li>\n<li>X6 (E71, E72) xDrive 35 i<\/li>\n<li>X6 (E71, E72) xDrive 50 i<\/li>\n<li>X6 (E71, E72) xDrive 50 i<\/li>\n<\/ul>\n<\/li>\n<li>Etat: pi\u00e8ce neuve<\/li>\n<li>Garantie d\u2019un an<\/li>\n<li>Article compl\u00e9mentaire\/Info compl\u00e9mentaire: avec appareil de commande<\/li>\n<li>Type de fonctionnement: \u00e9lectrique<\/li>\n<li>\u00c9quipement v\u00e9hicule: pour v\u00e9hicules avec frein d\u2019arr\u00eat \u00e9lectrique<\/li>\n<li>Dispositif de freinage: pour frein de stationnement<\/li>\n<li>Article compl\u00e9mentaire \/ Info compl\u00e9mentaire 2: Il est n\u00e9cessaire de reprogrammer la commande<\/li>\n<li>R\u00e9f\u00e9rences:\n<ul>\n<li>34436850289<\/li>\n<li>34 43 6 850 289<\/li>\n<li>34 43 6 779 451<\/li>\n<li>34 43 6 782 205<\/li>\n<li>34 43 6 785 487<\/li>\n<li>34 43 6 788 556<\/li>\n<li>34 43 6 788 968<\/li>\n<li>34 43 6 796 072<\/li>\n<\/ul>\n<\/li>\n<\/ul>\n","protected":false},"excerpt":{"rendered":"<p><strong>\u00c9l\u00e9ment D&rsquo;ajustage \u00c9trier De Frein De Stationnement BMW X5 E70 et X6 E71 E72 <\/strong>avec r\u00e9f\u00e9rences <strong>34436850289<\/strong>, 34 43 6 850 289, 34 43 6 779 451, 34 43 6 782 205, 34 43 6 785 487, 34 43 6 788 556, 34 43 6 788 968 et 34 43 6 796 072.<\/p>\n","protected":false},"featured_media":25805,"template":"","meta":[],"product_brand":[],"product_cat":[135],"product_tag":[],"class_list":{"0":"post-25799","1":"product","2":"type-product","3":"status-publish","4":"has-post-thumbnail","6":"product_cat-pieces-rechange-voiture","7":"pa_manufacturer-bmw","8":"pa_tipo-4x4","10":"first","11":"instock","12":"taxable","13":"shipping-taxable","14":"purchasable","15":"product-type-simple"},"yoast_head":"<!-- This site is optimized with the Yoast SEO plugin v27.5 - https:\/\/yoast.com\/product\/yoast-seo-wordpress\/ -->\n<title>\u00c9l\u00e9ment D&#039;ajustage \u00c9trier Frein Stationnement BMW 34436850289<\/title>\n<meta name=\"description\" content=\"\u00c9l\u00e9ment D&#039;ajustage \u00c9trier De Frein De Stationnement BMW X5 E70 et X6 E71 E72 avec r\u00e9f\u00e9rences 34436850289, 34 43 6 850 289.\" \/>\n<meta name=\"robots\" content=\"index, follow, max-snippet:-1, max-image-preview:large, max-video-preview:-1\" \/>\n<link rel=\"canonical\" href=\"https:\/\/www.enriquerequena.com\/fr\/tienda-online\/pieces-rechange-voiture\/element-dajustage-etrier-frein-stationnement-bmw-x5-x6-34436850289\/\" \/>\n<meta property=\"og:locale\" content=\"fr_FR\" \/>\n<meta property=\"og:type\" content=\"article\" \/>\n<meta property=\"og:title\" content=\"\u00c9l\u00e9ment D&#039;ajustage \u00c9trier Frein Stationnement BMW 34436850289\" \/>\n<meta property=\"og:description\" content=\"\u00c9l\u00e9ment D&#039;ajustage \u00c9trier De Frein De Stationnement BMW X5 E70 et X6 E71 E72 avec r\u00e9f\u00e9rences 34436850289, 34 43 6 850 289.\" \/>\n<meta property=\"og:url\" content=\"https:\/\/www.enriquerequena.com\/fr\/tienda-online\/pieces-rechange-voiture\/element-dajustage-etrier-frein-stationnement-bmw-x5-x6-34436850289\/\" \/>\n<meta property=\"og:site_name\" content=\"ENRIQUE REQUENA\" \/>\n<meta property=\"article:modified_time\" content=\"2023-02-07T15:20:31+00:00\" \/>\n<meta property=\"og:image\" content=\"https:\/\/www.enriquerequena.com\/wp-content\/uploads\/2022\/11\/modulo-actuador-freno-mano-bmw-x5-x6-34436850289.png\" \/>\n\t<meta property=\"og:image:width\" content=\"800\" \/>\n\t<meta property=\"og:image:height\" content=\"800\" \/>\n\t<meta property=\"og:image:type\" content=\"image\/png\" \/>\n<meta name=\"twitter:card\" content=\"summary_large_image\" \/>\n<meta name=\"twitter:label1\" content=\"Dur\u00e9e de lecture estim\u00e9e\" \/>\n\t<meta name=\"twitter:data1\" content=\"2 minutes\" \/>\n<script type=\"application\/ld+json\" class=\"yoast-schema-graph\">{\"@context\":\"https:\\\/\\\/schema.org\",\"@graph\":[{\"@type\":\"WebPage\",\"@id\":\"https:\\\/\\\/www.enriquerequena.com\\\/fr\\\/tienda-online\\\/pieces-rechange-voiture\\\/element-dajustage-etrier-frein-stationnement-bmw-x5-x6-34436850289\\\/\",\"url\":\"https:\\\/\\\/www.enriquerequena.com\\\/fr\\\/tienda-online\\\/pieces-rechange-voiture\\\/element-dajustage-etrier-frein-stationnement-bmw-x5-x6-34436850289\\\/\",\"name\":\"\u00c9l\u00e9ment D'ajustage \u00c9trier Frein Stationnement BMW 34436850289\",\"isPartOf\":{\"@id\":\"https:\\\/\\\/www.enriquerequena.com\\\/fr\\\/#website\"},\"primaryImageOfPage\":{\"@id\":\"https:\\\/\\\/www.enriquerequena.com\\\/fr\\\/tienda-online\\\/pieces-rechange-voiture\\\/element-dajustage-etrier-frein-stationnement-bmw-x5-x6-34436850289\\\/#primaryimage\"},\"image\":{\"@id\":\"https:\\\/\\\/www.enriquerequena.com\\\/fr\\\/tienda-online\\\/pieces-rechange-voiture\\\/element-dajustage-etrier-frein-stationnement-bmw-x5-x6-34436850289\\\/#primaryimage\"},\"thumbnailUrl\":\"https:\\\/\\\/www.enriquerequena.com\\\/wp-content\\\/uploads\\\/2022\\\/11\\\/modulo-actuador-freno-mano-bmw-x5-x6-34436850289.png\",\"datePublished\":\"2022-11-17T08:59:16+00:00\",\"dateModified\":\"2023-02-07T15:20:31+00:00\",\"description\":\"\u00c9l\u00e9ment D'ajustage \u00c9trier De Frein De Stationnement BMW X5 E70 et X6 E71 E72 avec r\u00e9f\u00e9rences 34436850289, 34 43 6 850 289.\",\"breadcrumb\":{\"@id\":\"https:\\\/\\\/www.enriquerequena.com\\\/fr\\\/tienda-online\\\/pieces-rechange-voiture\\\/element-dajustage-etrier-frein-stationnement-bmw-x5-x6-34436850289\\\/#breadcrumb\"},\"inLanguage\":\"fr-FR\",\"potentialAction\":[{\"@type\":\"ReadAction\",\"target\":[\"https:\\\/\\\/www.enriquerequena.com\\\/fr\\\/tienda-online\\\/pieces-rechange-voiture\\\/element-dajustage-etrier-frein-stationnement-bmw-x5-x6-34436850289\\\/\"]}]},{\"@type\":\"ImageObject\",\"inLanguage\":\"fr-FR\",\"@id\":\"https:\\\/\\\/www.enriquerequena.com\\\/fr\\\/tienda-online\\\/pieces-rechange-voiture\\\/element-dajustage-etrier-frein-stationnement-bmw-x5-x6-34436850289\\\/#primaryimage\",\"url\":\"https:\\\/\\\/www.enriquerequena.com\\\/wp-content\\\/uploads\\\/2022\\\/11\\\/modulo-actuador-freno-mano-bmw-x5-x6-34436850289.png\",\"contentUrl\":\"https:\\\/\\\/www.enriquerequena.com\\\/wp-content\\\/uploads\\\/2022\\\/11\\\/modulo-actuador-freno-mano-bmw-x5-x6-34436850289.png\",\"width\":800,\"height\":800,\"caption\":\"\u00c9l\u00e9ment D'ajustage \u00c9trier Frein Stationnement BMW 34436850289\"},{\"@type\":\"WebSite\",\"@id\":\"https:\\\/\\\/www.enriquerequena.com\\\/fr\\\/#website\",\"url\":\"https:\\\/\\\/www.enriquerequena.com\\\/fr\\\/\",\"name\":\"ENRIQUE REQUENA\",\"description\":\"Sp\u00e9cialistes des transmissions cardan avec des exp\u00e9ditions dans le monde entier et des pi\u00e8ces d\u00e9tach\u00e9es pour voitures, camions et accessoires \u00e0 Valence, en Espagne. Avec vous depuis 1950!\",\"publisher\":{\"@id\":\"https:\\\/\\\/www.enriquerequena.com\\\/fr\\\/#organization\"},\"potentialAction\":[{\"@type\":\"SearchAction\",\"target\":{\"@type\":\"EntryPoint\",\"urlTemplate\":\"https:\\\/\\\/www.enriquerequena.com\\\/fr\\\/?s={search_term_string}\"},\"query-input\":{\"@type\":\"PropertyValueSpecification\",\"valueRequired\":true,\"valueName\":\"search_term_string\"}}],\"inLanguage\":\"fr-FR\"},{\"@type\":\"Organization\",\"@id\":\"https:\\\/\\\/www.enriquerequena.com\\\/fr\\\/#organization\",\"name\":\"Enrique Requena S.L.\",\"url\":\"https:\\\/\\\/www.enriquerequena.com\\\/fr\\\/\",\"logo\":{\"@type\":\"ImageObject\",\"inLanguage\":\"fr-FR\",\"@id\":\"https:\\\/\\\/www.enriquerequena.com\\\/fr\\\/#\\\/schema\\\/logo\\\/image\\\/\",\"url\":\"https:\\\/\\\/www.enriquerequena.com\\\/wp-content\\\/uploads\\\/2019\\\/11\\\/enrique-requena-recambios-logotipo.jpg\",\"contentUrl\":\"https:\\\/\\\/www.enriquerequena.com\\\/wp-content\\\/uploads\\\/2019\\\/11\\\/enrique-requena-recambios-logotipo.jpg\",\"width\":381,\"height\":75,\"caption\":\"Enrique Requena S.L.\"},\"image\":{\"@id\":\"https:\\\/\\\/www.enriquerequena.com\\\/fr\\\/#\\\/schema\\\/logo\\\/image\\\/\"}}]}<\/script>\n<!-- \/ Yoast SEO plugin. -->","yoast_head_json":{"title":"\u00c9l\u00e9ment D'ajustage \u00c9trier Frein Stationnement BMW 34436850289","description":"\u00c9l\u00e9ment D'ajustage \u00c9trier De Frein De Stationnement BMW X5 E70 et X6 E71 E72 avec r\u00e9f\u00e9rences 34436850289, 34 43 6 850 289.","robots":{"index":"index","follow":"follow","max-snippet":"max-snippet:-1","max-image-preview":"max-image-preview:large","max-video-preview":"max-video-preview:-1"},"canonical":"https:\/\/www.enriquerequena.com\/fr\/tienda-online\/pieces-rechange-voiture\/element-dajustage-etrier-frein-stationnement-bmw-x5-x6-34436850289\/","og_locale":"fr_FR","og_type":"article","og_title":"\u00c9l\u00e9ment D'ajustage \u00c9trier Frein Stationnement BMW 34436850289","og_description":"\u00c9l\u00e9ment D'ajustage \u00c9trier De Frein De Stationnement BMW X5 E70 et X6 E71 E72 avec r\u00e9f\u00e9rences 34436850289, 34 43 6 850 289.","og_url":"https:\/\/www.enriquerequena.com\/fr\/tienda-online\/pieces-rechange-voiture\/element-dajustage-etrier-frein-stationnement-bmw-x5-x6-34436850289\/","og_site_name":"ENRIQUE REQUENA","article_modified_time":"2023-02-07T15:20:31+00:00","og_image":[{"width":800,"height":800,"url":"https:\/\/www.enriquerequena.com\/wp-content\/uploads\/2022\/11\/modulo-actuador-freno-mano-bmw-x5-x6-34436850289.png","type":"image\/png"}],"twitter_card":"summary_large_image","twitter_misc":{"Dur\u00e9e de lecture estim\u00e9e":"2 minutes"},"schema":{"@context":"https:\/\/schema.org","@graph":[{"@type":"WebPage","@id":"https:\/\/www.enriquerequena.com\/fr\/tienda-online\/pieces-rechange-voiture\/element-dajustage-etrier-frein-stationnement-bmw-x5-x6-34436850289\/","url":"https:\/\/www.enriquerequena.com\/fr\/tienda-online\/pieces-rechange-voiture\/element-dajustage-etrier-frein-stationnement-bmw-x5-x6-34436850289\/","name":"\u00c9l\u00e9ment D'ajustage \u00c9trier Frein Stationnement BMW 34436850289","isPartOf":{"@id":"https:\/\/www.enriquerequena.com\/fr\/#website"},"primaryImageOfPage":{"@id":"https:\/\/www.enriquerequena.com\/fr\/tienda-online\/pieces-rechange-voiture\/element-dajustage-etrier-frein-stationnement-bmw-x5-x6-34436850289\/#primaryimage"},"image":{"@id":"https:\/\/www.enriquerequena.com\/fr\/tienda-online\/pieces-rechange-voiture\/element-dajustage-etrier-frein-stationnement-bmw-x5-x6-34436850289\/#primaryimage"},"thumbnailUrl":"https:\/\/www.enriquerequena.com\/wp-content\/uploads\/2022\/11\/modulo-actuador-freno-mano-bmw-x5-x6-34436850289.png","datePublished":"2022-11-17T08:59:16+00:00","dateModified":"2023-02-07T15:20:31+00:00","description":"\u00c9l\u00e9ment D'ajustage \u00c9trier De Frein De Stationnement BMW X5 E70 et X6 E71 E72 avec r\u00e9f\u00e9rences 34436850289, 34 43 6 850 289.","breadcrumb":{"@id":"https:\/\/www.enriquerequena.com\/fr\/tienda-online\/pieces-rechange-voiture\/element-dajustage-etrier-frein-stationnement-bmw-x5-x6-34436850289\/#breadcrumb"},"inLanguage":"fr-FR","potentialAction":[{"@type":"ReadAction","target":["https:\/\/www.enriquerequena.com\/fr\/tienda-online\/pieces-rechange-voiture\/element-dajustage-etrier-frein-stationnement-bmw-x5-x6-34436850289\/"]}]},{"@type":"ImageObject","inLanguage":"fr-FR","@id":"https:\/\/www.enriquerequena.com\/fr\/tienda-online\/pieces-rechange-voiture\/element-dajustage-etrier-frein-stationnement-bmw-x5-x6-34436850289\/#primaryimage","url":"https:\/\/www.enriquerequena.com\/wp-content\/uploads\/2022\/11\/modulo-actuador-freno-mano-bmw-x5-x6-34436850289.png","contentUrl":"https:\/\/www.enriquerequena.com\/wp-content\/uploads\/2022\/11\/modulo-actuador-freno-mano-bmw-x5-x6-34436850289.png","width":800,"height":800,"caption":"\u00c9l\u00e9ment D'ajustage \u00c9trier Frein Stationnement BMW 34436850289"},{"@type":"WebSite","@id":"https:\/\/www.enriquerequena.com\/fr\/#website","url":"https:\/\/www.enriquerequena.com\/fr\/","name":"ENRIQUE REQUENA","description":"Sp\u00e9cialistes des transmissions cardan avec des exp\u00e9ditions dans le monde entier et des pi\u00e8ces d\u00e9tach\u00e9es pour voitures, camions et accessoires \u00e0 Valence, en Espagne. Avec vous depuis 1950!","publisher":{"@id":"https:\/\/www.enriquerequena.com\/fr\/#organization"},"potentialAction":[{"@type":"SearchAction","target":{"@type":"EntryPoint","urlTemplate":"https:\/\/www.enriquerequena.com\/fr\/?s={search_term_string}"},"query-input":{"@type":"PropertyValueSpecification","valueRequired":true,"valueName":"search_term_string"}}],"inLanguage":"fr-FR"},{"@type":"Organization","@id":"https:\/\/www.enriquerequena.com\/fr\/#organization","name":"Enrique Requena S.L.","url":"https:\/\/www.enriquerequena.com\/fr\/","logo":{"@type":"ImageObject","inLanguage":"fr-FR","@id":"https:\/\/www.enriquerequena.com\/fr\/#\/schema\/logo\/image\/","url":"https:\/\/www.enriquerequena.com\/wp-content\/uploads\/2019\/11\/enrique-requena-recambios-logotipo.jpg","contentUrl":"https:\/\/www.enriquerequena.com\/wp-content\/uploads\/2019\/11\/enrique-requena-recambios-logotipo.jpg","width":381,"height":75,"caption":"Enrique Requena S.L."},"image":{"@id":"https:\/\/www.enriquerequena.com\/fr\/#\/schema\/logo\/image\/"}}]}},"_links":{"self":[{"href":"https:\/\/www.enriquerequena.com\/fr\/wp-json\/wp\/v2\/product\/25799","targetHints":{"allow":["GET"]}}],"collection":[{"href":"https:\/\/www.enriquerequena.com\/fr\/wp-json\/wp\/v2\/product"}],"about":[{"href":"https:\/\/www.enriquerequena.com\/fr\/wp-json\/wp\/v2\/types\/product"}],"wp:featuredmedia":[{"embeddable":true,"href":"https:\/\/www.enriquerequena.com\/fr\/wp-json\/wp\/v2\/media\/25805"}],"wp:attachment":[{"href":"https:\/\/www.enriquerequena.com\/fr\/wp-json\/wp\/v2\/media?parent=25799"}],"wp:term":[{"taxonomy":"product_brand","embeddable":true,"href":"https:\/\/www.enriquerequena.com\/fr\/wp-json\/wp\/v2\/product_brand?post=25799"},{"taxonomy":"product_cat","embeddable":true,"href":"https:\/\/www.enriquerequena.com\/fr\/wp-json\/wp\/v2\/product_cat?post=25799"},{"taxonomy":"product_tag","embeddable":true,"href":"https:\/\/www.enriquerequena.com\/fr\/wp-json\/wp\/v2\/product_tag?post=25799"}],"curies":[{"name":"wp","href":"https:\/\/api.w.org\/{rel}","templated":true}]}}