{"id":26477,"date":"2023-01-24T12:46:29","date_gmt":"2023-01-24T11:46:29","guid":{"rendered":"https:\/\/www.enriquerequena.com\/?post_type=product&#038;p=26477"},"modified":"2023-02-08T13:26:34","modified_gmt":"2023-02-08T12:26:34","slug":"arbre-de-transmission-volkswagen-tiguan-audi-q3-5nd521101b","status":"publish","type":"product","link":"https:\/\/www.enriquerequena.com\/fr\/tienda-online\/arbre-transmission-cardan\/arbre-transmission-cardan-4x4\/arbre-de-transmission-volkswagen-tiguan-audi-q3-5nd521101b\/","title":{"rendered":"Arbre de transmission Volkswagen Tiguan et Audi Q3 &#8211; 5ND521101B"},"content":{"rendered":"<p><strong>Arbre de transmission pour Volkswagen Tiguan et Audi Q3 <\/strong>avec r\u00e9f\u00e9rence 5ND521101B est une transmission de Audi <strong>neuve <\/strong>avec une garantie d\u2019un an.<\/p>\n<p>C\u2019est le choix le plus \u00e9conomique. Nos arbres de transmission \u00e0 cardan sont similaires \u00e0 ceux des OEM avec les meilleurs prix du march\u00e9.<\/p>\n<p>Nous vendons des arbres de transmission ou transmissions pour Audi.\u00a0 Nous vendons des pi\u00e8ces d\u00e9tach\u00e9es ou pi\u00e8ces de rechange \u00e0 Valence depuis 1950 et nous vendons aussi en ligne dans le monde entier.<\/p>\n<p>Nous avons une exp\u00e9rience de 70 ans dans le commerce de transmissions \u00e0 cardan et connaissons tr\u00e8s bien le sujet. N\u00b4h\u00e9sitez pas \u00e0 nous consulter pour d\u00b4autres mod\u00e8les de transmission \u00e0 cardan de tout type de v\u00e9hicule.<\/p>\n<p>Caract\u00e9ristiques techniques Arbre de transmission Volkswagen et Audi 5ND521101B:<\/p>\n<ul>\n<li>Pi\u00e8ce de rechange: arbre de transmission<\/li>\n<li>Mod\u00e8le:\n<ul>\n<li>Audi Q3<\/li>\n<li>Volkswagen Tiguan<\/li>\n<\/ul>\n<\/li>\n<li>Garantie d\u2019un an<\/li>\n<li>Longueur: 2.160 mm<\/li>\n<li>Pi\u00e8ce neuve<\/li>\n<li><strong>R\u00e9f\u00e9rence<\/strong>:\n<ul>\n<li>5ND521101B<\/li>\n<\/ul>\n<\/li>\n<\/ul>\n","protected":false},"excerpt":{"rendered":"<p><strong>Arbre de transmission pour Volkswagen Tiguan et Audi Q3 <\/strong>avec r\u00e9f\u00e9rence <strong>5ND521101B<\/strong>. Est une transmission de Audi <strong>neuve <\/strong>avec une garantie d\u2019un an.<\/p>\n","protected":false},"featured_media":26480,"template":"","meta":[],"product_brand":[],"product_cat":[144,156],"product_tag":[],"class_list":{"0":"post-26477","1":"product","2":"type-product","3":"status-publish","4":"has-post-thumbnail","6":"product_cat-arbre-transmission-cardan","7":"product_cat-arbre-transmission-cardan-4x4","8":"pa_manufacturer-audi","9":"pa_manufacturer-volkswagen","10":"pa_tipo-4x4","12":"first","13":"instock","14":"taxable","15":"shipping-taxable","16":"purchasable","17":"product-type-simple"},"yoast_head":"<!-- This site is optimized with the Yoast SEO plugin v27.5 - https:\/\/yoast.com\/product\/yoast-seo-wordpress\/ -->\n<title>Arbre de transmission Volkswagen Audi 5ND521101B<\/title>\n<meta name=\"description\" content=\"Arbre de transmission pour Volkswagen Tiguan et Audi Q3 avec r\u00e9f\u00e9rence 5ND521101B. Est une transmission de Audi neuve avec une garantie d\u2019un an.\" \/>\n<meta name=\"robots\" content=\"index, follow, max-snippet:-1, max-image-preview:large, max-video-preview:-1\" \/>\n<link rel=\"canonical\" href=\"https:\/\/www.enriquerequena.com\/fr\/tienda-online\/arbre-transmission-cardan\/arbre-transmission-cardan-4x4\/arbre-de-transmission-volkswagen-tiguan-audi-q3-5nd521101b\/\" \/>\n<meta property=\"og:locale\" content=\"fr_FR\" \/>\n<meta property=\"og:type\" content=\"article\" \/>\n<meta property=\"og:title\" content=\"Arbre de transmission Volkswagen Audi 5ND521101B\" \/>\n<meta property=\"og:description\" content=\"Arbre de transmission pour Volkswagen Tiguan et Audi Q3 avec r\u00e9f\u00e9rence 5ND521101B. Est une transmission de Audi neuve avec une garantie d\u2019un an.\" \/>\n<meta property=\"og:url\" content=\"https:\/\/www.enriquerequena.com\/fr\/tienda-online\/arbre-transmission-cardan\/arbre-transmission-cardan-4x4\/arbre-de-transmission-volkswagen-tiguan-audi-q3-5nd521101b\/\" \/>\n<meta property=\"og:site_name\" content=\"ENRIQUE REQUENA\" \/>\n<meta property=\"article:modified_time\" content=\"2023-02-08T12:26:34+00:00\" \/>\n<meta property=\"og:image\" content=\"https:\/\/www.enriquerequena.com\/wp-content\/uploads\/2023\/01\/transmision-cardan-volkswagen-tiguan-audi-q3-5ND521101B.png\" \/>\n\t<meta property=\"og:image:width\" content=\"800\" \/>\n\t<meta property=\"og:image:height\" content=\"800\" \/>\n\t<meta property=\"og:image:type\" content=\"image\/png\" \/>\n<meta name=\"twitter:card\" content=\"summary_large_image\" \/>\n<meta name=\"twitter:label1\" content=\"Dur\u00e9e de lecture estim\u00e9e\" \/>\n\t<meta name=\"twitter:data1\" content=\"1 minute\" \/>\n<script type=\"application\/ld+json\" class=\"yoast-schema-graph\">{\"@context\":\"https:\\\/\\\/schema.org\",\"@graph\":[{\"@type\":\"WebPage\",\"@id\":\"https:\\\/\\\/www.enriquerequena.com\\\/fr\\\/tienda-online\\\/arbre-transmission-cardan\\\/arbre-transmission-cardan-4x4\\\/arbre-de-transmission-volkswagen-tiguan-audi-q3-5nd521101b\\\/\",\"url\":\"https:\\\/\\\/www.enriquerequena.com\\\/fr\\\/tienda-online\\\/arbre-transmission-cardan\\\/arbre-transmission-cardan-4x4\\\/arbre-de-transmission-volkswagen-tiguan-audi-q3-5nd521101b\\\/\",\"name\":\"Arbre de transmission Volkswagen Audi 5ND521101B\",\"isPartOf\":{\"@id\":\"https:\\\/\\\/www.enriquerequena.com\\\/fr\\\/#website\"},\"primaryImageOfPage\":{\"@id\":\"https:\\\/\\\/www.enriquerequena.com\\\/fr\\\/tienda-online\\\/arbre-transmission-cardan\\\/arbre-transmission-cardan-4x4\\\/arbre-de-transmission-volkswagen-tiguan-audi-q3-5nd521101b\\\/#primaryimage\"},\"image\":{\"@id\":\"https:\\\/\\\/www.enriquerequena.com\\\/fr\\\/tienda-online\\\/arbre-transmission-cardan\\\/arbre-transmission-cardan-4x4\\\/arbre-de-transmission-volkswagen-tiguan-audi-q3-5nd521101b\\\/#primaryimage\"},\"thumbnailUrl\":\"https:\\\/\\\/www.enriquerequena.com\\\/wp-content\\\/uploads\\\/2023\\\/01\\\/transmision-cardan-volkswagen-tiguan-audi-q3-5ND521101B.png\",\"datePublished\":\"2023-01-24T11:46:29+00:00\",\"dateModified\":\"2023-02-08T12:26:34+00:00\",\"description\":\"Arbre de transmission pour Volkswagen Tiguan et Audi Q3 avec r\u00e9f\u00e9rence 5ND521101B. Est une transmission de Audi neuve avec une garantie d\u2019un an.\",\"breadcrumb\":{\"@id\":\"https:\\\/\\\/www.enriquerequena.com\\\/fr\\\/tienda-online\\\/arbre-transmission-cardan\\\/arbre-transmission-cardan-4x4\\\/arbre-de-transmission-volkswagen-tiguan-audi-q3-5nd521101b\\\/#breadcrumb\"},\"inLanguage\":\"fr-FR\",\"potentialAction\":[{\"@type\":\"ReadAction\",\"target\":[\"https:\\\/\\\/www.enriquerequena.com\\\/fr\\\/tienda-online\\\/arbre-transmission-cardan\\\/arbre-transmission-cardan-4x4\\\/arbre-de-transmission-volkswagen-tiguan-audi-q3-5nd521101b\\\/\"]}]},{\"@type\":\"ImageObject\",\"inLanguage\":\"fr-FR\",\"@id\":\"https:\\\/\\\/www.enriquerequena.com\\\/fr\\\/tienda-online\\\/arbre-transmission-cardan\\\/arbre-transmission-cardan-4x4\\\/arbre-de-transmission-volkswagen-tiguan-audi-q3-5nd521101b\\\/#primaryimage\",\"url\":\"https:\\\/\\\/www.enriquerequena.com\\\/wp-content\\\/uploads\\\/2023\\\/01\\\/transmision-cardan-volkswagen-tiguan-audi-q3-5ND521101B.png\",\"contentUrl\":\"https:\\\/\\\/www.enriquerequena.com\\\/wp-content\\\/uploads\\\/2023\\\/01\\\/transmision-cardan-volkswagen-tiguan-audi-q3-5ND521101B.png\",\"width\":800,\"height\":800,\"caption\":\"Arbre de transmission pour Volkswagen Tiguan et Audi Q3 avec r\u00e9f\u00e9rence 5ND521101B\"},{\"@type\":\"WebSite\",\"@id\":\"https:\\\/\\\/www.enriquerequena.com\\\/fr\\\/#website\",\"url\":\"https:\\\/\\\/www.enriquerequena.com\\\/fr\\\/\",\"name\":\"ENRIQUE REQUENA\",\"description\":\"Sp\u00e9cialistes des transmissions cardan avec des exp\u00e9ditions dans le monde entier et des pi\u00e8ces d\u00e9tach\u00e9es pour voitures, camions et accessoires \u00e0 Valence, en Espagne. Avec vous depuis 1950!\",\"publisher\":{\"@id\":\"https:\\\/\\\/www.enriquerequena.com\\\/fr\\\/#organization\"},\"potentialAction\":[{\"@type\":\"SearchAction\",\"target\":{\"@type\":\"EntryPoint\",\"urlTemplate\":\"https:\\\/\\\/www.enriquerequena.com\\\/fr\\\/?s={search_term_string}\"},\"query-input\":{\"@type\":\"PropertyValueSpecification\",\"valueRequired\":true,\"valueName\":\"search_term_string\"}}],\"inLanguage\":\"fr-FR\"},{\"@type\":\"Organization\",\"@id\":\"https:\\\/\\\/www.enriquerequena.com\\\/fr\\\/#organization\",\"name\":\"Enrique Requena S.L.\",\"url\":\"https:\\\/\\\/www.enriquerequena.com\\\/fr\\\/\",\"logo\":{\"@type\":\"ImageObject\",\"inLanguage\":\"fr-FR\",\"@id\":\"https:\\\/\\\/www.enriquerequena.com\\\/fr\\\/#\\\/schema\\\/logo\\\/image\\\/\",\"url\":\"https:\\\/\\\/www.enriquerequena.com\\\/wp-content\\\/uploads\\\/2019\\\/11\\\/enrique-requena-recambios-logotipo.jpg\",\"contentUrl\":\"https:\\\/\\\/www.enriquerequena.com\\\/wp-content\\\/uploads\\\/2019\\\/11\\\/enrique-requena-recambios-logotipo.jpg\",\"width\":381,\"height\":75,\"caption\":\"Enrique Requena S.L.\"},\"image\":{\"@id\":\"https:\\\/\\\/www.enriquerequena.com\\\/fr\\\/#\\\/schema\\\/logo\\\/image\\\/\"}}]}<\/script>\n<!-- \/ Yoast SEO plugin. -->","yoast_head_json":{"title":"Arbre de transmission Volkswagen Audi 5ND521101B","description":"Arbre de transmission pour Volkswagen Tiguan et Audi Q3 avec r\u00e9f\u00e9rence 5ND521101B. Est une transmission de Audi neuve avec une garantie d\u2019un an.","robots":{"index":"index","follow":"follow","max-snippet":"max-snippet:-1","max-image-preview":"max-image-preview:large","max-video-preview":"max-video-preview:-1"},"canonical":"https:\/\/www.enriquerequena.com\/fr\/tienda-online\/arbre-transmission-cardan\/arbre-transmission-cardan-4x4\/arbre-de-transmission-volkswagen-tiguan-audi-q3-5nd521101b\/","og_locale":"fr_FR","og_type":"article","og_title":"Arbre de transmission Volkswagen Audi 5ND521101B","og_description":"Arbre de transmission pour Volkswagen Tiguan et Audi Q3 avec r\u00e9f\u00e9rence 5ND521101B. Est une transmission de Audi neuve avec une garantie d\u2019un an.","og_url":"https:\/\/www.enriquerequena.com\/fr\/tienda-online\/arbre-transmission-cardan\/arbre-transmission-cardan-4x4\/arbre-de-transmission-volkswagen-tiguan-audi-q3-5nd521101b\/","og_site_name":"ENRIQUE REQUENA","article_modified_time":"2023-02-08T12:26:34+00:00","og_image":[{"width":800,"height":800,"url":"https:\/\/www.enriquerequena.com\/wp-content\/uploads\/2023\/01\/transmision-cardan-volkswagen-tiguan-audi-q3-5ND521101B.png","type":"image\/png"}],"twitter_card":"summary_large_image","twitter_misc":{"Dur\u00e9e de lecture estim\u00e9e":"1 minute"},"schema":{"@context":"https:\/\/schema.org","@graph":[{"@type":"WebPage","@id":"https:\/\/www.enriquerequena.com\/fr\/tienda-online\/arbre-transmission-cardan\/arbre-transmission-cardan-4x4\/arbre-de-transmission-volkswagen-tiguan-audi-q3-5nd521101b\/","url":"https:\/\/www.enriquerequena.com\/fr\/tienda-online\/arbre-transmission-cardan\/arbre-transmission-cardan-4x4\/arbre-de-transmission-volkswagen-tiguan-audi-q3-5nd521101b\/","name":"Arbre de transmission Volkswagen Audi 5ND521101B","isPartOf":{"@id":"https:\/\/www.enriquerequena.com\/fr\/#website"},"primaryImageOfPage":{"@id":"https:\/\/www.enriquerequena.com\/fr\/tienda-online\/arbre-transmission-cardan\/arbre-transmission-cardan-4x4\/arbre-de-transmission-volkswagen-tiguan-audi-q3-5nd521101b\/#primaryimage"},"image":{"@id":"https:\/\/www.enriquerequena.com\/fr\/tienda-online\/arbre-transmission-cardan\/arbre-transmission-cardan-4x4\/arbre-de-transmission-volkswagen-tiguan-audi-q3-5nd521101b\/#primaryimage"},"thumbnailUrl":"https:\/\/www.enriquerequena.com\/wp-content\/uploads\/2023\/01\/transmision-cardan-volkswagen-tiguan-audi-q3-5ND521101B.png","datePublished":"2023-01-24T11:46:29+00:00","dateModified":"2023-02-08T12:26:34+00:00","description":"Arbre de transmission pour Volkswagen Tiguan et Audi Q3 avec r\u00e9f\u00e9rence 5ND521101B. Est une transmission de Audi neuve avec une garantie d\u2019un an.","breadcrumb":{"@id":"https:\/\/www.enriquerequena.com\/fr\/tienda-online\/arbre-transmission-cardan\/arbre-transmission-cardan-4x4\/arbre-de-transmission-volkswagen-tiguan-audi-q3-5nd521101b\/#breadcrumb"},"inLanguage":"fr-FR","potentialAction":[{"@type":"ReadAction","target":["https:\/\/www.enriquerequena.com\/fr\/tienda-online\/arbre-transmission-cardan\/arbre-transmission-cardan-4x4\/arbre-de-transmission-volkswagen-tiguan-audi-q3-5nd521101b\/"]}]},{"@type":"ImageObject","inLanguage":"fr-FR","@id":"https:\/\/www.enriquerequena.com\/fr\/tienda-online\/arbre-transmission-cardan\/arbre-transmission-cardan-4x4\/arbre-de-transmission-volkswagen-tiguan-audi-q3-5nd521101b\/#primaryimage","url":"https:\/\/www.enriquerequena.com\/wp-content\/uploads\/2023\/01\/transmision-cardan-volkswagen-tiguan-audi-q3-5ND521101B.png","contentUrl":"https:\/\/www.enriquerequena.com\/wp-content\/uploads\/2023\/01\/transmision-cardan-volkswagen-tiguan-audi-q3-5ND521101B.png","width":800,"height":800,"caption":"Arbre de transmission pour Volkswagen Tiguan et Audi Q3 avec r\u00e9f\u00e9rence 5ND521101B"},{"@type":"WebSite","@id":"https:\/\/www.enriquerequena.com\/fr\/#website","url":"https:\/\/www.enriquerequena.com\/fr\/","name":"ENRIQUE REQUENA","description":"Sp\u00e9cialistes des transmissions cardan avec des exp\u00e9ditions dans le monde entier et des pi\u00e8ces d\u00e9tach\u00e9es pour voitures, camions et accessoires \u00e0 Valence, en Espagne. Avec vous depuis 1950!","publisher":{"@id":"https:\/\/www.enriquerequena.com\/fr\/#organization"},"potentialAction":[{"@type":"SearchAction","target":{"@type":"EntryPoint","urlTemplate":"https:\/\/www.enriquerequena.com\/fr\/?s={search_term_string}"},"query-input":{"@type":"PropertyValueSpecification","valueRequired":true,"valueName":"search_term_string"}}],"inLanguage":"fr-FR"},{"@type":"Organization","@id":"https:\/\/www.enriquerequena.com\/fr\/#organization","name":"Enrique Requena S.L.","url":"https:\/\/www.enriquerequena.com\/fr\/","logo":{"@type":"ImageObject","inLanguage":"fr-FR","@id":"https:\/\/www.enriquerequena.com\/fr\/#\/schema\/logo\/image\/","url":"https:\/\/www.enriquerequena.com\/wp-content\/uploads\/2019\/11\/enrique-requena-recambios-logotipo.jpg","contentUrl":"https:\/\/www.enriquerequena.com\/wp-content\/uploads\/2019\/11\/enrique-requena-recambios-logotipo.jpg","width":381,"height":75,"caption":"Enrique Requena S.L."},"image":{"@id":"https:\/\/www.enriquerequena.com\/fr\/#\/schema\/logo\/image\/"}}]}},"_links":{"self":[{"href":"https:\/\/www.enriquerequena.com\/fr\/wp-json\/wp\/v2\/product\/26477","targetHints":{"allow":["GET"]}}],"collection":[{"href":"https:\/\/www.enriquerequena.com\/fr\/wp-json\/wp\/v2\/product"}],"about":[{"href":"https:\/\/www.enriquerequena.com\/fr\/wp-json\/wp\/v2\/types\/product"}],"wp:featuredmedia":[{"embeddable":true,"href":"https:\/\/www.enriquerequena.com\/fr\/wp-json\/wp\/v2\/media\/26480"}],"wp:attachment":[{"href":"https:\/\/www.enriquerequena.com\/fr\/wp-json\/wp\/v2\/media?parent=26477"}],"wp:term":[{"taxonomy":"product_brand","embeddable":true,"href":"https:\/\/www.enriquerequena.com\/fr\/wp-json\/wp\/v2\/product_brand?post=26477"},{"taxonomy":"product_cat","embeddable":true,"href":"https:\/\/www.enriquerequena.com\/fr\/wp-json\/wp\/v2\/product_cat?post=26477"},{"taxonomy":"product_tag","embeddable":true,"href":"https:\/\/www.enriquerequena.com\/fr\/wp-json\/wp\/v2\/product_tag?post=26477"}],"curies":[{"name":"wp","href":"https:\/\/api.w.org\/{rel}","templated":true}]}}