{"id":27211,"date":"2023-03-31T09:27:54","date_gmt":"2023-03-31T07:27:54","guid":{"rendered":"https:\/\/www.enriquerequena.com\/?post_type=product&#038;p=27211"},"modified":"2023-04-27T16:29:15","modified_gmt":"2023-04-27T14:29:15","slug":"arbre-de-transmission-honda-cr-v-40100svye011-40100swye01-40100sxsa01-40100swaa01","status":"publish","type":"product","link":"https:\/\/www.enriquerequena.com\/fr\/tienda-online\/arbre-transmission-cardan\/arbre-transmission-cardan-4x4\/arbre-de-transmission-honda-cr-v-40100svye011-40100swye01-40100sxsa01-40100swaa01\/","title":{"rendered":"Arbre de transmission Honda CR-V &#8211; 40100SVYE011 \/ 40100SWYE01 \/ 40100SXSA01 \/ 40100SWAA01"},"content":{"rendered":"<p><strong>Arbre de transmission pour Honda CRV <\/strong>avec r\u00e9f\u00e9rences <span class=\"m_-6685570566716552810m8230240401911012280m6580357269376541555grame\">40100SVYE011,\u00a0<\/span>40100SWYE01, 40100SXSA01 et 40100SWAA01 est une pi\u00e8ce de Honda neuve\u00a0avec une garantie d\u2019un an. C\u2019est le choix le plus \u00e9conomique.<\/p>\n<p>Nous vendons des pi\u00e8ces d\u00e9tach\u00e9es ou pi\u00e8ces de rechange \u00e0 Valence depuis 1950 et nous vendons aussi en ligne dans le monde entier.<\/p>\n<p>Nos pi\u00e9ces de rechange sont similaires \u00e0 ceux des OEM avec les meilleurs prix du march\u00e9.<\/p>\n<p>N\u00b4h\u00e9sitez pas \u00e0 nous consulter pour d\u00b4autres mod\u00e8les de tout type de v\u00e9hicule. Nous avons une exp\u00e9rience de 70 ans.<\/p>\n<p>Caract\u00e9ristiques techniques Arbre de transmission Honda CRV <span class=\"m_-6685570566716552810m8230240401911012280m6580357269376541555grame\">40100SVYE011<\/span>:<\/p>\n<ul>\n<li>Pi\u00e8ce de rechange: Arbre de transmission<\/li>\n<li>Mod\u00e8le: Honda CR-V\n<ul>\n<li>CR-V III (RE_) 2.0 i-VTEC (RE5, RE1)<\/li>\n<li>CR-V III (RE_) 2.0 i-VTEC 4WD (RE5, RE2)<\/li>\n<li>CR-V III (RE_) 2.2 i-CTDi 4WD (RE6)<\/li>\n<li>CR-V III (RE_) 2.2 i-DTEC 4WD (RE6)<\/li>\n<li>CR-V III (RE_) 2.4 i-VTEC 4WD (RE7)<\/li>\n<\/ul>\n<\/li>\n<li>Etat: pi\u00e8ce neuve<\/li>\n<li>Garantie d\u2019un an<\/li>\n<li>Longueur: 2.082 mm<\/li>\n<li><strong>R\u00e9f\u00e9rences:<\/strong>\n<ul>\n<li><span class=\"m_-6685570566716552810m8230240401911012280m6580357269376541555grame\">40100SVYE011<\/span><\/li>\n<li>40100SWYE01<\/li>\n<li>40100SXSA01<\/li>\n<li>40100SWAA01<\/li>\n<\/ul>\n<\/li>\n<\/ul>\n","protected":false},"excerpt":{"rendered":"<p><strong>Arbre de transmission pour Honda CRV <\/strong>avec r\u00e9f\u00e9rences <strong><span class=\"m_-6685570566716552810m8230240401911012280m6580357269376541555grame\">40100SVYE011,\u00a0<\/span>40100SWYE01, 40100SXSA01 et 40100SWAA01<\/strong>. Est une pi\u00e8ce de rechange neuve avec une garantie d\u2019un an.<\/p>\n","protected":false},"featured_media":27217,"template":"","meta":[],"product_brand":[],"product_cat":[144,156],"product_tag":[],"class_list":{"0":"post-27211","1":"product","2":"type-product","3":"status-publish","4":"has-post-thumbnail","6":"product_cat-arbre-transmission-cardan","7":"product_cat-arbre-transmission-cardan-4x4","8":"pa_manufacturer-honda","10":"first","11":"instock","12":"taxable","13":"shipping-taxable","14":"purchasable","15":"product-type-simple"},"yoast_head":"<!-- This site is optimized with the Yoast SEO plugin v27.5 - https:\/\/yoast.com\/product\/yoast-seo-wordpress\/ -->\n<title>Arbre Transmission Honda CRV 40100SVYE011<\/title>\n<meta name=\"description\" content=\"Arbre de transmission pour Honda CRV avec r\u00e9f\u00e9rences 40100SVYE011,\u00a040100SWYE01, 40100SXSA01 et 40100SWAA01. Est une pi\u00e8ce de rechange neuve.\" \/>\n<meta name=\"robots\" content=\"index, follow, max-snippet:-1, max-image-preview:large, max-video-preview:-1\" \/>\n<link rel=\"canonical\" href=\"https:\/\/www.enriquerequena.com\/fr\/tienda-online\/arbre-transmission-cardan\/arbre-transmission-cardan-4x4\/arbre-de-transmission-honda-cr-v-40100svye011-40100swye01-40100sxsa01-40100swaa01\/\" \/>\n<meta property=\"og:locale\" content=\"fr_FR\" \/>\n<meta property=\"og:type\" content=\"article\" \/>\n<meta property=\"og:title\" content=\"Arbre Transmission Honda CRV 40100SVYE011\" \/>\n<meta property=\"og:description\" content=\"Arbre de transmission pour Honda CRV avec r\u00e9f\u00e9rences 40100SVYE011,\u00a040100SWYE01, 40100SXSA01 et 40100SWAA01. Est une pi\u00e8ce de rechange neuve.\" \/>\n<meta property=\"og:url\" content=\"https:\/\/www.enriquerequena.com\/fr\/tienda-online\/arbre-transmission-cardan\/arbre-transmission-cardan-4x4\/arbre-de-transmission-honda-cr-v-40100svye011-40100swye01-40100sxsa01-40100swaa01\/\" \/>\n<meta property=\"og:site_name\" content=\"ENRIQUE REQUENA\" \/>\n<meta property=\"article:modified_time\" content=\"2023-04-27T14:29:15+00:00\" \/>\n<meta property=\"og:image\" content=\"https:\/\/www.enriquerequena.com\/wp-content\/uploads\/2023\/03\/transmision-cardan-honda-cr-v-40100SVYE011-40100SWYE01-40100SWAA01-40100SXSA01.png\" \/>\n\t<meta property=\"og:image:width\" content=\"800\" \/>\n\t<meta property=\"og:image:height\" content=\"800\" \/>\n\t<meta property=\"og:image:type\" content=\"image\/png\" \/>\n<meta name=\"twitter:card\" content=\"summary_large_image\" \/>\n<meta name=\"twitter:label1\" content=\"Dur\u00e9e de lecture estim\u00e9e\" \/>\n\t<meta name=\"twitter:data1\" content=\"1 minute\" \/>\n<script type=\"application\/ld+json\" class=\"yoast-schema-graph\">{\"@context\":\"https:\\\/\\\/schema.org\",\"@graph\":[{\"@type\":\"WebPage\",\"@id\":\"https:\\\/\\\/www.enriquerequena.com\\\/fr\\\/tienda-online\\\/arbre-transmission-cardan\\\/arbre-transmission-cardan-4x4\\\/arbre-de-transmission-honda-cr-v-40100svye011-40100swye01-40100sxsa01-40100swaa01\\\/\",\"url\":\"https:\\\/\\\/www.enriquerequena.com\\\/fr\\\/tienda-online\\\/arbre-transmission-cardan\\\/arbre-transmission-cardan-4x4\\\/arbre-de-transmission-honda-cr-v-40100svye011-40100swye01-40100sxsa01-40100swaa01\\\/\",\"name\":\"Arbre Transmission Honda CRV 40100SVYE011\",\"isPartOf\":{\"@id\":\"https:\\\/\\\/www.enriquerequena.com\\\/fr\\\/#website\"},\"primaryImageOfPage\":{\"@id\":\"https:\\\/\\\/www.enriquerequena.com\\\/fr\\\/tienda-online\\\/arbre-transmission-cardan\\\/arbre-transmission-cardan-4x4\\\/arbre-de-transmission-honda-cr-v-40100svye011-40100swye01-40100sxsa01-40100swaa01\\\/#primaryimage\"},\"image\":{\"@id\":\"https:\\\/\\\/www.enriquerequena.com\\\/fr\\\/tienda-online\\\/arbre-transmission-cardan\\\/arbre-transmission-cardan-4x4\\\/arbre-de-transmission-honda-cr-v-40100svye011-40100swye01-40100sxsa01-40100swaa01\\\/#primaryimage\"},\"thumbnailUrl\":\"https:\\\/\\\/www.enriquerequena.com\\\/wp-content\\\/uploads\\\/2023\\\/03\\\/transmision-cardan-honda-cr-v-40100SVYE011-40100SWYE01-40100SWAA01-40100SXSA01.png\",\"datePublished\":\"2023-03-31T07:27:54+00:00\",\"dateModified\":\"2023-04-27T14:29:15+00:00\",\"description\":\"Arbre de transmission pour Honda CRV avec r\u00e9f\u00e9rences 40100SVYE011,\u00a040100SWYE01, 40100SXSA01 et 40100SWAA01. Est une pi\u00e8ce de rechange neuve.\",\"breadcrumb\":{\"@id\":\"https:\\\/\\\/www.enriquerequena.com\\\/fr\\\/tienda-online\\\/arbre-transmission-cardan\\\/arbre-transmission-cardan-4x4\\\/arbre-de-transmission-honda-cr-v-40100svye011-40100swye01-40100sxsa01-40100swaa01\\\/#breadcrumb\"},\"inLanguage\":\"fr-FR\",\"potentialAction\":[{\"@type\":\"ReadAction\",\"target\":[\"https:\\\/\\\/www.enriquerequena.com\\\/fr\\\/tienda-online\\\/arbre-transmission-cardan\\\/arbre-transmission-cardan-4x4\\\/arbre-de-transmission-honda-cr-v-40100svye011-40100swye01-40100sxsa01-40100swaa01\\\/\"]}]},{\"@type\":\"ImageObject\",\"inLanguage\":\"fr-FR\",\"@id\":\"https:\\\/\\\/www.enriquerequena.com\\\/fr\\\/tienda-online\\\/arbre-transmission-cardan\\\/arbre-transmission-cardan-4x4\\\/arbre-de-transmission-honda-cr-v-40100svye011-40100swye01-40100sxsa01-40100swaa01\\\/#primaryimage\",\"url\":\"https:\\\/\\\/www.enriquerequena.com\\\/wp-content\\\/uploads\\\/2023\\\/03\\\/transmision-cardan-honda-cr-v-40100SVYE011-40100SWYE01-40100SWAA01-40100SXSA01.png\",\"contentUrl\":\"https:\\\/\\\/www.enriquerequena.com\\\/wp-content\\\/uploads\\\/2023\\\/03\\\/transmision-cardan-honda-cr-v-40100SVYE011-40100SWYE01-40100SWAA01-40100SXSA01.png\",\"width\":800,\"height\":800,\"caption\":\"Arbre de transmission pour Honda CRV avec r\u00e9f\u00e9rences 40100SVYE011,\u00a040100SWYE01, 40100SXSA01 et 40100SWAA01\"},{\"@type\":\"WebSite\",\"@id\":\"https:\\\/\\\/www.enriquerequena.com\\\/fr\\\/#website\",\"url\":\"https:\\\/\\\/www.enriquerequena.com\\\/fr\\\/\",\"name\":\"ENRIQUE REQUENA\",\"description\":\"Sp\u00e9cialistes des transmissions cardan avec des exp\u00e9ditions dans le monde entier et des pi\u00e8ces d\u00e9tach\u00e9es pour voitures, camions et accessoires \u00e0 Valence, en Espagne. Avec vous depuis 1950!\",\"publisher\":{\"@id\":\"https:\\\/\\\/www.enriquerequena.com\\\/fr\\\/#organization\"},\"potentialAction\":[{\"@type\":\"SearchAction\",\"target\":{\"@type\":\"EntryPoint\",\"urlTemplate\":\"https:\\\/\\\/www.enriquerequena.com\\\/fr\\\/?s={search_term_string}\"},\"query-input\":{\"@type\":\"PropertyValueSpecification\",\"valueRequired\":true,\"valueName\":\"search_term_string\"}}],\"inLanguage\":\"fr-FR\"},{\"@type\":\"Organization\",\"@id\":\"https:\\\/\\\/www.enriquerequena.com\\\/fr\\\/#organization\",\"name\":\"Enrique Requena S.L.\",\"url\":\"https:\\\/\\\/www.enriquerequena.com\\\/fr\\\/\",\"logo\":{\"@type\":\"ImageObject\",\"inLanguage\":\"fr-FR\",\"@id\":\"https:\\\/\\\/www.enriquerequena.com\\\/fr\\\/#\\\/schema\\\/logo\\\/image\\\/\",\"url\":\"https:\\\/\\\/www.enriquerequena.com\\\/wp-content\\\/uploads\\\/2019\\\/11\\\/enrique-requena-recambios-logotipo.jpg\",\"contentUrl\":\"https:\\\/\\\/www.enriquerequena.com\\\/wp-content\\\/uploads\\\/2019\\\/11\\\/enrique-requena-recambios-logotipo.jpg\",\"width\":381,\"height\":75,\"caption\":\"Enrique Requena S.L.\"},\"image\":{\"@id\":\"https:\\\/\\\/www.enriquerequena.com\\\/fr\\\/#\\\/schema\\\/logo\\\/image\\\/\"}}]}<\/script>\n<!-- \/ Yoast SEO plugin. -->","yoast_head_json":{"title":"Arbre Transmission Honda CRV 40100SVYE011","description":"Arbre de transmission pour Honda CRV avec r\u00e9f\u00e9rences 40100SVYE011,\u00a040100SWYE01, 40100SXSA01 et 40100SWAA01. Est une pi\u00e8ce de rechange neuve.","robots":{"index":"index","follow":"follow","max-snippet":"max-snippet:-1","max-image-preview":"max-image-preview:large","max-video-preview":"max-video-preview:-1"},"canonical":"https:\/\/www.enriquerequena.com\/fr\/tienda-online\/arbre-transmission-cardan\/arbre-transmission-cardan-4x4\/arbre-de-transmission-honda-cr-v-40100svye011-40100swye01-40100sxsa01-40100swaa01\/","og_locale":"fr_FR","og_type":"article","og_title":"Arbre Transmission Honda CRV 40100SVYE011","og_description":"Arbre de transmission pour Honda CRV avec r\u00e9f\u00e9rences 40100SVYE011,\u00a040100SWYE01, 40100SXSA01 et 40100SWAA01. Est une pi\u00e8ce de rechange neuve.","og_url":"https:\/\/www.enriquerequena.com\/fr\/tienda-online\/arbre-transmission-cardan\/arbre-transmission-cardan-4x4\/arbre-de-transmission-honda-cr-v-40100svye011-40100swye01-40100sxsa01-40100swaa01\/","og_site_name":"ENRIQUE REQUENA","article_modified_time":"2023-04-27T14:29:15+00:00","og_image":[{"width":800,"height":800,"url":"https:\/\/www.enriquerequena.com\/wp-content\/uploads\/2023\/03\/transmision-cardan-honda-cr-v-40100SVYE011-40100SWYE01-40100SWAA01-40100SXSA01.png","type":"image\/png"}],"twitter_card":"summary_large_image","twitter_misc":{"Dur\u00e9e de lecture estim\u00e9e":"1 minute"},"schema":{"@context":"https:\/\/schema.org","@graph":[{"@type":"WebPage","@id":"https:\/\/www.enriquerequena.com\/fr\/tienda-online\/arbre-transmission-cardan\/arbre-transmission-cardan-4x4\/arbre-de-transmission-honda-cr-v-40100svye011-40100swye01-40100sxsa01-40100swaa01\/","url":"https:\/\/www.enriquerequena.com\/fr\/tienda-online\/arbre-transmission-cardan\/arbre-transmission-cardan-4x4\/arbre-de-transmission-honda-cr-v-40100svye011-40100swye01-40100sxsa01-40100swaa01\/","name":"Arbre Transmission Honda CRV 40100SVYE011","isPartOf":{"@id":"https:\/\/www.enriquerequena.com\/fr\/#website"},"primaryImageOfPage":{"@id":"https:\/\/www.enriquerequena.com\/fr\/tienda-online\/arbre-transmission-cardan\/arbre-transmission-cardan-4x4\/arbre-de-transmission-honda-cr-v-40100svye011-40100swye01-40100sxsa01-40100swaa01\/#primaryimage"},"image":{"@id":"https:\/\/www.enriquerequena.com\/fr\/tienda-online\/arbre-transmission-cardan\/arbre-transmission-cardan-4x4\/arbre-de-transmission-honda-cr-v-40100svye011-40100swye01-40100sxsa01-40100swaa01\/#primaryimage"},"thumbnailUrl":"https:\/\/www.enriquerequena.com\/wp-content\/uploads\/2023\/03\/transmision-cardan-honda-cr-v-40100SVYE011-40100SWYE01-40100SWAA01-40100SXSA01.png","datePublished":"2023-03-31T07:27:54+00:00","dateModified":"2023-04-27T14:29:15+00:00","description":"Arbre de transmission pour Honda CRV avec r\u00e9f\u00e9rences 40100SVYE011,\u00a040100SWYE01, 40100SXSA01 et 40100SWAA01. Est une pi\u00e8ce de rechange neuve.","breadcrumb":{"@id":"https:\/\/www.enriquerequena.com\/fr\/tienda-online\/arbre-transmission-cardan\/arbre-transmission-cardan-4x4\/arbre-de-transmission-honda-cr-v-40100svye011-40100swye01-40100sxsa01-40100swaa01\/#breadcrumb"},"inLanguage":"fr-FR","potentialAction":[{"@type":"ReadAction","target":["https:\/\/www.enriquerequena.com\/fr\/tienda-online\/arbre-transmission-cardan\/arbre-transmission-cardan-4x4\/arbre-de-transmission-honda-cr-v-40100svye011-40100swye01-40100sxsa01-40100swaa01\/"]}]},{"@type":"ImageObject","inLanguage":"fr-FR","@id":"https:\/\/www.enriquerequena.com\/fr\/tienda-online\/arbre-transmission-cardan\/arbre-transmission-cardan-4x4\/arbre-de-transmission-honda-cr-v-40100svye011-40100swye01-40100sxsa01-40100swaa01\/#primaryimage","url":"https:\/\/www.enriquerequena.com\/wp-content\/uploads\/2023\/03\/transmision-cardan-honda-cr-v-40100SVYE011-40100SWYE01-40100SWAA01-40100SXSA01.png","contentUrl":"https:\/\/www.enriquerequena.com\/wp-content\/uploads\/2023\/03\/transmision-cardan-honda-cr-v-40100SVYE011-40100SWYE01-40100SWAA01-40100SXSA01.png","width":800,"height":800,"caption":"Arbre de transmission pour Honda CRV avec r\u00e9f\u00e9rences 40100SVYE011,\u00a040100SWYE01, 40100SXSA01 et 40100SWAA01"},{"@type":"WebSite","@id":"https:\/\/www.enriquerequena.com\/fr\/#website","url":"https:\/\/www.enriquerequena.com\/fr\/","name":"ENRIQUE REQUENA","description":"Sp\u00e9cialistes des transmissions cardan avec des exp\u00e9ditions dans le monde entier et des pi\u00e8ces d\u00e9tach\u00e9es pour voitures, camions et accessoires \u00e0 Valence, en Espagne. Avec vous depuis 1950!","publisher":{"@id":"https:\/\/www.enriquerequena.com\/fr\/#organization"},"potentialAction":[{"@type":"SearchAction","target":{"@type":"EntryPoint","urlTemplate":"https:\/\/www.enriquerequena.com\/fr\/?s={search_term_string}"},"query-input":{"@type":"PropertyValueSpecification","valueRequired":true,"valueName":"search_term_string"}}],"inLanguage":"fr-FR"},{"@type":"Organization","@id":"https:\/\/www.enriquerequena.com\/fr\/#organization","name":"Enrique Requena S.L.","url":"https:\/\/www.enriquerequena.com\/fr\/","logo":{"@type":"ImageObject","inLanguage":"fr-FR","@id":"https:\/\/www.enriquerequena.com\/fr\/#\/schema\/logo\/image\/","url":"https:\/\/www.enriquerequena.com\/wp-content\/uploads\/2019\/11\/enrique-requena-recambios-logotipo.jpg","contentUrl":"https:\/\/www.enriquerequena.com\/wp-content\/uploads\/2019\/11\/enrique-requena-recambios-logotipo.jpg","width":381,"height":75,"caption":"Enrique Requena S.L."},"image":{"@id":"https:\/\/www.enriquerequena.com\/fr\/#\/schema\/logo\/image\/"}}]}},"_links":{"self":[{"href":"https:\/\/www.enriquerequena.com\/fr\/wp-json\/wp\/v2\/product\/27211","targetHints":{"allow":["GET"]}}],"collection":[{"href":"https:\/\/www.enriquerequena.com\/fr\/wp-json\/wp\/v2\/product"}],"about":[{"href":"https:\/\/www.enriquerequena.com\/fr\/wp-json\/wp\/v2\/types\/product"}],"wp:featuredmedia":[{"embeddable":true,"href":"https:\/\/www.enriquerequena.com\/fr\/wp-json\/wp\/v2\/media\/27217"}],"wp:attachment":[{"href":"https:\/\/www.enriquerequena.com\/fr\/wp-json\/wp\/v2\/media?parent=27211"}],"wp:term":[{"taxonomy":"product_brand","embeddable":true,"href":"https:\/\/www.enriquerequena.com\/fr\/wp-json\/wp\/v2\/product_brand?post=27211"},{"taxonomy":"product_cat","embeddable":true,"href":"https:\/\/www.enriquerequena.com\/fr\/wp-json\/wp\/v2\/product_cat?post=27211"},{"taxonomy":"product_tag","embeddable":true,"href":"https:\/\/www.enriquerequena.com\/fr\/wp-json\/wp\/v2\/product_tag?post=27211"}],"curies":[{"name":"wp","href":"https:\/\/api.w.org\/{rel}","templated":true}]}}