{"id":27968,"date":"2023-07-20T13:24:26","date_gmt":"2023-07-20T11:24:26","guid":{"rendered":"https:\/\/www.enriquerequena.com\/?post_type=product&#038;p=27968"},"modified":"2024-03-22T19:35:28","modified_gmt":"2024-03-22T18:35:28","slug":"arbre-de-transmission-mercedes-vito-viano-6394104906-6394102616-6394107606-a6394104906-a6394102616-a6394107606","status":"publish","type":"product","link":"https:\/\/www.enriquerequena.com\/fr\/tienda-online\/arbre-transmission-cardan\/arbre-transmission-cardan-fourgons\/arbre-de-transmission-mercedes-vito-viano-6394104906-6394102616-6394107606-a6394104906-a6394102616-a6394107606\/","title":{"rendered":"Arbre de transmission Mercedes Vito Viano &#8211; 6394104906 \/ 6394102616 \/ 6394107606 \/ A6394104906 \/ A6394102616 \/ A6394107606"},"content":{"rendered":"<p><strong>Arbre de transmission pour Mercedes Vito Viano <\/strong>avec r\u00e9f\u00e9rences 6394104906, 6394102616, 6394107606, A6394104906, A6394102616 et A6394107606 est une transmission de Mercedes <strong>neuve\u00a0<\/strong>avec une garantie d\u2019un an. C\u2019est le choix le plus \u00e9conomique.<\/p>\n<p>N\u00b4h\u00e9sitez pas \u00e0 nous consulter pour d\u00b4autres mod\u00e8les de transmission \u00e0 cardan de tout type de v\u00e9hicule. Nous avons une exp\u00e9rience de 70 ans dans le commerce de transmissions \u00e0 cardan et connaissons tr\u00e8s bien le sujet.<\/p>\n<p>Nous vendons des pi\u00e8ces d\u00e9tach\u00e9es ou pi\u00e8ces de rechange \u00e0 Valence depuis 1950 et nous vendons aussi en ligne dans le monde entier.<\/p>\n<p>Nos arbres de transmission \u00e0 cardan sont similaires \u00e0 ceux des OEM avec les meilleurs prix du march\u00e9.<\/p>\n<p>Caract\u00e9ristiques techniques Arbre de transmission pour Mercedes Vito Viano 6394104906:<\/p>\n<ul>\n<li>Pi\u00e8ce de rechange:<strong>\u00a0arbre de transmission<\/strong><\/li>\n<li>Mod\u00e8le:\n<ul>\n<li>VIANO (W639) CDI 2.2 4-matic (639.711, 639.713, 639.811, 639.813,&#8230;<\/li>\n<li>VITO \/ MIXTO Furg\u00f3n (W639) 111 CDI 4&#215;4 (639.601, 639.603, 639.605)<\/li>\n<li>VITO \/ MIXTO Furg\u00f3n (W639) 115 CDI 4&#215;4 (639.601, 639.603, 639.605)<\/li>\n<li>VITO Autob\u00fas (W639) 111 CDI 4&#215;4 (639.701, 639.703, 639.705)<\/li>\n<li>VITO Autob\u00fas (W639) 115 CDI 4&#215;4 (639.701, 639.705)<\/li>\n<\/ul>\n<\/li>\n<li>\u00c9tat: pi\u00e8ce neuve<\/li>\n<li>Garantie d\u2019un an<\/li>\n<li>Longueur: 2.132 mm<\/li>\n<li>R\u00e9f\u00e9rences:\n<ul>\n<li>6394104906<\/li>\n<li>6394102616<\/li>\n<li>6394107606<\/li>\n<li>A6394104906<\/li>\n<li>A6394102616<\/li>\n<li>A6394107606<\/li>\n<\/ul>\n<\/li>\n<\/ul>\n","protected":false},"excerpt":{"rendered":"<p><strong>Arbre de transmission pour Mercedes Vito Viano <\/strong>avec r\u00e9f\u00e9rences<strong> 6394104906, 6394102616, 6394107606, A6394104906, A6394102616 et A6394107606<\/strong>. Est une transmission de Mercedes <strong>neuve\u00a0<\/strong>avec une garantie d\u2019un an.<\/p>\n","protected":false},"featured_media":27971,"template":"","meta":[],"product_brand":[],"product_cat":[144,159],"product_tag":[],"class_list":{"0":"post-27968","1":"product","2":"type-product","3":"status-publish","4":"has-post-thumbnail","6":"product_cat-arbre-transmission-cardan","7":"product_cat-arbre-transmission-cardan-fourgons","8":"pa_manufacturer-mercedes-benz","9":"pa_tipo-fourgons-et-vehicules-legers","11":"first","12":"instock","13":"featured","14":"taxable","15":"shipping-taxable","16":"purchasable","17":"product-type-simple"},"yoast_head":"<!-- This site is optimized with the Yoast SEO plugin v27.5 - https:\/\/yoast.com\/product\/yoast-seo-wordpress\/ -->\n<title>Arbre de transmission Mercedes Vito Viano 6394104906<\/title>\n<meta name=\"description\" content=\"Arbre de transmission pour Mercedes Vito Viano avec r\u00e9f\u00e9rences 6394104906, 6394102616, 6394107606, A6394104906, A6394102616 et A6394107606.\" \/>\n<meta name=\"robots\" content=\"index, follow, max-snippet:-1, max-image-preview:large, max-video-preview:-1\" \/>\n<link rel=\"canonical\" href=\"https:\/\/www.enriquerequena.com\/fr\/tienda-online\/arbre-transmission-cardan\/arbre-transmission-cardan-fourgons\/arbre-de-transmission-mercedes-vito-viano-6394104906-6394102616-6394107606-a6394104906-a6394102616-a6394107606\/\" \/>\n<meta property=\"og:locale\" content=\"fr_FR\" \/>\n<meta property=\"og:type\" content=\"article\" \/>\n<meta property=\"og:title\" content=\"Arbre de transmission Mercedes Vito Viano 6394104906\" \/>\n<meta property=\"og:description\" content=\"Arbre de transmission pour Mercedes Vito Viano avec r\u00e9f\u00e9rences 6394104906, 6394102616, 6394107606, A6394104906, A6394102616 et A6394107606.\" \/>\n<meta property=\"og:url\" content=\"https:\/\/www.enriquerequena.com\/fr\/tienda-online\/arbre-transmission-cardan\/arbre-transmission-cardan-fourgons\/arbre-de-transmission-mercedes-vito-viano-6394104906-6394102616-6394107606-a6394104906-a6394102616-a6394107606\/\" \/>\n<meta property=\"og:site_name\" content=\"ENRIQUE REQUENA\" \/>\n<meta property=\"article:modified_time\" content=\"2024-03-22T18:35:28+00:00\" \/>\n<meta property=\"og:image\" content=\"https:\/\/www.enriquerequena.com\/wp-content\/uploads\/2023\/07\/transmision-cardan-mercedes-vito-viano-6394104906-6394102616-6394107606-A6394104906-A6394102616-y-A6394107606.png\" \/>\n\t<meta property=\"og:image:width\" content=\"800\" \/>\n\t<meta property=\"og:image:height\" content=\"800\" \/>\n\t<meta property=\"og:image:type\" content=\"image\/png\" \/>\n<meta name=\"twitter:card\" content=\"summary_large_image\" \/>\n<meta name=\"twitter:label1\" content=\"Dur\u00e9e de lecture estim\u00e9e\" \/>\n\t<meta name=\"twitter:data1\" content=\"1 minute\" \/>\n<script type=\"application\/ld+json\" class=\"yoast-schema-graph\">{\"@context\":\"https:\\\/\\\/schema.org\",\"@graph\":[{\"@type\":\"WebPage\",\"@id\":\"https:\\\/\\\/www.enriquerequena.com\\\/fr\\\/tienda-online\\\/arbre-transmission-cardan\\\/arbre-transmission-cardan-fourgons\\\/arbre-de-transmission-mercedes-vito-viano-6394104906-6394102616-6394107606-a6394104906-a6394102616-a6394107606\\\/\",\"url\":\"https:\\\/\\\/www.enriquerequena.com\\\/fr\\\/tienda-online\\\/arbre-transmission-cardan\\\/arbre-transmission-cardan-fourgons\\\/arbre-de-transmission-mercedes-vito-viano-6394104906-6394102616-6394107606-a6394104906-a6394102616-a6394107606\\\/\",\"name\":\"Arbre de transmission Mercedes Vito Viano 6394104906\",\"isPartOf\":{\"@id\":\"https:\\\/\\\/www.enriquerequena.com\\\/fr\\\/#website\"},\"primaryImageOfPage\":{\"@id\":\"https:\\\/\\\/www.enriquerequena.com\\\/fr\\\/tienda-online\\\/arbre-transmission-cardan\\\/arbre-transmission-cardan-fourgons\\\/arbre-de-transmission-mercedes-vito-viano-6394104906-6394102616-6394107606-a6394104906-a6394102616-a6394107606\\\/#primaryimage\"},\"image\":{\"@id\":\"https:\\\/\\\/www.enriquerequena.com\\\/fr\\\/tienda-online\\\/arbre-transmission-cardan\\\/arbre-transmission-cardan-fourgons\\\/arbre-de-transmission-mercedes-vito-viano-6394104906-6394102616-6394107606-a6394104906-a6394102616-a6394107606\\\/#primaryimage\"},\"thumbnailUrl\":\"https:\\\/\\\/www.enriquerequena.com\\\/wp-content\\\/uploads\\\/2023\\\/07\\\/transmision-cardan-mercedes-vito-viano-6394104906-6394102616-6394107606-A6394104906-A6394102616-y-A6394107606.png\",\"datePublished\":\"2023-07-20T11:24:26+00:00\",\"dateModified\":\"2024-03-22T18:35:28+00:00\",\"description\":\"Arbre de transmission pour Mercedes Vito Viano avec r\u00e9f\u00e9rences 6394104906, 6394102616, 6394107606, A6394104906, A6394102616 et A6394107606.\",\"breadcrumb\":{\"@id\":\"https:\\\/\\\/www.enriquerequena.com\\\/fr\\\/tienda-online\\\/arbre-transmission-cardan\\\/arbre-transmission-cardan-fourgons\\\/arbre-de-transmission-mercedes-vito-viano-6394104906-6394102616-6394107606-a6394104906-a6394102616-a6394107606\\\/#breadcrumb\"},\"inLanguage\":\"fr-FR\",\"potentialAction\":[{\"@type\":\"ReadAction\",\"target\":[\"https:\\\/\\\/www.enriquerequena.com\\\/fr\\\/tienda-online\\\/arbre-transmission-cardan\\\/arbre-transmission-cardan-fourgons\\\/arbre-de-transmission-mercedes-vito-viano-6394104906-6394102616-6394107606-a6394104906-a6394102616-a6394107606\\\/\"]}]},{\"@type\":\"ImageObject\",\"inLanguage\":\"fr-FR\",\"@id\":\"https:\\\/\\\/www.enriquerequena.com\\\/fr\\\/tienda-online\\\/arbre-transmission-cardan\\\/arbre-transmission-cardan-fourgons\\\/arbre-de-transmission-mercedes-vito-viano-6394104906-6394102616-6394107606-a6394104906-a6394102616-a6394107606\\\/#primaryimage\",\"url\":\"https:\\\/\\\/www.enriquerequena.com\\\/wp-content\\\/uploads\\\/2023\\\/07\\\/transmision-cardan-mercedes-vito-viano-6394104906-6394102616-6394107606-A6394104906-A6394102616-y-A6394107606.png\",\"contentUrl\":\"https:\\\/\\\/www.enriquerequena.com\\\/wp-content\\\/uploads\\\/2023\\\/07\\\/transmision-cardan-mercedes-vito-viano-6394104906-6394102616-6394107606-A6394104906-A6394102616-y-A6394107606.png\",\"width\":800,\"height\":800,\"caption\":\"Transmisi\u00f3n cardan para Mercedes Vito y Viano con referencias 6394104906, 6394102616, 6394107606, A6394104906, A6394102616 y A6394107606.\"},{\"@type\":\"WebSite\",\"@id\":\"https:\\\/\\\/www.enriquerequena.com\\\/fr\\\/#website\",\"url\":\"https:\\\/\\\/www.enriquerequena.com\\\/fr\\\/\",\"name\":\"ENRIQUE REQUENA\",\"description\":\"Sp\u00e9cialistes des transmissions cardan avec des exp\u00e9ditions dans le monde entier et des pi\u00e8ces d\u00e9tach\u00e9es pour voitures, camions et accessoires \u00e0 Valence, en Espagne. Avec vous depuis 1950!\",\"publisher\":{\"@id\":\"https:\\\/\\\/www.enriquerequena.com\\\/fr\\\/#organization\"},\"potentialAction\":[{\"@type\":\"SearchAction\",\"target\":{\"@type\":\"EntryPoint\",\"urlTemplate\":\"https:\\\/\\\/www.enriquerequena.com\\\/fr\\\/?s={search_term_string}\"},\"query-input\":{\"@type\":\"PropertyValueSpecification\",\"valueRequired\":true,\"valueName\":\"search_term_string\"}}],\"inLanguage\":\"fr-FR\"},{\"@type\":\"Organization\",\"@id\":\"https:\\\/\\\/www.enriquerequena.com\\\/fr\\\/#organization\",\"name\":\"Enrique Requena S.L.\",\"url\":\"https:\\\/\\\/www.enriquerequena.com\\\/fr\\\/\",\"logo\":{\"@type\":\"ImageObject\",\"inLanguage\":\"fr-FR\",\"@id\":\"https:\\\/\\\/www.enriquerequena.com\\\/fr\\\/#\\\/schema\\\/logo\\\/image\\\/\",\"url\":\"https:\\\/\\\/www.enriquerequena.com\\\/wp-content\\\/uploads\\\/2019\\\/11\\\/enrique-requena-recambios-logotipo.jpg\",\"contentUrl\":\"https:\\\/\\\/www.enriquerequena.com\\\/wp-content\\\/uploads\\\/2019\\\/11\\\/enrique-requena-recambios-logotipo.jpg\",\"width\":381,\"height\":75,\"caption\":\"Enrique Requena S.L.\"},\"image\":{\"@id\":\"https:\\\/\\\/www.enriquerequena.com\\\/fr\\\/#\\\/schema\\\/logo\\\/image\\\/\"}}]}<\/script>\n<!-- \/ Yoast SEO plugin. -->","yoast_head_json":{"title":"Arbre de transmission Mercedes Vito Viano 6394104906","description":"Arbre de transmission pour Mercedes Vito Viano avec r\u00e9f\u00e9rences 6394104906, 6394102616, 6394107606, A6394104906, A6394102616 et A6394107606.","robots":{"index":"index","follow":"follow","max-snippet":"max-snippet:-1","max-image-preview":"max-image-preview:large","max-video-preview":"max-video-preview:-1"},"canonical":"https:\/\/www.enriquerequena.com\/fr\/tienda-online\/arbre-transmission-cardan\/arbre-transmission-cardan-fourgons\/arbre-de-transmission-mercedes-vito-viano-6394104906-6394102616-6394107606-a6394104906-a6394102616-a6394107606\/","og_locale":"fr_FR","og_type":"article","og_title":"Arbre de transmission Mercedes Vito Viano 6394104906","og_description":"Arbre de transmission pour Mercedes Vito Viano avec r\u00e9f\u00e9rences 6394104906, 6394102616, 6394107606, A6394104906, A6394102616 et A6394107606.","og_url":"https:\/\/www.enriquerequena.com\/fr\/tienda-online\/arbre-transmission-cardan\/arbre-transmission-cardan-fourgons\/arbre-de-transmission-mercedes-vito-viano-6394104906-6394102616-6394107606-a6394104906-a6394102616-a6394107606\/","og_site_name":"ENRIQUE REQUENA","article_modified_time":"2024-03-22T18:35:28+00:00","og_image":[{"width":800,"height":800,"url":"https:\/\/www.enriquerequena.com\/wp-content\/uploads\/2023\/07\/transmision-cardan-mercedes-vito-viano-6394104906-6394102616-6394107606-A6394104906-A6394102616-y-A6394107606.png","type":"image\/png"}],"twitter_card":"summary_large_image","twitter_misc":{"Dur\u00e9e de lecture estim\u00e9e":"1 minute"},"schema":{"@context":"https:\/\/schema.org","@graph":[{"@type":"WebPage","@id":"https:\/\/www.enriquerequena.com\/fr\/tienda-online\/arbre-transmission-cardan\/arbre-transmission-cardan-fourgons\/arbre-de-transmission-mercedes-vito-viano-6394104906-6394102616-6394107606-a6394104906-a6394102616-a6394107606\/","url":"https:\/\/www.enriquerequena.com\/fr\/tienda-online\/arbre-transmission-cardan\/arbre-transmission-cardan-fourgons\/arbre-de-transmission-mercedes-vito-viano-6394104906-6394102616-6394107606-a6394104906-a6394102616-a6394107606\/","name":"Arbre de transmission Mercedes Vito Viano 6394104906","isPartOf":{"@id":"https:\/\/www.enriquerequena.com\/fr\/#website"},"primaryImageOfPage":{"@id":"https:\/\/www.enriquerequena.com\/fr\/tienda-online\/arbre-transmission-cardan\/arbre-transmission-cardan-fourgons\/arbre-de-transmission-mercedes-vito-viano-6394104906-6394102616-6394107606-a6394104906-a6394102616-a6394107606\/#primaryimage"},"image":{"@id":"https:\/\/www.enriquerequena.com\/fr\/tienda-online\/arbre-transmission-cardan\/arbre-transmission-cardan-fourgons\/arbre-de-transmission-mercedes-vito-viano-6394104906-6394102616-6394107606-a6394104906-a6394102616-a6394107606\/#primaryimage"},"thumbnailUrl":"https:\/\/www.enriquerequena.com\/wp-content\/uploads\/2023\/07\/transmision-cardan-mercedes-vito-viano-6394104906-6394102616-6394107606-A6394104906-A6394102616-y-A6394107606.png","datePublished":"2023-07-20T11:24:26+00:00","dateModified":"2024-03-22T18:35:28+00:00","description":"Arbre de transmission pour Mercedes Vito Viano avec r\u00e9f\u00e9rences 6394104906, 6394102616, 6394107606, A6394104906, A6394102616 et A6394107606.","breadcrumb":{"@id":"https:\/\/www.enriquerequena.com\/fr\/tienda-online\/arbre-transmission-cardan\/arbre-transmission-cardan-fourgons\/arbre-de-transmission-mercedes-vito-viano-6394104906-6394102616-6394107606-a6394104906-a6394102616-a6394107606\/#breadcrumb"},"inLanguage":"fr-FR","potentialAction":[{"@type":"ReadAction","target":["https:\/\/www.enriquerequena.com\/fr\/tienda-online\/arbre-transmission-cardan\/arbre-transmission-cardan-fourgons\/arbre-de-transmission-mercedes-vito-viano-6394104906-6394102616-6394107606-a6394104906-a6394102616-a6394107606\/"]}]},{"@type":"ImageObject","inLanguage":"fr-FR","@id":"https:\/\/www.enriquerequena.com\/fr\/tienda-online\/arbre-transmission-cardan\/arbre-transmission-cardan-fourgons\/arbre-de-transmission-mercedes-vito-viano-6394104906-6394102616-6394107606-a6394104906-a6394102616-a6394107606\/#primaryimage","url":"https:\/\/www.enriquerequena.com\/wp-content\/uploads\/2023\/07\/transmision-cardan-mercedes-vito-viano-6394104906-6394102616-6394107606-A6394104906-A6394102616-y-A6394107606.png","contentUrl":"https:\/\/www.enriquerequena.com\/wp-content\/uploads\/2023\/07\/transmision-cardan-mercedes-vito-viano-6394104906-6394102616-6394107606-A6394104906-A6394102616-y-A6394107606.png","width":800,"height":800,"caption":"Transmisi\u00f3n cardan para Mercedes Vito y Viano con referencias 6394104906, 6394102616, 6394107606, A6394104906, A6394102616 y A6394107606."},{"@type":"WebSite","@id":"https:\/\/www.enriquerequena.com\/fr\/#website","url":"https:\/\/www.enriquerequena.com\/fr\/","name":"ENRIQUE REQUENA","description":"Sp\u00e9cialistes des transmissions cardan avec des exp\u00e9ditions dans le monde entier et des pi\u00e8ces d\u00e9tach\u00e9es pour voitures, camions et accessoires \u00e0 Valence, en Espagne. Avec vous depuis 1950!","publisher":{"@id":"https:\/\/www.enriquerequena.com\/fr\/#organization"},"potentialAction":[{"@type":"SearchAction","target":{"@type":"EntryPoint","urlTemplate":"https:\/\/www.enriquerequena.com\/fr\/?s={search_term_string}"},"query-input":{"@type":"PropertyValueSpecification","valueRequired":true,"valueName":"search_term_string"}}],"inLanguage":"fr-FR"},{"@type":"Organization","@id":"https:\/\/www.enriquerequena.com\/fr\/#organization","name":"Enrique Requena S.L.","url":"https:\/\/www.enriquerequena.com\/fr\/","logo":{"@type":"ImageObject","inLanguage":"fr-FR","@id":"https:\/\/www.enriquerequena.com\/fr\/#\/schema\/logo\/image\/","url":"https:\/\/www.enriquerequena.com\/wp-content\/uploads\/2019\/11\/enrique-requena-recambios-logotipo.jpg","contentUrl":"https:\/\/www.enriquerequena.com\/wp-content\/uploads\/2019\/11\/enrique-requena-recambios-logotipo.jpg","width":381,"height":75,"caption":"Enrique Requena S.L."},"image":{"@id":"https:\/\/www.enriquerequena.com\/fr\/#\/schema\/logo\/image\/"}}]}},"_links":{"self":[{"href":"https:\/\/www.enriquerequena.com\/fr\/wp-json\/wp\/v2\/product\/27968","targetHints":{"allow":["GET"]}}],"collection":[{"href":"https:\/\/www.enriquerequena.com\/fr\/wp-json\/wp\/v2\/product"}],"about":[{"href":"https:\/\/www.enriquerequena.com\/fr\/wp-json\/wp\/v2\/types\/product"}],"wp:featuredmedia":[{"embeddable":true,"href":"https:\/\/www.enriquerequena.com\/fr\/wp-json\/wp\/v2\/media\/27971"}],"wp:attachment":[{"href":"https:\/\/www.enriquerequena.com\/fr\/wp-json\/wp\/v2\/media?parent=27968"}],"wp:term":[{"taxonomy":"product_brand","embeddable":true,"href":"https:\/\/www.enriquerequena.com\/fr\/wp-json\/wp\/v2\/product_brand?post=27968"},{"taxonomy":"product_cat","embeddable":true,"href":"https:\/\/www.enriquerequena.com\/fr\/wp-json\/wp\/v2\/product_cat?post=27968"},{"taxonomy":"product_tag","embeddable":true,"href":"https:\/\/www.enriquerequena.com\/fr\/wp-json\/wp\/v2\/product_tag?post=27968"}],"curies":[{"name":"wp","href":"https:\/\/api.w.org\/{rel}","templated":true}]}}