{"id":27984,"date":"2023-07-26T16:27:35","date_gmt":"2023-07-26T14:27:35","guid":{"rendered":"https:\/\/www.enriquerequena.com\/?post_type=product&#038;p=27984"},"modified":"2024-03-22T19:35:27","modified_gmt":"2024-03-22T18:35:27","slug":"arbre-de-transmission-porsche-panamera-97042101152-97042101153-97042101154","status":"publish","type":"product","link":"https:\/\/www.enriquerequena.com\/fr\/tienda-online\/arbre-transmission-cardan\/arbre-transmission-cardan-4x4\/arbre-de-transmission-porsche-panamera-97042101152-97042101153-97042101154\/","title":{"rendered":"Arbre de transmission Porsche Panamera &#8211; 97042101152 \/ 97042101153 \/ 97042101154"},"content":{"rendered":"<p><strong>Arbre de transmission pour Porsche Panamera <\/strong>avec r\u00e9f\u00e9rences 97042101152, 97042101153 et 97042101154 est une pi\u00e8ce <strong>neuve et original <\/strong>avec une garantie d\u2019un an.\u00a0C\u2019est le choix le plus \u00e9conomique.<\/p>\n<p>Nous vendons des pi\u00e8ces d\u00e9tach\u00e9es ou pi\u00e8ces de rechange \u00e0 Valence depuis 1950 et nous vendons aussi en ligne dans le monde entier.<\/p>\n<p>N\u00b4h\u00e9sitez pas \u00e0 nous consulter pour d\u00b4autres mod\u00e8les de tout type de v\u00e9hicule. Nous avons une exp\u00e9rience de 70 ans. Nos pi\u00e9ces de rechange sont similaires \u00e0 ceux des OEM avec les meilleurs prix du march\u00e9.<\/p>\n<p>Caract\u00e9ristiques techniques Arbre transmission Porsche Panamera 97042101152:<\/p>\n<ul>\n<li>Pi\u00e8ce de rechange: Arbre de transmission<\/li>\n<li>Mod\u00e8le: Porsche Panamera\n<ul>\n<li>PANAMERA (970) 4.8 Turbo<\/li>\n<li>PANAMERA (970) 4.8 Turbo<\/li>\n<li>PANAMERA (970) 4.8 Turbo<\/li>\n<li>PANAMERA (970) 4.8 Turbo S<\/li>\n<li>PANAMERA (970) 4.8 Turbo S<\/li>\n<\/ul>\n<\/li>\n<li>Etat: <strong>pi\u00e8ce neuve et original<\/strong><\/li>\n<li>Garantie d\u2019un an<\/li>\n<li>\u00c0 plusieurs pi\u00e8ces: \u00e0 deux pi\u00e8ces<\/li>\n<li>Article compl\u00e9mentaire \/ Info compl\u00e9mentaire 2: avec serre-flan<\/li>\n<li>Longueur coque 1: 522 mm<\/li>\n<li>Cercle de percage \u00d8 1: 110 mm<\/li>\n<li>Al\u00e9sage -\u00d81: 12 mm<\/li>\n<li>Nombre de trous 1: 3<\/li>\n<li>Cercle de percage-\u00d8 2: 94 mm<\/li>\n<li>Al\u00e9sage -\u00d82: 10,3 mm<\/li>\n<li>Nombre de trous 2: 6<\/li>\n<li>Tuyau-\u00d8: 85 mm<\/li>\n<li>Diam\u00e8tre ext\u00e9rieur 1: 143 mm<\/li>\n<li>Diam\u00e8tre ext\u00e9rieur 2: 108 mm<\/li>\n<li><strong>R\u00e9f\u00e9rences:<\/strong>\n<ul>\n<li>97042101133<\/li>\n<li>970.421.011.33<\/li>\n<\/ul>\n<\/li>\n<\/ul>\n","protected":false},"excerpt":{"rendered":"<p><strong>Arbre de transmission pour Porsche Panamera <\/strong>avec r\u00e9f\u00e9rences <strong>97042101152, 97042101153 et 97042101154.<\/strong> Est une pi\u00e8ce <strong>neuve et original <\/strong>avec une garantie d\u2019un an.<\/p>\n","protected":false},"featured_media":27987,"template":"","meta":[],"product_brand":[],"product_cat":[144,156],"product_tag":[],"class_list":{"0":"post-27984","1":"product","2":"type-product","3":"status-publish","4":"has-post-thumbnail","6":"product_cat-arbre-transmission-cardan","7":"product_cat-arbre-transmission-cardan-4x4","8":"pa_manufacturer-porsche","9":"pa_tipo-auto","11":"first","12":"instock","13":"taxable","14":"shipping-taxable","15":"purchasable","16":"product-type-simple"},"yoast_head":"<!-- This site is optimized with the Yoast SEO plugin v27.5 - https:\/\/yoast.com\/product\/yoast-seo-wordpress\/ -->\n<title>Transmission Porsche Panamera 97042101152 - ENRIQUE REQUENA<\/title>\n<meta name=\"description\" content=\"Arbre de transmission pour Porsche Panamera avec r\u00e9f\u00e9rences 97042101152, 97042101153 et 97042101154. Est une pi\u00e8ce neuve et original.\" \/>\n<meta name=\"robots\" content=\"index, follow, max-snippet:-1, max-image-preview:large, max-video-preview:-1\" \/>\n<link rel=\"canonical\" href=\"https:\/\/www.enriquerequena.com\/fr\/tienda-online\/arbre-transmission-cardan\/arbre-transmission-cardan-4x4\/arbre-de-transmission-porsche-panamera-97042101152-97042101153-97042101154\/\" \/>\n<meta property=\"og:locale\" content=\"fr_FR\" \/>\n<meta property=\"og:type\" content=\"article\" \/>\n<meta property=\"og:title\" content=\"Transmission Porsche Panamera 97042101152 - ENRIQUE REQUENA\" \/>\n<meta property=\"og:description\" content=\"Arbre de transmission pour Porsche Panamera avec r\u00e9f\u00e9rences 97042101152, 97042101153 et 97042101154. Est une pi\u00e8ce neuve et original.\" \/>\n<meta property=\"og:url\" content=\"https:\/\/www.enriquerequena.com\/fr\/tienda-online\/arbre-transmission-cardan\/arbre-transmission-cardan-4x4\/arbre-de-transmission-porsche-panamera-97042101152-97042101153-97042101154\/\" \/>\n<meta property=\"og:site_name\" content=\"ENRIQUE REQUENA\" \/>\n<meta property=\"article:modified_time\" content=\"2024-03-22T18:35:27+00:00\" \/>\n<meta property=\"og:image\" content=\"https:\/\/www.enriquerequena.com\/wp-content\/uploads\/2023\/07\/transmision-cardan-porsche-panamera-97042101152-97042101153-97042101154.png\" \/>\n\t<meta property=\"og:image:width\" content=\"800\" \/>\n\t<meta property=\"og:image:height\" content=\"800\" \/>\n\t<meta property=\"og:image:type\" content=\"image\/png\" \/>\n<meta name=\"twitter:card\" content=\"summary_large_image\" \/>\n<meta name=\"twitter:label1\" content=\"Dur\u00e9e de lecture estim\u00e9e\" \/>\n\t<meta name=\"twitter:data1\" content=\"1 minute\" \/>\n<script type=\"application\/ld+json\" class=\"yoast-schema-graph\">{\"@context\":\"https:\\\/\\\/schema.org\",\"@graph\":[{\"@type\":\"WebPage\",\"@id\":\"https:\\\/\\\/www.enriquerequena.com\\\/fr\\\/tienda-online\\\/arbre-transmission-cardan\\\/arbre-transmission-cardan-4x4\\\/arbre-de-transmission-porsche-panamera-97042101152-97042101153-97042101154\\\/\",\"url\":\"https:\\\/\\\/www.enriquerequena.com\\\/fr\\\/tienda-online\\\/arbre-transmission-cardan\\\/arbre-transmission-cardan-4x4\\\/arbre-de-transmission-porsche-panamera-97042101152-97042101153-97042101154\\\/\",\"name\":\"Transmission Porsche Panamera 97042101152 - ENRIQUE REQUENA\",\"isPartOf\":{\"@id\":\"https:\\\/\\\/www.enriquerequena.com\\\/fr\\\/#website\"},\"primaryImageOfPage\":{\"@id\":\"https:\\\/\\\/www.enriquerequena.com\\\/fr\\\/tienda-online\\\/arbre-transmission-cardan\\\/arbre-transmission-cardan-4x4\\\/arbre-de-transmission-porsche-panamera-97042101152-97042101153-97042101154\\\/#primaryimage\"},\"image\":{\"@id\":\"https:\\\/\\\/www.enriquerequena.com\\\/fr\\\/tienda-online\\\/arbre-transmission-cardan\\\/arbre-transmission-cardan-4x4\\\/arbre-de-transmission-porsche-panamera-97042101152-97042101153-97042101154\\\/#primaryimage\"},\"thumbnailUrl\":\"https:\\\/\\\/www.enriquerequena.com\\\/wp-content\\\/uploads\\\/2023\\\/07\\\/transmision-cardan-porsche-panamera-97042101152-97042101153-97042101154.png\",\"datePublished\":\"2023-07-26T14:27:35+00:00\",\"dateModified\":\"2024-03-22T18:35:27+00:00\",\"description\":\"Arbre de transmission pour Porsche Panamera avec r\u00e9f\u00e9rences 97042101152, 97042101153 et 97042101154. Est une pi\u00e8ce neuve et original.\",\"breadcrumb\":{\"@id\":\"https:\\\/\\\/www.enriquerequena.com\\\/fr\\\/tienda-online\\\/arbre-transmission-cardan\\\/arbre-transmission-cardan-4x4\\\/arbre-de-transmission-porsche-panamera-97042101152-97042101153-97042101154\\\/#breadcrumb\"},\"inLanguage\":\"fr-FR\",\"potentialAction\":[{\"@type\":\"ReadAction\",\"target\":[\"https:\\\/\\\/www.enriquerequena.com\\\/fr\\\/tienda-online\\\/arbre-transmission-cardan\\\/arbre-transmission-cardan-4x4\\\/arbre-de-transmission-porsche-panamera-97042101152-97042101153-97042101154\\\/\"]}]},{\"@type\":\"ImageObject\",\"inLanguage\":\"fr-FR\",\"@id\":\"https:\\\/\\\/www.enriquerequena.com\\\/fr\\\/tienda-online\\\/arbre-transmission-cardan\\\/arbre-transmission-cardan-4x4\\\/arbre-de-transmission-porsche-panamera-97042101152-97042101153-97042101154\\\/#primaryimage\",\"url\":\"https:\\\/\\\/www.enriquerequena.com\\\/wp-content\\\/uploads\\\/2023\\\/07\\\/transmision-cardan-porsche-panamera-97042101152-97042101153-97042101154.png\",\"contentUrl\":\"https:\\\/\\\/www.enriquerequena.com\\\/wp-content\\\/uploads\\\/2023\\\/07\\\/transmision-cardan-porsche-panamera-97042101152-97042101153-97042101154.png\",\"width\":800,\"height\":800,\"caption\":\"Arbre de transmission pour Porsche Panamera avec r\u00e9f\u00e9rences 97042101152, 97042101153 et 97042101154. Est une pi\u00e8ce neuve et original.\"},{\"@type\":\"WebSite\",\"@id\":\"https:\\\/\\\/www.enriquerequena.com\\\/fr\\\/#website\",\"url\":\"https:\\\/\\\/www.enriquerequena.com\\\/fr\\\/\",\"name\":\"ENRIQUE REQUENA\",\"description\":\"Sp\u00e9cialistes des transmissions cardan avec des exp\u00e9ditions dans le monde entier et des pi\u00e8ces d\u00e9tach\u00e9es pour voitures, camions et accessoires \u00e0 Valence, en Espagne. Avec vous depuis 1950!\",\"publisher\":{\"@id\":\"https:\\\/\\\/www.enriquerequena.com\\\/fr\\\/#organization\"},\"potentialAction\":[{\"@type\":\"SearchAction\",\"target\":{\"@type\":\"EntryPoint\",\"urlTemplate\":\"https:\\\/\\\/www.enriquerequena.com\\\/fr\\\/?s={search_term_string}\"},\"query-input\":{\"@type\":\"PropertyValueSpecification\",\"valueRequired\":true,\"valueName\":\"search_term_string\"}}],\"inLanguage\":\"fr-FR\"},{\"@type\":\"Organization\",\"@id\":\"https:\\\/\\\/www.enriquerequena.com\\\/fr\\\/#organization\",\"name\":\"Enrique Requena S.L.\",\"url\":\"https:\\\/\\\/www.enriquerequena.com\\\/fr\\\/\",\"logo\":{\"@type\":\"ImageObject\",\"inLanguage\":\"fr-FR\",\"@id\":\"https:\\\/\\\/www.enriquerequena.com\\\/fr\\\/#\\\/schema\\\/logo\\\/image\\\/\",\"url\":\"https:\\\/\\\/www.enriquerequena.com\\\/wp-content\\\/uploads\\\/2019\\\/11\\\/enrique-requena-recambios-logotipo.jpg\",\"contentUrl\":\"https:\\\/\\\/www.enriquerequena.com\\\/wp-content\\\/uploads\\\/2019\\\/11\\\/enrique-requena-recambios-logotipo.jpg\",\"width\":381,\"height\":75,\"caption\":\"Enrique Requena S.L.\"},\"image\":{\"@id\":\"https:\\\/\\\/www.enriquerequena.com\\\/fr\\\/#\\\/schema\\\/logo\\\/image\\\/\"}}]}<\/script>\n<!-- \/ Yoast SEO plugin. -->","yoast_head_json":{"title":"Transmission Porsche Panamera 97042101152 - ENRIQUE REQUENA","description":"Arbre de transmission pour Porsche Panamera avec r\u00e9f\u00e9rences 97042101152, 97042101153 et 97042101154. Est une pi\u00e8ce neuve et original.","robots":{"index":"index","follow":"follow","max-snippet":"max-snippet:-1","max-image-preview":"max-image-preview:large","max-video-preview":"max-video-preview:-1"},"canonical":"https:\/\/www.enriquerequena.com\/fr\/tienda-online\/arbre-transmission-cardan\/arbre-transmission-cardan-4x4\/arbre-de-transmission-porsche-panamera-97042101152-97042101153-97042101154\/","og_locale":"fr_FR","og_type":"article","og_title":"Transmission Porsche Panamera 97042101152 - ENRIQUE REQUENA","og_description":"Arbre de transmission pour Porsche Panamera avec r\u00e9f\u00e9rences 97042101152, 97042101153 et 97042101154. Est une pi\u00e8ce neuve et original.","og_url":"https:\/\/www.enriquerequena.com\/fr\/tienda-online\/arbre-transmission-cardan\/arbre-transmission-cardan-4x4\/arbre-de-transmission-porsche-panamera-97042101152-97042101153-97042101154\/","og_site_name":"ENRIQUE REQUENA","article_modified_time":"2024-03-22T18:35:27+00:00","og_image":[{"width":800,"height":800,"url":"https:\/\/www.enriquerequena.com\/wp-content\/uploads\/2023\/07\/transmision-cardan-porsche-panamera-97042101152-97042101153-97042101154.png","type":"image\/png"}],"twitter_card":"summary_large_image","twitter_misc":{"Dur\u00e9e de lecture estim\u00e9e":"1 minute"},"schema":{"@context":"https:\/\/schema.org","@graph":[{"@type":"WebPage","@id":"https:\/\/www.enriquerequena.com\/fr\/tienda-online\/arbre-transmission-cardan\/arbre-transmission-cardan-4x4\/arbre-de-transmission-porsche-panamera-97042101152-97042101153-97042101154\/","url":"https:\/\/www.enriquerequena.com\/fr\/tienda-online\/arbre-transmission-cardan\/arbre-transmission-cardan-4x4\/arbre-de-transmission-porsche-panamera-97042101152-97042101153-97042101154\/","name":"Transmission Porsche Panamera 97042101152 - ENRIQUE REQUENA","isPartOf":{"@id":"https:\/\/www.enriquerequena.com\/fr\/#website"},"primaryImageOfPage":{"@id":"https:\/\/www.enriquerequena.com\/fr\/tienda-online\/arbre-transmission-cardan\/arbre-transmission-cardan-4x4\/arbre-de-transmission-porsche-panamera-97042101152-97042101153-97042101154\/#primaryimage"},"image":{"@id":"https:\/\/www.enriquerequena.com\/fr\/tienda-online\/arbre-transmission-cardan\/arbre-transmission-cardan-4x4\/arbre-de-transmission-porsche-panamera-97042101152-97042101153-97042101154\/#primaryimage"},"thumbnailUrl":"https:\/\/www.enriquerequena.com\/wp-content\/uploads\/2023\/07\/transmision-cardan-porsche-panamera-97042101152-97042101153-97042101154.png","datePublished":"2023-07-26T14:27:35+00:00","dateModified":"2024-03-22T18:35:27+00:00","description":"Arbre de transmission pour Porsche Panamera avec r\u00e9f\u00e9rences 97042101152, 97042101153 et 97042101154. Est une pi\u00e8ce neuve et original.","breadcrumb":{"@id":"https:\/\/www.enriquerequena.com\/fr\/tienda-online\/arbre-transmission-cardan\/arbre-transmission-cardan-4x4\/arbre-de-transmission-porsche-panamera-97042101152-97042101153-97042101154\/#breadcrumb"},"inLanguage":"fr-FR","potentialAction":[{"@type":"ReadAction","target":["https:\/\/www.enriquerequena.com\/fr\/tienda-online\/arbre-transmission-cardan\/arbre-transmission-cardan-4x4\/arbre-de-transmission-porsche-panamera-97042101152-97042101153-97042101154\/"]}]},{"@type":"ImageObject","inLanguage":"fr-FR","@id":"https:\/\/www.enriquerequena.com\/fr\/tienda-online\/arbre-transmission-cardan\/arbre-transmission-cardan-4x4\/arbre-de-transmission-porsche-panamera-97042101152-97042101153-97042101154\/#primaryimage","url":"https:\/\/www.enriquerequena.com\/wp-content\/uploads\/2023\/07\/transmision-cardan-porsche-panamera-97042101152-97042101153-97042101154.png","contentUrl":"https:\/\/www.enriquerequena.com\/wp-content\/uploads\/2023\/07\/transmision-cardan-porsche-panamera-97042101152-97042101153-97042101154.png","width":800,"height":800,"caption":"Arbre de transmission pour Porsche Panamera avec r\u00e9f\u00e9rences 97042101152, 97042101153 et 97042101154. Est une pi\u00e8ce neuve et original."},{"@type":"WebSite","@id":"https:\/\/www.enriquerequena.com\/fr\/#website","url":"https:\/\/www.enriquerequena.com\/fr\/","name":"ENRIQUE REQUENA","description":"Sp\u00e9cialistes des transmissions cardan avec des exp\u00e9ditions dans le monde entier et des pi\u00e8ces d\u00e9tach\u00e9es pour voitures, camions et accessoires \u00e0 Valence, en Espagne. Avec vous depuis 1950!","publisher":{"@id":"https:\/\/www.enriquerequena.com\/fr\/#organization"},"potentialAction":[{"@type":"SearchAction","target":{"@type":"EntryPoint","urlTemplate":"https:\/\/www.enriquerequena.com\/fr\/?s={search_term_string}"},"query-input":{"@type":"PropertyValueSpecification","valueRequired":true,"valueName":"search_term_string"}}],"inLanguage":"fr-FR"},{"@type":"Organization","@id":"https:\/\/www.enriquerequena.com\/fr\/#organization","name":"Enrique Requena S.L.","url":"https:\/\/www.enriquerequena.com\/fr\/","logo":{"@type":"ImageObject","inLanguage":"fr-FR","@id":"https:\/\/www.enriquerequena.com\/fr\/#\/schema\/logo\/image\/","url":"https:\/\/www.enriquerequena.com\/wp-content\/uploads\/2019\/11\/enrique-requena-recambios-logotipo.jpg","contentUrl":"https:\/\/www.enriquerequena.com\/wp-content\/uploads\/2019\/11\/enrique-requena-recambios-logotipo.jpg","width":381,"height":75,"caption":"Enrique Requena S.L."},"image":{"@id":"https:\/\/www.enriquerequena.com\/fr\/#\/schema\/logo\/image\/"}}]}},"_links":{"self":[{"href":"https:\/\/www.enriquerequena.com\/fr\/wp-json\/wp\/v2\/product\/27984","targetHints":{"allow":["GET"]}}],"collection":[{"href":"https:\/\/www.enriquerequena.com\/fr\/wp-json\/wp\/v2\/product"}],"about":[{"href":"https:\/\/www.enriquerequena.com\/fr\/wp-json\/wp\/v2\/types\/product"}],"wp:featuredmedia":[{"embeddable":true,"href":"https:\/\/www.enriquerequena.com\/fr\/wp-json\/wp\/v2\/media\/27987"}],"wp:attachment":[{"href":"https:\/\/www.enriquerequena.com\/fr\/wp-json\/wp\/v2\/media?parent=27984"}],"wp:term":[{"taxonomy":"product_brand","embeddable":true,"href":"https:\/\/www.enriquerequena.com\/fr\/wp-json\/wp\/v2\/product_brand?post=27984"},{"taxonomy":"product_cat","embeddable":true,"href":"https:\/\/www.enriquerequena.com\/fr\/wp-json\/wp\/v2\/product_cat?post=27984"},{"taxonomy":"product_tag","embeddable":true,"href":"https:\/\/www.enriquerequena.com\/fr\/wp-json\/wp\/v2\/product_tag?post=27984"}],"curies":[{"name":"wp","href":"https:\/\/api.w.org\/{rel}","templated":true}]}}