{"id":3012,"date":"2016-03-12T14:24:09","date_gmt":"2016-03-12T14:24:09","guid":{"rendered":"https:\/\/www.enriquerequena.com\/?post_type=product&#038;p=3012"},"modified":"2026-02-12T12:49:49","modified_gmt":"2026-02-12T11:49:49","slug":"arbre-de-transmission-a-cardan-mercedes-vito-viano-a6394103206","status":"publish","type":"product","link":"https:\/\/www.enriquerequena.com\/fr\/tienda-online\/arbre-transmission-cardan\/arbre-transmission-cardan-fourgons\/arbre-de-transmission-a-cardan-mercedes-vito-viano-a6394103206\/","title":{"rendered":"Arbre de transmission \u00e0 cardan Mercedes Vito Viano A6394103206"},"content":{"rendered":"<p style=\"text-align: justify;\"><span style=\"color: #666699;\">Arbre de transmission \u00e0 cardan pour Mercedes Vito or Viano avec r\u00e9f\u00e9rence A6934103206 est une transmission \u00e0 cardan de Mercedes neuve avec une garantie d&rsquo;un an. C&rsquo;est le choix le plus \u00e9conomique.<\/span><\/p>\n<p style=\"text-align: justify;\"><span style=\"color: #666699;\">Nos transmissions \u00e1 cardan pour Mercedes Vito or Viano sont d&rsquo;origine, \u00e0 moiti\u00e9 prix parce que nous sommes distribuiteurs de transmissions \u00e1 cardan GKN, premier fabricant de ce composant en premi\u00e8re \u00e9quipe, c&rsquo;est pour cette raison que nous avons les m\u00eames arbres \u00e1 cardan d&rsquo;origine aux meilleurs prix du march\u00e9.<\/span><\/p>\n<p style=\"text-align: justify;\"><span style=\"color: #666699;\">A6934103206 est disponible pour Mercedes Vito or Viano. Nous vendons des pi\u00e8ces d\u00e9tach\u00e9es ou pi\u00e8ces de rechange pour camionnettes \u00e0 Valence depuis 1950 et nous vendons aussi en ligne dans le monde entier.<\/span><\/p>\n<p style=\"text-align: justify;\"><span style=\"color: #666699;\">N\u00b4h\u00e9sitez pas \u00e0 nous consulter pour d\u00b4autres mod\u00e8les de transmission \u00e0 cardan de tout type de v\u00e9hicule. Nous avons une exp\u00e9rience de 68 ans dans le commerce de transmissions \u00e0 cardan et connaissons tr\u00e8s bien le sujet.<\/span><\/p>\n<p style=\"text-align: justify;\"><span style=\"color: #666699;\">Caract\u00e9ristiques techniques:<\/span><\/p>\n<p style=\"text-align: justify;\"><span style=\"color: #666699;\">&#8211; Pi\u00e8ce de rechange: arbre de transmission \u00e0 cardan<\/span><\/p>\n<p style=\"text-align: justify;\"><span style=\"color: #666699;\">&#8211; Mod\u00e8le: Mercedes Vito or Mercedes Viano<\/span><\/p>\n<p style=\"text-align: justify;\"><span style=\"color: #666699;\">&#8211; Num\u00e9ro de r\u00e9f\u00e9rence: A6934103206<\/span><\/p>\n<p style=\"text-align: justify;\"><span style=\"color: #666699;\">&#8211; Marque: GKN<\/span><\/p>\n<p style=\"text-align: justify;\"><span style=\"color: #666699;\">&#8211; Etat: pi\u00e8ce neuve<\/span><\/p>\n<p style=\"text-align: justify;\"><span style=\"color: #666699;\">&#8211; Garantie d&rsquo;un an<\/span><\/p>\n","protected":false},"excerpt":{"rendered":"<p>Arbre de transmission \u00e0 cardan pour Mercedes Vito or Mercedes Viano avec r\u00e9f\u00e9rence A6934103206 nouveau \u00e0 vendre en ligne.<\/p>\n","protected":false},"featured_media":3013,"template":"","meta":[],"product_brand":[119],"product_cat":[144,159],"product_tag":[],"class_list":{"0":"post-3012","1":"product","2":"type-product","3":"status-publish","4":"has-post-thumbnail","6":"product_brand-mercedes-benz","7":"product_cat-arbre-transmission-cardan","8":"product_cat-arbre-transmission-cardan-fourgons","9":"pa_manufacturer-mercedes-benz","10":"pa_tipo-fourgons-et-vehicules-legers","12":"first","13":"instock","14":"taxable","15":"shipping-taxable","16":"purchasable","17":"product-type-simple"},"yoast_head":"<!-- This site is optimized with the Yoast SEO plugin v27.5 - https:\/\/yoast.com\/product\/yoast-seo-wordpress\/ -->\n<title>Arbre de transmission \u00e0 cardan Mercedes Vito Viano A6934103206<\/title>\n<meta name=\"description\" content=\"Vous pouvez acheter Arbre de transmission \u00e0 cardan avec r\u00e9f\u00e9rence A6934103206 GKN pour Mercedes Vito Viano au meilleur prix. Nous vendons au monde entier.\" \/>\n<meta name=\"robots\" content=\"index, follow, max-snippet:-1, max-image-preview:large, max-video-preview:-1\" \/>\n<link rel=\"canonical\" href=\"https:\/\/www.enriquerequena.com\/fr\/tienda-online\/arbre-transmission-cardan\/arbre-transmission-cardan-fourgons\/arbre-de-transmission-a-cardan-mercedes-vito-viano-a6394103206\/\" \/>\n<meta property=\"og:locale\" content=\"fr_FR\" \/>\n<meta property=\"og:type\" content=\"article\" \/>\n<meta property=\"og:title\" content=\"Arbre de transmission \u00e0 cardan Mercedes Vito Viano A6934103206\" \/>\n<meta property=\"og:description\" content=\"Vous pouvez acheter Arbre de transmission \u00e0 cardan avec r\u00e9f\u00e9rence A6934103206 GKN pour Mercedes Vito Viano au meilleur prix. Nous vendons au monde entier.\" \/>\n<meta property=\"og:url\" content=\"https:\/\/www.enriquerequena.com\/fr\/tienda-online\/arbre-transmission-cardan\/arbre-transmission-cardan-fourgons\/arbre-de-transmission-a-cardan-mercedes-vito-viano-a6394103206\/\" \/>\n<meta property=\"og:site_name\" content=\"ENRIQUE REQUENA\" \/>\n<meta property=\"article:modified_time\" content=\"2026-02-12T11:49:49+00:00\" \/>\n<meta property=\"og:image\" content=\"https:\/\/www.enriquerequena.com\/wp-content\/uploads\/2019\/10\/products-A6394103006-6394103006TRANSMISION-CARDAN-ARBRE-DE-TRANSMISSION-PROPSHAFT-MERCEDES-VITO-9-2.jpg\" \/>\n\t<meta property=\"og:image:width\" content=\"800\" \/>\n\t<meta property=\"og:image:height\" content=\"800\" \/>\n\t<meta property=\"og:image:type\" content=\"image\/jpeg\" \/>\n<meta name=\"twitter:card\" content=\"summary_large_image\" \/>\n<meta name=\"twitter:label1\" content=\"Dur\u00e9e de lecture estim\u00e9e\" \/>\n\t<meta name=\"twitter:data1\" content=\"1 minute\" \/>\n<script type=\"application\/ld+json\" class=\"yoast-schema-graph\">{\"@context\":\"https:\\\/\\\/schema.org\",\"@graph\":[{\"@type\":\"WebPage\",\"@id\":\"https:\\\/\\\/www.enriquerequena.com\\\/fr\\\/tienda-online\\\/arbre-transmission-cardan\\\/arbre-transmission-cardan-fourgons\\\/arbre-de-transmission-a-cardan-mercedes-vito-viano-a6394103206\\\/\",\"url\":\"https:\\\/\\\/www.enriquerequena.com\\\/fr\\\/tienda-online\\\/arbre-transmission-cardan\\\/arbre-transmission-cardan-fourgons\\\/arbre-de-transmission-a-cardan-mercedes-vito-viano-a6394103206\\\/\",\"name\":\"Arbre de transmission \u00e0 cardan Mercedes Vito Viano A6934103206\",\"isPartOf\":{\"@id\":\"https:\\\/\\\/www.enriquerequena.com\\\/fr\\\/#website\"},\"primaryImageOfPage\":{\"@id\":\"https:\\\/\\\/www.enriquerequena.com\\\/fr\\\/tienda-online\\\/arbre-transmission-cardan\\\/arbre-transmission-cardan-fourgons\\\/arbre-de-transmission-a-cardan-mercedes-vito-viano-a6394103206\\\/#primaryimage\"},\"image\":{\"@id\":\"https:\\\/\\\/www.enriquerequena.com\\\/fr\\\/tienda-online\\\/arbre-transmission-cardan\\\/arbre-transmission-cardan-fourgons\\\/arbre-de-transmission-a-cardan-mercedes-vito-viano-a6394103206\\\/#primaryimage\"},\"thumbnailUrl\":\"https:\\\/\\\/www.enriquerequena.com\\\/wp-content\\\/uploads\\\/2019\\\/10\\\/products-A6394103006-6394103006TRANSMISION-CARDAN-ARBRE-DE-TRANSMISSION-PROPSHAFT-MERCEDES-VITO-9-2.jpg\",\"datePublished\":\"2016-03-12T14:24:09+00:00\",\"dateModified\":\"2026-02-12T11:49:49+00:00\",\"description\":\"Vous pouvez acheter Arbre de transmission \u00e0 cardan avec r\u00e9f\u00e9rence A6934103206 GKN pour Mercedes Vito Viano au meilleur prix. Nous vendons au monde entier.\",\"breadcrumb\":{\"@id\":\"https:\\\/\\\/www.enriquerequena.com\\\/fr\\\/tienda-online\\\/arbre-transmission-cardan\\\/arbre-transmission-cardan-fourgons\\\/arbre-de-transmission-a-cardan-mercedes-vito-viano-a6394103206\\\/#breadcrumb\"},\"inLanguage\":\"fr-FR\",\"potentialAction\":[{\"@type\":\"ReadAction\",\"target\":[\"https:\\\/\\\/www.enriquerequena.com\\\/fr\\\/tienda-online\\\/arbre-transmission-cardan\\\/arbre-transmission-cardan-fourgons\\\/arbre-de-transmission-a-cardan-mercedes-vito-viano-a6394103206\\\/\"]}]},{\"@type\":\"ImageObject\",\"inLanguage\":\"fr-FR\",\"@id\":\"https:\\\/\\\/www.enriquerequena.com\\\/fr\\\/tienda-online\\\/arbre-transmission-cardan\\\/arbre-transmission-cardan-fourgons\\\/arbre-de-transmission-a-cardan-mercedes-vito-viano-a6394103206\\\/#primaryimage\",\"url\":\"https:\\\/\\\/www.enriquerequena.com\\\/wp-content\\\/uploads\\\/2019\\\/10\\\/products-A6394103006-6394103006TRANSMISION-CARDAN-ARBRE-DE-TRANSMISSION-PROPSHAFT-MERCEDES-VITO-9-2.jpg\",\"contentUrl\":\"https:\\\/\\\/www.enriquerequena.com\\\/wp-content\\\/uploads\\\/2019\\\/10\\\/products-A6394103006-6394103006TRANSMISION-CARDAN-ARBRE-DE-TRANSMISSION-PROPSHAFT-MERCEDES-VITO-9-2.jpg\",\"width\":800,\"height\":800,\"caption\":\"A6394103206, 6394103206, TRANSMISION, CARDAN, ARBRE DE TRANSMISSION, PROPSHAFT, MERCEDES VITO\"},{\"@type\":\"WebSite\",\"@id\":\"https:\\\/\\\/www.enriquerequena.com\\\/fr\\\/#website\",\"url\":\"https:\\\/\\\/www.enriquerequena.com\\\/fr\\\/\",\"name\":\"ENRIQUE REQUENA\",\"description\":\"Sp\u00e9cialistes des transmissions cardan avec des exp\u00e9ditions dans le monde entier et des pi\u00e8ces d\u00e9tach\u00e9es pour voitures, camions et accessoires \u00e0 Valence, en Espagne. Avec vous depuis 1950!\",\"publisher\":{\"@id\":\"https:\\\/\\\/www.enriquerequena.com\\\/fr\\\/#organization\"},\"potentialAction\":[{\"@type\":\"SearchAction\",\"target\":{\"@type\":\"EntryPoint\",\"urlTemplate\":\"https:\\\/\\\/www.enriquerequena.com\\\/fr\\\/?s={search_term_string}\"},\"query-input\":{\"@type\":\"PropertyValueSpecification\",\"valueRequired\":true,\"valueName\":\"search_term_string\"}}],\"inLanguage\":\"fr-FR\"},{\"@type\":\"Organization\",\"@id\":\"https:\\\/\\\/www.enriquerequena.com\\\/fr\\\/#organization\",\"name\":\"Enrique Requena S.L.\",\"url\":\"https:\\\/\\\/www.enriquerequena.com\\\/fr\\\/\",\"logo\":{\"@type\":\"ImageObject\",\"inLanguage\":\"fr-FR\",\"@id\":\"https:\\\/\\\/www.enriquerequena.com\\\/fr\\\/#\\\/schema\\\/logo\\\/image\\\/\",\"url\":\"https:\\\/\\\/www.enriquerequena.com\\\/wp-content\\\/uploads\\\/2019\\\/11\\\/enrique-requena-recambios-logotipo.jpg\",\"contentUrl\":\"https:\\\/\\\/www.enriquerequena.com\\\/wp-content\\\/uploads\\\/2019\\\/11\\\/enrique-requena-recambios-logotipo.jpg\",\"width\":381,\"height\":75,\"caption\":\"Enrique Requena S.L.\"},\"image\":{\"@id\":\"https:\\\/\\\/www.enriquerequena.com\\\/fr\\\/#\\\/schema\\\/logo\\\/image\\\/\"}}]}<\/script>\n<!-- \/ Yoast SEO plugin. -->","yoast_head_json":{"title":"Arbre de transmission \u00e0 cardan Mercedes Vito Viano A6934103206","description":"Vous pouvez acheter Arbre de transmission \u00e0 cardan avec r\u00e9f\u00e9rence A6934103206 GKN pour Mercedes Vito Viano au meilleur prix. Nous vendons au monde entier.","robots":{"index":"index","follow":"follow","max-snippet":"max-snippet:-1","max-image-preview":"max-image-preview:large","max-video-preview":"max-video-preview:-1"},"canonical":"https:\/\/www.enriquerequena.com\/fr\/tienda-online\/arbre-transmission-cardan\/arbre-transmission-cardan-fourgons\/arbre-de-transmission-a-cardan-mercedes-vito-viano-a6394103206\/","og_locale":"fr_FR","og_type":"article","og_title":"Arbre de transmission \u00e0 cardan Mercedes Vito Viano A6934103206","og_description":"Vous pouvez acheter Arbre de transmission \u00e0 cardan avec r\u00e9f\u00e9rence A6934103206 GKN pour Mercedes Vito Viano au meilleur prix. Nous vendons au monde entier.","og_url":"https:\/\/www.enriquerequena.com\/fr\/tienda-online\/arbre-transmission-cardan\/arbre-transmission-cardan-fourgons\/arbre-de-transmission-a-cardan-mercedes-vito-viano-a6394103206\/","og_site_name":"ENRIQUE REQUENA","article_modified_time":"2026-02-12T11:49:49+00:00","og_image":[{"width":800,"height":800,"url":"https:\/\/www.enriquerequena.com\/wp-content\/uploads\/2019\/10\/products-A6394103006-6394103006TRANSMISION-CARDAN-ARBRE-DE-TRANSMISSION-PROPSHAFT-MERCEDES-VITO-9-2.jpg","type":"image\/jpeg"}],"twitter_card":"summary_large_image","twitter_misc":{"Dur\u00e9e de lecture estim\u00e9e":"1 minute"},"schema":{"@context":"https:\/\/schema.org","@graph":[{"@type":"WebPage","@id":"https:\/\/www.enriquerequena.com\/fr\/tienda-online\/arbre-transmission-cardan\/arbre-transmission-cardan-fourgons\/arbre-de-transmission-a-cardan-mercedes-vito-viano-a6394103206\/","url":"https:\/\/www.enriquerequena.com\/fr\/tienda-online\/arbre-transmission-cardan\/arbre-transmission-cardan-fourgons\/arbre-de-transmission-a-cardan-mercedes-vito-viano-a6394103206\/","name":"Arbre de transmission \u00e0 cardan Mercedes Vito Viano A6934103206","isPartOf":{"@id":"https:\/\/www.enriquerequena.com\/fr\/#website"},"primaryImageOfPage":{"@id":"https:\/\/www.enriquerequena.com\/fr\/tienda-online\/arbre-transmission-cardan\/arbre-transmission-cardan-fourgons\/arbre-de-transmission-a-cardan-mercedes-vito-viano-a6394103206\/#primaryimage"},"image":{"@id":"https:\/\/www.enriquerequena.com\/fr\/tienda-online\/arbre-transmission-cardan\/arbre-transmission-cardan-fourgons\/arbre-de-transmission-a-cardan-mercedes-vito-viano-a6394103206\/#primaryimage"},"thumbnailUrl":"https:\/\/www.enriquerequena.com\/wp-content\/uploads\/2019\/10\/products-A6394103006-6394103006TRANSMISION-CARDAN-ARBRE-DE-TRANSMISSION-PROPSHAFT-MERCEDES-VITO-9-2.jpg","datePublished":"2016-03-12T14:24:09+00:00","dateModified":"2026-02-12T11:49:49+00:00","description":"Vous pouvez acheter Arbre de transmission \u00e0 cardan avec r\u00e9f\u00e9rence A6934103206 GKN pour Mercedes Vito Viano au meilleur prix. Nous vendons au monde entier.","breadcrumb":{"@id":"https:\/\/www.enriquerequena.com\/fr\/tienda-online\/arbre-transmission-cardan\/arbre-transmission-cardan-fourgons\/arbre-de-transmission-a-cardan-mercedes-vito-viano-a6394103206\/#breadcrumb"},"inLanguage":"fr-FR","potentialAction":[{"@type":"ReadAction","target":["https:\/\/www.enriquerequena.com\/fr\/tienda-online\/arbre-transmission-cardan\/arbre-transmission-cardan-fourgons\/arbre-de-transmission-a-cardan-mercedes-vito-viano-a6394103206\/"]}]},{"@type":"ImageObject","inLanguage":"fr-FR","@id":"https:\/\/www.enriquerequena.com\/fr\/tienda-online\/arbre-transmission-cardan\/arbre-transmission-cardan-fourgons\/arbre-de-transmission-a-cardan-mercedes-vito-viano-a6394103206\/#primaryimage","url":"https:\/\/www.enriquerequena.com\/wp-content\/uploads\/2019\/10\/products-A6394103006-6394103006TRANSMISION-CARDAN-ARBRE-DE-TRANSMISSION-PROPSHAFT-MERCEDES-VITO-9-2.jpg","contentUrl":"https:\/\/www.enriquerequena.com\/wp-content\/uploads\/2019\/10\/products-A6394103006-6394103006TRANSMISION-CARDAN-ARBRE-DE-TRANSMISSION-PROPSHAFT-MERCEDES-VITO-9-2.jpg","width":800,"height":800,"caption":"A6394103206, 6394103206, TRANSMISION, CARDAN, ARBRE DE TRANSMISSION, PROPSHAFT, MERCEDES VITO"},{"@type":"WebSite","@id":"https:\/\/www.enriquerequena.com\/fr\/#website","url":"https:\/\/www.enriquerequena.com\/fr\/","name":"ENRIQUE REQUENA","description":"Sp\u00e9cialistes des transmissions cardan avec des exp\u00e9ditions dans le monde entier et des pi\u00e8ces d\u00e9tach\u00e9es pour voitures, camions et accessoires \u00e0 Valence, en Espagne. Avec vous depuis 1950!","publisher":{"@id":"https:\/\/www.enriquerequena.com\/fr\/#organization"},"potentialAction":[{"@type":"SearchAction","target":{"@type":"EntryPoint","urlTemplate":"https:\/\/www.enriquerequena.com\/fr\/?s={search_term_string}"},"query-input":{"@type":"PropertyValueSpecification","valueRequired":true,"valueName":"search_term_string"}}],"inLanguage":"fr-FR"},{"@type":"Organization","@id":"https:\/\/www.enriquerequena.com\/fr\/#organization","name":"Enrique Requena S.L.","url":"https:\/\/www.enriquerequena.com\/fr\/","logo":{"@type":"ImageObject","inLanguage":"fr-FR","@id":"https:\/\/www.enriquerequena.com\/fr\/#\/schema\/logo\/image\/","url":"https:\/\/www.enriquerequena.com\/wp-content\/uploads\/2019\/11\/enrique-requena-recambios-logotipo.jpg","contentUrl":"https:\/\/www.enriquerequena.com\/wp-content\/uploads\/2019\/11\/enrique-requena-recambios-logotipo.jpg","width":381,"height":75,"caption":"Enrique Requena S.L."},"image":{"@id":"https:\/\/www.enriquerequena.com\/fr\/#\/schema\/logo\/image\/"}}]}},"_links":{"self":[{"href":"https:\/\/www.enriquerequena.com\/fr\/wp-json\/wp\/v2\/product\/3012","targetHints":{"allow":["GET"]}}],"collection":[{"href":"https:\/\/www.enriquerequena.com\/fr\/wp-json\/wp\/v2\/product"}],"about":[{"href":"https:\/\/www.enriquerequena.com\/fr\/wp-json\/wp\/v2\/types\/product"}],"wp:featuredmedia":[{"embeddable":true,"href":"https:\/\/www.enriquerequena.com\/fr\/wp-json\/wp\/v2\/media\/3013"}],"wp:attachment":[{"href":"https:\/\/www.enriquerequena.com\/fr\/wp-json\/wp\/v2\/media?parent=3012"}],"wp:term":[{"taxonomy":"product_brand","embeddable":true,"href":"https:\/\/www.enriquerequena.com\/fr\/wp-json\/wp\/v2\/product_brand?post=3012"},{"taxonomy":"product_cat","embeddable":true,"href":"https:\/\/www.enriquerequena.com\/fr\/wp-json\/wp\/v2\/product_cat?post=3012"},{"taxonomy":"product_tag","embeddable":true,"href":"https:\/\/www.enriquerequena.com\/fr\/wp-json\/wp\/v2\/product_tag?post=3012"}],"curies":[{"name":"wp","href":"https:\/\/api.w.org\/{rel}","templated":true}]}}