{"id":3063,"date":"2016-04-16T17:30:42","date_gmt":"2016-04-16T17:30:42","guid":{"rendered":"https:\/\/www.enriquerequena.com\/?post_type=product&#038;p=3063"},"modified":"2023-02-07T16:59:49","modified_gmt":"2023-02-07T15:59:49","slug":"arbre-de-transmission-porsche-cayenne-95542102013-7l6521102g-7l0521102b-d-g","status":"publish","type":"product","link":"https:\/\/www.enriquerequena.com\/fr\/tienda-online\/arbre-transmission-cardan\/arbre-transmission-cardan-4x4\/arbre-de-transmission-porsche-cayenne-95542102013-7l6521102g-7l0521102b-d-g\/","title":{"rendered":"Arbre de transmission Porsche Cayenne 95542102013  7L6521102G  7L0521102B\/D\/G"},"content":{"rendered":"<p><span style=\"color: #3366ff;\">Arbre de transmission \u00e0 cardan pour Porsche Cayenne avec r\u00e9f\u00e9rences 95542102013 &#8211; 7L6521102G &#8211; 7L0521102B\/D\/G est une transmission \u00e0 cardan de Porsche GKN neuve avec une garantie d&rsquo;un an. C&rsquo;est le choix le plus \u00e9conomique<\/span><\/p>\n<p><span style=\"color: #3366ff;\">Nos transmissions \u00e1 cardan pour Porsche Cayenne sont d&rsquo;origine, \u00e0 moiti\u00e9 prix parce que nous sommes distribuiteurs de transmissions \u00e1 cardan GKN, premier fabricant de ce composant en premi\u00e8re \u00e9quipe, c&rsquo;est pour cette raison que nous avons les m\u00eames arbres \u00e1 cardan d&rsquo;origine aux meilleurs prix du march\u00e9.<\/span><\/p>\n<p><span style=\"color: #3366ff;\">95542102013 &#8211; 7L6521102G &#8211; 7L0521102B\/D\/G est disponible pour Porsche Cayenne. Nous vendons des pi\u00e8ces d\u00e9tach\u00e9es ou pi\u00e8ces de rechange pour v\u00e9hicules 4&#215;4 \u00e0 Valence depuis 1950 et nous vendons aussi en ligne dans le monde entier.<\/span><\/p>\n<p><span style=\"color: #3366ff;\">N\u00b4h\u00e9sitez pas \u00e0 nous consulter pour d\u00b4autres mod\u00e8les de transmission \u00e0 cardan de tout type de v\u00e9hicule. Nous avons une exp\u00e9rience de 68 ans dans le commerce de transmissions \u00e0 cardan et connaissons tr\u00e8s bien le sujet.<\/span><\/p>\n<ul>\n<li>\n<h6><span class=\"lf\">C\u00f4t\u00e9 d\u2019assemblage:\u00a0<\/span><span class=\"rg\">arri\u00e8re<\/span><\/h6>\n<\/li>\n<li>\n<h6><span class=\"lf\">\u00e0 plusieurs pi\u00e8ces:\u00a0<\/span><span class=\"rg\">\u00e0 deux pi\u00e8ces<\/span><\/h6>\n<\/li>\n<li>\n<h6><span class=\"lf\">Article compl\u00e9mentaire \/ Info compl\u00e9mentaire 2:\u00a0<\/span><span class=\"rg\">avec serre-flan<\/span><\/h6>\n<\/li>\n<li>\n<h6><span class=\"lf\">Cercle de percage -\u00d8 1 [mm]:\u00a0<\/span><span class=\"rg\">110,00<\/span><\/h6>\n<\/li>\n<li>\n<h6><span class=\"lf\">Al\u00e9sage-\u00d8 1 [mm]:\u00a0<\/span><span class=\"rg\">12,15<\/span><\/h6>\n<\/li>\n<li>\n<h6><span class=\"lf\">Nombre de trous 1:\u00a0<\/span><span class=\"rg\">6<\/span><\/h6>\n<\/li>\n<li>\n<h6><span class=\"lf\">Cercle de percage -\u00d8 2 [mm]:\u00a0<\/span><span class=\"rg\">86,00<\/span><\/h6>\n<\/li>\n<li>\n<h6><span class=\"lf\">Al\u00e9sage-\u00d8 2 [mm]:\u00a0<\/span><span class=\"rg\">10,20<\/span><\/h6>\n<\/li>\n<li>\n<h6><span class=\"lf\">Nombre de trous 2:\u00a0<\/span><span class=\"rg\">6<\/span><\/h6>\n<\/li>\n<li>\n<h6><span class=\"lf\">Diam\u00e8tre ext\u00e9rieur 2 [mm]:\u00a0<\/span><span class=\"rg\">99,47<\/span><\/h6>\n<\/li>\n<li>\n<h6><span class=\"lf\">Echange standard<\/span><\/h6>\n<\/li>\n<li>\n<h6><strong>Prix: 395 +IVA<\/strong><\/h6>\n<\/li>\n<li>\n<h6><span class=\"lf\">Diam\u00e8tre [mm]:\u00a0<\/span><span class=\"rg\">151,00<\/span><\/h6>\n<\/li>\n<li>\n<h6>R\u00e9f\u00e9rences: 95542102013 7L6521102G 7L0521102B\/D\/G<\/h6>\n<\/li>\n<li>\n<h6><span class=\"lc\">L\u2019\u00e9tat:\u00a0<\/span><span class=\"rc\">Neuf<\/span><\/h6>\n<\/li>\n<li>\n<h6>Longeur: 1246mm<\/h6>\n<\/li>\n<\/ul>\n","protected":false},"excerpt":{"rendered":"<p>Arbre de transmission pour Porsche Cayenne avec r\u00e9f\u00e9rences 95542102013 7L6521102G 7L0521102B\/D\/G est une transmission de Porsche <strong>GKN, neuve et original<\/strong>\u00a0avec\u00a0<strong>une garantie d\u2019un an<\/strong>. C\u2019est le choix le plus \u00e9conomique<\/p>\n","protected":false},"featured_media":3064,"template":"","meta":[],"product_brand":[133],"product_cat":[144,156],"product_tag":[],"class_list":{"0":"post-3063","1":"product","2":"type-product","3":"status-publish","4":"has-post-thumbnail","6":"product_brand-porsche","7":"product_cat-arbre-transmission-cardan","8":"product_cat-arbre-transmission-cardan-4x4","9":"pa_manufacturer-porsche","10":"pa_tipo-4x4","12":"first","13":"instock","14":"taxable","15":"shipping-taxable","16":"purchasable","17":"product-type-simple"},"yoast_head":"<!-- This site is optimized with the Yoast SEO plugin v27.5 - https:\/\/yoast.com\/product\/yoast-seo-wordpress\/ -->\n<title>Arbre de transmission Porsche Cayenne 95542102013 7L6521102G 7L0521102B\/D\/G<\/title>\n<meta name=\"description\" content=\"Arbre de transmission Porsche Cayenne 95542102013 7L6521102G 7L0521102B\/D\/G origine pour Porsche Cayenne au meilleur prix ici.\" \/>\n<meta name=\"robots\" content=\"index, follow, max-snippet:-1, max-image-preview:large, max-video-preview:-1\" \/>\n<link rel=\"canonical\" href=\"https:\/\/www.enriquerequena.com\/fr\/tienda-online\/arbre-transmission-cardan\/arbre-transmission-cardan-4x4\/arbre-de-transmission-porsche-cayenne-95542102013-7l6521102g-7l0521102b-d-g\/\" \/>\n<meta property=\"og:locale\" content=\"fr_FR\" \/>\n<meta property=\"og:type\" content=\"article\" \/>\n<meta property=\"og:title\" content=\"Arbre de transmission Porsche Cayenne 95542102013 7L6521102G 7L0521102B\/D\/G\" \/>\n<meta property=\"og:description\" content=\"Arbre de transmission Porsche Cayenne 95542102013 7L6521102G 7L0521102B\/D\/G origine pour Porsche Cayenne au meilleur prix ici.\" \/>\n<meta property=\"og:url\" content=\"https:\/\/www.enriquerequena.com\/fr\/tienda-online\/arbre-transmission-cardan\/arbre-transmission-cardan-4x4\/arbre-de-transmission-porsche-cayenne-95542102013-7l6521102g-7l0521102b-d-g\/\" \/>\n<meta property=\"og:site_name\" content=\"ENRIQUE REQUENA\" \/>\n<meta property=\"article:modified_time\" content=\"2023-02-07T15:59:49+00:00\" \/>\n<meta property=\"og:image\" content=\"https:\/\/www.enriquerequena.com\/wp-content\/uploads\/2019\/10\/products-7L6521102G-7L0521102-B-D-G-TRANSMISION-VOLKSWAGEN-TOUAREG-1246-2--2.jpg\" \/>\n\t<meta property=\"og:image:width\" content=\"800\" \/>\n\t<meta property=\"og:image:height\" content=\"800\" \/>\n\t<meta property=\"og:image:type\" content=\"image\/jpeg\" \/>\n<meta name=\"twitter:card\" content=\"summary_large_image\" \/>\n<meta name=\"twitter:label1\" content=\"Dur\u00e9e de lecture estim\u00e9e\" \/>\n\t<meta name=\"twitter:data1\" content=\"1 minute\" \/>\n<script type=\"application\/ld+json\" class=\"yoast-schema-graph\">{\"@context\":\"https:\\\/\\\/schema.org\",\"@graph\":[{\"@type\":\"WebPage\",\"@id\":\"https:\\\/\\\/www.enriquerequena.com\\\/fr\\\/tienda-online\\\/arbre-transmission-cardan\\\/arbre-transmission-cardan-4x4\\\/arbre-de-transmission-porsche-cayenne-95542102013-7l6521102g-7l0521102b-d-g\\\/\",\"url\":\"https:\\\/\\\/www.enriquerequena.com\\\/fr\\\/tienda-online\\\/arbre-transmission-cardan\\\/arbre-transmission-cardan-4x4\\\/arbre-de-transmission-porsche-cayenne-95542102013-7l6521102g-7l0521102b-d-g\\\/\",\"name\":\"Arbre de transmission Porsche Cayenne 95542102013 7L6521102G 7L0521102B\\\/D\\\/G\",\"isPartOf\":{\"@id\":\"https:\\\/\\\/www.enriquerequena.com\\\/fr\\\/#website\"},\"primaryImageOfPage\":{\"@id\":\"https:\\\/\\\/www.enriquerequena.com\\\/fr\\\/tienda-online\\\/arbre-transmission-cardan\\\/arbre-transmission-cardan-4x4\\\/arbre-de-transmission-porsche-cayenne-95542102013-7l6521102g-7l0521102b-d-g\\\/#primaryimage\"},\"image\":{\"@id\":\"https:\\\/\\\/www.enriquerequena.com\\\/fr\\\/tienda-online\\\/arbre-transmission-cardan\\\/arbre-transmission-cardan-4x4\\\/arbre-de-transmission-porsche-cayenne-95542102013-7l6521102g-7l0521102b-d-g\\\/#primaryimage\"},\"thumbnailUrl\":\"https:\\\/\\\/www.enriquerequena.com\\\/wp-content\\\/uploads\\\/2019\\\/10\\\/products-7L6521102G-7L0521102-B-D-G-TRANSMISION-VOLKSWAGEN-TOUAREG-1246-2--2.jpg\",\"datePublished\":\"2016-04-16T17:30:42+00:00\",\"dateModified\":\"2023-02-07T15:59:49+00:00\",\"description\":\"Arbre de transmission Porsche Cayenne 95542102013 7L6521102G 7L0521102B\\\/D\\\/G origine pour Porsche Cayenne au meilleur prix ici.\",\"breadcrumb\":{\"@id\":\"https:\\\/\\\/www.enriquerequena.com\\\/fr\\\/tienda-online\\\/arbre-transmission-cardan\\\/arbre-transmission-cardan-4x4\\\/arbre-de-transmission-porsche-cayenne-95542102013-7l6521102g-7l0521102b-d-g\\\/#breadcrumb\"},\"inLanguage\":\"fr-FR\",\"potentialAction\":[{\"@type\":\"ReadAction\",\"target\":[\"https:\\\/\\\/www.enriquerequena.com\\\/fr\\\/tienda-online\\\/arbre-transmission-cardan\\\/arbre-transmission-cardan-4x4\\\/arbre-de-transmission-porsche-cayenne-95542102013-7l6521102g-7l0521102b-d-g\\\/\"]}]},{\"@type\":\"ImageObject\",\"inLanguage\":\"fr-FR\",\"@id\":\"https:\\\/\\\/www.enriquerequena.com\\\/fr\\\/tienda-online\\\/arbre-transmission-cardan\\\/arbre-transmission-cardan-4x4\\\/arbre-de-transmission-porsche-cayenne-95542102013-7l6521102g-7l0521102b-d-g\\\/#primaryimage\",\"url\":\"https:\\\/\\\/www.enriquerequena.com\\\/wp-content\\\/uploads\\\/2019\\\/10\\\/products-7L6521102G-7L0521102-B-D-G-TRANSMISION-VOLKSWAGEN-TOUAREG-1246-2--2.jpg\",\"contentUrl\":\"https:\\\/\\\/www.enriquerequena.com\\\/wp-content\\\/uploads\\\/2019\\\/10\\\/products-7L6521102G-7L0521102-B-D-G-TRANSMISION-VOLKSWAGEN-TOUAREG-1246-2--2.jpg\",\"width\":800,\"height\":800,\"caption\":\"Arbre de transmission Porsche Cayenne 95542102013 7L6521102G 7L0521102B\\\/D\\\/G\"},{\"@type\":\"WebSite\",\"@id\":\"https:\\\/\\\/www.enriquerequena.com\\\/fr\\\/#website\",\"url\":\"https:\\\/\\\/www.enriquerequena.com\\\/fr\\\/\",\"name\":\"ENRIQUE REQUENA\",\"description\":\"Sp\u00e9cialistes des transmissions cardan avec des exp\u00e9ditions dans le monde entier et des pi\u00e8ces d\u00e9tach\u00e9es pour voitures, camions et accessoires \u00e0 Valence, en Espagne. Avec vous depuis 1950!\",\"publisher\":{\"@id\":\"https:\\\/\\\/www.enriquerequena.com\\\/fr\\\/#organization\"},\"potentialAction\":[{\"@type\":\"SearchAction\",\"target\":{\"@type\":\"EntryPoint\",\"urlTemplate\":\"https:\\\/\\\/www.enriquerequena.com\\\/fr\\\/?s={search_term_string}\"},\"query-input\":{\"@type\":\"PropertyValueSpecification\",\"valueRequired\":true,\"valueName\":\"search_term_string\"}}],\"inLanguage\":\"fr-FR\"},{\"@type\":\"Organization\",\"@id\":\"https:\\\/\\\/www.enriquerequena.com\\\/fr\\\/#organization\",\"name\":\"Enrique Requena S.L.\",\"url\":\"https:\\\/\\\/www.enriquerequena.com\\\/fr\\\/\",\"logo\":{\"@type\":\"ImageObject\",\"inLanguage\":\"fr-FR\",\"@id\":\"https:\\\/\\\/www.enriquerequena.com\\\/fr\\\/#\\\/schema\\\/logo\\\/image\\\/\",\"url\":\"https:\\\/\\\/www.enriquerequena.com\\\/wp-content\\\/uploads\\\/2019\\\/11\\\/enrique-requena-recambios-logotipo.jpg\",\"contentUrl\":\"https:\\\/\\\/www.enriquerequena.com\\\/wp-content\\\/uploads\\\/2019\\\/11\\\/enrique-requena-recambios-logotipo.jpg\",\"width\":381,\"height\":75,\"caption\":\"Enrique Requena S.L.\"},\"image\":{\"@id\":\"https:\\\/\\\/www.enriquerequena.com\\\/fr\\\/#\\\/schema\\\/logo\\\/image\\\/\"}}]}<\/script>\n<!-- \/ Yoast SEO plugin. -->","yoast_head_json":{"title":"Arbre de transmission Porsche Cayenne 95542102013 7L6521102G 7L0521102B\/D\/G","description":"Arbre de transmission Porsche Cayenne 95542102013 7L6521102G 7L0521102B\/D\/G origine pour Porsche Cayenne au meilleur prix ici.","robots":{"index":"index","follow":"follow","max-snippet":"max-snippet:-1","max-image-preview":"max-image-preview:large","max-video-preview":"max-video-preview:-1"},"canonical":"https:\/\/www.enriquerequena.com\/fr\/tienda-online\/arbre-transmission-cardan\/arbre-transmission-cardan-4x4\/arbre-de-transmission-porsche-cayenne-95542102013-7l6521102g-7l0521102b-d-g\/","og_locale":"fr_FR","og_type":"article","og_title":"Arbre de transmission Porsche Cayenne 95542102013 7L6521102G 7L0521102B\/D\/G","og_description":"Arbre de transmission Porsche Cayenne 95542102013 7L6521102G 7L0521102B\/D\/G origine pour Porsche Cayenne au meilleur prix ici.","og_url":"https:\/\/www.enriquerequena.com\/fr\/tienda-online\/arbre-transmission-cardan\/arbre-transmission-cardan-4x4\/arbre-de-transmission-porsche-cayenne-95542102013-7l6521102g-7l0521102b-d-g\/","og_site_name":"ENRIQUE REQUENA","article_modified_time":"2023-02-07T15:59:49+00:00","og_image":[{"width":800,"height":800,"url":"https:\/\/www.enriquerequena.com\/wp-content\/uploads\/2019\/10\/products-7L6521102G-7L0521102-B-D-G-TRANSMISION-VOLKSWAGEN-TOUAREG-1246-2--2.jpg","type":"image\/jpeg"}],"twitter_card":"summary_large_image","twitter_misc":{"Dur\u00e9e de lecture estim\u00e9e":"1 minute"},"schema":{"@context":"https:\/\/schema.org","@graph":[{"@type":"WebPage","@id":"https:\/\/www.enriquerequena.com\/fr\/tienda-online\/arbre-transmission-cardan\/arbre-transmission-cardan-4x4\/arbre-de-transmission-porsche-cayenne-95542102013-7l6521102g-7l0521102b-d-g\/","url":"https:\/\/www.enriquerequena.com\/fr\/tienda-online\/arbre-transmission-cardan\/arbre-transmission-cardan-4x4\/arbre-de-transmission-porsche-cayenne-95542102013-7l6521102g-7l0521102b-d-g\/","name":"Arbre de transmission Porsche Cayenne 95542102013 7L6521102G 7L0521102B\/D\/G","isPartOf":{"@id":"https:\/\/www.enriquerequena.com\/fr\/#website"},"primaryImageOfPage":{"@id":"https:\/\/www.enriquerequena.com\/fr\/tienda-online\/arbre-transmission-cardan\/arbre-transmission-cardan-4x4\/arbre-de-transmission-porsche-cayenne-95542102013-7l6521102g-7l0521102b-d-g\/#primaryimage"},"image":{"@id":"https:\/\/www.enriquerequena.com\/fr\/tienda-online\/arbre-transmission-cardan\/arbre-transmission-cardan-4x4\/arbre-de-transmission-porsche-cayenne-95542102013-7l6521102g-7l0521102b-d-g\/#primaryimage"},"thumbnailUrl":"https:\/\/www.enriquerequena.com\/wp-content\/uploads\/2019\/10\/products-7L6521102G-7L0521102-B-D-G-TRANSMISION-VOLKSWAGEN-TOUAREG-1246-2--2.jpg","datePublished":"2016-04-16T17:30:42+00:00","dateModified":"2023-02-07T15:59:49+00:00","description":"Arbre de transmission Porsche Cayenne 95542102013 7L6521102G 7L0521102B\/D\/G origine pour Porsche Cayenne au meilleur prix ici.","breadcrumb":{"@id":"https:\/\/www.enriquerequena.com\/fr\/tienda-online\/arbre-transmission-cardan\/arbre-transmission-cardan-4x4\/arbre-de-transmission-porsche-cayenne-95542102013-7l6521102g-7l0521102b-d-g\/#breadcrumb"},"inLanguage":"fr-FR","potentialAction":[{"@type":"ReadAction","target":["https:\/\/www.enriquerequena.com\/fr\/tienda-online\/arbre-transmission-cardan\/arbre-transmission-cardan-4x4\/arbre-de-transmission-porsche-cayenne-95542102013-7l6521102g-7l0521102b-d-g\/"]}]},{"@type":"ImageObject","inLanguage":"fr-FR","@id":"https:\/\/www.enriquerequena.com\/fr\/tienda-online\/arbre-transmission-cardan\/arbre-transmission-cardan-4x4\/arbre-de-transmission-porsche-cayenne-95542102013-7l6521102g-7l0521102b-d-g\/#primaryimage","url":"https:\/\/www.enriquerequena.com\/wp-content\/uploads\/2019\/10\/products-7L6521102G-7L0521102-B-D-G-TRANSMISION-VOLKSWAGEN-TOUAREG-1246-2--2.jpg","contentUrl":"https:\/\/www.enriquerequena.com\/wp-content\/uploads\/2019\/10\/products-7L6521102G-7L0521102-B-D-G-TRANSMISION-VOLKSWAGEN-TOUAREG-1246-2--2.jpg","width":800,"height":800,"caption":"Arbre de transmission Porsche Cayenne 95542102013 7L6521102G 7L0521102B\/D\/G"},{"@type":"WebSite","@id":"https:\/\/www.enriquerequena.com\/fr\/#website","url":"https:\/\/www.enriquerequena.com\/fr\/","name":"ENRIQUE REQUENA","description":"Sp\u00e9cialistes des transmissions cardan avec des exp\u00e9ditions dans le monde entier et des pi\u00e8ces d\u00e9tach\u00e9es pour voitures, camions et accessoires \u00e0 Valence, en Espagne. Avec vous depuis 1950!","publisher":{"@id":"https:\/\/www.enriquerequena.com\/fr\/#organization"},"potentialAction":[{"@type":"SearchAction","target":{"@type":"EntryPoint","urlTemplate":"https:\/\/www.enriquerequena.com\/fr\/?s={search_term_string}"},"query-input":{"@type":"PropertyValueSpecification","valueRequired":true,"valueName":"search_term_string"}}],"inLanguage":"fr-FR"},{"@type":"Organization","@id":"https:\/\/www.enriquerequena.com\/fr\/#organization","name":"Enrique Requena S.L.","url":"https:\/\/www.enriquerequena.com\/fr\/","logo":{"@type":"ImageObject","inLanguage":"fr-FR","@id":"https:\/\/www.enriquerequena.com\/fr\/#\/schema\/logo\/image\/","url":"https:\/\/www.enriquerequena.com\/wp-content\/uploads\/2019\/11\/enrique-requena-recambios-logotipo.jpg","contentUrl":"https:\/\/www.enriquerequena.com\/wp-content\/uploads\/2019\/11\/enrique-requena-recambios-logotipo.jpg","width":381,"height":75,"caption":"Enrique Requena S.L."},"image":{"@id":"https:\/\/www.enriquerequena.com\/fr\/#\/schema\/logo\/image\/"}}]}},"_links":{"self":[{"href":"https:\/\/www.enriquerequena.com\/fr\/wp-json\/wp\/v2\/product\/3063","targetHints":{"allow":["GET"]}}],"collection":[{"href":"https:\/\/www.enriquerequena.com\/fr\/wp-json\/wp\/v2\/product"}],"about":[{"href":"https:\/\/www.enriquerequena.com\/fr\/wp-json\/wp\/v2\/types\/product"}],"wp:featuredmedia":[{"embeddable":true,"href":"https:\/\/www.enriquerequena.com\/fr\/wp-json\/wp\/v2\/media\/3064"}],"wp:attachment":[{"href":"https:\/\/www.enriquerequena.com\/fr\/wp-json\/wp\/v2\/media?parent=3063"}],"wp:term":[{"taxonomy":"product_brand","embeddable":true,"href":"https:\/\/www.enriquerequena.com\/fr\/wp-json\/wp\/v2\/product_brand?post=3063"},{"taxonomy":"product_cat","embeddable":true,"href":"https:\/\/www.enriquerequena.com\/fr\/wp-json\/wp\/v2\/product_cat?post=3063"},{"taxonomy":"product_tag","embeddable":true,"href":"https:\/\/www.enriquerequena.com\/fr\/wp-json\/wp\/v2\/product_tag?post=3063"}],"curies":[{"name":"wp","href":"https:\/\/api.w.org\/{rel}","templated":true}]}}