{"id":31897,"date":"2025-05-28T10:55:45","date_gmt":"2025-05-28T08:55:45","guid":{"rendered":"https:\/\/www.enriquerequena.com\/?post_type=product&#038;p=31897"},"modified":"2025-05-27T19:09:11","modified_gmt":"2025-05-27T17:09:11","slug":"arbre-de-transmission-a-vitesse-constante-cv-061051500","status":"publish","type":"product","link":"https:\/\/www.enriquerequena.com\/fr\/tienda-online\/arbre-transmission-cardan\/arbre-transmission-cardan-industrielle\/arbre-de-transmission-a-vitesse-constante-cv-061051500\/","title":{"rendered":"Arbre de Transmission \u00e0 Vitesse Constante CV 061051500"},"content":{"rendered":"<h2>Arbre de Transmission CV \u00e0 Vitesse Constante.<\/h2>\n<p>Arbre de transmission de vitesse Constante avec r\u00e9f\u00e9rences 061051500 y 06 105 15 00 \u00a0est une transmission <strong>neuve et d\u00b4origine avec une garantie d\u2019un an<\/strong>.<\/p>\n<p>Les transmissions CV utilisent des <strong>joints homocin\u00e9tiques<\/strong>, qui permettent de transmettre la puissance sans variation de la vitesse angulaire. Contrairement \u00e0 d\u2019autres syst\u00e8mes de transmission, ces joints permettent un angle d\u2019inclinaison plus important sans affecter la stabilit\u00e9 de la rotation. Cela les rend id\u00e9aux pour des applications n\u00e9cessitant de la flexibilit\u00e9 dans la transmission sans compromettre l\u2019efficacit\u00e9.<\/p>\n<p>Notre tramission est fabriqu\u00e9 pour supporter des conditions exigeantes et offrir une <strong>durabilit\u00e9 et une fiabilit\u00e9 exceptionnelles<\/strong>. Chaque unit\u00e9 est soumise \u00e0 des tests de qualit\u00e9 rigoureux pour garantir qu\u2019elle respecte les normes les plus \u00e9lev\u00e9es et assure un fonctionnement fiable dans diverses situations de conduite.<\/p>\n<p><strong>Avec plus de 74 ans d\u2019exp\u00e9rience<\/strong> dans le secteur des pi\u00e8ces d\u00e9tach\u00e9es d\u00b4automobiles, Enrique Requena a \u00e9tabli une solide r\u00e9putation gr\u00e2ce \u00e0 notre engagement envers <strong>la qualit\u00e9 et le service client<\/strong>. Nous proposons des produits de <strong>haute qualit\u00e9 \u00e0 des prix comp\u00e9titifs<\/strong>, soutenus par un <strong>service exceptionnel et une attention personnalis\u00e9e<\/strong>.<\/p>\n<p>Faites confiance \u00e0 Enrique Requena et d\u00e9couvrez la diff\u00e9rence que notre expertise et notre d\u00e9vouement peuvent apporter \u00e0 votre v\u00e9hicule.<\/p>\n<p><strong>Passez votre commande d\u00e8s aujourd\u2019hui<\/strong> et assurez le fonctionnement optimal de vos <span class=\"HwtZe\" lang=\"fr\"><span class=\"jCAhz ChMk0b\"><span class=\"ryNqvb\">machine industrielles<\/span><\/span><\/span> avec notre arbre de transmission.<\/p>\n<h3>Caract\u00e9ristiques techniques &#8211; Arbre de Transmission \u00e0 Vitesse Constante CV 061051500:<\/h3>\n<ul>\n<li>Pi\u00e8ce de rechange: Arbre de transmission CV<\/li>\n<li>Mod\u00e8le: 105-15<\/li>\n<li>\u00c9tat: <strong>Pi\u00e8ce neuve<\/strong><\/li>\n<li><strong>Garantie d\u2019un an<\/strong><\/li>\n<li>Longueur: 160mm<\/li>\n<li><strong>R\u00e9f\u00e9rence:<\/strong>\n<ul>\n<li>061051500<\/li>\n<li>06 105 15 00<\/li>\n<\/ul>\n<\/li>\n<\/ul>\n","protected":false},"excerpt":{"rendered":"<p>Arbre de transmission de vitesse Constante avec r\u00e9f\u00e9rence 061051500 y 06 105 15 00 \u00a0est une transmission <strong>neuve et d\u00b4origine avec une garantie d\u2019un an<\/strong>.<\/p>\n","protected":false},"featured_media":31900,"template":"","meta":[],"product_brand":[],"product_cat":[144,162],"product_tag":[],"class_list":{"0":"post-31897","1":"product","2":"type-product","3":"status-publish","4":"has-post-thumbnail","6":"product_cat-arbre-transmission-cardan","7":"product_cat-arbre-transmission-cardan-industrielle","9":"first","10":"instock","11":"taxable","12":"shipping-taxable","13":"purchasable","14":"product-type-simple"},"yoast_head":"<!-- This site is optimized with the Yoast SEO plugin v27.5 - https:\/\/yoast.com\/product\/yoast-seo-wordpress\/ -->\n<title>Arbre de Transmission \u00e0 Vitesse Constante CV 061051500 - ENRIQUE REQUENA<\/title>\n<meta name=\"description\" content=\"Arbre de transmission de vitesse Constante avec r\u00e9f\u00e9rence 061051500 y 06 105 15 00 \u00a0est une transmission neuve et d\u00b4origine avec une garantie d\u2019un an.\" \/>\n<meta name=\"robots\" content=\"index, follow, max-snippet:-1, max-image-preview:large, max-video-preview:-1\" \/>\n<link rel=\"canonical\" href=\"https:\/\/www.enriquerequena.com\/fr\/tienda-online\/arbre-transmission-cardan\/arbre-transmission-cardan-industrielle\/arbre-de-transmission-a-vitesse-constante-cv-061051500\/\" \/>\n<meta property=\"og:locale\" content=\"fr_FR\" \/>\n<meta property=\"og:type\" content=\"article\" \/>\n<meta property=\"og:title\" content=\"Arbre de Transmission \u00e0 Vitesse Constante CV 061051500 - ENRIQUE REQUENA\" \/>\n<meta property=\"og:description\" content=\"Arbre de transmission de vitesse Constante avec r\u00e9f\u00e9rence 061051500 y 06 105 15 00 \u00a0est une transmission neuve et d\u00b4origine avec une garantie d\u2019un an.\" \/>\n<meta property=\"og:url\" content=\"https:\/\/www.enriquerequena.com\/fr\/tienda-online\/arbre-transmission-cardan\/arbre-transmission-cardan-industrielle\/arbre-de-transmission-a-vitesse-constante-cv-061051500\/\" \/>\n<meta property=\"og:site_name\" content=\"ENRIQUE REQUENA\" \/>\n<meta property=\"og:image\" content=\"https:\/\/www.enriquerequena.com\/wp-content\/uploads\/2025\/05\/transmisiones-cv.jpg\" \/>\n\t<meta property=\"og:image:width\" content=\"800\" \/>\n\t<meta property=\"og:image:height\" content=\"800\" \/>\n\t<meta property=\"og:image:type\" content=\"image\/jpeg\" \/>\n<meta name=\"twitter:card\" content=\"summary_large_image\" \/>\n<meta name=\"twitter:label1\" content=\"Dur\u00e9e de lecture estim\u00e9e\" \/>\n\t<meta name=\"twitter:data1\" content=\"2 minutes\" \/>\n<script type=\"application\/ld+json\" class=\"yoast-schema-graph\">{\"@context\":\"https:\\\/\\\/schema.org\",\"@graph\":[{\"@type\":\"WebPage\",\"@id\":\"https:\\\/\\\/www.enriquerequena.com\\\/fr\\\/tienda-online\\\/arbre-transmission-cardan\\\/arbre-transmission-cardan-industrielle\\\/arbre-de-transmission-a-vitesse-constante-cv-061051500\\\/\",\"url\":\"https:\\\/\\\/www.enriquerequena.com\\\/fr\\\/tienda-online\\\/arbre-transmission-cardan\\\/arbre-transmission-cardan-industrielle\\\/arbre-de-transmission-a-vitesse-constante-cv-061051500\\\/\",\"name\":\"Arbre de Transmission \u00e0 Vitesse Constante CV 061051500 - ENRIQUE REQUENA\",\"isPartOf\":{\"@id\":\"https:\\\/\\\/www.enriquerequena.com\\\/fr\\\/#website\"},\"primaryImageOfPage\":{\"@id\":\"https:\\\/\\\/www.enriquerequena.com\\\/fr\\\/tienda-online\\\/arbre-transmission-cardan\\\/arbre-transmission-cardan-industrielle\\\/arbre-de-transmission-a-vitesse-constante-cv-061051500\\\/#primaryimage\"},\"image\":{\"@id\":\"https:\\\/\\\/www.enriquerequena.com\\\/fr\\\/tienda-online\\\/arbre-transmission-cardan\\\/arbre-transmission-cardan-industrielle\\\/arbre-de-transmission-a-vitesse-constante-cv-061051500\\\/#primaryimage\"},\"thumbnailUrl\":\"https:\\\/\\\/www.enriquerequena.com\\\/wp-content\\\/uploads\\\/2025\\\/05\\\/transmisiones-cv.jpg\",\"datePublished\":\"2025-05-28T08:55:45+00:00\",\"description\":\"Arbre de transmission de vitesse Constante avec r\u00e9f\u00e9rence 061051500 y 06 105 15 00 \u00a0est une transmission neuve et d\u00b4origine avec une garantie d\u2019un an.\",\"breadcrumb\":{\"@id\":\"https:\\\/\\\/www.enriquerequena.com\\\/fr\\\/tienda-online\\\/arbre-transmission-cardan\\\/arbre-transmission-cardan-industrielle\\\/arbre-de-transmission-a-vitesse-constante-cv-061051500\\\/#breadcrumb\"},\"inLanguage\":\"fr-FR\",\"potentialAction\":[{\"@type\":\"ReadAction\",\"target\":[\"https:\\\/\\\/www.enriquerequena.com\\\/fr\\\/tienda-online\\\/arbre-transmission-cardan\\\/arbre-transmission-cardan-industrielle\\\/arbre-de-transmission-a-vitesse-constante-cv-061051500\\\/\"]}]},{\"@type\":\"ImageObject\",\"inLanguage\":\"fr-FR\",\"@id\":\"https:\\\/\\\/www.enriquerequena.com\\\/fr\\\/tienda-online\\\/arbre-transmission-cardan\\\/arbre-transmission-cardan-industrielle\\\/arbre-de-transmission-a-vitesse-constante-cv-061051500\\\/#primaryimage\",\"url\":\"https:\\\/\\\/www.enriquerequena.com\\\/wp-content\\\/uploads\\\/2025\\\/05\\\/transmisiones-cv.jpg\",\"contentUrl\":\"https:\\\/\\\/www.enriquerequena.com\\\/wp-content\\\/uploads\\\/2025\\\/05\\\/transmisiones-cv.jpg\",\"width\":800,\"height\":800,\"caption\":\"Arbre de Transmission \u00e0 Vitesse Constante CV 061051500\"},{\"@type\":\"WebSite\",\"@id\":\"https:\\\/\\\/www.enriquerequena.com\\\/fr\\\/#website\",\"url\":\"https:\\\/\\\/www.enriquerequena.com\\\/fr\\\/\",\"name\":\"ENRIQUE REQUENA\",\"description\":\"Sp\u00e9cialistes des transmissions cardan avec des exp\u00e9ditions dans le monde entier et des pi\u00e8ces d\u00e9tach\u00e9es pour voitures, camions et accessoires \u00e0 Valence, en Espagne. Avec vous depuis 1950!\",\"publisher\":{\"@id\":\"https:\\\/\\\/www.enriquerequena.com\\\/fr\\\/#organization\"},\"potentialAction\":[{\"@type\":\"SearchAction\",\"target\":{\"@type\":\"EntryPoint\",\"urlTemplate\":\"https:\\\/\\\/www.enriquerequena.com\\\/fr\\\/?s={search_term_string}\"},\"query-input\":{\"@type\":\"PropertyValueSpecification\",\"valueRequired\":true,\"valueName\":\"search_term_string\"}}],\"inLanguage\":\"fr-FR\"},{\"@type\":\"Organization\",\"@id\":\"https:\\\/\\\/www.enriquerequena.com\\\/fr\\\/#organization\",\"name\":\"Enrique Requena S.L.\",\"url\":\"https:\\\/\\\/www.enriquerequena.com\\\/fr\\\/\",\"logo\":{\"@type\":\"ImageObject\",\"inLanguage\":\"fr-FR\",\"@id\":\"https:\\\/\\\/www.enriquerequena.com\\\/fr\\\/#\\\/schema\\\/logo\\\/image\\\/\",\"url\":\"https:\\\/\\\/www.enriquerequena.com\\\/wp-content\\\/uploads\\\/2019\\\/11\\\/enrique-requena-recambios-logotipo.jpg\",\"contentUrl\":\"https:\\\/\\\/www.enriquerequena.com\\\/wp-content\\\/uploads\\\/2019\\\/11\\\/enrique-requena-recambios-logotipo.jpg\",\"width\":381,\"height\":75,\"caption\":\"Enrique Requena S.L.\"},\"image\":{\"@id\":\"https:\\\/\\\/www.enriquerequena.com\\\/fr\\\/#\\\/schema\\\/logo\\\/image\\\/\"}}]}<\/script>\n<!-- \/ Yoast SEO plugin. -->","yoast_head_json":{"title":"Arbre de Transmission \u00e0 Vitesse Constante CV 061051500 - ENRIQUE REQUENA","description":"Arbre de transmission de vitesse Constante avec r\u00e9f\u00e9rence 061051500 y 06 105 15 00 \u00a0est une transmission neuve et d\u00b4origine avec une garantie d\u2019un an.","robots":{"index":"index","follow":"follow","max-snippet":"max-snippet:-1","max-image-preview":"max-image-preview:large","max-video-preview":"max-video-preview:-1"},"canonical":"https:\/\/www.enriquerequena.com\/fr\/tienda-online\/arbre-transmission-cardan\/arbre-transmission-cardan-industrielle\/arbre-de-transmission-a-vitesse-constante-cv-061051500\/","og_locale":"fr_FR","og_type":"article","og_title":"Arbre de Transmission \u00e0 Vitesse Constante CV 061051500 - ENRIQUE REQUENA","og_description":"Arbre de transmission de vitesse Constante avec r\u00e9f\u00e9rence 061051500 y 06 105 15 00 \u00a0est une transmission neuve et d\u00b4origine avec une garantie d\u2019un an.","og_url":"https:\/\/www.enriquerequena.com\/fr\/tienda-online\/arbre-transmission-cardan\/arbre-transmission-cardan-industrielle\/arbre-de-transmission-a-vitesse-constante-cv-061051500\/","og_site_name":"ENRIQUE REQUENA","og_image":[{"width":800,"height":800,"url":"https:\/\/www.enriquerequena.com\/wp-content\/uploads\/2025\/05\/transmisiones-cv.jpg","type":"image\/jpeg"}],"twitter_card":"summary_large_image","twitter_misc":{"Dur\u00e9e de lecture estim\u00e9e":"2 minutes"},"schema":{"@context":"https:\/\/schema.org","@graph":[{"@type":"WebPage","@id":"https:\/\/www.enriquerequena.com\/fr\/tienda-online\/arbre-transmission-cardan\/arbre-transmission-cardan-industrielle\/arbre-de-transmission-a-vitesse-constante-cv-061051500\/","url":"https:\/\/www.enriquerequena.com\/fr\/tienda-online\/arbre-transmission-cardan\/arbre-transmission-cardan-industrielle\/arbre-de-transmission-a-vitesse-constante-cv-061051500\/","name":"Arbre de Transmission \u00e0 Vitesse Constante CV 061051500 - ENRIQUE REQUENA","isPartOf":{"@id":"https:\/\/www.enriquerequena.com\/fr\/#website"},"primaryImageOfPage":{"@id":"https:\/\/www.enriquerequena.com\/fr\/tienda-online\/arbre-transmission-cardan\/arbre-transmission-cardan-industrielle\/arbre-de-transmission-a-vitesse-constante-cv-061051500\/#primaryimage"},"image":{"@id":"https:\/\/www.enriquerequena.com\/fr\/tienda-online\/arbre-transmission-cardan\/arbre-transmission-cardan-industrielle\/arbre-de-transmission-a-vitesse-constante-cv-061051500\/#primaryimage"},"thumbnailUrl":"https:\/\/www.enriquerequena.com\/wp-content\/uploads\/2025\/05\/transmisiones-cv.jpg","datePublished":"2025-05-28T08:55:45+00:00","description":"Arbre de transmission de vitesse Constante avec r\u00e9f\u00e9rence 061051500 y 06 105 15 00 \u00a0est une transmission neuve et d\u00b4origine avec une garantie d\u2019un an.","breadcrumb":{"@id":"https:\/\/www.enriquerequena.com\/fr\/tienda-online\/arbre-transmission-cardan\/arbre-transmission-cardan-industrielle\/arbre-de-transmission-a-vitesse-constante-cv-061051500\/#breadcrumb"},"inLanguage":"fr-FR","potentialAction":[{"@type":"ReadAction","target":["https:\/\/www.enriquerequena.com\/fr\/tienda-online\/arbre-transmission-cardan\/arbre-transmission-cardan-industrielle\/arbre-de-transmission-a-vitesse-constante-cv-061051500\/"]}]},{"@type":"ImageObject","inLanguage":"fr-FR","@id":"https:\/\/www.enriquerequena.com\/fr\/tienda-online\/arbre-transmission-cardan\/arbre-transmission-cardan-industrielle\/arbre-de-transmission-a-vitesse-constante-cv-061051500\/#primaryimage","url":"https:\/\/www.enriquerequena.com\/wp-content\/uploads\/2025\/05\/transmisiones-cv.jpg","contentUrl":"https:\/\/www.enriquerequena.com\/wp-content\/uploads\/2025\/05\/transmisiones-cv.jpg","width":800,"height":800,"caption":"Arbre de Transmission \u00e0 Vitesse Constante CV 061051500"},{"@type":"WebSite","@id":"https:\/\/www.enriquerequena.com\/fr\/#website","url":"https:\/\/www.enriquerequena.com\/fr\/","name":"ENRIQUE REQUENA","description":"Sp\u00e9cialistes des transmissions cardan avec des exp\u00e9ditions dans le monde entier et des pi\u00e8ces d\u00e9tach\u00e9es pour voitures, camions et accessoires \u00e0 Valence, en Espagne. Avec vous depuis 1950!","publisher":{"@id":"https:\/\/www.enriquerequena.com\/fr\/#organization"},"potentialAction":[{"@type":"SearchAction","target":{"@type":"EntryPoint","urlTemplate":"https:\/\/www.enriquerequena.com\/fr\/?s={search_term_string}"},"query-input":{"@type":"PropertyValueSpecification","valueRequired":true,"valueName":"search_term_string"}}],"inLanguage":"fr-FR"},{"@type":"Organization","@id":"https:\/\/www.enriquerequena.com\/fr\/#organization","name":"Enrique Requena S.L.","url":"https:\/\/www.enriquerequena.com\/fr\/","logo":{"@type":"ImageObject","inLanguage":"fr-FR","@id":"https:\/\/www.enriquerequena.com\/fr\/#\/schema\/logo\/image\/","url":"https:\/\/www.enriquerequena.com\/wp-content\/uploads\/2019\/11\/enrique-requena-recambios-logotipo.jpg","contentUrl":"https:\/\/www.enriquerequena.com\/wp-content\/uploads\/2019\/11\/enrique-requena-recambios-logotipo.jpg","width":381,"height":75,"caption":"Enrique Requena S.L."},"image":{"@id":"https:\/\/www.enriquerequena.com\/fr\/#\/schema\/logo\/image\/"}}]}},"_links":{"self":[{"href":"https:\/\/www.enriquerequena.com\/fr\/wp-json\/wp\/v2\/product\/31897","targetHints":{"allow":["GET"]}}],"collection":[{"href":"https:\/\/www.enriquerequena.com\/fr\/wp-json\/wp\/v2\/product"}],"about":[{"href":"https:\/\/www.enriquerequena.com\/fr\/wp-json\/wp\/v2\/types\/product"}],"wp:featuredmedia":[{"embeddable":true,"href":"https:\/\/www.enriquerequena.com\/fr\/wp-json\/wp\/v2\/media\/31900"}],"wp:attachment":[{"href":"https:\/\/www.enriquerequena.com\/fr\/wp-json\/wp\/v2\/media?parent=31897"}],"wp:term":[{"taxonomy":"product_brand","embeddable":true,"href":"https:\/\/www.enriquerequena.com\/fr\/wp-json\/wp\/v2\/product_brand?post=31897"},{"taxonomy":"product_cat","embeddable":true,"href":"https:\/\/www.enriquerequena.com\/fr\/wp-json\/wp\/v2\/product_cat?post=31897"},{"taxonomy":"product_tag","embeddable":true,"href":"https:\/\/www.enriquerequena.com\/fr\/wp-json\/wp\/v2\/product_tag?post=31897"}],"curies":[{"name":"wp","href":"https:\/\/api.w.org\/{rel}","templated":true}]}}