{"id":32327,"date":"2025-08-02T09:14:28","date_gmt":"2025-08-02T07:14:28","guid":{"rendered":"https:\/\/www.enriquerequena.com\/?post_type=product&#038;p=32327"},"modified":"2025-07-30T13:35:54","modified_gmt":"2025-07-30T11:35:54","slug":"arbre-de-transmission-audi-a4-8e0521101t-8e0521101d-8e0521101g","status":"publish","type":"product","link":"https:\/\/www.enriquerequena.com\/fr\/tienda-online\/arbre-transmission-cardan\/arbre-transmission-cardan-4x4\/arbre-de-transmission-audi-a4-8e0521101t-8e0521101d-8e0521101g\/","title":{"rendered":"Arbre de Transmission Audi A4 8E0521101T, 8E0521101D, 8E0521101G."},"content":{"rendered":"<h2><strong>Arbre de Transmission Audi A4.<\/strong><\/h2>\n<p><strong>Arbre de Transmission pour Audi A4<\/strong> avec r\u00e9f\u00e9rences 8E0521101T, 8E0521101D, 8E0521101G, est une transmission de Audi<strong> neuve avec une garantie d\u2019un an<\/strong>. C\u2019est le choix le plus \u00e9conomique.<\/p>\n<p>Ce composant est essentiel pour le transfert efficace de la puissance du moteur aux roues, garantissant des performances optimales et une conduite s\u00e9curis\u00e9e pour votre v\u00e9hicule. Con\u00e7u avec des <strong>mat\u00e9riaux de haute qualit\u00e9<\/strong> et de pr\u00e9cision, notre arbre de transmission assure une transmission de puissance fluide et sans probl\u00e8me, r\u00e9pondant parfaitement aux exigences du mod\u00e8le Audi A4.<\/p>\n<p>Notre tramission est fabriqu\u00e9 pour supporter des conditions exigeantes et offrir une <strong>durabilit\u00e9 et une fiabilit\u00e9 exceptionnelles<\/strong>. Chaque unit\u00e9 est soumise \u00e0 des tests de qualit\u00e9 rigoureux pour garantir qu\u2019elle respecte les normes les plus \u00e9lev\u00e9es et assure un fonctionnement fiable dans diverses situations de conduite.<\/p>\n<p><strong>Avec plus de 74 ans d\u2019exp\u00e9rience<\/strong> dans le secteur des pi\u00e8ces d\u00e9tach\u00e9es d\u00b4automobiles, Enrique Requena a \u00e9tabli une solide r\u00e9putation gr\u00e2ce \u00e0 notre engagement envers <strong>la qualit\u00e9 et le service client<\/strong>. Nous proposons des produits de <strong>haute qualit\u00e9 \u00e0 des prix comp\u00e9titifs<\/strong>, soutenus par un <strong>service exceptionnel et une attention personnalis\u00e9e<\/strong>.<\/p>\n<p><strong>Faites confiance \u00e0 Enrique Requena<\/strong> et d\u00e9couvrez la diff\u00e9rence que notre expertise et notre d\u00e9vouement peuvent apporter \u00e0 votre v\u00e9hicule.<\/p>\n<p><strong>Passez votre commande d\u00e8s aujourd\u2019hui<\/strong> et assurez le fonctionnement optimal de votre Audi A4 avec notre arbre de transmission.<\/p>\n<h3><strong>Caract\u00e9ristiques techniques &#8211; Arbre de Transmission Audi A4 8E0521101T:<\/strong><\/h3>\n<ul>\n<li>Pi\u00e8ce de rechange: Arbre de transmission<\/li>\n<li>Mod\u00e8le: Audi A4<\/li>\n<li>\u00c9tat: <strong>Pi\u00e8ce neuve<\/strong><\/li>\n<li><strong>Garantie d\u2019un an<\/strong><\/li>\n<li>Longueur: LT 1560<span class=\"ng-star-inserted\"><span class=\"\">\u00a0mm<\/span><\/span><\/li>\n<li><strong>R\u00e9f\u00e9rence:<\/strong>\n<ul>\n<li>8E0521101T<\/li>\n<li>8E0521101D<\/li>\n<li>8E0521101G<\/li>\n<\/ul>\n<\/li>\n<\/ul>\n","protected":false},"excerpt":{"rendered":"<p><strong>Arbre de Transmission pour Audi A4<\/strong> avec r\u00e9f\u00e9rences 8E0521101T, 8E0521101D, 8E0521101G, est une transmission de Audi<strong> neuve avec une garantie d\u2019un an<\/strong>.<\/p>\n","protected":false},"featured_media":32330,"template":"","meta":[],"product_brand":[],"product_cat":[144,156],"product_tag":[],"class_list":{"0":"post-32327","1":"product","2":"type-product","3":"status-publish","4":"has-post-thumbnail","6":"product_cat-arbre-transmission-cardan","7":"product_cat-arbre-transmission-cardan-4x4","8":"pa_manufacturer-audi","9":"pa_tipo-auto","11":"first","12":"instock","13":"taxable","14":"shipping-taxable","15":"purchasable","16":"product-type-simple"},"yoast_head":"<!-- This site is optimized with the Yoast SEO plugin v27.5 - https:\/\/yoast.com\/product\/yoast-seo-wordpress\/ -->\n<title>Arbre de Transmission Audi A4 8E0521101T, 8E0521101D, 8E0521101G. - ENRIQUE REQUENA<\/title>\n<meta name=\"description\" content=\"Arbre de Transmission pour Audi A4 avec r\u00e9f\u00e9rences 8E0521101T, 8E0521101D, 8E0521101G, est une transmission de Audi neuve avec une garantie d\u2019un an.\" \/>\n<meta name=\"robots\" content=\"index, follow, max-snippet:-1, max-image-preview:large, max-video-preview:-1\" \/>\n<link rel=\"canonical\" href=\"https:\/\/www.enriquerequena.com\/fr\/tienda-online\/arbre-transmission-cardan\/arbre-transmission-cardan-4x4\/arbre-de-transmission-audi-a4-8e0521101t-8e0521101d-8e0521101g\/\" \/>\n<meta property=\"og:locale\" content=\"fr_FR\" \/>\n<meta property=\"og:type\" content=\"article\" \/>\n<meta property=\"og:title\" content=\"Arbre de Transmission Audi A4 8E0521101T, 8E0521101D, 8E0521101G. - ENRIQUE REQUENA\" \/>\n<meta property=\"og:description\" content=\"Arbre de Transmission pour Audi A4 avec r\u00e9f\u00e9rences 8E0521101T, 8E0521101D, 8E0521101G, est une transmission de Audi neuve avec une garantie d\u2019un an.\" \/>\n<meta property=\"og:url\" content=\"https:\/\/www.enriquerequena.com\/fr\/tienda-online\/arbre-transmission-cardan\/arbre-transmission-cardan-4x4\/arbre-de-transmission-audi-a4-8e0521101t-8e0521101d-8e0521101g\/\" \/>\n<meta property=\"og:site_name\" content=\"ENRIQUE REQUENA\" \/>\n<meta property=\"og:image\" content=\"https:\/\/www.enriquerequena.com\/wp-content\/uploads\/2025\/07\/audi-a4-gimp.jpg\" \/>\n\t<meta property=\"og:image:width\" content=\"800\" \/>\n\t<meta property=\"og:image:height\" content=\"800\" \/>\n\t<meta property=\"og:image:type\" content=\"image\/jpeg\" \/>\n<meta name=\"twitter:card\" content=\"summary_large_image\" \/>\n<meta name=\"twitter:label1\" content=\"Dur\u00e9e de lecture estim\u00e9e\" \/>\n\t<meta name=\"twitter:data1\" content=\"2 minutes\" \/>\n<script type=\"application\/ld+json\" class=\"yoast-schema-graph\">{\"@context\":\"https:\\\/\\\/schema.org\",\"@graph\":[{\"@type\":\"WebPage\",\"@id\":\"https:\\\/\\\/www.enriquerequena.com\\\/fr\\\/tienda-online\\\/arbre-transmission-cardan\\\/arbre-transmission-cardan-4x4\\\/arbre-de-transmission-audi-a4-8e0521101t-8e0521101d-8e0521101g\\\/\",\"url\":\"https:\\\/\\\/www.enriquerequena.com\\\/fr\\\/tienda-online\\\/arbre-transmission-cardan\\\/arbre-transmission-cardan-4x4\\\/arbre-de-transmission-audi-a4-8e0521101t-8e0521101d-8e0521101g\\\/\",\"name\":\"Arbre de Transmission Audi A4 8E0521101T, 8E0521101D, 8E0521101G. - ENRIQUE REQUENA\",\"isPartOf\":{\"@id\":\"https:\\\/\\\/www.enriquerequena.com\\\/fr\\\/#website\"},\"primaryImageOfPage\":{\"@id\":\"https:\\\/\\\/www.enriquerequena.com\\\/fr\\\/tienda-online\\\/arbre-transmission-cardan\\\/arbre-transmission-cardan-4x4\\\/arbre-de-transmission-audi-a4-8e0521101t-8e0521101d-8e0521101g\\\/#primaryimage\"},\"image\":{\"@id\":\"https:\\\/\\\/www.enriquerequena.com\\\/fr\\\/tienda-online\\\/arbre-transmission-cardan\\\/arbre-transmission-cardan-4x4\\\/arbre-de-transmission-audi-a4-8e0521101t-8e0521101d-8e0521101g\\\/#primaryimage\"},\"thumbnailUrl\":\"https:\\\/\\\/www.enriquerequena.com\\\/wp-content\\\/uploads\\\/2025\\\/07\\\/audi-a4-gimp.jpg\",\"datePublished\":\"2025-08-02T07:14:28+00:00\",\"description\":\"Arbre de Transmission pour Audi A4 avec r\u00e9f\u00e9rences 8E0521101T, 8E0521101D, 8E0521101G, est une transmission de Audi neuve avec une garantie d\u2019un an.\",\"breadcrumb\":{\"@id\":\"https:\\\/\\\/www.enriquerequena.com\\\/fr\\\/tienda-online\\\/arbre-transmission-cardan\\\/arbre-transmission-cardan-4x4\\\/arbre-de-transmission-audi-a4-8e0521101t-8e0521101d-8e0521101g\\\/#breadcrumb\"},\"inLanguage\":\"fr-FR\",\"potentialAction\":[{\"@type\":\"ReadAction\",\"target\":[\"https:\\\/\\\/www.enriquerequena.com\\\/fr\\\/tienda-online\\\/arbre-transmission-cardan\\\/arbre-transmission-cardan-4x4\\\/arbre-de-transmission-audi-a4-8e0521101t-8e0521101d-8e0521101g\\\/\"]}]},{\"@type\":\"ImageObject\",\"inLanguage\":\"fr-FR\",\"@id\":\"https:\\\/\\\/www.enriquerequena.com\\\/fr\\\/tienda-online\\\/arbre-transmission-cardan\\\/arbre-transmission-cardan-4x4\\\/arbre-de-transmission-audi-a4-8e0521101t-8e0521101d-8e0521101g\\\/#primaryimage\",\"url\":\"https:\\\/\\\/www.enriquerequena.com\\\/wp-content\\\/uploads\\\/2025\\\/07\\\/audi-a4-gimp.jpg\",\"contentUrl\":\"https:\\\/\\\/www.enriquerequena.com\\\/wp-content\\\/uploads\\\/2025\\\/07\\\/audi-a4-gimp.jpg\",\"width\":800,\"height\":800,\"caption\":\"Arbre de Transmission Audi A8 4H0521101A.\"},{\"@type\":\"WebSite\",\"@id\":\"https:\\\/\\\/www.enriquerequena.com\\\/fr\\\/#website\",\"url\":\"https:\\\/\\\/www.enriquerequena.com\\\/fr\\\/\",\"name\":\"ENRIQUE REQUENA\",\"description\":\"Sp\u00e9cialistes des transmissions cardan avec des exp\u00e9ditions dans le monde entier et des pi\u00e8ces d\u00e9tach\u00e9es pour voitures, camions et accessoires \u00e0 Valence, en Espagne. Avec vous depuis 1950!\",\"publisher\":{\"@id\":\"https:\\\/\\\/www.enriquerequena.com\\\/fr\\\/#organization\"},\"potentialAction\":[{\"@type\":\"SearchAction\",\"target\":{\"@type\":\"EntryPoint\",\"urlTemplate\":\"https:\\\/\\\/www.enriquerequena.com\\\/fr\\\/?s={search_term_string}\"},\"query-input\":{\"@type\":\"PropertyValueSpecification\",\"valueRequired\":true,\"valueName\":\"search_term_string\"}}],\"inLanguage\":\"fr-FR\"},{\"@type\":\"Organization\",\"@id\":\"https:\\\/\\\/www.enriquerequena.com\\\/fr\\\/#organization\",\"name\":\"Enrique Requena S.L.\",\"url\":\"https:\\\/\\\/www.enriquerequena.com\\\/fr\\\/\",\"logo\":{\"@type\":\"ImageObject\",\"inLanguage\":\"fr-FR\",\"@id\":\"https:\\\/\\\/www.enriquerequena.com\\\/fr\\\/#\\\/schema\\\/logo\\\/image\\\/\",\"url\":\"https:\\\/\\\/www.enriquerequena.com\\\/wp-content\\\/uploads\\\/2019\\\/11\\\/enrique-requena-recambios-logotipo.jpg\",\"contentUrl\":\"https:\\\/\\\/www.enriquerequena.com\\\/wp-content\\\/uploads\\\/2019\\\/11\\\/enrique-requena-recambios-logotipo.jpg\",\"width\":381,\"height\":75,\"caption\":\"Enrique Requena S.L.\"},\"image\":{\"@id\":\"https:\\\/\\\/www.enriquerequena.com\\\/fr\\\/#\\\/schema\\\/logo\\\/image\\\/\"}}]}<\/script>\n<!-- \/ Yoast SEO plugin. -->","yoast_head_json":{"title":"Arbre de Transmission Audi A4 8E0521101T, 8E0521101D, 8E0521101G. - ENRIQUE REQUENA","description":"Arbre de Transmission pour Audi A4 avec r\u00e9f\u00e9rences 8E0521101T, 8E0521101D, 8E0521101G, est une transmission de Audi neuve avec une garantie d\u2019un an.","robots":{"index":"index","follow":"follow","max-snippet":"max-snippet:-1","max-image-preview":"max-image-preview:large","max-video-preview":"max-video-preview:-1"},"canonical":"https:\/\/www.enriquerequena.com\/fr\/tienda-online\/arbre-transmission-cardan\/arbre-transmission-cardan-4x4\/arbre-de-transmission-audi-a4-8e0521101t-8e0521101d-8e0521101g\/","og_locale":"fr_FR","og_type":"article","og_title":"Arbre de Transmission Audi A4 8E0521101T, 8E0521101D, 8E0521101G. - ENRIQUE REQUENA","og_description":"Arbre de Transmission pour Audi A4 avec r\u00e9f\u00e9rences 8E0521101T, 8E0521101D, 8E0521101G, est une transmission de Audi neuve avec une garantie d\u2019un an.","og_url":"https:\/\/www.enriquerequena.com\/fr\/tienda-online\/arbre-transmission-cardan\/arbre-transmission-cardan-4x4\/arbre-de-transmission-audi-a4-8e0521101t-8e0521101d-8e0521101g\/","og_site_name":"ENRIQUE REQUENA","og_image":[{"width":800,"height":800,"url":"https:\/\/www.enriquerequena.com\/wp-content\/uploads\/2025\/07\/audi-a4-gimp.jpg","type":"image\/jpeg"}],"twitter_card":"summary_large_image","twitter_misc":{"Dur\u00e9e de lecture estim\u00e9e":"2 minutes"},"schema":{"@context":"https:\/\/schema.org","@graph":[{"@type":"WebPage","@id":"https:\/\/www.enriquerequena.com\/fr\/tienda-online\/arbre-transmission-cardan\/arbre-transmission-cardan-4x4\/arbre-de-transmission-audi-a4-8e0521101t-8e0521101d-8e0521101g\/","url":"https:\/\/www.enriquerequena.com\/fr\/tienda-online\/arbre-transmission-cardan\/arbre-transmission-cardan-4x4\/arbre-de-transmission-audi-a4-8e0521101t-8e0521101d-8e0521101g\/","name":"Arbre de Transmission Audi A4 8E0521101T, 8E0521101D, 8E0521101G. - ENRIQUE REQUENA","isPartOf":{"@id":"https:\/\/www.enriquerequena.com\/fr\/#website"},"primaryImageOfPage":{"@id":"https:\/\/www.enriquerequena.com\/fr\/tienda-online\/arbre-transmission-cardan\/arbre-transmission-cardan-4x4\/arbre-de-transmission-audi-a4-8e0521101t-8e0521101d-8e0521101g\/#primaryimage"},"image":{"@id":"https:\/\/www.enriquerequena.com\/fr\/tienda-online\/arbre-transmission-cardan\/arbre-transmission-cardan-4x4\/arbre-de-transmission-audi-a4-8e0521101t-8e0521101d-8e0521101g\/#primaryimage"},"thumbnailUrl":"https:\/\/www.enriquerequena.com\/wp-content\/uploads\/2025\/07\/audi-a4-gimp.jpg","datePublished":"2025-08-02T07:14:28+00:00","description":"Arbre de Transmission pour Audi A4 avec r\u00e9f\u00e9rences 8E0521101T, 8E0521101D, 8E0521101G, est une transmission de Audi neuve avec une garantie d\u2019un an.","breadcrumb":{"@id":"https:\/\/www.enriquerequena.com\/fr\/tienda-online\/arbre-transmission-cardan\/arbre-transmission-cardan-4x4\/arbre-de-transmission-audi-a4-8e0521101t-8e0521101d-8e0521101g\/#breadcrumb"},"inLanguage":"fr-FR","potentialAction":[{"@type":"ReadAction","target":["https:\/\/www.enriquerequena.com\/fr\/tienda-online\/arbre-transmission-cardan\/arbre-transmission-cardan-4x4\/arbre-de-transmission-audi-a4-8e0521101t-8e0521101d-8e0521101g\/"]}]},{"@type":"ImageObject","inLanguage":"fr-FR","@id":"https:\/\/www.enriquerequena.com\/fr\/tienda-online\/arbre-transmission-cardan\/arbre-transmission-cardan-4x4\/arbre-de-transmission-audi-a4-8e0521101t-8e0521101d-8e0521101g\/#primaryimage","url":"https:\/\/www.enriquerequena.com\/wp-content\/uploads\/2025\/07\/audi-a4-gimp.jpg","contentUrl":"https:\/\/www.enriquerequena.com\/wp-content\/uploads\/2025\/07\/audi-a4-gimp.jpg","width":800,"height":800,"caption":"Arbre de Transmission Audi A8 4H0521101A."},{"@type":"WebSite","@id":"https:\/\/www.enriquerequena.com\/fr\/#website","url":"https:\/\/www.enriquerequena.com\/fr\/","name":"ENRIQUE REQUENA","description":"Sp\u00e9cialistes des transmissions cardan avec des exp\u00e9ditions dans le monde entier et des pi\u00e8ces d\u00e9tach\u00e9es pour voitures, camions et accessoires \u00e0 Valence, en Espagne. Avec vous depuis 1950!","publisher":{"@id":"https:\/\/www.enriquerequena.com\/fr\/#organization"},"potentialAction":[{"@type":"SearchAction","target":{"@type":"EntryPoint","urlTemplate":"https:\/\/www.enriquerequena.com\/fr\/?s={search_term_string}"},"query-input":{"@type":"PropertyValueSpecification","valueRequired":true,"valueName":"search_term_string"}}],"inLanguage":"fr-FR"},{"@type":"Organization","@id":"https:\/\/www.enriquerequena.com\/fr\/#organization","name":"Enrique Requena S.L.","url":"https:\/\/www.enriquerequena.com\/fr\/","logo":{"@type":"ImageObject","inLanguage":"fr-FR","@id":"https:\/\/www.enriquerequena.com\/fr\/#\/schema\/logo\/image\/","url":"https:\/\/www.enriquerequena.com\/wp-content\/uploads\/2019\/11\/enrique-requena-recambios-logotipo.jpg","contentUrl":"https:\/\/www.enriquerequena.com\/wp-content\/uploads\/2019\/11\/enrique-requena-recambios-logotipo.jpg","width":381,"height":75,"caption":"Enrique Requena S.L."},"image":{"@id":"https:\/\/www.enriquerequena.com\/fr\/#\/schema\/logo\/image\/"}}]}},"_links":{"self":[{"href":"https:\/\/www.enriquerequena.com\/fr\/wp-json\/wp\/v2\/product\/32327","targetHints":{"allow":["GET"]}}],"collection":[{"href":"https:\/\/www.enriquerequena.com\/fr\/wp-json\/wp\/v2\/product"}],"about":[{"href":"https:\/\/www.enriquerequena.com\/fr\/wp-json\/wp\/v2\/types\/product"}],"wp:featuredmedia":[{"embeddable":true,"href":"https:\/\/www.enriquerequena.com\/fr\/wp-json\/wp\/v2\/media\/32330"}],"wp:attachment":[{"href":"https:\/\/www.enriquerequena.com\/fr\/wp-json\/wp\/v2\/media?parent=32327"}],"wp:term":[{"taxonomy":"product_brand","embeddable":true,"href":"https:\/\/www.enriquerequena.com\/fr\/wp-json\/wp\/v2\/product_brand?post=32327"},{"taxonomy":"product_cat","embeddable":true,"href":"https:\/\/www.enriquerequena.com\/fr\/wp-json\/wp\/v2\/product_cat?post=32327"},{"taxonomy":"product_tag","embeddable":true,"href":"https:\/\/www.enriquerequena.com\/fr\/wp-json\/wp\/v2\/product_tag?post=32327"}],"curies":[{"name":"wp","href":"https:\/\/api.w.org\/{rel}","templated":true}]}}