{"id":33173,"date":"2026-01-15T11:38:04","date_gmt":"2026-01-15T10:38:04","guid":{"rendered":"https:\/\/www.enriquerequena.com\/?post_type=product&#038;p=33173"},"modified":"2026-01-15T18:06:52","modified_gmt":"2026-01-15T17:06:52","slug":"arbre-de-transmission-manitou-299862-796726","status":"publish","type":"product","link":"https:\/\/www.enriquerequena.com\/fr\/tienda-online\/arbre-transmission-cardan\/arbre-de-transmission-a-cardan-travaux-publics\/arbre-de-transmission-manitou-299862-796726\/","title":{"rendered":"Arbre de Transmission Manitou 299862, 796726."},"content":{"rendered":"<h3><strong>Arbre de transmission Manitou.<\/strong><\/h3>\n<p>Arbre de transmission pour Manitou avec r\u00e9f\u00e9rences 299862, 796726. Est une transmission de Manitou <strong>neuve <\/strong>avec une<strong> garantie d\u2019un an<\/strong>.<\/p>\n<h3><strong>Avantages:<\/strong><\/h3>\n<ul>\n<li><strong data-start=\"665\" data-end=\"687\">Qualit\u00e9 Garantie : <\/strong>Produit<strong> neuf et<\/strong>\u00a0avec une garantie d\u2019un an.<strong data-start=\"665\" data-end=\"687\"><br \/>\n<\/strong><\/li>\n<li><strong data-start=\"665\" data-end=\"687\">Performance Sup\u00e9rieure :<\/strong> Ce composant est essentiel pour le transfert efficace de la puissance du moteur aux roues, garantissant des performances optimales et une conduite s\u00e9curis\u00e9e pour votre v\u00e9hicule. Con\u00e7u avec des <strong>mat\u00e9riaux de haute qualit\u00e9<\/strong> et de pr\u00e9cision, notre arbre de transmission assure une transmission de puissance fluide et sans probl\u00e8me, r\u00e9pondant parfaitement aux exigences du mod\u00e8le Manitou.<\/li>\n<li><strong>Durabilit\u00e9:<\/strong> Notre tramission est fabriqu\u00e9 pour supporter des conditions exigeantes et offrir une <strong>durabilit\u00e9 et une fiabilit\u00e9 exceptionnelles<\/strong>. Chaque unit\u00e9 est soumise \u00e0 des tests de qualit\u00e9 rigoureux pour garantir qu\u2019elle respecte les normes les plus \u00e9lev\u00e9es et assure un fonctionnement fiable dans diverses situations de conduite.<\/li>\n<li><strong>Exp\u00e9rience: Avec plus de 75 ans d\u2019exp\u00e9rience<\/strong> dans le secteur des arbres de transmissions, Enrique Requena a \u00e9tabli une solide r\u00e9putation gr\u00e2ce \u00e0 notre engagement envers <strong>la qualit\u00e9 et le service client<\/strong>. Nous proposons des produits de <strong>haute qualit\u00e9 \u00e0 des prix comp\u00e9titifs<\/strong>, soutenus par un <strong>service exceptionnel et une attention personnalis\u00e9e<\/strong>.<\/li>\n<\/ul>\n<h3><strong>Caract\u00e9ristiques techniques:<\/strong><\/h3>\n<ul>\n<li>Pi\u00e8ce de rechange: Arbre de transmission<\/li>\n<li>Mod\u00e8le: Manitou<\/li>\n<li>\u00c9tat: <strong>Pi\u00e8ce neuve<\/strong><\/li>\n<li><strong>Garantie d\u2019un an<\/strong><\/li>\n<li><span class=\"HwtZe\" lang=\"fr\"><span class=\"jCAhz ChMk0b\"><span class=\"ryNqvb\">Qualit\u00e9: <b>Aftermarket<\/b><\/span><\/span><\/span><\/li>\n<li>Longueur: 225 mm<span class=\"ng-star-inserted\"><span class=\"\"><br \/>\n<\/span><\/span><\/li>\n<\/ul>\n<h4><strong>R\u00e9f\u00e9rence:<\/strong><\/h4>\n<ul>\n<li>299862<\/li>\n<li>796726<\/li>\n<\/ul>\n<p><strong>Faites confiance \u00e0 Enrique Requena<\/strong> et d\u00e9couvrez la diff\u00e9rence que <strong>notre expertise et notre d\u00e9vouement<\/strong> peuvent apporter \u00e0 votre v\u00e9hicule.<\/p>\n<p><strong>Passez votre commande d\u00e8s aujourd\u2019hui<\/strong> et assurez le fonctionnement optimal de votre Manitou avec notre arbre de transmission.<\/p>\n<p><span class=\"HwtZe\" lang=\"fr\"><span class=\"jCAhz ChMk0b\"><span class=\"ryNqvb\">N&rsquo;h\u00e9sitez pas \u00e0 nous appeler pour vous renseigner sur les <a href=\"https:\/\/www.enriquerequena.com\/fr\/categorie-produit\/arbre-transmission-cardan\/arbre-de-transmission-a-cardan-travaux-publics\/\"><em><strong>autres mod\u00e8les d&rsquo;arbres de transmission Manitou.<\/strong><\/em><\/a><\/span><\/span><\/span><\/p>\n","protected":false},"excerpt":{"rendered":"<p><strong>Arbre de transmission pour Manitou<\/strong> avec r\u00e9f\u00e9rences 299862, 796726. Est une transmission de Manitou <strong>neuve <\/strong>avec une<strong> garantie d\u2019un an<\/strong>. Nous diposons <strong>d\u00b4une livraison rapide<\/strong>\u00a0dans le monde entier, avec la confiance d\u2019un<strong> sp\u00e9cialiste <\/strong>avec plus<strong> de 75 ans d\u2019exp\u00e9rience.<\/strong><\/p>\n","protected":false},"featured_media":33166,"template":"","meta":[],"product_brand":[132],"product_cat":[144,3853],"product_tag":[],"class_list":{"0":"post-33173","1":"product","2":"type-product","3":"status-publish","4":"has-post-thumbnail","6":"product_brand-manitou-2","7":"product_cat-arbre-transmission-cardan","8":"product_cat-arbre-de-transmission-a-cardan-travaux-publics","9":"pa_manufacturer-manitou","10":"pa_tipo-machinerie","12":"first","13":"instock","14":"taxable","15":"shipping-taxable","16":"purchasable","17":"product-type-simple"},"yoast_head":"<!-- This site is optimized with the Yoast SEO plugin v27.5 - https:\/\/yoast.com\/product\/yoast-seo-wordpress\/ -->\n<title>Arbre de Transmission Manitou 299862, 796726. - ENRIQUE REQUENA<\/title>\n<meta name=\"description\" content=\"Arbre de transmission pour Manitou avec r\u00e9f\u00e9rences 299862, 796726. Est une transmission de Manitou neuve avec une garantie d\u2019un an.\" \/>\n<meta name=\"robots\" content=\"index, follow, max-snippet:-1, max-image-preview:large, max-video-preview:-1\" \/>\n<link rel=\"canonical\" href=\"https:\/\/www.enriquerequena.com\/fr\/tienda-online\/arbre-transmission-cardan\/arbre-de-transmission-a-cardan-travaux-publics\/arbre-de-transmission-manitou-299862-796726\/\" \/>\n<meta property=\"og:locale\" content=\"fr_FR\" \/>\n<meta property=\"og:type\" content=\"article\" \/>\n<meta property=\"og:title\" content=\"Arbre de Transmission Manitou 299862, 796726. - ENRIQUE REQUENA\" \/>\n<meta property=\"og:description\" content=\"Arbre de transmission pour Manitou avec r\u00e9f\u00e9rences 299862, 796726. Est une transmission de Manitou neuve avec une garantie d\u2019un an.\" \/>\n<meta property=\"og:url\" content=\"https:\/\/www.enriquerequena.com\/fr\/tienda-online\/arbre-transmission-cardan\/arbre-de-transmission-a-cardan-travaux-publics\/arbre-de-transmission-manitou-299862-796726\/\" \/>\n<meta property=\"og:site_name\" content=\"ENRIQUE REQUENA\" \/>\n<meta property=\"article:modified_time\" content=\"2026-01-15T17:06:52+00:00\" \/>\n<meta property=\"og:image\" content=\"https:\/\/www.enriquerequena.com\/wp-content\/uploads\/2026\/01\/transmision-manitou-nueva-2.jpg\" \/>\n\t<meta property=\"og:image:width\" content=\"800\" \/>\n\t<meta property=\"og:image:height\" content=\"800\" \/>\n\t<meta property=\"og:image:type\" content=\"image\/jpeg\" \/>\n<meta name=\"twitter:card\" content=\"summary_large_image\" \/>\n<meta name=\"twitter:label1\" content=\"Dur\u00e9e de lecture estim\u00e9e\" \/>\n\t<meta name=\"twitter:data1\" content=\"2 minutes\" \/>\n<script type=\"application\/ld+json\" class=\"yoast-schema-graph\">{\"@context\":\"https:\\\/\\\/schema.org\",\"@graph\":[{\"@type\":\"WebPage\",\"@id\":\"https:\\\/\\\/www.enriquerequena.com\\\/fr\\\/tienda-online\\\/arbre-transmission-cardan\\\/arbre-de-transmission-a-cardan-travaux-publics\\\/arbre-de-transmission-manitou-299862-796726\\\/\",\"url\":\"https:\\\/\\\/www.enriquerequena.com\\\/fr\\\/tienda-online\\\/arbre-transmission-cardan\\\/arbre-de-transmission-a-cardan-travaux-publics\\\/arbre-de-transmission-manitou-299862-796726\\\/\",\"name\":\"Arbre de Transmission Manitou 299862, 796726. - ENRIQUE REQUENA\",\"isPartOf\":{\"@id\":\"https:\\\/\\\/www.enriquerequena.com\\\/fr\\\/#website\"},\"primaryImageOfPage\":{\"@id\":\"https:\\\/\\\/www.enriquerequena.com\\\/fr\\\/tienda-online\\\/arbre-transmission-cardan\\\/arbre-de-transmission-a-cardan-travaux-publics\\\/arbre-de-transmission-manitou-299862-796726\\\/#primaryimage\"},\"image\":{\"@id\":\"https:\\\/\\\/www.enriquerequena.com\\\/fr\\\/tienda-online\\\/arbre-transmission-cardan\\\/arbre-de-transmission-a-cardan-travaux-publics\\\/arbre-de-transmission-manitou-299862-796726\\\/#primaryimage\"},\"thumbnailUrl\":\"https:\\\/\\\/www.enriquerequena.com\\\/wp-content\\\/uploads\\\/2026\\\/01\\\/transmision-manitou-nueva-2.jpg\",\"datePublished\":\"2026-01-15T10:38:04+00:00\",\"dateModified\":\"2026-01-15T17:06:52+00:00\",\"description\":\"Arbre de transmission pour Manitou avec r\u00e9f\u00e9rences 299862, 796726. Est une transmission de Manitou neuve avec une garantie d\u2019un an.\",\"breadcrumb\":{\"@id\":\"https:\\\/\\\/www.enriquerequena.com\\\/fr\\\/tienda-online\\\/arbre-transmission-cardan\\\/arbre-de-transmission-a-cardan-travaux-publics\\\/arbre-de-transmission-manitou-299862-796726\\\/#breadcrumb\"},\"inLanguage\":\"fr-FR\",\"potentialAction\":[{\"@type\":\"ReadAction\",\"target\":[\"https:\\\/\\\/www.enriquerequena.com\\\/fr\\\/tienda-online\\\/arbre-transmission-cardan\\\/arbre-de-transmission-a-cardan-travaux-publics\\\/arbre-de-transmission-manitou-299862-796726\\\/\"]}]},{\"@type\":\"ImageObject\",\"inLanguage\":\"fr-FR\",\"@id\":\"https:\\\/\\\/www.enriquerequena.com\\\/fr\\\/tienda-online\\\/arbre-transmission-cardan\\\/arbre-de-transmission-a-cardan-travaux-publics\\\/arbre-de-transmission-manitou-299862-796726\\\/#primaryimage\",\"url\":\"https:\\\/\\\/www.enriquerequena.com\\\/wp-content\\\/uploads\\\/2026\\\/01\\\/transmision-manitou-nueva-2.jpg\",\"contentUrl\":\"https:\\\/\\\/www.enriquerequena.com\\\/wp-content\\\/uploads\\\/2026\\\/01\\\/transmision-manitou-nueva-2.jpg\",\"width\":800,\"height\":800,\"caption\":\"Arbre de transmission Manitou.\"},{\"@type\":\"WebSite\",\"@id\":\"https:\\\/\\\/www.enriquerequena.com\\\/fr\\\/#website\",\"url\":\"https:\\\/\\\/www.enriquerequena.com\\\/fr\\\/\",\"name\":\"ENRIQUE REQUENA\",\"description\":\"Sp\u00e9cialistes des transmissions cardan avec des exp\u00e9ditions dans le monde entier et des pi\u00e8ces d\u00e9tach\u00e9es pour voitures, camions et accessoires \u00e0 Valence, en Espagne. Avec vous depuis 1950!\",\"publisher\":{\"@id\":\"https:\\\/\\\/www.enriquerequena.com\\\/fr\\\/#organization\"},\"potentialAction\":[{\"@type\":\"SearchAction\",\"target\":{\"@type\":\"EntryPoint\",\"urlTemplate\":\"https:\\\/\\\/www.enriquerequena.com\\\/fr\\\/?s={search_term_string}\"},\"query-input\":{\"@type\":\"PropertyValueSpecification\",\"valueRequired\":true,\"valueName\":\"search_term_string\"}}],\"inLanguage\":\"fr-FR\"},{\"@type\":\"Organization\",\"@id\":\"https:\\\/\\\/www.enriquerequena.com\\\/fr\\\/#organization\",\"name\":\"Enrique Requena S.L.\",\"url\":\"https:\\\/\\\/www.enriquerequena.com\\\/fr\\\/\",\"logo\":{\"@type\":\"ImageObject\",\"inLanguage\":\"fr-FR\",\"@id\":\"https:\\\/\\\/www.enriquerequena.com\\\/fr\\\/#\\\/schema\\\/logo\\\/image\\\/\",\"url\":\"https:\\\/\\\/www.enriquerequena.com\\\/wp-content\\\/uploads\\\/2019\\\/11\\\/enrique-requena-recambios-logotipo.jpg\",\"contentUrl\":\"https:\\\/\\\/www.enriquerequena.com\\\/wp-content\\\/uploads\\\/2019\\\/11\\\/enrique-requena-recambios-logotipo.jpg\",\"width\":381,\"height\":75,\"caption\":\"Enrique Requena S.L.\"},\"image\":{\"@id\":\"https:\\\/\\\/www.enriquerequena.com\\\/fr\\\/#\\\/schema\\\/logo\\\/image\\\/\"}}]}<\/script>\n<!-- \/ Yoast SEO plugin. -->","yoast_head_json":{"title":"Arbre de Transmission Manitou 299862, 796726. - ENRIQUE REQUENA","description":"Arbre de transmission pour Manitou avec r\u00e9f\u00e9rences 299862, 796726. Est une transmission de Manitou neuve avec une garantie d\u2019un an.","robots":{"index":"index","follow":"follow","max-snippet":"max-snippet:-1","max-image-preview":"max-image-preview:large","max-video-preview":"max-video-preview:-1"},"canonical":"https:\/\/www.enriquerequena.com\/fr\/tienda-online\/arbre-transmission-cardan\/arbre-de-transmission-a-cardan-travaux-publics\/arbre-de-transmission-manitou-299862-796726\/","og_locale":"fr_FR","og_type":"article","og_title":"Arbre de Transmission Manitou 299862, 796726. - ENRIQUE REQUENA","og_description":"Arbre de transmission pour Manitou avec r\u00e9f\u00e9rences 299862, 796726. Est une transmission de Manitou neuve avec une garantie d\u2019un an.","og_url":"https:\/\/www.enriquerequena.com\/fr\/tienda-online\/arbre-transmission-cardan\/arbre-de-transmission-a-cardan-travaux-publics\/arbre-de-transmission-manitou-299862-796726\/","og_site_name":"ENRIQUE REQUENA","article_modified_time":"2026-01-15T17:06:52+00:00","og_image":[{"width":800,"height":800,"url":"https:\/\/www.enriquerequena.com\/wp-content\/uploads\/2026\/01\/transmision-manitou-nueva-2.jpg","type":"image\/jpeg"}],"twitter_card":"summary_large_image","twitter_misc":{"Dur\u00e9e de lecture estim\u00e9e":"2 minutes"},"schema":{"@context":"https:\/\/schema.org","@graph":[{"@type":"WebPage","@id":"https:\/\/www.enriquerequena.com\/fr\/tienda-online\/arbre-transmission-cardan\/arbre-de-transmission-a-cardan-travaux-publics\/arbre-de-transmission-manitou-299862-796726\/","url":"https:\/\/www.enriquerequena.com\/fr\/tienda-online\/arbre-transmission-cardan\/arbre-de-transmission-a-cardan-travaux-publics\/arbre-de-transmission-manitou-299862-796726\/","name":"Arbre de Transmission Manitou 299862, 796726. - ENRIQUE REQUENA","isPartOf":{"@id":"https:\/\/www.enriquerequena.com\/fr\/#website"},"primaryImageOfPage":{"@id":"https:\/\/www.enriquerequena.com\/fr\/tienda-online\/arbre-transmission-cardan\/arbre-de-transmission-a-cardan-travaux-publics\/arbre-de-transmission-manitou-299862-796726\/#primaryimage"},"image":{"@id":"https:\/\/www.enriquerequena.com\/fr\/tienda-online\/arbre-transmission-cardan\/arbre-de-transmission-a-cardan-travaux-publics\/arbre-de-transmission-manitou-299862-796726\/#primaryimage"},"thumbnailUrl":"https:\/\/www.enriquerequena.com\/wp-content\/uploads\/2026\/01\/transmision-manitou-nueva-2.jpg","datePublished":"2026-01-15T10:38:04+00:00","dateModified":"2026-01-15T17:06:52+00:00","description":"Arbre de transmission pour Manitou avec r\u00e9f\u00e9rences 299862, 796726. Est une transmission de Manitou neuve avec une garantie d\u2019un an.","breadcrumb":{"@id":"https:\/\/www.enriquerequena.com\/fr\/tienda-online\/arbre-transmission-cardan\/arbre-de-transmission-a-cardan-travaux-publics\/arbre-de-transmission-manitou-299862-796726\/#breadcrumb"},"inLanguage":"fr-FR","potentialAction":[{"@type":"ReadAction","target":["https:\/\/www.enriquerequena.com\/fr\/tienda-online\/arbre-transmission-cardan\/arbre-de-transmission-a-cardan-travaux-publics\/arbre-de-transmission-manitou-299862-796726\/"]}]},{"@type":"ImageObject","inLanguage":"fr-FR","@id":"https:\/\/www.enriquerequena.com\/fr\/tienda-online\/arbre-transmission-cardan\/arbre-de-transmission-a-cardan-travaux-publics\/arbre-de-transmission-manitou-299862-796726\/#primaryimage","url":"https:\/\/www.enriquerequena.com\/wp-content\/uploads\/2026\/01\/transmision-manitou-nueva-2.jpg","contentUrl":"https:\/\/www.enriquerequena.com\/wp-content\/uploads\/2026\/01\/transmision-manitou-nueva-2.jpg","width":800,"height":800,"caption":"Arbre de transmission Manitou."},{"@type":"WebSite","@id":"https:\/\/www.enriquerequena.com\/fr\/#website","url":"https:\/\/www.enriquerequena.com\/fr\/","name":"ENRIQUE REQUENA","description":"Sp\u00e9cialistes des transmissions cardan avec des exp\u00e9ditions dans le monde entier et des pi\u00e8ces d\u00e9tach\u00e9es pour voitures, camions et accessoires \u00e0 Valence, en Espagne. Avec vous depuis 1950!","publisher":{"@id":"https:\/\/www.enriquerequena.com\/fr\/#organization"},"potentialAction":[{"@type":"SearchAction","target":{"@type":"EntryPoint","urlTemplate":"https:\/\/www.enriquerequena.com\/fr\/?s={search_term_string}"},"query-input":{"@type":"PropertyValueSpecification","valueRequired":true,"valueName":"search_term_string"}}],"inLanguage":"fr-FR"},{"@type":"Organization","@id":"https:\/\/www.enriquerequena.com\/fr\/#organization","name":"Enrique Requena S.L.","url":"https:\/\/www.enriquerequena.com\/fr\/","logo":{"@type":"ImageObject","inLanguage":"fr-FR","@id":"https:\/\/www.enriquerequena.com\/fr\/#\/schema\/logo\/image\/","url":"https:\/\/www.enriquerequena.com\/wp-content\/uploads\/2019\/11\/enrique-requena-recambios-logotipo.jpg","contentUrl":"https:\/\/www.enriquerequena.com\/wp-content\/uploads\/2019\/11\/enrique-requena-recambios-logotipo.jpg","width":381,"height":75,"caption":"Enrique Requena S.L."},"image":{"@id":"https:\/\/www.enriquerequena.com\/fr\/#\/schema\/logo\/image\/"}}]}},"_links":{"self":[{"href":"https:\/\/www.enriquerequena.com\/fr\/wp-json\/wp\/v2\/product\/33173","targetHints":{"allow":["GET"]}}],"collection":[{"href":"https:\/\/www.enriquerequena.com\/fr\/wp-json\/wp\/v2\/product"}],"about":[{"href":"https:\/\/www.enriquerequena.com\/fr\/wp-json\/wp\/v2\/types\/product"}],"wp:featuredmedia":[{"embeddable":true,"href":"https:\/\/www.enriquerequena.com\/fr\/wp-json\/wp\/v2\/media\/33166"}],"wp:attachment":[{"href":"https:\/\/www.enriquerequena.com\/fr\/wp-json\/wp\/v2\/media?parent=33173"}],"wp:term":[{"taxonomy":"product_brand","embeddable":true,"href":"https:\/\/www.enriquerequena.com\/fr\/wp-json\/wp\/v2\/product_brand?post=33173"},{"taxonomy":"product_cat","embeddable":true,"href":"https:\/\/www.enriquerequena.com\/fr\/wp-json\/wp\/v2\/product_cat?post=33173"},{"taxonomy":"product_tag","embeddable":true,"href":"https:\/\/www.enriquerequena.com\/fr\/wp-json\/wp\/v2\/product_tag?post=33173"}],"curies":[{"name":"wp","href":"https:\/\/api.w.org\/{rel}","templated":true}]}}