{"id":3520,"date":"2018-04-01T15:52:01","date_gmt":"2018-04-01T15:52:01","guid":{"rendered":"https:\/\/www.enriquerequena.com\/?post_type=product&#038;p=3520"},"modified":"2025-06-26T18:18:47","modified_gmt":"2025-06-26T16:18:47","slug":"a6394103206-arbre-de-transmission-a-cardan-mercedes-vito-viano-6394103206","status":"publish","type":"product","link":"https:\/\/www.enriquerequena.com\/fr\/tienda-online\/arbre-transmission-cardan\/arbre-transmission-cardan-fourgons\/a6394103206-arbre-de-transmission-a-cardan-mercedes-vito-viano-6394103206\/","title":{"rendered":"A6394103206 Arbre de transmission \u00e0 cardan Mercedes Vito Viano 6394103206"},"content":{"rendered":"<h2>Arbre de transmission \u00e0 cardan Mercedes Vito Viano<\/h2>\n<p><span style=\"color: #000000;\">Arbre de transmission <\/span><span style=\"color: #000000;\">\u00a0pour Mercedes Vito et Mercedes Viano avec r\u00e9f\u00e9rences A6394103206, 6394103206, A 639 410 32 06 est une transmission de Mercedes <strong>neuve avec une garantie d&rsquo;un an<\/strong>. C&rsquo;est le choix le plus \u00e9conomique.<\/span><\/p>\n<p><span style=\"color: #000000;\">Nos arbres de transmission sont similaires \u00e0 ceux des OEM avec les meilleurs prix du march\u00e9.<\/span><\/p>\n<p><span style=\"color: #000000;\">A6394103206 et 6394103206 sont disponible pour Mercedes Vito et Viano. Nous vendons des pi\u00e8ces d\u00e9tach\u00e9es ou pi\u00e8ces de rechange pour camionnettes \u00e0 Valence <strong>depuis 1950<\/strong> et nous vendons aussi en ligne dans le monde entier.<\/span><\/p>\n<p><span style=\"color: #000000;\">N\u00b4h\u00e9sitez pas \u00e0 nous consulter pour d\u00b4autres mod\u00e8les de transmission de tout type de v\u00e9hicule. Nous avons une exp\u00e9rience de 68 ans dans le commerce de transmissions \u00e0 cardan et connaissons tr\u00e8s bien le sujet.<\/span><\/p>\n<h3><span style=\"color: #000000;\">Caract\u00e9ristiques techniques:<\/span><\/h3>\n<ul>\n<li><span style=\"color: #000000;\">Pi\u00e8ce de rechange: arbre de transmission\u00a0<\/span><\/li>\n<li><span style=\"color: #000000;\">Mod\u00e8le: Mercedes Vito et Mercedes Viano<\/span><\/li>\n<li><span style=\"color: #000000;\">Trois pi\u00e8ces d&rsquo;arbre avec cadre de support<\/span><\/li>\n<li><span style=\"color: #000000;\">Longueur: 2211 MM.<\/span><\/li>\n<li><span style=\"color: #000000;\">Num\u00e9ro de r\u00e9f\u00e9rence: A6394103206, 6394103206, A 639 410 32 06<\/span><\/li>\n<li><span style=\"color: #000000;\">Etat: <strong>pi\u00e8ce neuve<\/strong><\/span><\/li>\n<li><strong><span style=\"color: #000000;\">Garantie d&rsquo;un an<\/span><\/strong><\/li>\n<\/ul>\n","protected":false},"excerpt":{"rendered":"<p><span style=\"color: #000000;\">Arbre de transmission <\/span><span style=\"color: #000000;\">\u00a0pour Mercedes Vito et Mercedes Viano avec r\u00e9f\u00e9rences A6394103206, 6394103206, A 639 410 32 06, est une transmission de Mercedes <strong>neuve avec une garantie d&rsquo;un an<\/strong>. <\/span><\/p>\n","protected":false},"featured_media":26933,"template":"","meta":[],"product_brand":[119],"product_cat":[144,159],"product_tag":[],"class_list":{"0":"post-3520","1":"product","2":"type-product","3":"status-publish","4":"has-post-thumbnail","6":"product_brand-mercedes-benz","7":"product_cat-arbre-transmission-cardan","8":"product_cat-arbre-transmission-cardan-fourgons","9":"pa_manufacturer-mercedes-benz","10":"pa_tipo-fourgons-et-vehicules-legers","12":"first","13":"instock","14":"featured","15":"taxable","16":"shipping-taxable","17":"purchasable","18":"product-type-simple"},"yoast_head":"<!-- This site is optimized with the Yoast SEO plugin v27.5 - https:\/\/yoast.com\/product\/yoast-seo-wordpress\/ -->\n<title>Arbre de transmission Mercedes Vito W639 A6394103206<\/title>\n<meta name=\"description\" content=\"A6394103206 Arbre de transmission Mercedes Vito Viano 6394103206 pour Mercedes Vito Viano au meilleur prix ici. Nous vendons au monde entier.\" \/>\n<meta name=\"robots\" content=\"index, follow, max-snippet:-1, max-image-preview:large, max-video-preview:-1\" \/>\n<link rel=\"canonical\" href=\"https:\/\/www.enriquerequena.com\/fr\/tienda-online\/arbre-transmission-cardan\/arbre-transmission-cardan-fourgons\/a6394103206-arbre-de-transmission-a-cardan-mercedes-vito-viano-6394103206\/\" \/>\n<meta property=\"og:locale\" content=\"fr_FR\" \/>\n<meta property=\"og:type\" content=\"article\" \/>\n<meta property=\"og:title\" content=\"Arbre de transmission Mercedes Vito W639 A6394103206\" \/>\n<meta property=\"og:description\" content=\"A6394103206 Arbre de transmission Mercedes Vito Viano 6394103206 pour Mercedes Vito Viano au meilleur prix ici. Nous vendons au monde entier.\" \/>\n<meta property=\"og:url\" content=\"https:\/\/www.enriquerequena.com\/fr\/tienda-online\/arbre-transmission-cardan\/arbre-transmission-cardan-fourgons\/a6394103206-arbre-de-transmission-a-cardan-mercedes-vito-viano-6394103206\/\" \/>\n<meta property=\"og:site_name\" content=\"ENRIQUE REQUENA\" \/>\n<meta property=\"article:modified_time\" content=\"2025-06-26T16:18:47+00:00\" \/>\n<meta property=\"og:image\" content=\"https:\/\/www.enriquerequena.com\/wp-content\/uploads\/2018\/04\/transmision-mercedes-vito-viano-a6394103206-6394103206.jpg\" \/>\n\t<meta property=\"og:image:width\" content=\"800\" \/>\n\t<meta property=\"og:image:height\" content=\"800\" \/>\n\t<meta property=\"og:image:type\" content=\"image\/jpeg\" \/>\n<meta name=\"twitter:card\" content=\"summary_large_image\" \/>\n<meta name=\"twitter:label1\" content=\"Dur\u00e9e de lecture estim\u00e9e\" \/>\n\t<meta name=\"twitter:data1\" content=\"1 minute\" \/>\n<script type=\"application\/ld+json\" class=\"yoast-schema-graph\">{\"@context\":\"https:\\\/\\\/schema.org\",\"@graph\":[{\"@type\":\"WebPage\",\"@id\":\"https:\\\/\\\/www.enriquerequena.com\\\/fr\\\/tienda-online\\\/arbre-transmission-cardan\\\/arbre-transmission-cardan-fourgons\\\/a6394103206-arbre-de-transmission-a-cardan-mercedes-vito-viano-6394103206\\\/\",\"url\":\"https:\\\/\\\/www.enriquerequena.com\\\/fr\\\/tienda-online\\\/arbre-transmission-cardan\\\/arbre-transmission-cardan-fourgons\\\/a6394103206-arbre-de-transmission-a-cardan-mercedes-vito-viano-6394103206\\\/\",\"name\":\"Arbre de transmission Mercedes Vito W639 A6394103206\",\"isPartOf\":{\"@id\":\"https:\\\/\\\/www.enriquerequena.com\\\/fr\\\/#website\"},\"primaryImageOfPage\":{\"@id\":\"https:\\\/\\\/www.enriquerequena.com\\\/fr\\\/tienda-online\\\/arbre-transmission-cardan\\\/arbre-transmission-cardan-fourgons\\\/a6394103206-arbre-de-transmission-a-cardan-mercedes-vito-viano-6394103206\\\/#primaryimage\"},\"image\":{\"@id\":\"https:\\\/\\\/www.enriquerequena.com\\\/fr\\\/tienda-online\\\/arbre-transmission-cardan\\\/arbre-transmission-cardan-fourgons\\\/a6394103206-arbre-de-transmission-a-cardan-mercedes-vito-viano-6394103206\\\/#primaryimage\"},\"thumbnailUrl\":\"https:\\\/\\\/www.enriquerequena.com\\\/wp-content\\\/uploads\\\/2018\\\/04\\\/transmision-mercedes-vito-viano-a6394103206-6394103206.jpg\",\"datePublished\":\"2018-04-01T15:52:01+00:00\",\"dateModified\":\"2025-06-26T16:18:47+00:00\",\"description\":\"A6394103206 Arbre de transmission Mercedes Vito Viano 6394103206 pour Mercedes Vito Viano au meilleur prix ici. Nous vendons au monde entier.\",\"breadcrumb\":{\"@id\":\"https:\\\/\\\/www.enriquerequena.com\\\/fr\\\/tienda-online\\\/arbre-transmission-cardan\\\/arbre-transmission-cardan-fourgons\\\/a6394103206-arbre-de-transmission-a-cardan-mercedes-vito-viano-6394103206\\\/#breadcrumb\"},\"inLanguage\":\"fr-FR\",\"potentialAction\":[{\"@type\":\"ReadAction\",\"target\":[\"https:\\\/\\\/www.enriquerequena.com\\\/fr\\\/tienda-online\\\/arbre-transmission-cardan\\\/arbre-transmission-cardan-fourgons\\\/a6394103206-arbre-de-transmission-a-cardan-mercedes-vito-viano-6394103206\\\/\"]}]},{\"@type\":\"ImageObject\",\"inLanguage\":\"fr-FR\",\"@id\":\"https:\\\/\\\/www.enriquerequena.com\\\/fr\\\/tienda-online\\\/arbre-transmission-cardan\\\/arbre-transmission-cardan-fourgons\\\/a6394103206-arbre-de-transmission-a-cardan-mercedes-vito-viano-6394103206\\\/#primaryimage\",\"url\":\"https:\\\/\\\/www.enriquerequena.com\\\/wp-content\\\/uploads\\\/2018\\\/04\\\/transmision-mercedes-vito-viano-a6394103206-6394103206.jpg\",\"contentUrl\":\"https:\\\/\\\/www.enriquerequena.com\\\/wp-content\\\/uploads\\\/2018\\\/04\\\/transmision-mercedes-vito-viano-a6394103206-6394103206.jpg\",\"width\":800,\"height\":800,\"caption\":\"A6394103206 Arbre de transmission \u00e0 cardan Mercedes Vito Viano 6394103206\"},{\"@type\":\"WebSite\",\"@id\":\"https:\\\/\\\/www.enriquerequena.com\\\/fr\\\/#website\",\"url\":\"https:\\\/\\\/www.enriquerequena.com\\\/fr\\\/\",\"name\":\"ENRIQUE REQUENA\",\"description\":\"Sp\u00e9cialistes des transmissions cardan avec des exp\u00e9ditions dans le monde entier et des pi\u00e8ces d\u00e9tach\u00e9es pour voitures, camions et accessoires \u00e0 Valence, en Espagne. Avec vous depuis 1950!\",\"publisher\":{\"@id\":\"https:\\\/\\\/www.enriquerequena.com\\\/fr\\\/#organization\"},\"potentialAction\":[{\"@type\":\"SearchAction\",\"target\":{\"@type\":\"EntryPoint\",\"urlTemplate\":\"https:\\\/\\\/www.enriquerequena.com\\\/fr\\\/?s={search_term_string}\"},\"query-input\":{\"@type\":\"PropertyValueSpecification\",\"valueRequired\":true,\"valueName\":\"search_term_string\"}}],\"inLanguage\":\"fr-FR\"},{\"@type\":\"Organization\",\"@id\":\"https:\\\/\\\/www.enriquerequena.com\\\/fr\\\/#organization\",\"name\":\"Enrique Requena S.L.\",\"url\":\"https:\\\/\\\/www.enriquerequena.com\\\/fr\\\/\",\"logo\":{\"@type\":\"ImageObject\",\"inLanguage\":\"fr-FR\",\"@id\":\"https:\\\/\\\/www.enriquerequena.com\\\/fr\\\/#\\\/schema\\\/logo\\\/image\\\/\",\"url\":\"https:\\\/\\\/www.enriquerequena.com\\\/wp-content\\\/uploads\\\/2019\\\/11\\\/enrique-requena-recambios-logotipo.jpg\",\"contentUrl\":\"https:\\\/\\\/www.enriquerequena.com\\\/wp-content\\\/uploads\\\/2019\\\/11\\\/enrique-requena-recambios-logotipo.jpg\",\"width\":381,\"height\":75,\"caption\":\"Enrique Requena S.L.\"},\"image\":{\"@id\":\"https:\\\/\\\/www.enriquerequena.com\\\/fr\\\/#\\\/schema\\\/logo\\\/image\\\/\"}}]}<\/script>\n<!-- \/ Yoast SEO plugin. -->","yoast_head_json":{"title":"Arbre de transmission Mercedes Vito W639 A6394103206","description":"A6394103206 Arbre de transmission Mercedes Vito Viano 6394103206 pour Mercedes Vito Viano au meilleur prix ici. Nous vendons au monde entier.","robots":{"index":"index","follow":"follow","max-snippet":"max-snippet:-1","max-image-preview":"max-image-preview:large","max-video-preview":"max-video-preview:-1"},"canonical":"https:\/\/www.enriquerequena.com\/fr\/tienda-online\/arbre-transmission-cardan\/arbre-transmission-cardan-fourgons\/a6394103206-arbre-de-transmission-a-cardan-mercedes-vito-viano-6394103206\/","og_locale":"fr_FR","og_type":"article","og_title":"Arbre de transmission Mercedes Vito W639 A6394103206","og_description":"A6394103206 Arbre de transmission Mercedes Vito Viano 6394103206 pour Mercedes Vito Viano au meilleur prix ici. Nous vendons au monde entier.","og_url":"https:\/\/www.enriquerequena.com\/fr\/tienda-online\/arbre-transmission-cardan\/arbre-transmission-cardan-fourgons\/a6394103206-arbre-de-transmission-a-cardan-mercedes-vito-viano-6394103206\/","og_site_name":"ENRIQUE REQUENA","article_modified_time":"2025-06-26T16:18:47+00:00","og_image":[{"width":800,"height":800,"url":"https:\/\/www.enriquerequena.com\/wp-content\/uploads\/2018\/04\/transmision-mercedes-vito-viano-a6394103206-6394103206.jpg","type":"image\/jpeg"}],"twitter_card":"summary_large_image","twitter_misc":{"Dur\u00e9e de lecture estim\u00e9e":"1 minute"},"schema":{"@context":"https:\/\/schema.org","@graph":[{"@type":"WebPage","@id":"https:\/\/www.enriquerequena.com\/fr\/tienda-online\/arbre-transmission-cardan\/arbre-transmission-cardan-fourgons\/a6394103206-arbre-de-transmission-a-cardan-mercedes-vito-viano-6394103206\/","url":"https:\/\/www.enriquerequena.com\/fr\/tienda-online\/arbre-transmission-cardan\/arbre-transmission-cardan-fourgons\/a6394103206-arbre-de-transmission-a-cardan-mercedes-vito-viano-6394103206\/","name":"Arbre de transmission Mercedes Vito W639 A6394103206","isPartOf":{"@id":"https:\/\/www.enriquerequena.com\/fr\/#website"},"primaryImageOfPage":{"@id":"https:\/\/www.enriquerequena.com\/fr\/tienda-online\/arbre-transmission-cardan\/arbre-transmission-cardan-fourgons\/a6394103206-arbre-de-transmission-a-cardan-mercedes-vito-viano-6394103206\/#primaryimage"},"image":{"@id":"https:\/\/www.enriquerequena.com\/fr\/tienda-online\/arbre-transmission-cardan\/arbre-transmission-cardan-fourgons\/a6394103206-arbre-de-transmission-a-cardan-mercedes-vito-viano-6394103206\/#primaryimage"},"thumbnailUrl":"https:\/\/www.enriquerequena.com\/wp-content\/uploads\/2018\/04\/transmision-mercedes-vito-viano-a6394103206-6394103206.jpg","datePublished":"2018-04-01T15:52:01+00:00","dateModified":"2025-06-26T16:18:47+00:00","description":"A6394103206 Arbre de transmission Mercedes Vito Viano 6394103206 pour Mercedes Vito Viano au meilleur prix ici. Nous vendons au monde entier.","breadcrumb":{"@id":"https:\/\/www.enriquerequena.com\/fr\/tienda-online\/arbre-transmission-cardan\/arbre-transmission-cardan-fourgons\/a6394103206-arbre-de-transmission-a-cardan-mercedes-vito-viano-6394103206\/#breadcrumb"},"inLanguage":"fr-FR","potentialAction":[{"@type":"ReadAction","target":["https:\/\/www.enriquerequena.com\/fr\/tienda-online\/arbre-transmission-cardan\/arbre-transmission-cardan-fourgons\/a6394103206-arbre-de-transmission-a-cardan-mercedes-vito-viano-6394103206\/"]}]},{"@type":"ImageObject","inLanguage":"fr-FR","@id":"https:\/\/www.enriquerequena.com\/fr\/tienda-online\/arbre-transmission-cardan\/arbre-transmission-cardan-fourgons\/a6394103206-arbre-de-transmission-a-cardan-mercedes-vito-viano-6394103206\/#primaryimage","url":"https:\/\/www.enriquerequena.com\/wp-content\/uploads\/2018\/04\/transmision-mercedes-vito-viano-a6394103206-6394103206.jpg","contentUrl":"https:\/\/www.enriquerequena.com\/wp-content\/uploads\/2018\/04\/transmision-mercedes-vito-viano-a6394103206-6394103206.jpg","width":800,"height":800,"caption":"A6394103206 Arbre de transmission \u00e0 cardan Mercedes Vito Viano 6394103206"},{"@type":"WebSite","@id":"https:\/\/www.enriquerequena.com\/fr\/#website","url":"https:\/\/www.enriquerequena.com\/fr\/","name":"ENRIQUE REQUENA","description":"Sp\u00e9cialistes des transmissions cardan avec des exp\u00e9ditions dans le monde entier et des pi\u00e8ces d\u00e9tach\u00e9es pour voitures, camions et accessoires \u00e0 Valence, en Espagne. Avec vous depuis 1950!","publisher":{"@id":"https:\/\/www.enriquerequena.com\/fr\/#organization"},"potentialAction":[{"@type":"SearchAction","target":{"@type":"EntryPoint","urlTemplate":"https:\/\/www.enriquerequena.com\/fr\/?s={search_term_string}"},"query-input":{"@type":"PropertyValueSpecification","valueRequired":true,"valueName":"search_term_string"}}],"inLanguage":"fr-FR"},{"@type":"Organization","@id":"https:\/\/www.enriquerequena.com\/fr\/#organization","name":"Enrique Requena S.L.","url":"https:\/\/www.enriquerequena.com\/fr\/","logo":{"@type":"ImageObject","inLanguage":"fr-FR","@id":"https:\/\/www.enriquerequena.com\/fr\/#\/schema\/logo\/image\/","url":"https:\/\/www.enriquerequena.com\/wp-content\/uploads\/2019\/11\/enrique-requena-recambios-logotipo.jpg","contentUrl":"https:\/\/www.enriquerequena.com\/wp-content\/uploads\/2019\/11\/enrique-requena-recambios-logotipo.jpg","width":381,"height":75,"caption":"Enrique Requena S.L."},"image":{"@id":"https:\/\/www.enriquerequena.com\/fr\/#\/schema\/logo\/image\/"}}]}},"_links":{"self":[{"href":"https:\/\/www.enriquerequena.com\/fr\/wp-json\/wp\/v2\/product\/3520","targetHints":{"allow":["GET"]}}],"collection":[{"href":"https:\/\/www.enriquerequena.com\/fr\/wp-json\/wp\/v2\/product"}],"about":[{"href":"https:\/\/www.enriquerequena.com\/fr\/wp-json\/wp\/v2\/types\/product"}],"wp:featuredmedia":[{"embeddable":true,"href":"https:\/\/www.enriquerequena.com\/fr\/wp-json\/wp\/v2\/media\/26933"}],"wp:attachment":[{"href":"https:\/\/www.enriquerequena.com\/fr\/wp-json\/wp\/v2\/media?parent=3520"}],"wp:term":[{"taxonomy":"product_brand","embeddable":true,"href":"https:\/\/www.enriquerequena.com\/fr\/wp-json\/wp\/v2\/product_brand?post=3520"},{"taxonomy":"product_cat","embeddable":true,"href":"https:\/\/www.enriquerequena.com\/fr\/wp-json\/wp\/v2\/product_cat?post=3520"},{"taxonomy":"product_tag","embeddable":true,"href":"https:\/\/www.enriquerequena.com\/fr\/wp-json\/wp\/v2\/product_tag?post=3520"}],"curies":[{"name":"wp","href":"https:\/\/api.w.org\/{rel}","templated":true}]}}