{"id":3544,"date":"2018-04-01T17:22:48","date_gmt":"2018-04-01T17:22:48","guid":{"rendered":"https:\/\/www.enriquerequena.com\/?post_type=product&#038;p=3544"},"modified":"2025-06-26T19:45:38","modified_gmt":"2025-06-26T17:45:38","slug":"a6394103006-arbre-transmission-cardan-mercedes-vito-viano-6394103006","status":"publish","type":"product","link":"https:\/\/www.enriquerequena.com\/fr\/tienda-online\/arbre-transmission-cardan\/arbre-transmission-cardan-fourgons\/a6394103006-arbre-transmission-cardan-mercedes-vito-viano-6394103006\/","title":{"rendered":"A6394103006 Arbre de transmission \u00e0 cardan Mercedes Vito Viano 6394103006"},"content":{"rendered":"<h2>Arbre de transmission \u00e0 cardan Mercedes Vito Viano<\/h2>\n<p style=\"text-align: justify;\">Arbre de transmission pour Mercedes Vito Viano avec r\u00e9f\u00e9rences A6394103006, 6394103006, A 639 410 30 06, est une transmission de Mercedes neuve avec une garantie d&rsquo;un an. C&rsquo;est le choix le plus \u00e9conomique.<\/p>\n<p style=\"text-align: justify;\">Nous vendons des arbres de transmission ou transmissions \u00e0 cardan pour Mercedes Vito\u00a0 Viano. Nos arbres de transmission \u00e0 cardan sont similaires \u00e0 ceux des OEM avec les meilleurs prix du march\u00e9.<\/p>\n<p style=\"text-align: justify;\">A6394103006 or 6394103006 est disponible pour Mercedes Vito Viano. Nous vendons des pi\u00e8ces d\u00e9tach\u00e9es ou pi\u00e8ces de rechange pour camionnettes \u00e0 Valence depuis 1950 et nous vendons aussi en ligne dans le monde entier.<\/p>\n<p style=\"text-align: justify;\">N\u00b4h\u00e9sitez pas \u00e0 nous consulter pour d\u00b4autres mod\u00e8les de transmission \u00e0 cardan de tout type de v\u00e9hicule. Nous avons une exp\u00e9rience de 68 ans dans le commerce de transmissions \u00e0 cardan et connaissons tr\u00e8s bien le sujet.<\/p>\n<h3 style=\"text-align: justify;\">Caract\u00e9ristiques techniques:<\/h3>\n<p style=\"text-align: justify;\">&#8211; Pi\u00e8ce de rechange: arbre de transmission \u00e0 cardan<\/p>\n<p style=\"text-align: justify;\">&#8211; Mod\u00e8le: Mercedes Vito &#8211; Viano<\/p>\n<p style=\"text-align: justify;\">&#8211; Longueur: 2240 MM. Longueur 1: 510 MM; Longueur 2: 415 MM; Longueur 3: 570 MM.<\/p>\n<p style=\"text-align: justify;\">&#8211; Plats de 4 trous de 10 mm.<\/p>\n<p>&#8211; Diam\u00e8tre \u00d8: 123 MM<\/p>\n<p>&#8211; Num\u00e9ro de r\u00e9f\u00e9rence: A6394103006 &#8211; 6394103006- A 639 410 30 06<\/p>\n<p>&#8211; Etat: pi\u00e8ce neuve<\/p>\n<p>&#8211; Garantie d&rsquo;un an<\/p>\n","protected":false},"excerpt":{"rendered":"<p>Arbre de transmission pour Mercedes Vito Viano avec r\u00e9f\u00e9rences A6394103006, 6394103006, A 639 410 30 06, est une transmission de Mercedes neuve avec une garantie d&rsquo;un an.<\/p>\n","protected":false},"featured_media":3545,"template":"","meta":[],"product_brand":[119],"product_cat":[144,159],"product_tag":[],"class_list":{"0":"post-3544","1":"product","2":"type-product","3":"status-publish","4":"has-post-thumbnail","6":"product_brand-mercedes-benz","7":"product_cat-arbre-transmission-cardan","8":"product_cat-arbre-transmission-cardan-fourgons","9":"pa_tipo-fourgons-et-vehicules-legers","11":"first","12":"instock","13":"featured","14":"taxable","15":"shipping-taxable","16":"purchasable","17":"product-type-simple"},"yoast_head":"<!-- This site is optimized with the Yoast SEO plugin v27.5 - https:\/\/yoast.com\/product\/yoast-seo-wordpress\/ -->\n<title>Acheter Arbre transmission \u00e0 cardan Mercedes Vito Viano A6394103006<\/title>\n<meta name=\"description\" content=\"Arbre de transmission pour Mercedes Vito Viano avec r\u00e9f\u00e9rences A6394103006, 6394103006 est une transmission neuve avec une garantie d&#039;un an.\" \/>\n<meta name=\"robots\" content=\"index, follow, max-snippet:-1, max-image-preview:large, max-video-preview:-1\" \/>\n<link rel=\"canonical\" href=\"https:\/\/www.enriquerequena.com\/fr\/tienda-online\/arbre-transmission-cardan\/arbre-transmission-cardan-fourgons\/a6394103006-arbre-transmission-cardan-mercedes-vito-viano-6394103006\/\" \/>\n<meta property=\"og:locale\" content=\"fr_FR\" \/>\n<meta property=\"og:type\" content=\"article\" \/>\n<meta property=\"og:title\" content=\"Acheter Arbre transmission \u00e0 cardan Mercedes Vito Viano A6394103006\" \/>\n<meta property=\"og:description\" content=\"Arbre de transmission pour Mercedes Vito Viano avec r\u00e9f\u00e9rences A6394103006, 6394103006 est une transmission neuve avec une garantie d&#039;un an.\" \/>\n<meta property=\"og:url\" content=\"https:\/\/www.enriquerequena.com\/fr\/tienda-online\/arbre-transmission-cardan\/arbre-transmission-cardan-fourgons\/a6394103006-arbre-transmission-cardan-mercedes-vito-viano-6394103006\/\" \/>\n<meta property=\"og:site_name\" content=\"ENRIQUE REQUENA\" \/>\n<meta property=\"article:modified_time\" content=\"2025-06-26T17:45:38+00:00\" \/>\n<meta property=\"og:image\" content=\"https:\/\/www.enriquerequena.com\/wp-content\/uploads\/2019\/10\/products-A6394103006-6394103006TRANSMISION-CARDAN-ARBRE-DE-TRANSMISSION-PROPSHAFT-MERCEDES-VITO--2.jpg\" \/>\n\t<meta property=\"og:image:width\" content=\"800\" \/>\n\t<meta property=\"og:image:height\" content=\"800\" \/>\n\t<meta property=\"og:image:type\" content=\"image\/jpeg\" \/>\n<meta name=\"twitter:card\" content=\"summary_large_image\" \/>\n<meta name=\"twitter:label1\" content=\"Dur\u00e9e de lecture estim\u00e9e\" \/>\n\t<meta name=\"twitter:data1\" content=\"2 minutes\" \/>\n<script type=\"application\/ld+json\" class=\"yoast-schema-graph\">{\"@context\":\"https:\\\/\\\/schema.org\",\"@graph\":[{\"@type\":\"WebPage\",\"@id\":\"https:\\\/\\\/www.enriquerequena.com\\\/fr\\\/tienda-online\\\/arbre-transmission-cardan\\\/arbre-transmission-cardan-fourgons\\\/a6394103006-arbre-transmission-cardan-mercedes-vito-viano-6394103006\\\/\",\"url\":\"https:\\\/\\\/www.enriquerequena.com\\\/fr\\\/tienda-online\\\/arbre-transmission-cardan\\\/arbre-transmission-cardan-fourgons\\\/a6394103006-arbre-transmission-cardan-mercedes-vito-viano-6394103006\\\/\",\"name\":\"Acheter Arbre transmission \u00e0 cardan Mercedes Vito Viano A6394103006\",\"isPartOf\":{\"@id\":\"https:\\\/\\\/www.enriquerequena.com\\\/fr\\\/#website\"},\"primaryImageOfPage\":{\"@id\":\"https:\\\/\\\/www.enriquerequena.com\\\/fr\\\/tienda-online\\\/arbre-transmission-cardan\\\/arbre-transmission-cardan-fourgons\\\/a6394103006-arbre-transmission-cardan-mercedes-vito-viano-6394103006\\\/#primaryimage\"},\"image\":{\"@id\":\"https:\\\/\\\/www.enriquerequena.com\\\/fr\\\/tienda-online\\\/arbre-transmission-cardan\\\/arbre-transmission-cardan-fourgons\\\/a6394103006-arbre-transmission-cardan-mercedes-vito-viano-6394103006\\\/#primaryimage\"},\"thumbnailUrl\":\"https:\\\/\\\/www.enriquerequena.com\\\/wp-content\\\/uploads\\\/2019\\\/10\\\/products-A6394103006-6394103006TRANSMISION-CARDAN-ARBRE-DE-TRANSMISSION-PROPSHAFT-MERCEDES-VITO--2.jpg\",\"datePublished\":\"2018-04-01T17:22:48+00:00\",\"dateModified\":\"2025-06-26T17:45:38+00:00\",\"description\":\"Arbre de transmission pour Mercedes Vito Viano avec r\u00e9f\u00e9rences A6394103006, 6394103006 est une transmission neuve avec une garantie d'un an.\",\"breadcrumb\":{\"@id\":\"https:\\\/\\\/www.enriquerequena.com\\\/fr\\\/tienda-online\\\/arbre-transmission-cardan\\\/arbre-transmission-cardan-fourgons\\\/a6394103006-arbre-transmission-cardan-mercedes-vito-viano-6394103006\\\/#breadcrumb\"},\"inLanguage\":\"fr-FR\",\"potentialAction\":[{\"@type\":\"ReadAction\",\"target\":[\"https:\\\/\\\/www.enriquerequena.com\\\/fr\\\/tienda-online\\\/arbre-transmission-cardan\\\/arbre-transmission-cardan-fourgons\\\/a6394103006-arbre-transmission-cardan-mercedes-vito-viano-6394103006\\\/\"]}]},{\"@type\":\"ImageObject\",\"inLanguage\":\"fr-FR\",\"@id\":\"https:\\\/\\\/www.enriquerequena.com\\\/fr\\\/tienda-online\\\/arbre-transmission-cardan\\\/arbre-transmission-cardan-fourgons\\\/a6394103006-arbre-transmission-cardan-mercedes-vito-viano-6394103006\\\/#primaryimage\",\"url\":\"https:\\\/\\\/www.enriquerequena.com\\\/wp-content\\\/uploads\\\/2019\\\/10\\\/products-A6394103006-6394103006TRANSMISION-CARDAN-ARBRE-DE-TRANSMISSION-PROPSHAFT-MERCEDES-VITO--2.jpg\",\"contentUrl\":\"https:\\\/\\\/www.enriquerequena.com\\\/wp-content\\\/uploads\\\/2019\\\/10\\\/products-A6394103006-6394103006TRANSMISION-CARDAN-ARBRE-DE-TRANSMISSION-PROPSHAFT-MERCEDES-VITO--2.jpg\",\"width\":800,\"height\":800,\"caption\":\"A6394103006 Arbre de transmission \u00e0 cardan Mercedes Vito Viano 6394103006\"},{\"@type\":\"WebSite\",\"@id\":\"https:\\\/\\\/www.enriquerequena.com\\\/fr\\\/#website\",\"url\":\"https:\\\/\\\/www.enriquerequena.com\\\/fr\\\/\",\"name\":\"ENRIQUE REQUENA\",\"description\":\"Sp\u00e9cialistes des transmissions cardan avec des exp\u00e9ditions dans le monde entier et des pi\u00e8ces d\u00e9tach\u00e9es pour voitures, camions et accessoires \u00e0 Valence, en Espagne. Avec vous depuis 1950!\",\"publisher\":{\"@id\":\"https:\\\/\\\/www.enriquerequena.com\\\/fr\\\/#organization\"},\"potentialAction\":[{\"@type\":\"SearchAction\",\"target\":{\"@type\":\"EntryPoint\",\"urlTemplate\":\"https:\\\/\\\/www.enriquerequena.com\\\/fr\\\/?s={search_term_string}\"},\"query-input\":{\"@type\":\"PropertyValueSpecification\",\"valueRequired\":true,\"valueName\":\"search_term_string\"}}],\"inLanguage\":\"fr-FR\"},{\"@type\":\"Organization\",\"@id\":\"https:\\\/\\\/www.enriquerequena.com\\\/fr\\\/#organization\",\"name\":\"Enrique Requena S.L.\",\"url\":\"https:\\\/\\\/www.enriquerequena.com\\\/fr\\\/\",\"logo\":{\"@type\":\"ImageObject\",\"inLanguage\":\"fr-FR\",\"@id\":\"https:\\\/\\\/www.enriquerequena.com\\\/fr\\\/#\\\/schema\\\/logo\\\/image\\\/\",\"url\":\"https:\\\/\\\/www.enriquerequena.com\\\/wp-content\\\/uploads\\\/2019\\\/11\\\/enrique-requena-recambios-logotipo.jpg\",\"contentUrl\":\"https:\\\/\\\/www.enriquerequena.com\\\/wp-content\\\/uploads\\\/2019\\\/11\\\/enrique-requena-recambios-logotipo.jpg\",\"width\":381,\"height\":75,\"caption\":\"Enrique Requena S.L.\"},\"image\":{\"@id\":\"https:\\\/\\\/www.enriquerequena.com\\\/fr\\\/#\\\/schema\\\/logo\\\/image\\\/\"}}]}<\/script>\n<!-- \/ Yoast SEO plugin. -->","yoast_head_json":{"title":"Acheter Arbre transmission \u00e0 cardan Mercedes Vito Viano A6394103006","description":"Arbre de transmission pour Mercedes Vito Viano avec r\u00e9f\u00e9rences A6394103006, 6394103006 est une transmission neuve avec une garantie d'un an.","robots":{"index":"index","follow":"follow","max-snippet":"max-snippet:-1","max-image-preview":"max-image-preview:large","max-video-preview":"max-video-preview:-1"},"canonical":"https:\/\/www.enriquerequena.com\/fr\/tienda-online\/arbre-transmission-cardan\/arbre-transmission-cardan-fourgons\/a6394103006-arbre-transmission-cardan-mercedes-vito-viano-6394103006\/","og_locale":"fr_FR","og_type":"article","og_title":"Acheter Arbre transmission \u00e0 cardan Mercedes Vito Viano A6394103006","og_description":"Arbre de transmission pour Mercedes Vito Viano avec r\u00e9f\u00e9rences A6394103006, 6394103006 est une transmission neuve avec une garantie d'un an.","og_url":"https:\/\/www.enriquerequena.com\/fr\/tienda-online\/arbre-transmission-cardan\/arbre-transmission-cardan-fourgons\/a6394103006-arbre-transmission-cardan-mercedes-vito-viano-6394103006\/","og_site_name":"ENRIQUE REQUENA","article_modified_time":"2025-06-26T17:45:38+00:00","og_image":[{"width":800,"height":800,"url":"https:\/\/www.enriquerequena.com\/wp-content\/uploads\/2019\/10\/products-A6394103006-6394103006TRANSMISION-CARDAN-ARBRE-DE-TRANSMISSION-PROPSHAFT-MERCEDES-VITO--2.jpg","type":"image\/jpeg"}],"twitter_card":"summary_large_image","twitter_misc":{"Dur\u00e9e de lecture estim\u00e9e":"2 minutes"},"schema":{"@context":"https:\/\/schema.org","@graph":[{"@type":"WebPage","@id":"https:\/\/www.enriquerequena.com\/fr\/tienda-online\/arbre-transmission-cardan\/arbre-transmission-cardan-fourgons\/a6394103006-arbre-transmission-cardan-mercedes-vito-viano-6394103006\/","url":"https:\/\/www.enriquerequena.com\/fr\/tienda-online\/arbre-transmission-cardan\/arbre-transmission-cardan-fourgons\/a6394103006-arbre-transmission-cardan-mercedes-vito-viano-6394103006\/","name":"Acheter Arbre transmission \u00e0 cardan Mercedes Vito Viano A6394103006","isPartOf":{"@id":"https:\/\/www.enriquerequena.com\/fr\/#website"},"primaryImageOfPage":{"@id":"https:\/\/www.enriquerequena.com\/fr\/tienda-online\/arbre-transmission-cardan\/arbre-transmission-cardan-fourgons\/a6394103006-arbre-transmission-cardan-mercedes-vito-viano-6394103006\/#primaryimage"},"image":{"@id":"https:\/\/www.enriquerequena.com\/fr\/tienda-online\/arbre-transmission-cardan\/arbre-transmission-cardan-fourgons\/a6394103006-arbre-transmission-cardan-mercedes-vito-viano-6394103006\/#primaryimage"},"thumbnailUrl":"https:\/\/www.enriquerequena.com\/wp-content\/uploads\/2019\/10\/products-A6394103006-6394103006TRANSMISION-CARDAN-ARBRE-DE-TRANSMISSION-PROPSHAFT-MERCEDES-VITO--2.jpg","datePublished":"2018-04-01T17:22:48+00:00","dateModified":"2025-06-26T17:45:38+00:00","description":"Arbre de transmission pour Mercedes Vito Viano avec r\u00e9f\u00e9rences A6394103006, 6394103006 est une transmission neuve avec une garantie d'un an.","breadcrumb":{"@id":"https:\/\/www.enriquerequena.com\/fr\/tienda-online\/arbre-transmission-cardan\/arbre-transmission-cardan-fourgons\/a6394103006-arbre-transmission-cardan-mercedes-vito-viano-6394103006\/#breadcrumb"},"inLanguage":"fr-FR","potentialAction":[{"@type":"ReadAction","target":["https:\/\/www.enriquerequena.com\/fr\/tienda-online\/arbre-transmission-cardan\/arbre-transmission-cardan-fourgons\/a6394103006-arbre-transmission-cardan-mercedes-vito-viano-6394103006\/"]}]},{"@type":"ImageObject","inLanguage":"fr-FR","@id":"https:\/\/www.enriquerequena.com\/fr\/tienda-online\/arbre-transmission-cardan\/arbre-transmission-cardan-fourgons\/a6394103006-arbre-transmission-cardan-mercedes-vito-viano-6394103006\/#primaryimage","url":"https:\/\/www.enriquerequena.com\/wp-content\/uploads\/2019\/10\/products-A6394103006-6394103006TRANSMISION-CARDAN-ARBRE-DE-TRANSMISSION-PROPSHAFT-MERCEDES-VITO--2.jpg","contentUrl":"https:\/\/www.enriquerequena.com\/wp-content\/uploads\/2019\/10\/products-A6394103006-6394103006TRANSMISION-CARDAN-ARBRE-DE-TRANSMISSION-PROPSHAFT-MERCEDES-VITO--2.jpg","width":800,"height":800,"caption":"A6394103006 Arbre de transmission \u00e0 cardan Mercedes Vito Viano 6394103006"},{"@type":"WebSite","@id":"https:\/\/www.enriquerequena.com\/fr\/#website","url":"https:\/\/www.enriquerequena.com\/fr\/","name":"ENRIQUE REQUENA","description":"Sp\u00e9cialistes des transmissions cardan avec des exp\u00e9ditions dans le monde entier et des pi\u00e8ces d\u00e9tach\u00e9es pour voitures, camions et accessoires \u00e0 Valence, en Espagne. Avec vous depuis 1950!","publisher":{"@id":"https:\/\/www.enriquerequena.com\/fr\/#organization"},"potentialAction":[{"@type":"SearchAction","target":{"@type":"EntryPoint","urlTemplate":"https:\/\/www.enriquerequena.com\/fr\/?s={search_term_string}"},"query-input":{"@type":"PropertyValueSpecification","valueRequired":true,"valueName":"search_term_string"}}],"inLanguage":"fr-FR"},{"@type":"Organization","@id":"https:\/\/www.enriquerequena.com\/fr\/#organization","name":"Enrique Requena S.L.","url":"https:\/\/www.enriquerequena.com\/fr\/","logo":{"@type":"ImageObject","inLanguage":"fr-FR","@id":"https:\/\/www.enriquerequena.com\/fr\/#\/schema\/logo\/image\/","url":"https:\/\/www.enriquerequena.com\/wp-content\/uploads\/2019\/11\/enrique-requena-recambios-logotipo.jpg","contentUrl":"https:\/\/www.enriquerequena.com\/wp-content\/uploads\/2019\/11\/enrique-requena-recambios-logotipo.jpg","width":381,"height":75,"caption":"Enrique Requena S.L."},"image":{"@id":"https:\/\/www.enriquerequena.com\/fr\/#\/schema\/logo\/image\/"}}]}},"_links":{"self":[{"href":"https:\/\/www.enriquerequena.com\/fr\/wp-json\/wp\/v2\/product\/3544","targetHints":{"allow":["GET"]}}],"collection":[{"href":"https:\/\/www.enriquerequena.com\/fr\/wp-json\/wp\/v2\/product"}],"about":[{"href":"https:\/\/www.enriquerequena.com\/fr\/wp-json\/wp\/v2\/types\/product"}],"wp:featuredmedia":[{"embeddable":true,"href":"https:\/\/www.enriquerequena.com\/fr\/wp-json\/wp\/v2\/media\/3545"}],"wp:attachment":[{"href":"https:\/\/www.enriquerequena.com\/fr\/wp-json\/wp\/v2\/media?parent=3544"}],"wp:term":[{"taxonomy":"product_brand","embeddable":true,"href":"https:\/\/www.enriquerequena.com\/fr\/wp-json\/wp\/v2\/product_brand?post=3544"},{"taxonomy":"product_cat","embeddable":true,"href":"https:\/\/www.enriquerequena.com\/fr\/wp-json\/wp\/v2\/product_cat?post=3544"},{"taxonomy":"product_tag","embeddable":true,"href":"https:\/\/www.enriquerequena.com\/fr\/wp-json\/wp\/v2\/product_tag?post=3544"}],"curies":[{"name":"wp","href":"https:\/\/api.w.org\/{rel}","templated":true}]}}