{"id":3576,"date":"2018-04-09T18:25:02","date_gmt":"2018-04-09T18:25:02","guid":{"rendered":"https:\/\/www.enriquerequena.com\/?post_type=product&#038;p=3576"},"modified":"2023-02-07T16:31:36","modified_gmt":"2023-02-07T15:31:36","slug":"7l6521102d-f-b-c-e-h-n-q-arbre-de-transmission-a-cardan-volkswagen-touareg","status":"publish","type":"product","link":"https:\/\/www.enriquerequena.com\/fr\/tienda-online\/arbre-transmission-cardan\/arbre-transmission-cardan-4x4\/7l6521102d-f-b-c-e-h-n-q-arbre-de-transmission-a-cardan-volkswagen-touareg\/","title":{"rendered":"7L6521102D\/F\/B\/C\/E\/H\/N\/Q Arbre de transmission \u00e0 cardan Volkswagen Touareg"},"content":{"rendered":"<p>Arbre de transmission \u00e0 cardan pour Volkswagen Touareg avec r\u00e9f\u00e9rence 7L6521102D\/F\/B\/C\/E\/H\/N\/Q est une nouvelle transmission \u00e0 cardan de Volkswagen nouveau avec une garantie d&rsquo;un an. C&rsquo;est le choix le plus \u00e9conomique.<\/p>\n<p>Nous vendons des arbres de transmission ou transmissions \u00e0 cardan pour Volkswagen Touareg. Nos arbres de transmission \u00e0 cardan sont similaires \u00e0 ceux des OEM avec les meilleurs prix du march\u00e9.<\/p>\n<p>7L6521102D\/F\/B\/C\/E\/H\/N\/Q est disponible pour Volkswagen Touareg. Nous vendons des pi\u00e8ces d\u00e9tach\u00e9es ou pi\u00e8ces de rechange pour v\u00e9hicules 4&#215;4 \u00e0 Valence depuis 1950 et nous vendons aussi en ligne dans le monde entier.<\/p>\n<p>N\u00b4h\u00e9sitez pas \u00e0 nous consulter pour d\u00b4autres mod\u00e8les de transmission \u00e0 cardan de tout type de v\u00e9hicule. Nous avons une exp\u00e9rience de 68 ans dans le commerce de transmissions \u00e0 cardan et connaissons tr\u00e8s bien le sujet.<\/p>\n<p>Caract\u00e9ristiques techniques:<\/p>\n<p>&#8211; Pi\u00e8ce de rechange: arbre de transmission \u00e0 cardan<\/p>\n<p>&#8211; Mod\u00e8le: Volkswagen Touareg<\/p>\n<p>&#8211; Deux pi\u00e8ces d&rsquo;arbre avec cadre de support<\/p>\n<p>&#8211; Longueur: 1185 MM.<\/p>\n<p>&#8211; Perceuses \u00e0 couronne diam\u00e8tre \u00d8: 110 MM<\/p>\n<p>&#8211; Perceuses 1 diam\u00e8tre \u00d8: 12.15 MM<\/p>\n<p>&#8211; Nombre de perceuses 1: 6<\/p>\n<p>&#8211; Perceuses 2 diam\u00e8tres de cercle \u00d8: 86 MM<\/p>\n<p>&#8211; Perceuses 2 diam\u00e8tre \u00d8: 10.2 MM<\/p>\n<p>&#8211; Nombre de perceuses 2: 6<\/p>\n<p>&#8211; Diam\u00e8tre du tube \u00d8: 70 MM<\/p>\n<p>&#8211; Num\u00e9ro de r\u00e9f\u00e9rence: 7L6521102D\/F\/B\/C\/E\/H\/N\/Q<\/p>\n<p>&#8211; Etat: pi\u00e8ce neuve<\/p>\n<p>&#8211; Garantie d&rsquo;un an<\/p>\n","protected":false},"excerpt":{"rendered":"<p>Arbre de transmission \u00e0 cardan pour Volkswagen Touareg avec r\u00e9f\u00e9rence 7L6521102D\/F\/B\/C\/E\/H\/N\/Q nouveau \u00e0 vendre en ligne avec garantie d&rsquo;un an.<\/p>\n","protected":false},"featured_media":3577,"template":"","meta":[],"product_brand":[128],"product_cat":[144,156],"product_tag":[],"class_list":{"0":"post-3576","1":"product","2":"type-product","3":"status-publish","4":"has-post-thumbnail","6":"product_brand-volkswagen-2","7":"product_cat-arbre-transmission-cardan","8":"product_cat-arbre-transmission-cardan-4x4","9":"pa_manufacturer-volkswagen","10":"pa_tipo-4x4","12":"first","13":"instock","14":"featured","15":"taxable","16":"shipping-taxable","17":"purchasable","18":"product-type-simple"},"yoast_head":"<!-- This site is optimized with the Yoast SEO plugin v27.5 - https:\/\/yoast.com\/product\/yoast-seo-wordpress\/ -->\n<title>Acheter arbre de transmission \u00e0 cardan Volkswagen Touareg 7L6521102<\/title>\n<meta name=\"description\" content=\"Vous pouvez acheter Arbre de transmission \u00e0 cardan 7L6521102D\/F\/B\/C\/E\/H\/N\/Q pour Volkswagen Touareg au meilleur prix ici. Nous vendons au monde entier.\" \/>\n<meta name=\"robots\" content=\"index, follow, max-snippet:-1, max-image-preview:large, max-video-preview:-1\" \/>\n<link rel=\"canonical\" href=\"https:\/\/www.enriquerequena.com\/fr\/tienda-online\/arbre-transmission-cardan\/arbre-transmission-cardan-4x4\/7l6521102d-f-b-c-e-h-n-q-arbre-de-transmission-a-cardan-volkswagen-touareg\/\" \/>\n<meta property=\"og:locale\" content=\"fr_FR\" \/>\n<meta property=\"og:type\" content=\"article\" \/>\n<meta property=\"og:title\" content=\"Acheter arbre de transmission \u00e0 cardan Volkswagen Touareg 7L6521102\" \/>\n<meta property=\"og:description\" content=\"Vous pouvez acheter Arbre de transmission \u00e0 cardan 7L6521102D\/F\/B\/C\/E\/H\/N\/Q pour Volkswagen Touareg au meilleur prix ici. Nous vendons au monde entier.\" \/>\n<meta property=\"og:url\" content=\"https:\/\/www.enriquerequena.com\/fr\/tienda-online\/arbre-transmission-cardan\/arbre-transmission-cardan-4x4\/7l6521102d-f-b-c-e-h-n-q-arbre-de-transmission-a-cardan-volkswagen-touareg\/\" \/>\n<meta property=\"og:site_name\" content=\"ENRIQUE REQUENA\" \/>\n<meta property=\"article:modified_time\" content=\"2023-02-07T15:31:36+00:00\" \/>\n<meta property=\"og:image\" content=\"https:\/\/www.enriquerequena.com\/wp-content\/uploads\/2019\/09\/products-7L6521102D-F-B-C-E-H-N-Q--ARBRE-DE-TRANSMISSION-TRANSMISION-CARDAN-PROPSHAFT-VOLKSWAGEN-TOUAREG--2.jpg\" \/>\n\t<meta property=\"og:image:width\" content=\"800\" \/>\n\t<meta property=\"og:image:height\" content=\"800\" \/>\n\t<meta property=\"og:image:type\" content=\"image\/jpeg\" \/>\n<meta name=\"twitter:card\" content=\"summary_large_image\" \/>\n<meta name=\"twitter:label1\" content=\"Dur\u00e9e de lecture estim\u00e9e\" \/>\n\t<meta name=\"twitter:data1\" content=\"1 minute\" \/>\n<script type=\"application\/ld+json\" class=\"yoast-schema-graph\">{\"@context\":\"https:\\\/\\\/schema.org\",\"@graph\":[{\"@type\":\"WebPage\",\"@id\":\"https:\\\/\\\/www.enriquerequena.com\\\/fr\\\/tienda-online\\\/arbre-transmission-cardan\\\/arbre-transmission-cardan-4x4\\\/7l6521102d-f-b-c-e-h-n-q-arbre-de-transmission-a-cardan-volkswagen-touareg\\\/\",\"url\":\"https:\\\/\\\/www.enriquerequena.com\\\/fr\\\/tienda-online\\\/arbre-transmission-cardan\\\/arbre-transmission-cardan-4x4\\\/7l6521102d-f-b-c-e-h-n-q-arbre-de-transmission-a-cardan-volkswagen-touareg\\\/\",\"name\":\"Acheter arbre de transmission \u00e0 cardan Volkswagen Touareg 7L6521102\",\"isPartOf\":{\"@id\":\"https:\\\/\\\/www.enriquerequena.com\\\/fr\\\/#website\"},\"primaryImageOfPage\":{\"@id\":\"https:\\\/\\\/www.enriquerequena.com\\\/fr\\\/tienda-online\\\/arbre-transmission-cardan\\\/arbre-transmission-cardan-4x4\\\/7l6521102d-f-b-c-e-h-n-q-arbre-de-transmission-a-cardan-volkswagen-touareg\\\/#primaryimage\"},\"image\":{\"@id\":\"https:\\\/\\\/www.enriquerequena.com\\\/fr\\\/tienda-online\\\/arbre-transmission-cardan\\\/arbre-transmission-cardan-4x4\\\/7l6521102d-f-b-c-e-h-n-q-arbre-de-transmission-a-cardan-volkswagen-touareg\\\/#primaryimage\"},\"thumbnailUrl\":\"https:\\\/\\\/www.enriquerequena.com\\\/wp-content\\\/uploads\\\/2019\\\/09\\\/products-7L6521102D-F-B-C-E-H-N-Q--ARBRE-DE-TRANSMISSION-TRANSMISION-CARDAN-PROPSHAFT-VOLKSWAGEN-TOUAREG--2.jpg\",\"datePublished\":\"2018-04-09T18:25:02+00:00\",\"dateModified\":\"2023-02-07T15:31:36+00:00\",\"description\":\"Vous pouvez acheter Arbre de transmission \u00e0 cardan 7L6521102D\\\/F\\\/B\\\/C\\\/E\\\/H\\\/N\\\/Q pour Volkswagen Touareg au meilleur prix ici. Nous vendons au monde entier.\",\"breadcrumb\":{\"@id\":\"https:\\\/\\\/www.enriquerequena.com\\\/fr\\\/tienda-online\\\/arbre-transmission-cardan\\\/arbre-transmission-cardan-4x4\\\/7l6521102d-f-b-c-e-h-n-q-arbre-de-transmission-a-cardan-volkswagen-touareg\\\/#breadcrumb\"},\"inLanguage\":\"fr-FR\",\"potentialAction\":[{\"@type\":\"ReadAction\",\"target\":[\"https:\\\/\\\/www.enriquerequena.com\\\/fr\\\/tienda-online\\\/arbre-transmission-cardan\\\/arbre-transmission-cardan-4x4\\\/7l6521102d-f-b-c-e-h-n-q-arbre-de-transmission-a-cardan-volkswagen-touareg\\\/\"]}]},{\"@type\":\"ImageObject\",\"inLanguage\":\"fr-FR\",\"@id\":\"https:\\\/\\\/www.enriquerequena.com\\\/fr\\\/tienda-online\\\/arbre-transmission-cardan\\\/arbre-transmission-cardan-4x4\\\/7l6521102d-f-b-c-e-h-n-q-arbre-de-transmission-a-cardan-volkswagen-touareg\\\/#primaryimage\",\"url\":\"https:\\\/\\\/www.enriquerequena.com\\\/wp-content\\\/uploads\\\/2019\\\/09\\\/products-7L6521102D-F-B-C-E-H-N-Q--ARBRE-DE-TRANSMISSION-TRANSMISION-CARDAN-PROPSHAFT-VOLKSWAGEN-TOUAREG--2.jpg\",\"contentUrl\":\"https:\\\/\\\/www.enriquerequena.com\\\/wp-content\\\/uploads\\\/2019\\\/09\\\/products-7L6521102D-F-B-C-E-H-N-Q--ARBRE-DE-TRANSMISSION-TRANSMISION-CARDAN-PROPSHAFT-VOLKSWAGEN-TOUAREG--2.jpg\",\"width\":800,\"height\":800,\"caption\":\"7L6521102D- F- B- C- E- H- N- Q - TRANSMISION- CARDAN- ARBRE DE TRANSMISSION- PROPSHAFT- VOLKSWAGEN TOUAREG\"},{\"@type\":\"WebSite\",\"@id\":\"https:\\\/\\\/www.enriquerequena.com\\\/fr\\\/#website\",\"url\":\"https:\\\/\\\/www.enriquerequena.com\\\/fr\\\/\",\"name\":\"ENRIQUE REQUENA\",\"description\":\"Sp\u00e9cialistes des transmissions cardan avec des exp\u00e9ditions dans le monde entier et des pi\u00e8ces d\u00e9tach\u00e9es pour voitures, camions et accessoires \u00e0 Valence, en Espagne. Avec vous depuis 1950!\",\"publisher\":{\"@id\":\"https:\\\/\\\/www.enriquerequena.com\\\/fr\\\/#organization\"},\"potentialAction\":[{\"@type\":\"SearchAction\",\"target\":{\"@type\":\"EntryPoint\",\"urlTemplate\":\"https:\\\/\\\/www.enriquerequena.com\\\/fr\\\/?s={search_term_string}\"},\"query-input\":{\"@type\":\"PropertyValueSpecification\",\"valueRequired\":true,\"valueName\":\"search_term_string\"}}],\"inLanguage\":\"fr-FR\"},{\"@type\":\"Organization\",\"@id\":\"https:\\\/\\\/www.enriquerequena.com\\\/fr\\\/#organization\",\"name\":\"Enrique Requena S.L.\",\"url\":\"https:\\\/\\\/www.enriquerequena.com\\\/fr\\\/\",\"logo\":{\"@type\":\"ImageObject\",\"inLanguage\":\"fr-FR\",\"@id\":\"https:\\\/\\\/www.enriquerequena.com\\\/fr\\\/#\\\/schema\\\/logo\\\/image\\\/\",\"url\":\"https:\\\/\\\/www.enriquerequena.com\\\/wp-content\\\/uploads\\\/2019\\\/11\\\/enrique-requena-recambios-logotipo.jpg\",\"contentUrl\":\"https:\\\/\\\/www.enriquerequena.com\\\/wp-content\\\/uploads\\\/2019\\\/11\\\/enrique-requena-recambios-logotipo.jpg\",\"width\":381,\"height\":75,\"caption\":\"Enrique Requena S.L.\"},\"image\":{\"@id\":\"https:\\\/\\\/www.enriquerequena.com\\\/fr\\\/#\\\/schema\\\/logo\\\/image\\\/\"}}]}<\/script>\n<!-- \/ Yoast SEO plugin. -->","yoast_head_json":{"title":"Acheter arbre de transmission \u00e0 cardan Volkswagen Touareg 7L6521102","description":"Vous pouvez acheter Arbre de transmission \u00e0 cardan 7L6521102D\/F\/B\/C\/E\/H\/N\/Q pour Volkswagen Touareg au meilleur prix ici. Nous vendons au monde entier.","robots":{"index":"index","follow":"follow","max-snippet":"max-snippet:-1","max-image-preview":"max-image-preview:large","max-video-preview":"max-video-preview:-1"},"canonical":"https:\/\/www.enriquerequena.com\/fr\/tienda-online\/arbre-transmission-cardan\/arbre-transmission-cardan-4x4\/7l6521102d-f-b-c-e-h-n-q-arbre-de-transmission-a-cardan-volkswagen-touareg\/","og_locale":"fr_FR","og_type":"article","og_title":"Acheter arbre de transmission \u00e0 cardan Volkswagen Touareg 7L6521102","og_description":"Vous pouvez acheter Arbre de transmission \u00e0 cardan 7L6521102D\/F\/B\/C\/E\/H\/N\/Q pour Volkswagen Touareg au meilleur prix ici. Nous vendons au monde entier.","og_url":"https:\/\/www.enriquerequena.com\/fr\/tienda-online\/arbre-transmission-cardan\/arbre-transmission-cardan-4x4\/7l6521102d-f-b-c-e-h-n-q-arbre-de-transmission-a-cardan-volkswagen-touareg\/","og_site_name":"ENRIQUE REQUENA","article_modified_time":"2023-02-07T15:31:36+00:00","og_image":[{"width":800,"height":800,"url":"https:\/\/www.enriquerequena.com\/wp-content\/uploads\/2019\/09\/products-7L6521102D-F-B-C-E-H-N-Q--ARBRE-DE-TRANSMISSION-TRANSMISION-CARDAN-PROPSHAFT-VOLKSWAGEN-TOUAREG--2.jpg","type":"image\/jpeg"}],"twitter_card":"summary_large_image","twitter_misc":{"Dur\u00e9e de lecture estim\u00e9e":"1 minute"},"schema":{"@context":"https:\/\/schema.org","@graph":[{"@type":"WebPage","@id":"https:\/\/www.enriquerequena.com\/fr\/tienda-online\/arbre-transmission-cardan\/arbre-transmission-cardan-4x4\/7l6521102d-f-b-c-e-h-n-q-arbre-de-transmission-a-cardan-volkswagen-touareg\/","url":"https:\/\/www.enriquerequena.com\/fr\/tienda-online\/arbre-transmission-cardan\/arbre-transmission-cardan-4x4\/7l6521102d-f-b-c-e-h-n-q-arbre-de-transmission-a-cardan-volkswagen-touareg\/","name":"Acheter arbre de transmission \u00e0 cardan Volkswagen Touareg 7L6521102","isPartOf":{"@id":"https:\/\/www.enriquerequena.com\/fr\/#website"},"primaryImageOfPage":{"@id":"https:\/\/www.enriquerequena.com\/fr\/tienda-online\/arbre-transmission-cardan\/arbre-transmission-cardan-4x4\/7l6521102d-f-b-c-e-h-n-q-arbre-de-transmission-a-cardan-volkswagen-touareg\/#primaryimage"},"image":{"@id":"https:\/\/www.enriquerequena.com\/fr\/tienda-online\/arbre-transmission-cardan\/arbre-transmission-cardan-4x4\/7l6521102d-f-b-c-e-h-n-q-arbre-de-transmission-a-cardan-volkswagen-touareg\/#primaryimage"},"thumbnailUrl":"https:\/\/www.enriquerequena.com\/wp-content\/uploads\/2019\/09\/products-7L6521102D-F-B-C-E-H-N-Q--ARBRE-DE-TRANSMISSION-TRANSMISION-CARDAN-PROPSHAFT-VOLKSWAGEN-TOUAREG--2.jpg","datePublished":"2018-04-09T18:25:02+00:00","dateModified":"2023-02-07T15:31:36+00:00","description":"Vous pouvez acheter Arbre de transmission \u00e0 cardan 7L6521102D\/F\/B\/C\/E\/H\/N\/Q pour Volkswagen Touareg au meilleur prix ici. Nous vendons au monde entier.","breadcrumb":{"@id":"https:\/\/www.enriquerequena.com\/fr\/tienda-online\/arbre-transmission-cardan\/arbre-transmission-cardan-4x4\/7l6521102d-f-b-c-e-h-n-q-arbre-de-transmission-a-cardan-volkswagen-touareg\/#breadcrumb"},"inLanguage":"fr-FR","potentialAction":[{"@type":"ReadAction","target":["https:\/\/www.enriquerequena.com\/fr\/tienda-online\/arbre-transmission-cardan\/arbre-transmission-cardan-4x4\/7l6521102d-f-b-c-e-h-n-q-arbre-de-transmission-a-cardan-volkswagen-touareg\/"]}]},{"@type":"ImageObject","inLanguage":"fr-FR","@id":"https:\/\/www.enriquerequena.com\/fr\/tienda-online\/arbre-transmission-cardan\/arbre-transmission-cardan-4x4\/7l6521102d-f-b-c-e-h-n-q-arbre-de-transmission-a-cardan-volkswagen-touareg\/#primaryimage","url":"https:\/\/www.enriquerequena.com\/wp-content\/uploads\/2019\/09\/products-7L6521102D-F-B-C-E-H-N-Q--ARBRE-DE-TRANSMISSION-TRANSMISION-CARDAN-PROPSHAFT-VOLKSWAGEN-TOUAREG--2.jpg","contentUrl":"https:\/\/www.enriquerequena.com\/wp-content\/uploads\/2019\/09\/products-7L6521102D-F-B-C-E-H-N-Q--ARBRE-DE-TRANSMISSION-TRANSMISION-CARDAN-PROPSHAFT-VOLKSWAGEN-TOUAREG--2.jpg","width":800,"height":800,"caption":"7L6521102D- F- B- C- E- H- N- Q - TRANSMISION- CARDAN- ARBRE DE TRANSMISSION- PROPSHAFT- VOLKSWAGEN TOUAREG"},{"@type":"WebSite","@id":"https:\/\/www.enriquerequena.com\/fr\/#website","url":"https:\/\/www.enriquerequena.com\/fr\/","name":"ENRIQUE REQUENA","description":"Sp\u00e9cialistes des transmissions cardan avec des exp\u00e9ditions dans le monde entier et des pi\u00e8ces d\u00e9tach\u00e9es pour voitures, camions et accessoires \u00e0 Valence, en Espagne. Avec vous depuis 1950!","publisher":{"@id":"https:\/\/www.enriquerequena.com\/fr\/#organization"},"potentialAction":[{"@type":"SearchAction","target":{"@type":"EntryPoint","urlTemplate":"https:\/\/www.enriquerequena.com\/fr\/?s={search_term_string}"},"query-input":{"@type":"PropertyValueSpecification","valueRequired":true,"valueName":"search_term_string"}}],"inLanguage":"fr-FR"},{"@type":"Organization","@id":"https:\/\/www.enriquerequena.com\/fr\/#organization","name":"Enrique Requena S.L.","url":"https:\/\/www.enriquerequena.com\/fr\/","logo":{"@type":"ImageObject","inLanguage":"fr-FR","@id":"https:\/\/www.enriquerequena.com\/fr\/#\/schema\/logo\/image\/","url":"https:\/\/www.enriquerequena.com\/wp-content\/uploads\/2019\/11\/enrique-requena-recambios-logotipo.jpg","contentUrl":"https:\/\/www.enriquerequena.com\/wp-content\/uploads\/2019\/11\/enrique-requena-recambios-logotipo.jpg","width":381,"height":75,"caption":"Enrique Requena S.L."},"image":{"@id":"https:\/\/www.enriquerequena.com\/fr\/#\/schema\/logo\/image\/"}}]}},"_links":{"self":[{"href":"https:\/\/www.enriquerequena.com\/fr\/wp-json\/wp\/v2\/product\/3576","targetHints":{"allow":["GET"]}}],"collection":[{"href":"https:\/\/www.enriquerequena.com\/fr\/wp-json\/wp\/v2\/product"}],"about":[{"href":"https:\/\/www.enriquerequena.com\/fr\/wp-json\/wp\/v2\/types\/product"}],"wp:featuredmedia":[{"embeddable":true,"href":"https:\/\/www.enriquerequena.com\/fr\/wp-json\/wp\/v2\/media\/3577"}],"wp:attachment":[{"href":"https:\/\/www.enriquerequena.com\/fr\/wp-json\/wp\/v2\/media?parent=3576"}],"wp:term":[{"taxonomy":"product_brand","embeddable":true,"href":"https:\/\/www.enriquerequena.com\/fr\/wp-json\/wp\/v2\/product_brand?post=3576"},{"taxonomy":"product_cat","embeddable":true,"href":"https:\/\/www.enriquerequena.com\/fr\/wp-json\/wp\/v2\/product_cat?post=3576"},{"taxonomy":"product_tag","embeddable":true,"href":"https:\/\/www.enriquerequena.com\/fr\/wp-json\/wp\/v2\/product_tag?post=3576"}],"curies":[{"name":"wp","href":"https:\/\/api.w.org\/{rel}","templated":true}]}}