{"id":3837,"date":"2019-03-31T18:41:14","date_gmt":"2019-03-31T18:41:14","guid":{"rendered":"https:\/\/www.enriquerequena.com\/?post_type=product&#038;p=3837"},"modified":"2023-02-07T17:05:21","modified_gmt":"2023-02-07T16:05:21","slug":"5n0521101m-c-e-arbre-de-transmission-a-cardan-volkswagen-tiguan","status":"publish","type":"product","link":"https:\/\/www.enriquerequena.com\/fr\/tienda-online\/arbre-transmission-cardan\/arbre-transmission-cardan-4x4\/5n0521101m-c-e-arbre-de-transmission-a-cardan-volkswagen-tiguan\/","title":{"rendered":"5N0521101M\/ C\/ E Arbre de Transmission \u00e0 Cardan Volkswagen Tiguan."},"content":{"rendered":"<p>&nbsp;<\/p>\n<p style=\"text-align: justify;\"><span style=\"color: #666699;\">5N0521101M\/ C\/ E Arbre de <strong>Transmission \u00e0 Cardan Volkswagen Tiguan<\/strong>.<\/span><\/p>\n<p style=\"text-align: justify;\"><span style=\"color: #666699;\">Arbre de transmission \u00e0 cardan pour Volkswagen Tiguan nos transmissions sont neuves et d\u00b4origine de premier \u00e9quipement du groupe Gkn.<\/span><\/p>\n<p style=\"text-align: justify;\"><span style=\"color: #666699;\">Nos transmissions \u00e1 cardan pour Volkswagen Tiguan sont <strong>d&rsquo;origine<\/strong>, \u00e0 <strong>moiti\u00e9 prix<\/strong> parce que nous sommes distribuiteurs de transmissions \u00e1 cardan <strong>GKN<\/strong>, <strong>premier fabricant<\/strong> de ce <strong>composant<\/strong> en premi\u00e8re \u00e9quipe, c&rsquo;est pour cette raison que nous avons les m\u00eames arbres \u00e1 cardan d&rsquo;origine aux<strong> meilleurs prix du march\u00e9.<\/strong><\/span><\/p>\n<p style=\"text-align: justify;\"><span style=\"color: #666699;\">Nous vendons des pi\u00e8ces d\u00e9tach\u00e9es ou pi\u00e8ces de rechange pour v\u00e9hicules 4&#215;4 \u00e0 Valence <strong>depuis 1950<\/strong> et nous vendons aussi en ligne dans le monde entier.<\/span><\/p>\n<p style=\"text-align: justify;\"><span style=\"color: #666699;\">N\u00b4h\u00e9sitez pas \u00e0 nous consulter pour d\u00b4autres mod\u00e8les de transmission \u00e0 cardan de tout type de v\u00e9hicule. Nous avons une exp\u00e9rience de<strong> 68 an<\/strong>s dans le c<strong>ommerce de transmissions \u00e0 cardan<\/strong> et connaissons tr\u00e8s bien le sujet.<\/span><\/p>\n<p style=\"text-align: justify;\"><span style=\"color: #666699;\">Caract\u00e9ristiques techniques:<\/span><\/p>\n<p style=\"text-align: justify;\"><span style=\"color: #666699;\">&#8211; Pi\u00e8ce de rechange: arbre de transmission \u00e0 cardan<\/span><\/p>\n<p style=\"text-align: justify;\"><span style=\"color: #666699;\">&#8211; Mod\u00e8le: Volkswagen Tiguan<\/span><\/p>\n<p style=\"text-align: justify;\"><span style=\"color: #666699;\">&#8211; Al\u00e9sage-\u00d8 1 [mm] 10,15 <\/span><\/p>\n<p style=\"text-align: justify;\"><span style=\"color: #666699;\">&#8211; Al\u00e9sage-\u00d8 2 [mm] 11 <\/span><\/p>\n<p style=\"text-align: justify;\"><span style=\"color: #666699;\">&#8211; \u00e0 plusieurs pi\u00e8ces \u00e0 deux pi\u00e8ces Article compl\u00e9mentaire <\/span><\/p>\n<p style=\"text-align: justify;\"><span style=\"color: #666699;\">&#8211; Info compl\u00e9mentaire 2 avec serre-flan <\/span><\/p>\n<p style=\"text-align: justify;\"><span style=\"color: #666699;\">&#8211; Cercle de percage -\u00d8 1 [mm] 105,1 <\/span><\/p>\n<p style=\"text-align: justify;\"><span style=\"color: #666699;\">&#8211; Cercle de percage -\u00d8 2 [mm] 96 <\/span><\/p>\n<p style=\"text-align: justify;\"><span style=\"color: #666699;\">&#8211; Diam\u00e8tre ext\u00e9rieur 1 [mm] 149,6 <\/span><\/p>\n<p style=\"text-align: justify;\"><span style=\"color: #666699;\">&#8211; Diam\u00e8tre ext\u00e9rieur 2 [mm] 177 <\/span><\/p>\n<p style=\"text-align: justify;\"><span style=\"color: #666699;\">&#8211; Diam\u00e8tre int\u00e9rieur 1 [mm] 16,01 <\/span><\/p>\n<p style=\"text-align: justify;\"><span style=\"color: #666699;\">&#8211; Diam\u00e8tre int\u00e9rieur 2 [mm] 16,01 <\/span><\/p>\n<p style=\"text-align: justify;\"><span style=\"color: #666699;\">&#8211; Longueur globale 2 160,8 <\/span><\/p>\n<p style=\"text-align: justify;\"><span style=\"color: #666699;\">&#8211; Nombre de trous 1 3 <\/span><\/p>\n<p style=\"text-align: justify;\"><span style=\"color: #666699;\">&#8211; Nombre de trous 2 3 <\/span><\/p>\n<p style=\"text-align: justify;\"><span style=\"color: #666699;\">&#8211; N\u00b0 d&rsquo;\u00e9quipement d&rsquo;origine VW 5N0521101C, 5N0521101E, 5N0521101M<\/span><\/p>\n","protected":false},"excerpt":{"rendered":"<p>Arbre de transmission \u00e0 cardan pour Volkswagen Tiguan nos transmissions sont neuves et d\u00b4origine de premier \u00e9quipement du groupe Gkn.<\/p>\n","protected":false},"featured_media":3839,"template":"","meta":[],"product_brand":[128],"product_cat":[144,156],"product_tag":[],"class_list":{"0":"post-3837","1":"product","2":"type-product","3":"status-publish","4":"has-post-thumbnail","6":"product_brand-volkswagen-2","7":"product_cat-arbre-transmission-cardan","8":"product_cat-arbre-transmission-cardan-4x4","9":"pa_manufacturer-volkswagen","10":"pa_tipo-4x4","12":"first","13":"instock","14":"taxable","15":"shipping-taxable","16":"purchasable","17":"product-type-simple"},"yoast_head":"<!-- This site is optimized with the Yoast SEO plugin v27.5 - https:\/\/yoast.com\/product\/yoast-seo-wordpress\/ -->\n<title>5N0521101M\/ C\/ E Arbre de Transmission \u00e0 Cardan Volkswagen Tiguan<\/title>\n<meta name=\"description\" content=\"5N0521101M\/ C\/ E Arbre de Transmission \u00e0 Cardan Volkswagen Tiguan. Arbre de transmission \u00e0 cardan pour Volkswagen Tiguan nos transmissions sont neuves et d\u00b4origine de premier \u00e9quipement du groupe Gkn.\" \/>\n<meta name=\"robots\" content=\"index, follow, max-snippet:-1, max-image-preview:large, max-video-preview:-1\" \/>\n<link rel=\"canonical\" href=\"https:\/\/www.enriquerequena.com\/fr\/tienda-online\/arbre-transmission-cardan\/arbre-transmission-cardan-4x4\/5n0521101m-c-e-arbre-de-transmission-a-cardan-volkswagen-tiguan\/\" \/>\n<meta property=\"og:locale\" content=\"fr_FR\" \/>\n<meta property=\"og:type\" content=\"article\" \/>\n<meta property=\"og:title\" content=\"5N0521101M\/ C\/ E Arbre de Transmission \u00e0 Cardan Volkswagen Tiguan\" \/>\n<meta property=\"og:description\" content=\"5N0521101M\/ C\/ E Arbre de Transmission \u00e0 Cardan Volkswagen Tiguan. Arbre de transmission \u00e0 cardan pour Volkswagen Tiguan nos transmissions sont neuves et d\u00b4origine de premier \u00e9quipement du groupe Gkn.\" \/>\n<meta property=\"og:url\" content=\"https:\/\/www.enriquerequena.com\/fr\/tienda-online\/arbre-transmission-cardan\/arbre-transmission-cardan-4x4\/5n0521101m-c-e-arbre-de-transmission-a-cardan-volkswagen-tiguan\/\" \/>\n<meta property=\"og:site_name\" content=\"ENRIQUE REQUENA\" \/>\n<meta property=\"article:modified_time\" content=\"2023-02-07T16:05:21+00:00\" \/>\n<meta property=\"og:image\" content=\"https:\/\/www.enriquerequena.com\/wp-content\/uploads\/2019\/09\/products-5N0521101M-C-E-Transmision-Cardan-Arbre-de-Transmission-Propshaft-Volkswagen-Tiguan-3-1-7-2.jpg\" \/>\n\t<meta property=\"og:image:width\" content=\"800\" \/>\n\t<meta property=\"og:image:height\" content=\"800\" \/>\n\t<meta property=\"og:image:type\" content=\"image\/jpeg\" \/>\n<meta name=\"twitter:card\" content=\"summary_large_image\" \/>\n<meta name=\"twitter:label1\" content=\"Dur\u00e9e de lecture estim\u00e9e\" \/>\n\t<meta name=\"twitter:data1\" content=\"1 minute\" \/>\n<script type=\"application\/ld+json\" class=\"yoast-schema-graph\">{\"@context\":\"https:\\\/\\\/schema.org\",\"@graph\":[{\"@type\":\"WebPage\",\"@id\":\"https:\\\/\\\/www.enriquerequena.com\\\/fr\\\/tienda-online\\\/arbre-transmission-cardan\\\/arbre-transmission-cardan-4x4\\\/5n0521101m-c-e-arbre-de-transmission-a-cardan-volkswagen-tiguan\\\/\",\"url\":\"https:\\\/\\\/www.enriquerequena.com\\\/fr\\\/tienda-online\\\/arbre-transmission-cardan\\\/arbre-transmission-cardan-4x4\\\/5n0521101m-c-e-arbre-de-transmission-a-cardan-volkswagen-tiguan\\\/\",\"name\":\"5N0521101M\\\/ C\\\/ E Arbre de Transmission \u00e0 Cardan Volkswagen Tiguan\",\"isPartOf\":{\"@id\":\"https:\\\/\\\/www.enriquerequena.com\\\/fr\\\/#website\"},\"primaryImageOfPage\":{\"@id\":\"https:\\\/\\\/www.enriquerequena.com\\\/fr\\\/tienda-online\\\/arbre-transmission-cardan\\\/arbre-transmission-cardan-4x4\\\/5n0521101m-c-e-arbre-de-transmission-a-cardan-volkswagen-tiguan\\\/#primaryimage\"},\"image\":{\"@id\":\"https:\\\/\\\/www.enriquerequena.com\\\/fr\\\/tienda-online\\\/arbre-transmission-cardan\\\/arbre-transmission-cardan-4x4\\\/5n0521101m-c-e-arbre-de-transmission-a-cardan-volkswagen-tiguan\\\/#primaryimage\"},\"thumbnailUrl\":\"https:\\\/\\\/www.enriquerequena.com\\\/wp-content\\\/uploads\\\/2019\\\/09\\\/products-5N0521101M-C-E-Transmision-Cardan-Arbre-de-Transmission-Propshaft-Volkswagen-Tiguan-3-1-7-2.jpg\",\"datePublished\":\"2019-03-31T18:41:14+00:00\",\"dateModified\":\"2023-02-07T16:05:21+00:00\",\"description\":\"5N0521101M\\\/ C\\\/ E Arbre de Transmission \u00e0 Cardan Volkswagen Tiguan. Arbre de transmission \u00e0 cardan pour Volkswagen Tiguan nos transmissions sont neuves et d\u00b4origine de premier \u00e9quipement du groupe Gkn.\",\"breadcrumb\":{\"@id\":\"https:\\\/\\\/www.enriquerequena.com\\\/fr\\\/tienda-online\\\/arbre-transmission-cardan\\\/arbre-transmission-cardan-4x4\\\/5n0521101m-c-e-arbre-de-transmission-a-cardan-volkswagen-tiguan\\\/#breadcrumb\"},\"inLanguage\":\"fr-FR\",\"potentialAction\":[{\"@type\":\"ReadAction\",\"target\":[\"https:\\\/\\\/www.enriquerequena.com\\\/fr\\\/tienda-online\\\/arbre-transmission-cardan\\\/arbre-transmission-cardan-4x4\\\/5n0521101m-c-e-arbre-de-transmission-a-cardan-volkswagen-tiguan\\\/\"]}]},{\"@type\":\"ImageObject\",\"inLanguage\":\"fr-FR\",\"@id\":\"https:\\\/\\\/www.enriquerequena.com\\\/fr\\\/tienda-online\\\/arbre-transmission-cardan\\\/arbre-transmission-cardan-4x4\\\/5n0521101m-c-e-arbre-de-transmission-a-cardan-volkswagen-tiguan\\\/#primaryimage\",\"url\":\"https:\\\/\\\/www.enriquerequena.com\\\/wp-content\\\/uploads\\\/2019\\\/09\\\/products-5N0521101M-C-E-Transmision-Cardan-Arbre-de-Transmission-Propshaft-Volkswagen-Tiguan-3-1-7-2.jpg\",\"contentUrl\":\"https:\\\/\\\/www.enriquerequena.com\\\/wp-content\\\/uploads\\\/2019\\\/09\\\/products-5N0521101M-C-E-Transmision-Cardan-Arbre-de-Transmission-Propshaft-Volkswagen-Tiguan-3-1-7-2.jpg\",\"width\":800,\"height\":800,\"caption\":\"5N0521101M-C-E-Transmision-Cardan-Arbre-de-Transmission-Propshaft-Volkswagen-Tiguan-\"},{\"@type\":\"WebSite\",\"@id\":\"https:\\\/\\\/www.enriquerequena.com\\\/fr\\\/#website\",\"url\":\"https:\\\/\\\/www.enriquerequena.com\\\/fr\\\/\",\"name\":\"ENRIQUE REQUENA\",\"description\":\"Sp\u00e9cialistes des transmissions cardan avec des exp\u00e9ditions dans le monde entier et des pi\u00e8ces d\u00e9tach\u00e9es pour voitures, camions et accessoires \u00e0 Valence, en Espagne. Avec vous depuis 1950!\",\"publisher\":{\"@id\":\"https:\\\/\\\/www.enriquerequena.com\\\/fr\\\/#organization\"},\"potentialAction\":[{\"@type\":\"SearchAction\",\"target\":{\"@type\":\"EntryPoint\",\"urlTemplate\":\"https:\\\/\\\/www.enriquerequena.com\\\/fr\\\/?s={search_term_string}\"},\"query-input\":{\"@type\":\"PropertyValueSpecification\",\"valueRequired\":true,\"valueName\":\"search_term_string\"}}],\"inLanguage\":\"fr-FR\"},{\"@type\":\"Organization\",\"@id\":\"https:\\\/\\\/www.enriquerequena.com\\\/fr\\\/#organization\",\"name\":\"Enrique Requena S.L.\",\"url\":\"https:\\\/\\\/www.enriquerequena.com\\\/fr\\\/\",\"logo\":{\"@type\":\"ImageObject\",\"inLanguage\":\"fr-FR\",\"@id\":\"https:\\\/\\\/www.enriquerequena.com\\\/fr\\\/#\\\/schema\\\/logo\\\/image\\\/\",\"url\":\"https:\\\/\\\/www.enriquerequena.com\\\/wp-content\\\/uploads\\\/2019\\\/11\\\/enrique-requena-recambios-logotipo.jpg\",\"contentUrl\":\"https:\\\/\\\/www.enriquerequena.com\\\/wp-content\\\/uploads\\\/2019\\\/11\\\/enrique-requena-recambios-logotipo.jpg\",\"width\":381,\"height\":75,\"caption\":\"Enrique Requena S.L.\"},\"image\":{\"@id\":\"https:\\\/\\\/www.enriquerequena.com\\\/fr\\\/#\\\/schema\\\/logo\\\/image\\\/\"}}]}<\/script>\n<!-- \/ Yoast SEO plugin. -->","yoast_head_json":{"title":"5N0521101M\/ C\/ E Arbre de Transmission \u00e0 Cardan Volkswagen Tiguan","description":"5N0521101M\/ C\/ E Arbre de Transmission \u00e0 Cardan Volkswagen Tiguan. Arbre de transmission \u00e0 cardan pour Volkswagen Tiguan nos transmissions sont neuves et d\u00b4origine de premier \u00e9quipement du groupe Gkn.","robots":{"index":"index","follow":"follow","max-snippet":"max-snippet:-1","max-image-preview":"max-image-preview:large","max-video-preview":"max-video-preview:-1"},"canonical":"https:\/\/www.enriquerequena.com\/fr\/tienda-online\/arbre-transmission-cardan\/arbre-transmission-cardan-4x4\/5n0521101m-c-e-arbre-de-transmission-a-cardan-volkswagen-tiguan\/","og_locale":"fr_FR","og_type":"article","og_title":"5N0521101M\/ C\/ E Arbre de Transmission \u00e0 Cardan Volkswagen Tiguan","og_description":"5N0521101M\/ C\/ E Arbre de Transmission \u00e0 Cardan Volkswagen Tiguan. Arbre de transmission \u00e0 cardan pour Volkswagen Tiguan nos transmissions sont neuves et d\u00b4origine de premier \u00e9quipement du groupe Gkn.","og_url":"https:\/\/www.enriquerequena.com\/fr\/tienda-online\/arbre-transmission-cardan\/arbre-transmission-cardan-4x4\/5n0521101m-c-e-arbre-de-transmission-a-cardan-volkswagen-tiguan\/","og_site_name":"ENRIQUE REQUENA","article_modified_time":"2023-02-07T16:05:21+00:00","og_image":[{"width":800,"height":800,"url":"https:\/\/www.enriquerequena.com\/wp-content\/uploads\/2019\/09\/products-5N0521101M-C-E-Transmision-Cardan-Arbre-de-Transmission-Propshaft-Volkswagen-Tiguan-3-1-7-2.jpg","type":"image\/jpeg"}],"twitter_card":"summary_large_image","twitter_misc":{"Dur\u00e9e de lecture estim\u00e9e":"1 minute"},"schema":{"@context":"https:\/\/schema.org","@graph":[{"@type":"WebPage","@id":"https:\/\/www.enriquerequena.com\/fr\/tienda-online\/arbre-transmission-cardan\/arbre-transmission-cardan-4x4\/5n0521101m-c-e-arbre-de-transmission-a-cardan-volkswagen-tiguan\/","url":"https:\/\/www.enriquerequena.com\/fr\/tienda-online\/arbre-transmission-cardan\/arbre-transmission-cardan-4x4\/5n0521101m-c-e-arbre-de-transmission-a-cardan-volkswagen-tiguan\/","name":"5N0521101M\/ C\/ E Arbre de Transmission \u00e0 Cardan Volkswagen Tiguan","isPartOf":{"@id":"https:\/\/www.enriquerequena.com\/fr\/#website"},"primaryImageOfPage":{"@id":"https:\/\/www.enriquerequena.com\/fr\/tienda-online\/arbre-transmission-cardan\/arbre-transmission-cardan-4x4\/5n0521101m-c-e-arbre-de-transmission-a-cardan-volkswagen-tiguan\/#primaryimage"},"image":{"@id":"https:\/\/www.enriquerequena.com\/fr\/tienda-online\/arbre-transmission-cardan\/arbre-transmission-cardan-4x4\/5n0521101m-c-e-arbre-de-transmission-a-cardan-volkswagen-tiguan\/#primaryimage"},"thumbnailUrl":"https:\/\/www.enriquerequena.com\/wp-content\/uploads\/2019\/09\/products-5N0521101M-C-E-Transmision-Cardan-Arbre-de-Transmission-Propshaft-Volkswagen-Tiguan-3-1-7-2.jpg","datePublished":"2019-03-31T18:41:14+00:00","dateModified":"2023-02-07T16:05:21+00:00","description":"5N0521101M\/ C\/ E Arbre de Transmission \u00e0 Cardan Volkswagen Tiguan. Arbre de transmission \u00e0 cardan pour Volkswagen Tiguan nos transmissions sont neuves et d\u00b4origine de premier \u00e9quipement du groupe Gkn.","breadcrumb":{"@id":"https:\/\/www.enriquerequena.com\/fr\/tienda-online\/arbre-transmission-cardan\/arbre-transmission-cardan-4x4\/5n0521101m-c-e-arbre-de-transmission-a-cardan-volkswagen-tiguan\/#breadcrumb"},"inLanguage":"fr-FR","potentialAction":[{"@type":"ReadAction","target":["https:\/\/www.enriquerequena.com\/fr\/tienda-online\/arbre-transmission-cardan\/arbre-transmission-cardan-4x4\/5n0521101m-c-e-arbre-de-transmission-a-cardan-volkswagen-tiguan\/"]}]},{"@type":"ImageObject","inLanguage":"fr-FR","@id":"https:\/\/www.enriquerequena.com\/fr\/tienda-online\/arbre-transmission-cardan\/arbre-transmission-cardan-4x4\/5n0521101m-c-e-arbre-de-transmission-a-cardan-volkswagen-tiguan\/#primaryimage","url":"https:\/\/www.enriquerequena.com\/wp-content\/uploads\/2019\/09\/products-5N0521101M-C-E-Transmision-Cardan-Arbre-de-Transmission-Propshaft-Volkswagen-Tiguan-3-1-7-2.jpg","contentUrl":"https:\/\/www.enriquerequena.com\/wp-content\/uploads\/2019\/09\/products-5N0521101M-C-E-Transmision-Cardan-Arbre-de-Transmission-Propshaft-Volkswagen-Tiguan-3-1-7-2.jpg","width":800,"height":800,"caption":"5N0521101M-C-E-Transmision-Cardan-Arbre-de-Transmission-Propshaft-Volkswagen-Tiguan-"},{"@type":"WebSite","@id":"https:\/\/www.enriquerequena.com\/fr\/#website","url":"https:\/\/www.enriquerequena.com\/fr\/","name":"ENRIQUE REQUENA","description":"Sp\u00e9cialistes des transmissions cardan avec des exp\u00e9ditions dans le monde entier et des pi\u00e8ces d\u00e9tach\u00e9es pour voitures, camions et accessoires \u00e0 Valence, en Espagne. Avec vous depuis 1950!","publisher":{"@id":"https:\/\/www.enriquerequena.com\/fr\/#organization"},"potentialAction":[{"@type":"SearchAction","target":{"@type":"EntryPoint","urlTemplate":"https:\/\/www.enriquerequena.com\/fr\/?s={search_term_string}"},"query-input":{"@type":"PropertyValueSpecification","valueRequired":true,"valueName":"search_term_string"}}],"inLanguage":"fr-FR"},{"@type":"Organization","@id":"https:\/\/www.enriquerequena.com\/fr\/#organization","name":"Enrique Requena S.L.","url":"https:\/\/www.enriquerequena.com\/fr\/","logo":{"@type":"ImageObject","inLanguage":"fr-FR","@id":"https:\/\/www.enriquerequena.com\/fr\/#\/schema\/logo\/image\/","url":"https:\/\/www.enriquerequena.com\/wp-content\/uploads\/2019\/11\/enrique-requena-recambios-logotipo.jpg","contentUrl":"https:\/\/www.enriquerequena.com\/wp-content\/uploads\/2019\/11\/enrique-requena-recambios-logotipo.jpg","width":381,"height":75,"caption":"Enrique Requena S.L."},"image":{"@id":"https:\/\/www.enriquerequena.com\/fr\/#\/schema\/logo\/image\/"}}]}},"_links":{"self":[{"href":"https:\/\/www.enriquerequena.com\/fr\/wp-json\/wp\/v2\/product\/3837","targetHints":{"allow":["GET"]}}],"collection":[{"href":"https:\/\/www.enriquerequena.com\/fr\/wp-json\/wp\/v2\/product"}],"about":[{"href":"https:\/\/www.enriquerequena.com\/fr\/wp-json\/wp\/v2\/types\/product"}],"wp:featuredmedia":[{"embeddable":true,"href":"https:\/\/www.enriquerequena.com\/fr\/wp-json\/wp\/v2\/media\/3839"}],"wp:attachment":[{"href":"https:\/\/www.enriquerequena.com\/fr\/wp-json\/wp\/v2\/media?parent=3837"}],"wp:term":[{"taxonomy":"product_brand","embeddable":true,"href":"https:\/\/www.enriquerequena.com\/fr\/wp-json\/wp\/v2\/product_brand?post=3837"},{"taxonomy":"product_cat","embeddable":true,"href":"https:\/\/www.enriquerequena.com\/fr\/wp-json\/wp\/v2\/product_cat?post=3837"},{"taxonomy":"product_tag","embeddable":true,"href":"https:\/\/www.enriquerequena.com\/fr\/wp-json\/wp\/v2\/product_tag?post=3837"}],"curies":[{"name":"wp","href":"https:\/\/api.w.org\/{rel}","templated":true}]}}