{"id":3858,"date":"2019-04-28T12:03:39","date_gmt":"2019-04-28T12:03:39","guid":{"rendered":"https:\/\/www.enriquerequena.com\/?post_type=product&#038;p=3858"},"modified":"2023-02-07T16:38:01","modified_gmt":"2023-02-07T15:38:01","slug":"arbre-de-transmision-cardan-mercedes-ml-a1634100301-w163","status":"publish","type":"product","link":"https:\/\/www.enriquerequena.com\/fr\/tienda-online\/arbre-transmission-cardan\/arbre-transmission-cardan-4x4\/arbre-de-transmision-cardan-mercedes-ml-a1634100301-w163\/","title":{"rendered":"Arbre de Transmision Cardan Mercedes ML A1634100301 W163"},"content":{"rendered":"<p>&nbsp;<\/p>\n<p style=\"text-align: justify;\"><span style=\"color: #666699;\">&#8211; Pi\u00e8ce de rechange: Arbre de Transmission\u00a0 cardan<\/span><\/p>\n<p id=\"product_reference\" style=\"text-align: justify;\"><span style=\"color: #666699;\"><label>&#8211; Ref. D\u00b4<\/label><label>Origine<\/label>\u00a0: A1634100301 &#8211; A 1634100301<\/span><\/p>\n<p id=\"product_condition\" style=\"text-align: justify;\"><span style=\"color: #666699;\"><label>&#8211; Etat &#8211; Neuf<\/label><\/span><\/p>\n<div id=\"short_description_block\">\n<div id=\"short_description_content\">\n<p style=\"text-align: justify;\"><span style=\"color: #666699;\">\u00b7 Mod\u00e8le:\u00a0 Mercedes ML 163 2.7, 4.0CDi, 4.3, 5.0, 5.5, Auto<\/span><\/p>\n<p style=\"text-align: justify;\"><span style=\"color: #666699;\">&#8211; Long 766 mm\u00a0<\/span><\/p>\n<p style=\"text-align: justify;\"><span style=\"color: #666699;\">&#8211; Garantie: 1 a\u00f1o<\/span><\/p>\n<p style=\"text-align: justify;\"><span style=\"color: #666699;\">N\u00b4h\u00e9sitez pas \u00e0 nous consulter pour d\u00b4autres mod\u00e8les de transmission \u00e0 cardan de tout type de v\u00e9hicule. Nous avons une exp\u00e9rience de 68 ans dans le commerce de transmissions \u00e0 cardan\u00a0et connaissons tr\u00e8s bien le sujet<\/span><\/p>\n<\/div>\n<\/div>\n<p>&nbsp;<\/p>\n<div id=\"short_description_block\" style=\"margin: 0px; padding: 0px; border: 0px; font-style: inherit; font-variant: inherit; font-weight: inherit; line-height: inherit; font-family: inherit; font-size: 13px; vertical-align: baseline; color: #666666;\">\n<div id=\"short_description_content\" class=\"rte align_justify\" style=\"margin: 0px; padding: 0px 0px 10px; border: 0px; font-style: inherit; font-variant: inherit; font-weight: inherit; line-height: inherit; font-family: inherit; font-size: 13px; vertical-align: baseline; background: none 0px 0px repeat scroll transparent;\">\n<p style=\"margin: 0px; padding: 0px; border: 0px; font-style: normal; font-weight: 400; line-height: 18px; font-family: Arial, Helvetica, sans-serif; font-size: 13px; vertical-align: baseline; color: #666666; letter-spacing: normal; orphans: 2; text-align: start; text-indent: 0px; text-transform: none; white-space: normal; widows: 2; word-spacing: 0px; background-color: #ffffff;\">\n<\/div>\n<\/div>\n","protected":false},"excerpt":{"rendered":"<p>Arbre de Transmision Cardan Mercedes ML A1634100301 A 1634100301 W163<\/p>\n","protected":false},"featured_media":3859,"template":"","meta":[],"product_brand":[119],"product_cat":[144,156],"product_tag":[],"class_list":{"0":"post-3858","1":"product","2":"type-product","3":"status-publish","4":"has-post-thumbnail","6":"product_brand-mercedes-benz","7":"product_cat-arbre-transmission-cardan","8":"product_cat-arbre-transmission-cardan-4x4","9":"pa_manufacturer-mercedes-benz","10":"pa_tipo-4x4","12":"first","13":"instock","14":"taxable","15":"shipping-taxable","16":"purchasable","17":"product-type-simple"},"yoast_head":"<!-- This site is optimized with the Yoast SEO plugin v27.5 - https:\/\/yoast.com\/product\/yoast-seo-wordpress\/ -->\n<title>Arbre Transmision Cardan Mercedes ML A1634100301 A 1634100301 W163<\/title>\n<meta name=\"description\" content=\"A1634100301 Arbre de Transmision Cardan Mercedes ML A 1634100301 W163 neuf a valencia depuis 1950\" \/>\n<meta name=\"robots\" content=\"index, follow, max-snippet:-1, max-image-preview:large, max-video-preview:-1\" \/>\n<link rel=\"canonical\" href=\"https:\/\/www.enriquerequena.com\/fr\/tienda-online\/arbre-transmission-cardan\/arbre-transmission-cardan-4x4\/arbre-de-transmision-cardan-mercedes-ml-a1634100301-w163\/\" \/>\n<meta property=\"og:locale\" content=\"fr_FR\" \/>\n<meta property=\"og:type\" content=\"article\" \/>\n<meta property=\"og:title\" content=\"Arbre Transmision Cardan Mercedes ML A1634100301 A 1634100301 W163\" \/>\n<meta property=\"og:description\" content=\"A1634100301 Arbre de Transmision Cardan Mercedes ML A 1634100301 W163 neuf a valencia depuis 1950\" \/>\n<meta property=\"og:url\" content=\"https:\/\/www.enriquerequena.com\/fr\/tienda-online\/arbre-transmission-cardan\/arbre-transmission-cardan-4x4\/arbre-de-transmision-cardan-mercedes-ml-a1634100301-w163\/\" \/>\n<meta property=\"og:site_name\" content=\"ENRIQUE REQUENA\" \/>\n<meta property=\"article:modified_time\" content=\"2023-02-07T15:38:01+00:00\" \/>\n<meta property=\"og:image\" content=\"https:\/\/www.enriquerequena.com\/wp-content\/uploads\/2019\/09\/products-A1634100301-ARBRE-DE-TRANSMISSION-TRANSMISION-CARDAN-PROPSHAFT-MERCEDES-ML-270-W163--2.jpg\" \/>\n\t<meta property=\"og:image:width\" content=\"800\" \/>\n\t<meta property=\"og:image:height\" content=\"800\" \/>\n\t<meta property=\"og:image:type\" content=\"image\/jpeg\" \/>\n<meta name=\"twitter:card\" content=\"summary_large_image\" \/>\n<script type=\"application\/ld+json\" class=\"yoast-schema-graph\">{\"@context\":\"https:\\\/\\\/schema.org\",\"@graph\":[{\"@type\":\"WebPage\",\"@id\":\"https:\\\/\\\/www.enriquerequena.com\\\/fr\\\/tienda-online\\\/arbre-transmission-cardan\\\/arbre-transmission-cardan-4x4\\\/arbre-de-transmision-cardan-mercedes-ml-a1634100301-w163\\\/\",\"url\":\"https:\\\/\\\/www.enriquerequena.com\\\/fr\\\/tienda-online\\\/arbre-transmission-cardan\\\/arbre-transmission-cardan-4x4\\\/arbre-de-transmision-cardan-mercedes-ml-a1634100301-w163\\\/\",\"name\":\"Arbre Transmision Cardan Mercedes ML A1634100301 A 1634100301 W163\",\"isPartOf\":{\"@id\":\"https:\\\/\\\/www.enriquerequena.com\\\/fr\\\/#website\"},\"primaryImageOfPage\":{\"@id\":\"https:\\\/\\\/www.enriquerequena.com\\\/fr\\\/tienda-online\\\/arbre-transmission-cardan\\\/arbre-transmission-cardan-4x4\\\/arbre-de-transmision-cardan-mercedes-ml-a1634100301-w163\\\/#primaryimage\"},\"image\":{\"@id\":\"https:\\\/\\\/www.enriquerequena.com\\\/fr\\\/tienda-online\\\/arbre-transmission-cardan\\\/arbre-transmission-cardan-4x4\\\/arbre-de-transmision-cardan-mercedes-ml-a1634100301-w163\\\/#primaryimage\"},\"thumbnailUrl\":\"https:\\\/\\\/www.enriquerequena.com\\\/wp-content\\\/uploads\\\/2019\\\/09\\\/products-A1634100301-ARBRE-DE-TRANSMISSION-TRANSMISION-CARDAN-PROPSHAFT-MERCEDES-ML-270-W163--2.jpg\",\"datePublished\":\"2019-04-28T12:03:39+00:00\",\"dateModified\":\"2023-02-07T15:38:01+00:00\",\"description\":\"A1634100301 Arbre de Transmision Cardan Mercedes ML A 1634100301 W163 neuf a valencia depuis 1950\",\"breadcrumb\":{\"@id\":\"https:\\\/\\\/www.enriquerequena.com\\\/fr\\\/tienda-online\\\/arbre-transmission-cardan\\\/arbre-transmission-cardan-4x4\\\/arbre-de-transmision-cardan-mercedes-ml-a1634100301-w163\\\/#breadcrumb\"},\"inLanguage\":\"fr-FR\",\"potentialAction\":[{\"@type\":\"ReadAction\",\"target\":[\"https:\\\/\\\/www.enriquerequena.com\\\/fr\\\/tienda-online\\\/arbre-transmission-cardan\\\/arbre-transmission-cardan-4x4\\\/arbre-de-transmision-cardan-mercedes-ml-a1634100301-w163\\\/\"]}]},{\"@type\":\"ImageObject\",\"inLanguage\":\"fr-FR\",\"@id\":\"https:\\\/\\\/www.enriquerequena.com\\\/fr\\\/tienda-online\\\/arbre-transmission-cardan\\\/arbre-transmission-cardan-4x4\\\/arbre-de-transmision-cardan-mercedes-ml-a1634100301-w163\\\/#primaryimage\",\"url\":\"https:\\\/\\\/www.enriquerequena.com\\\/wp-content\\\/uploads\\\/2019\\\/09\\\/products-A1634100301-ARBRE-DE-TRANSMISSION-TRANSMISION-CARDAN-PROPSHAFT-MERCEDES-ML-270-W163--2.jpg\",\"contentUrl\":\"https:\\\/\\\/www.enriquerequena.com\\\/wp-content\\\/uploads\\\/2019\\\/09\\\/products-A1634100301-ARBRE-DE-TRANSMISSION-TRANSMISION-CARDAN-PROPSHAFT-MERCEDES-ML-270-W163--2.jpg\",\"width\":800,\"height\":800,\"caption\":\"A1634100301-ARBRE-DE-TRANSMISSION-TRANSMISION-CARDAN-PROPSHAFT-MERCEDES-ML-270-W163-\"},{\"@type\":\"WebSite\",\"@id\":\"https:\\\/\\\/www.enriquerequena.com\\\/fr\\\/#website\",\"url\":\"https:\\\/\\\/www.enriquerequena.com\\\/fr\\\/\",\"name\":\"ENRIQUE REQUENA\",\"description\":\"Sp\u00e9cialistes des transmissions cardan avec des exp\u00e9ditions dans le monde entier et des pi\u00e8ces d\u00e9tach\u00e9es pour voitures, camions et accessoires \u00e0 Valence, en Espagne. Avec vous depuis 1950!\",\"publisher\":{\"@id\":\"https:\\\/\\\/www.enriquerequena.com\\\/fr\\\/#organization\"},\"potentialAction\":[{\"@type\":\"SearchAction\",\"target\":{\"@type\":\"EntryPoint\",\"urlTemplate\":\"https:\\\/\\\/www.enriquerequena.com\\\/fr\\\/?s={search_term_string}\"},\"query-input\":{\"@type\":\"PropertyValueSpecification\",\"valueRequired\":true,\"valueName\":\"search_term_string\"}}],\"inLanguage\":\"fr-FR\"},{\"@type\":\"Organization\",\"@id\":\"https:\\\/\\\/www.enriquerequena.com\\\/fr\\\/#organization\",\"name\":\"Enrique Requena S.L.\",\"url\":\"https:\\\/\\\/www.enriquerequena.com\\\/fr\\\/\",\"logo\":{\"@type\":\"ImageObject\",\"inLanguage\":\"fr-FR\",\"@id\":\"https:\\\/\\\/www.enriquerequena.com\\\/fr\\\/#\\\/schema\\\/logo\\\/image\\\/\",\"url\":\"https:\\\/\\\/www.enriquerequena.com\\\/wp-content\\\/uploads\\\/2019\\\/11\\\/enrique-requena-recambios-logotipo.jpg\",\"contentUrl\":\"https:\\\/\\\/www.enriquerequena.com\\\/wp-content\\\/uploads\\\/2019\\\/11\\\/enrique-requena-recambios-logotipo.jpg\",\"width\":381,\"height\":75,\"caption\":\"Enrique Requena S.L.\"},\"image\":{\"@id\":\"https:\\\/\\\/www.enriquerequena.com\\\/fr\\\/#\\\/schema\\\/logo\\\/image\\\/\"}}]}<\/script>\n<!-- \/ Yoast SEO plugin. -->","yoast_head_json":{"title":"Arbre Transmision Cardan Mercedes ML A1634100301 A 1634100301 W163","description":"A1634100301 Arbre de Transmision Cardan Mercedes ML A 1634100301 W163 neuf a valencia depuis 1950","robots":{"index":"index","follow":"follow","max-snippet":"max-snippet:-1","max-image-preview":"max-image-preview:large","max-video-preview":"max-video-preview:-1"},"canonical":"https:\/\/www.enriquerequena.com\/fr\/tienda-online\/arbre-transmission-cardan\/arbre-transmission-cardan-4x4\/arbre-de-transmision-cardan-mercedes-ml-a1634100301-w163\/","og_locale":"fr_FR","og_type":"article","og_title":"Arbre Transmision Cardan Mercedes ML A1634100301 A 1634100301 W163","og_description":"A1634100301 Arbre de Transmision Cardan Mercedes ML A 1634100301 W163 neuf a valencia depuis 1950","og_url":"https:\/\/www.enriquerequena.com\/fr\/tienda-online\/arbre-transmission-cardan\/arbre-transmission-cardan-4x4\/arbre-de-transmision-cardan-mercedes-ml-a1634100301-w163\/","og_site_name":"ENRIQUE REQUENA","article_modified_time":"2023-02-07T15:38:01+00:00","og_image":[{"width":800,"height":800,"url":"https:\/\/www.enriquerequena.com\/wp-content\/uploads\/2019\/09\/products-A1634100301-ARBRE-DE-TRANSMISSION-TRANSMISION-CARDAN-PROPSHAFT-MERCEDES-ML-270-W163--2.jpg","type":"image\/jpeg"}],"twitter_card":"summary_large_image","schema":{"@context":"https:\/\/schema.org","@graph":[{"@type":"WebPage","@id":"https:\/\/www.enriquerequena.com\/fr\/tienda-online\/arbre-transmission-cardan\/arbre-transmission-cardan-4x4\/arbre-de-transmision-cardan-mercedes-ml-a1634100301-w163\/","url":"https:\/\/www.enriquerequena.com\/fr\/tienda-online\/arbre-transmission-cardan\/arbre-transmission-cardan-4x4\/arbre-de-transmision-cardan-mercedes-ml-a1634100301-w163\/","name":"Arbre Transmision Cardan Mercedes ML A1634100301 A 1634100301 W163","isPartOf":{"@id":"https:\/\/www.enriquerequena.com\/fr\/#website"},"primaryImageOfPage":{"@id":"https:\/\/www.enriquerequena.com\/fr\/tienda-online\/arbre-transmission-cardan\/arbre-transmission-cardan-4x4\/arbre-de-transmision-cardan-mercedes-ml-a1634100301-w163\/#primaryimage"},"image":{"@id":"https:\/\/www.enriquerequena.com\/fr\/tienda-online\/arbre-transmission-cardan\/arbre-transmission-cardan-4x4\/arbre-de-transmision-cardan-mercedes-ml-a1634100301-w163\/#primaryimage"},"thumbnailUrl":"https:\/\/www.enriquerequena.com\/wp-content\/uploads\/2019\/09\/products-A1634100301-ARBRE-DE-TRANSMISSION-TRANSMISION-CARDAN-PROPSHAFT-MERCEDES-ML-270-W163--2.jpg","datePublished":"2019-04-28T12:03:39+00:00","dateModified":"2023-02-07T15:38:01+00:00","description":"A1634100301 Arbre de Transmision Cardan Mercedes ML A 1634100301 W163 neuf a valencia depuis 1950","breadcrumb":{"@id":"https:\/\/www.enriquerequena.com\/fr\/tienda-online\/arbre-transmission-cardan\/arbre-transmission-cardan-4x4\/arbre-de-transmision-cardan-mercedes-ml-a1634100301-w163\/#breadcrumb"},"inLanguage":"fr-FR","potentialAction":[{"@type":"ReadAction","target":["https:\/\/www.enriquerequena.com\/fr\/tienda-online\/arbre-transmission-cardan\/arbre-transmission-cardan-4x4\/arbre-de-transmision-cardan-mercedes-ml-a1634100301-w163\/"]}]},{"@type":"ImageObject","inLanguage":"fr-FR","@id":"https:\/\/www.enriquerequena.com\/fr\/tienda-online\/arbre-transmission-cardan\/arbre-transmission-cardan-4x4\/arbre-de-transmision-cardan-mercedes-ml-a1634100301-w163\/#primaryimage","url":"https:\/\/www.enriquerequena.com\/wp-content\/uploads\/2019\/09\/products-A1634100301-ARBRE-DE-TRANSMISSION-TRANSMISION-CARDAN-PROPSHAFT-MERCEDES-ML-270-W163--2.jpg","contentUrl":"https:\/\/www.enriquerequena.com\/wp-content\/uploads\/2019\/09\/products-A1634100301-ARBRE-DE-TRANSMISSION-TRANSMISION-CARDAN-PROPSHAFT-MERCEDES-ML-270-W163--2.jpg","width":800,"height":800,"caption":"A1634100301-ARBRE-DE-TRANSMISSION-TRANSMISION-CARDAN-PROPSHAFT-MERCEDES-ML-270-W163-"},{"@type":"WebSite","@id":"https:\/\/www.enriquerequena.com\/fr\/#website","url":"https:\/\/www.enriquerequena.com\/fr\/","name":"ENRIQUE REQUENA","description":"Sp\u00e9cialistes des transmissions cardan avec des exp\u00e9ditions dans le monde entier et des pi\u00e8ces d\u00e9tach\u00e9es pour voitures, camions et accessoires \u00e0 Valence, en Espagne. Avec vous depuis 1950!","publisher":{"@id":"https:\/\/www.enriquerequena.com\/fr\/#organization"},"potentialAction":[{"@type":"SearchAction","target":{"@type":"EntryPoint","urlTemplate":"https:\/\/www.enriquerequena.com\/fr\/?s={search_term_string}"},"query-input":{"@type":"PropertyValueSpecification","valueRequired":true,"valueName":"search_term_string"}}],"inLanguage":"fr-FR"},{"@type":"Organization","@id":"https:\/\/www.enriquerequena.com\/fr\/#organization","name":"Enrique Requena S.L.","url":"https:\/\/www.enriquerequena.com\/fr\/","logo":{"@type":"ImageObject","inLanguage":"fr-FR","@id":"https:\/\/www.enriquerequena.com\/fr\/#\/schema\/logo\/image\/","url":"https:\/\/www.enriquerequena.com\/wp-content\/uploads\/2019\/11\/enrique-requena-recambios-logotipo.jpg","contentUrl":"https:\/\/www.enriquerequena.com\/wp-content\/uploads\/2019\/11\/enrique-requena-recambios-logotipo.jpg","width":381,"height":75,"caption":"Enrique Requena S.L."},"image":{"@id":"https:\/\/www.enriquerequena.com\/fr\/#\/schema\/logo\/image\/"}}]}},"_links":{"self":[{"href":"https:\/\/www.enriquerequena.com\/fr\/wp-json\/wp\/v2\/product\/3858","targetHints":{"allow":["GET"]}}],"collection":[{"href":"https:\/\/www.enriquerequena.com\/fr\/wp-json\/wp\/v2\/product"}],"about":[{"href":"https:\/\/www.enriquerequena.com\/fr\/wp-json\/wp\/v2\/types\/product"}],"wp:featuredmedia":[{"embeddable":true,"href":"https:\/\/www.enriquerequena.com\/fr\/wp-json\/wp\/v2\/media\/3859"}],"wp:attachment":[{"href":"https:\/\/www.enriquerequena.com\/fr\/wp-json\/wp\/v2\/media?parent=3858"}],"wp:term":[{"taxonomy":"product_brand","embeddable":true,"href":"https:\/\/www.enriquerequena.com\/fr\/wp-json\/wp\/v2\/product_brand?post=3858"},{"taxonomy":"product_cat","embeddable":true,"href":"https:\/\/www.enriquerequena.com\/fr\/wp-json\/wp\/v2\/product_cat?post=3858"},{"taxonomy":"product_tag","embeddable":true,"href":"https:\/\/www.enriquerequena.com\/fr\/wp-json\/wp\/v2\/product_tag?post=3858"}],"curies":[{"name":"wp","href":"https:\/\/api.w.org\/{rel}","templated":true}]}}