{"id":3889,"date":"2019-10-05T15:16:01","date_gmt":"2019-10-05T15:16:01","guid":{"rendered":"https:\/\/www.enriquerequena.com\/?post_type=product&#038;p=3889"},"modified":"2025-05-16T15:11:23","modified_gmt":"2025-05-16T13:11:23","slug":"arbre-de-transmission-bmw-e46-320d-26111229569","status":"publish","type":"product","link":"https:\/\/www.enriquerequena.com\/fr\/tienda-online\/arbre-transmission-cardan\/arbre-transmission-cardan-4x4\/arbre-de-transmission-bmw-e46-320d-26111229569\/","title":{"rendered":"Arbre de Transmission Bmw E46 320D 26111229569"},"content":{"rendered":"<h2><strong>Arbre de transmission\u00a0 pour\u00a0Bmw E46 320D<\/strong><\/h2>\n<p style=\"text-align: justify;\">Arbre de transmission\u00a0 pour Bmw E46 320D avec r\u00e9f\u00e9rences 26111229569, 1229569, 26 11 1 229 569, est une transmission <strong>neuve avec une garantie d\u2019un an.<\/strong><\/p>\n<p style=\"text-align: justify;\">N&rsquo;h\u00e9sitez pas \u00e0 nous appeler pour nous demander d&rsquo;autres mod\u00e8les de transmissions BMW, <strong>69 ans d&rsquo;exp\u00e9rience<\/strong> garantissent le <strong>professionnalisme<\/strong> de cet article et nous proposons la gamme la plus vaste et la plus large de transmissions pour BMW: E30, E46, E87, E90, E34, E39, E60, E61, E70, E71, E84, E90, E91, X1, X3, X4, X5, X6.<\/p>\n<p style=\"text-align: justify;\">Appelez-nous et demandez-nous, nous serons heureux de vous aider.<\/p>\n<h3><strong>Caract\u00e9ristiques techniques \u2013 Arbre de Transmission Bmw E46 320D 26111229569.<\/strong><\/h3>\n<ul>\n<li>Pi\u00e8ce de rechange: Arbre de transmission<\/li>\n<li>Mod\u00e8le: Bmw E46 320D<\/li>\n<li>\u00c9tat: <strong>Pi\u00e8ce neuve<\/strong><\/li>\n<li><strong>Garantie d\u2019un an<\/strong><\/li>\n<li>Longueur: 1595<span class=\"ng-star-inserted\"><span class=\"\">MM<\/span><\/span><\/li>\n<li><strong>R\u00e9f\u00e9rence:<\/strong>\n<ul>\n<li>26111229569<\/li>\n<li>1229569<\/li>\n<li>26 11 1 229 569<\/li>\n<\/ul>\n<\/li>\n<\/ul>\n<div id=\"joomsharebar\" style=\"text-align: justify;\"><\/div>\n","protected":false},"excerpt":{"rendered":"<p>Arbre de transmission\u00a0 pour Bmw E46 320D avec r\u00e9f\u00e9rences 26111229569, 1229569, 26 11 1 229 569, est une transmission <strong>neuve avec une garantie d\u2019un an.<\/strong><\/p>\n","protected":false},"featured_media":10063,"template":"","meta":[],"product_brand":[110],"product_cat":[144,156],"product_tag":[],"class_list":{"0":"post-3889","1":"product","2":"type-product","3":"status-publish","4":"has-post-thumbnail","6":"product_brand-bmw-2","7":"product_cat-arbre-transmission-cardan","8":"product_cat-arbre-transmission-cardan-4x4","9":"pa_manufacturer-bmw","10":"pa_tipo-auto","12":"first","13":"instock","14":"taxable","15":"shipping-taxable","16":"purchasable","17":"product-type-simple"},"yoast_head":"<!-- This site is optimized with the Yoast SEO plugin v27.5 - https:\/\/yoast.com\/product\/yoast-seo-wordpress\/ -->\n<title>Arbre transmission\u00a0pour\u00a0Bmw E46 320D\u00a0sous la r\u00e9f\u00e9rence\u00a026111229569<\/title>\n<meta name=\"description\" content=\"Arbre de transmission\u00a0 pour Bmw E46 320D avec r\u00e9f\u00e9rences 26111229569, 1229569, 26 11 1 229 569, est une transmission neuve avec une garantie d\u2019un an.\" \/>\n<meta name=\"robots\" content=\"index, follow, max-snippet:-1, max-image-preview:large, max-video-preview:-1\" \/>\n<link rel=\"canonical\" href=\"https:\/\/www.enriquerequena.com\/fr\/tienda-online\/arbre-transmission-cardan\/arbre-transmission-cardan-4x4\/arbre-de-transmission-bmw-e46-320d-26111229569\/\" \/>\n<meta property=\"og:locale\" content=\"fr_FR\" \/>\n<meta property=\"og:type\" content=\"article\" \/>\n<meta property=\"og:title\" content=\"Arbre transmission\u00a0pour\u00a0Bmw E46 320D\u00a0sous la r\u00e9f\u00e9rence\u00a026111229569\" \/>\n<meta property=\"og:description\" content=\"Arbre de transmission\u00a0 pour Bmw E46 320D avec r\u00e9f\u00e9rences 26111229569, 1229569, 26 11 1 229 569, est une transmission neuve avec une garantie d\u2019un an.\" \/>\n<meta property=\"og:url\" content=\"https:\/\/www.enriquerequena.com\/fr\/tienda-online\/arbre-transmission-cardan\/arbre-transmission-cardan-4x4\/arbre-de-transmission-bmw-e46-320d-26111229569\/\" \/>\n<meta property=\"og:site_name\" content=\"ENRIQUE REQUENA\" \/>\n<meta property=\"article:modified_time\" content=\"2025-05-16T13:11:23+00:00\" \/>\n<meta property=\"og:image\" content=\"https:\/\/www.enriquerequena.com\/wp-content\/uploads\/2019\/10\/26111229569-TRANSMISION-CARDAN-ARBRE-DE-TRANSMISSION-PROPSHAFT-BMW-E46-320D-1-.jpg\" \/>\n\t<meta property=\"og:image:width\" content=\"800\" \/>\n\t<meta property=\"og:image:height\" content=\"800\" \/>\n\t<meta property=\"og:image:type\" content=\"image\/jpeg\" \/>\n<meta name=\"twitter:card\" content=\"summary_large_image\" \/>\n<meta name=\"twitter:label1\" content=\"Dur\u00e9e de lecture estim\u00e9e\" \/>\n\t<meta name=\"twitter:data1\" content=\"1 minute\" \/>\n<script type=\"application\/ld+json\" class=\"yoast-schema-graph\">{\"@context\":\"https:\\\/\\\/schema.org\",\"@graph\":[{\"@type\":\"WebPage\",\"@id\":\"https:\\\/\\\/www.enriquerequena.com\\\/fr\\\/tienda-online\\\/arbre-transmission-cardan\\\/arbre-transmission-cardan-4x4\\\/arbre-de-transmission-bmw-e46-320d-26111229569\\\/\",\"url\":\"https:\\\/\\\/www.enriquerequena.com\\\/fr\\\/tienda-online\\\/arbre-transmission-cardan\\\/arbre-transmission-cardan-4x4\\\/arbre-de-transmission-bmw-e46-320d-26111229569\\\/\",\"name\":\"Arbre transmission\u00a0pour\u00a0Bmw E46 320D\u00a0sous la r\u00e9f\u00e9rence\u00a026111229569\",\"isPartOf\":{\"@id\":\"https:\\\/\\\/www.enriquerequena.com\\\/fr\\\/#website\"},\"primaryImageOfPage\":{\"@id\":\"https:\\\/\\\/www.enriquerequena.com\\\/fr\\\/tienda-online\\\/arbre-transmission-cardan\\\/arbre-transmission-cardan-4x4\\\/arbre-de-transmission-bmw-e46-320d-26111229569\\\/#primaryimage\"},\"image\":{\"@id\":\"https:\\\/\\\/www.enriquerequena.com\\\/fr\\\/tienda-online\\\/arbre-transmission-cardan\\\/arbre-transmission-cardan-4x4\\\/arbre-de-transmission-bmw-e46-320d-26111229569\\\/#primaryimage\"},\"thumbnailUrl\":\"https:\\\/\\\/www.enriquerequena.com\\\/wp-content\\\/uploads\\\/2019\\\/10\\\/26111229569-TRANSMISION-CARDAN-ARBRE-DE-TRANSMISSION-PROPSHAFT-BMW-E46-320D-1-.jpg\",\"datePublished\":\"2019-10-05T15:16:01+00:00\",\"dateModified\":\"2025-05-16T13:11:23+00:00\",\"description\":\"Arbre de transmission\u00a0 pour Bmw E46 320D avec r\u00e9f\u00e9rences 26111229569, 1229569, 26 11 1 229 569, est une transmission neuve avec une garantie d\u2019un an.\",\"breadcrumb\":{\"@id\":\"https:\\\/\\\/www.enriquerequena.com\\\/fr\\\/tienda-online\\\/arbre-transmission-cardan\\\/arbre-transmission-cardan-4x4\\\/arbre-de-transmission-bmw-e46-320d-26111229569\\\/#breadcrumb\"},\"inLanguage\":\"fr-FR\",\"potentialAction\":[{\"@type\":\"ReadAction\",\"target\":[\"https:\\\/\\\/www.enriquerequena.com\\\/fr\\\/tienda-online\\\/arbre-transmission-cardan\\\/arbre-transmission-cardan-4x4\\\/arbre-de-transmission-bmw-e46-320d-26111229569\\\/\"]}]},{\"@type\":\"ImageObject\",\"inLanguage\":\"fr-FR\",\"@id\":\"https:\\\/\\\/www.enriquerequena.com\\\/fr\\\/tienda-online\\\/arbre-transmission-cardan\\\/arbre-transmission-cardan-4x4\\\/arbre-de-transmission-bmw-e46-320d-26111229569\\\/#primaryimage\",\"url\":\"https:\\\/\\\/www.enriquerequena.com\\\/wp-content\\\/uploads\\\/2019\\\/10\\\/26111229569-TRANSMISION-CARDAN-ARBRE-DE-TRANSMISSION-PROPSHAFT-BMW-E46-320D-1-.jpg\",\"contentUrl\":\"https:\\\/\\\/www.enriquerequena.com\\\/wp-content\\\/uploads\\\/2019\\\/10\\\/26111229569-TRANSMISION-CARDAN-ARBRE-DE-TRANSMISSION-PROPSHAFT-BMW-E46-320D-1-.jpg\",\"width\":800,\"height\":800,\"caption\":\"Arbre de Transmission Bmw E46 320D 26111229569\"},{\"@type\":\"WebSite\",\"@id\":\"https:\\\/\\\/www.enriquerequena.com\\\/fr\\\/#website\",\"url\":\"https:\\\/\\\/www.enriquerequena.com\\\/fr\\\/\",\"name\":\"ENRIQUE REQUENA\",\"description\":\"Sp\u00e9cialistes des transmissions cardan avec des exp\u00e9ditions dans le monde entier et des pi\u00e8ces d\u00e9tach\u00e9es pour voitures, camions et accessoires \u00e0 Valence, en Espagne. Avec vous depuis 1950!\",\"publisher\":{\"@id\":\"https:\\\/\\\/www.enriquerequena.com\\\/fr\\\/#organization\"},\"potentialAction\":[{\"@type\":\"SearchAction\",\"target\":{\"@type\":\"EntryPoint\",\"urlTemplate\":\"https:\\\/\\\/www.enriquerequena.com\\\/fr\\\/?s={search_term_string}\"},\"query-input\":{\"@type\":\"PropertyValueSpecification\",\"valueRequired\":true,\"valueName\":\"search_term_string\"}}],\"inLanguage\":\"fr-FR\"},{\"@type\":\"Organization\",\"@id\":\"https:\\\/\\\/www.enriquerequena.com\\\/fr\\\/#organization\",\"name\":\"Enrique Requena S.L.\",\"url\":\"https:\\\/\\\/www.enriquerequena.com\\\/fr\\\/\",\"logo\":{\"@type\":\"ImageObject\",\"inLanguage\":\"fr-FR\",\"@id\":\"https:\\\/\\\/www.enriquerequena.com\\\/fr\\\/#\\\/schema\\\/logo\\\/image\\\/\",\"url\":\"https:\\\/\\\/www.enriquerequena.com\\\/wp-content\\\/uploads\\\/2019\\\/11\\\/enrique-requena-recambios-logotipo.jpg\",\"contentUrl\":\"https:\\\/\\\/www.enriquerequena.com\\\/wp-content\\\/uploads\\\/2019\\\/11\\\/enrique-requena-recambios-logotipo.jpg\",\"width\":381,\"height\":75,\"caption\":\"Enrique Requena S.L.\"},\"image\":{\"@id\":\"https:\\\/\\\/www.enriquerequena.com\\\/fr\\\/#\\\/schema\\\/logo\\\/image\\\/\"}}]}<\/script>\n<!-- \/ Yoast SEO plugin. -->","yoast_head_json":{"title":"Arbre transmission\u00a0pour\u00a0Bmw E46 320D\u00a0sous la r\u00e9f\u00e9rence\u00a026111229569","description":"Arbre de transmission\u00a0 pour Bmw E46 320D avec r\u00e9f\u00e9rences 26111229569, 1229569, 26 11 1 229 569, est une transmission neuve avec une garantie d\u2019un an.","robots":{"index":"index","follow":"follow","max-snippet":"max-snippet:-1","max-image-preview":"max-image-preview:large","max-video-preview":"max-video-preview:-1"},"canonical":"https:\/\/www.enriquerequena.com\/fr\/tienda-online\/arbre-transmission-cardan\/arbre-transmission-cardan-4x4\/arbre-de-transmission-bmw-e46-320d-26111229569\/","og_locale":"fr_FR","og_type":"article","og_title":"Arbre transmission\u00a0pour\u00a0Bmw E46 320D\u00a0sous la r\u00e9f\u00e9rence\u00a026111229569","og_description":"Arbre de transmission\u00a0 pour Bmw E46 320D avec r\u00e9f\u00e9rences 26111229569, 1229569, 26 11 1 229 569, est une transmission neuve avec une garantie d\u2019un an.","og_url":"https:\/\/www.enriquerequena.com\/fr\/tienda-online\/arbre-transmission-cardan\/arbre-transmission-cardan-4x4\/arbre-de-transmission-bmw-e46-320d-26111229569\/","og_site_name":"ENRIQUE REQUENA","article_modified_time":"2025-05-16T13:11:23+00:00","og_image":[{"width":800,"height":800,"url":"https:\/\/www.enriquerequena.com\/wp-content\/uploads\/2019\/10\/26111229569-TRANSMISION-CARDAN-ARBRE-DE-TRANSMISSION-PROPSHAFT-BMW-E46-320D-1-.jpg","type":"image\/jpeg"}],"twitter_card":"summary_large_image","twitter_misc":{"Dur\u00e9e de lecture estim\u00e9e":"1 minute"},"schema":{"@context":"https:\/\/schema.org","@graph":[{"@type":"WebPage","@id":"https:\/\/www.enriquerequena.com\/fr\/tienda-online\/arbre-transmission-cardan\/arbre-transmission-cardan-4x4\/arbre-de-transmission-bmw-e46-320d-26111229569\/","url":"https:\/\/www.enriquerequena.com\/fr\/tienda-online\/arbre-transmission-cardan\/arbre-transmission-cardan-4x4\/arbre-de-transmission-bmw-e46-320d-26111229569\/","name":"Arbre transmission\u00a0pour\u00a0Bmw E46 320D\u00a0sous la r\u00e9f\u00e9rence\u00a026111229569","isPartOf":{"@id":"https:\/\/www.enriquerequena.com\/fr\/#website"},"primaryImageOfPage":{"@id":"https:\/\/www.enriquerequena.com\/fr\/tienda-online\/arbre-transmission-cardan\/arbre-transmission-cardan-4x4\/arbre-de-transmission-bmw-e46-320d-26111229569\/#primaryimage"},"image":{"@id":"https:\/\/www.enriquerequena.com\/fr\/tienda-online\/arbre-transmission-cardan\/arbre-transmission-cardan-4x4\/arbre-de-transmission-bmw-e46-320d-26111229569\/#primaryimage"},"thumbnailUrl":"https:\/\/www.enriquerequena.com\/wp-content\/uploads\/2019\/10\/26111229569-TRANSMISION-CARDAN-ARBRE-DE-TRANSMISSION-PROPSHAFT-BMW-E46-320D-1-.jpg","datePublished":"2019-10-05T15:16:01+00:00","dateModified":"2025-05-16T13:11:23+00:00","description":"Arbre de transmission\u00a0 pour Bmw E46 320D avec r\u00e9f\u00e9rences 26111229569, 1229569, 26 11 1 229 569, est une transmission neuve avec une garantie d\u2019un an.","breadcrumb":{"@id":"https:\/\/www.enriquerequena.com\/fr\/tienda-online\/arbre-transmission-cardan\/arbre-transmission-cardan-4x4\/arbre-de-transmission-bmw-e46-320d-26111229569\/#breadcrumb"},"inLanguage":"fr-FR","potentialAction":[{"@type":"ReadAction","target":["https:\/\/www.enriquerequena.com\/fr\/tienda-online\/arbre-transmission-cardan\/arbre-transmission-cardan-4x4\/arbre-de-transmission-bmw-e46-320d-26111229569\/"]}]},{"@type":"ImageObject","inLanguage":"fr-FR","@id":"https:\/\/www.enriquerequena.com\/fr\/tienda-online\/arbre-transmission-cardan\/arbre-transmission-cardan-4x4\/arbre-de-transmission-bmw-e46-320d-26111229569\/#primaryimage","url":"https:\/\/www.enriquerequena.com\/wp-content\/uploads\/2019\/10\/26111229569-TRANSMISION-CARDAN-ARBRE-DE-TRANSMISSION-PROPSHAFT-BMW-E46-320D-1-.jpg","contentUrl":"https:\/\/www.enriquerequena.com\/wp-content\/uploads\/2019\/10\/26111229569-TRANSMISION-CARDAN-ARBRE-DE-TRANSMISSION-PROPSHAFT-BMW-E46-320D-1-.jpg","width":800,"height":800,"caption":"Arbre de Transmission Bmw E46 320D 26111229569"},{"@type":"WebSite","@id":"https:\/\/www.enriquerequena.com\/fr\/#website","url":"https:\/\/www.enriquerequena.com\/fr\/","name":"ENRIQUE REQUENA","description":"Sp\u00e9cialistes des transmissions cardan avec des exp\u00e9ditions dans le monde entier et des pi\u00e8ces d\u00e9tach\u00e9es pour voitures, camions et accessoires \u00e0 Valence, en Espagne. Avec vous depuis 1950!","publisher":{"@id":"https:\/\/www.enriquerequena.com\/fr\/#organization"},"potentialAction":[{"@type":"SearchAction","target":{"@type":"EntryPoint","urlTemplate":"https:\/\/www.enriquerequena.com\/fr\/?s={search_term_string}"},"query-input":{"@type":"PropertyValueSpecification","valueRequired":true,"valueName":"search_term_string"}}],"inLanguage":"fr-FR"},{"@type":"Organization","@id":"https:\/\/www.enriquerequena.com\/fr\/#organization","name":"Enrique Requena S.L.","url":"https:\/\/www.enriquerequena.com\/fr\/","logo":{"@type":"ImageObject","inLanguage":"fr-FR","@id":"https:\/\/www.enriquerequena.com\/fr\/#\/schema\/logo\/image\/","url":"https:\/\/www.enriquerequena.com\/wp-content\/uploads\/2019\/11\/enrique-requena-recambios-logotipo.jpg","contentUrl":"https:\/\/www.enriquerequena.com\/wp-content\/uploads\/2019\/11\/enrique-requena-recambios-logotipo.jpg","width":381,"height":75,"caption":"Enrique Requena S.L."},"image":{"@id":"https:\/\/www.enriquerequena.com\/fr\/#\/schema\/logo\/image\/"}}]}},"_links":{"self":[{"href":"https:\/\/www.enriquerequena.com\/fr\/wp-json\/wp\/v2\/product\/3889","targetHints":{"allow":["GET"]}}],"collection":[{"href":"https:\/\/www.enriquerequena.com\/fr\/wp-json\/wp\/v2\/product"}],"about":[{"href":"https:\/\/www.enriquerequena.com\/fr\/wp-json\/wp\/v2\/types\/product"}],"wp:featuredmedia":[{"embeddable":true,"href":"https:\/\/www.enriquerequena.com\/fr\/wp-json\/wp\/v2\/media\/10063"}],"wp:attachment":[{"href":"https:\/\/www.enriquerequena.com\/fr\/wp-json\/wp\/v2\/media?parent=3889"}],"wp:term":[{"taxonomy":"product_brand","embeddable":true,"href":"https:\/\/www.enriquerequena.com\/fr\/wp-json\/wp\/v2\/product_brand?post=3889"},{"taxonomy":"product_cat","embeddable":true,"href":"https:\/\/www.enriquerequena.com\/fr\/wp-json\/wp\/v2\/product_cat?post=3889"},{"taxonomy":"product_tag","embeddable":true,"href":"https:\/\/www.enriquerequena.com\/fr\/wp-json\/wp\/v2\/product_tag?post=3889"}],"curies":[{"name":"wp","href":"https:\/\/api.w.org\/{rel}","templated":true}]}}