{"id":3911,"date":"2019-10-23T19:15:59","date_gmt":"2019-10-23T19:15:59","guid":{"rendered":"https:\/\/www.enriquerequena.com\/?post_type=product&#038;p=3911"},"modified":"2023-02-07T16:32:22","modified_gmt":"2023-02-07T15:32:22","slug":"arbre-de-transmission-bmw-x1-e84-26207529294-26207629987-26207620520-26208628042","status":"publish","type":"product","link":"https:\/\/www.enriquerequena.com\/fr\/tienda-online\/arbre-transmission-cardan\/arbre-transmission-cardan-4x4\/arbre-de-transmission-bmw-x1-e84-26207529294-26207629987-26207620520-26208628042\/","title":{"rendered":"Arbre de Transmission  Bmw X1 E84, 26207529294, 26207629987, 26207620520, 26208628042"},"content":{"rendered":"<p><span style=\"color: #666699;\">&#8211; Arbre de transmission Cardan Bmw<\/span><\/p>\n<p><span style=\"color: #666699;\">&#8211; Mod\u00e8le de v\u00e9hicule: X1 E84, Serie 3 E 90, E91<\/span><\/p>\n<p><span style=\"color: #666699;\">&#8211; Longueur: 738mm<\/span><\/p>\n<p><span style=\"color: #666699;\">&#8211; \u00c9tat: neuf<\/span><\/p>\n<p><span style=\"color: #666699;\">&#8211; Garantie: 1 an<\/span><\/p>\n<p><span style=\"color: #666699;\">&#8211; Referencias:\u00a026207529294, 26207629987, 26207620520, 26208628042<\/span><\/p>\n","protected":false},"excerpt":{"rendered":"<p>Arbre de transmission Bmw X1 E84 neuf et avec un an de garantie, r\u00e9f\u00e9rences: 26207529294, 26207629987, 26207620520, 26208628042<\/p>\n","protected":false},"featured_media":3912,"template":"","meta":[],"product_brand":[110],"product_cat":[144,156],"product_tag":[],"class_list":{"0":"post-3911","1":"product","2":"type-product","3":"status-publish","4":"has-post-thumbnail","6":"product_brand-bmw-2","7":"product_cat-arbre-transmission-cardan","8":"product_cat-arbre-transmission-cardan-4x4","9":"pa_manufacturer-bmw","10":"pa_tipo-4x4","12":"first","13":"instock","14":"taxable","15":"shipping-taxable","16":"purchasable","17":"product-type-simple"},"yoast_head":"<!-- This site is optimized with the Yoast SEO plugin v27.5 - https:\/\/yoast.com\/product\/yoast-seo-wordpress\/ -->\n<title>Arbre transmission Bmw X1 E84, 26207529294, 26207629987, 26207620520, 26208628042<\/title>\n<meta name=\"description\" content=\"Arbre de transmission Bmw X1 E84 neuf et avec un an de garantie, r\u00e9f\u00e9rences: 26207529294, 26207629987, 26207620520, 26208628042\" \/>\n<meta name=\"robots\" content=\"index, follow, max-snippet:-1, max-image-preview:large, max-video-preview:-1\" \/>\n<link rel=\"canonical\" href=\"https:\/\/www.enriquerequena.com\/fr\/tienda-online\/arbre-transmission-cardan\/arbre-transmission-cardan-4x4\/arbre-de-transmission-bmw-x1-e84-26207529294-26207629987-26207620520-26208628042\/\" \/>\n<meta property=\"og:locale\" content=\"fr_FR\" \/>\n<meta property=\"og:type\" content=\"article\" \/>\n<meta property=\"og:title\" content=\"Arbre transmission Bmw X1 E84, 26207529294, 26207629987, 26207620520, 26208628042\" \/>\n<meta property=\"og:description\" content=\"Arbre de transmission Bmw X1 E84 neuf et avec un an de garantie, r\u00e9f\u00e9rences: 26207529294, 26207629987, 26207620520, 26208628042\" \/>\n<meta property=\"og:url\" content=\"https:\/\/www.enriquerequena.com\/fr\/tienda-online\/arbre-transmission-cardan\/arbre-transmission-cardan-4x4\/arbre-de-transmission-bmw-x1-e84-26207529294-26207629987-26207620520-26208628042\/\" \/>\n<meta property=\"og:site_name\" content=\"ENRIQUE REQUENA\" \/>\n<meta property=\"article:modified_time\" content=\"2023-02-07T15:32:22+00:00\" \/>\n<meta property=\"og:image\" content=\"https:\/\/www.enriquerequena.com\/wp-content\/uploads\/2019\/10\/products-26207529294-26207629987-262076205-2026208628042-TRANSMISION-CARDAN-ARBRE-DE-TRANSMISSION-PROPSHAFT-Bmw-X1-E84-Serie-3-E90-E91-2.jpg\" \/>\n\t<meta property=\"og:image:width\" content=\"800\" \/>\n\t<meta property=\"og:image:height\" content=\"800\" \/>\n\t<meta property=\"og:image:type\" content=\"image\/jpeg\" \/>\n<meta name=\"twitter:card\" content=\"summary_large_image\" \/>\n<script type=\"application\/ld+json\" class=\"yoast-schema-graph\">{\"@context\":\"https:\\\/\\\/schema.org\",\"@graph\":[{\"@type\":\"WebPage\",\"@id\":\"https:\\\/\\\/www.enriquerequena.com\\\/fr\\\/tienda-online\\\/arbre-transmission-cardan\\\/arbre-transmission-cardan-4x4\\\/arbre-de-transmission-bmw-x1-e84-26207529294-26207629987-26207620520-26208628042\\\/\",\"url\":\"https:\\\/\\\/www.enriquerequena.com\\\/fr\\\/tienda-online\\\/arbre-transmission-cardan\\\/arbre-transmission-cardan-4x4\\\/arbre-de-transmission-bmw-x1-e84-26207529294-26207629987-26207620520-26208628042\\\/\",\"name\":\"Arbre transmission Bmw X1 E84, 26207529294, 26207629987, 26207620520, 26208628042\",\"isPartOf\":{\"@id\":\"https:\\\/\\\/www.enriquerequena.com\\\/fr\\\/#website\"},\"primaryImageOfPage\":{\"@id\":\"https:\\\/\\\/www.enriquerequena.com\\\/fr\\\/tienda-online\\\/arbre-transmission-cardan\\\/arbre-transmission-cardan-4x4\\\/arbre-de-transmission-bmw-x1-e84-26207529294-26207629987-26207620520-26208628042\\\/#primaryimage\"},\"image\":{\"@id\":\"https:\\\/\\\/www.enriquerequena.com\\\/fr\\\/tienda-online\\\/arbre-transmission-cardan\\\/arbre-transmission-cardan-4x4\\\/arbre-de-transmission-bmw-x1-e84-26207529294-26207629987-26207620520-26208628042\\\/#primaryimage\"},\"thumbnailUrl\":\"https:\\\/\\\/www.enriquerequena.com\\\/wp-content\\\/uploads\\\/2019\\\/10\\\/products-26207529294-26207629987-262076205-2026208628042-TRANSMISION-CARDAN-ARBRE-DE-TRANSMISSION-PROPSHAFT-Bmw-X1-E84-Serie-3-E90-E91-2.jpg\",\"datePublished\":\"2019-10-23T19:15:59+00:00\",\"dateModified\":\"2023-02-07T15:32:22+00:00\",\"description\":\"Arbre de transmission Bmw X1 E84 neuf et avec un an de garantie, r\u00e9f\u00e9rences: 26207529294, 26207629987, 26207620520, 26208628042\",\"breadcrumb\":{\"@id\":\"https:\\\/\\\/www.enriquerequena.com\\\/fr\\\/tienda-online\\\/arbre-transmission-cardan\\\/arbre-transmission-cardan-4x4\\\/arbre-de-transmission-bmw-x1-e84-26207529294-26207629987-26207620520-26208628042\\\/#breadcrumb\"},\"inLanguage\":\"fr-FR\",\"potentialAction\":[{\"@type\":\"ReadAction\",\"target\":[\"https:\\\/\\\/www.enriquerequena.com\\\/fr\\\/tienda-online\\\/arbre-transmission-cardan\\\/arbre-transmission-cardan-4x4\\\/arbre-de-transmission-bmw-x1-e84-26207529294-26207629987-26207620520-26208628042\\\/\"]}]},{\"@type\":\"ImageObject\",\"inLanguage\":\"fr-FR\",\"@id\":\"https:\\\/\\\/www.enriquerequena.com\\\/fr\\\/tienda-online\\\/arbre-transmission-cardan\\\/arbre-transmission-cardan-4x4\\\/arbre-de-transmission-bmw-x1-e84-26207529294-26207629987-26207620520-26208628042\\\/#primaryimage\",\"url\":\"https:\\\/\\\/www.enriquerequena.com\\\/wp-content\\\/uploads\\\/2019\\\/10\\\/products-26207529294-26207629987-262076205-2026208628042-TRANSMISION-CARDAN-ARBRE-DE-TRANSMISSION-PROPSHAFT-Bmw-X1-E84-Serie-3-E90-E91-2.jpg\",\"contentUrl\":\"https:\\\/\\\/www.enriquerequena.com\\\/wp-content\\\/uploads\\\/2019\\\/10\\\/products-26207529294-26207629987-262076205-2026208628042-TRANSMISION-CARDAN-ARBRE-DE-TRANSMISSION-PROPSHAFT-Bmw-X1-E84-Serie-3-E90-E91-2.jpg\",\"width\":800,\"height\":800,\"caption\":\"26207529294, 26207629987, 26207620520, 26208628042, TRANSMISION, CARDAN, ARBRE DE TRANSMISSION, PROPSHAFT, Bmw, X1, E84, Serie 3, E90, E91\"},{\"@type\":\"WebSite\",\"@id\":\"https:\\\/\\\/www.enriquerequena.com\\\/fr\\\/#website\",\"url\":\"https:\\\/\\\/www.enriquerequena.com\\\/fr\\\/\",\"name\":\"ENRIQUE REQUENA\",\"description\":\"Sp\u00e9cialistes des transmissions cardan avec des exp\u00e9ditions dans le monde entier et des pi\u00e8ces d\u00e9tach\u00e9es pour voitures, camions et accessoires \u00e0 Valence, en Espagne. Avec vous depuis 1950!\",\"publisher\":{\"@id\":\"https:\\\/\\\/www.enriquerequena.com\\\/fr\\\/#organization\"},\"potentialAction\":[{\"@type\":\"SearchAction\",\"target\":{\"@type\":\"EntryPoint\",\"urlTemplate\":\"https:\\\/\\\/www.enriquerequena.com\\\/fr\\\/?s={search_term_string}\"},\"query-input\":{\"@type\":\"PropertyValueSpecification\",\"valueRequired\":true,\"valueName\":\"search_term_string\"}}],\"inLanguage\":\"fr-FR\"},{\"@type\":\"Organization\",\"@id\":\"https:\\\/\\\/www.enriquerequena.com\\\/fr\\\/#organization\",\"name\":\"Enrique Requena S.L.\",\"url\":\"https:\\\/\\\/www.enriquerequena.com\\\/fr\\\/\",\"logo\":{\"@type\":\"ImageObject\",\"inLanguage\":\"fr-FR\",\"@id\":\"https:\\\/\\\/www.enriquerequena.com\\\/fr\\\/#\\\/schema\\\/logo\\\/image\\\/\",\"url\":\"https:\\\/\\\/www.enriquerequena.com\\\/wp-content\\\/uploads\\\/2019\\\/11\\\/enrique-requena-recambios-logotipo.jpg\",\"contentUrl\":\"https:\\\/\\\/www.enriquerequena.com\\\/wp-content\\\/uploads\\\/2019\\\/11\\\/enrique-requena-recambios-logotipo.jpg\",\"width\":381,\"height\":75,\"caption\":\"Enrique Requena S.L.\"},\"image\":{\"@id\":\"https:\\\/\\\/www.enriquerequena.com\\\/fr\\\/#\\\/schema\\\/logo\\\/image\\\/\"}}]}<\/script>\n<!-- \/ Yoast SEO plugin. -->","yoast_head_json":{"title":"Arbre transmission Bmw X1 E84, 26207529294, 26207629987, 26207620520, 26208628042","description":"Arbre de transmission Bmw X1 E84 neuf et avec un an de garantie, r\u00e9f\u00e9rences: 26207529294, 26207629987, 26207620520, 26208628042","robots":{"index":"index","follow":"follow","max-snippet":"max-snippet:-1","max-image-preview":"max-image-preview:large","max-video-preview":"max-video-preview:-1"},"canonical":"https:\/\/www.enriquerequena.com\/fr\/tienda-online\/arbre-transmission-cardan\/arbre-transmission-cardan-4x4\/arbre-de-transmission-bmw-x1-e84-26207529294-26207629987-26207620520-26208628042\/","og_locale":"fr_FR","og_type":"article","og_title":"Arbre transmission Bmw X1 E84, 26207529294, 26207629987, 26207620520, 26208628042","og_description":"Arbre de transmission Bmw X1 E84 neuf et avec un an de garantie, r\u00e9f\u00e9rences: 26207529294, 26207629987, 26207620520, 26208628042","og_url":"https:\/\/www.enriquerequena.com\/fr\/tienda-online\/arbre-transmission-cardan\/arbre-transmission-cardan-4x4\/arbre-de-transmission-bmw-x1-e84-26207529294-26207629987-26207620520-26208628042\/","og_site_name":"ENRIQUE REQUENA","article_modified_time":"2023-02-07T15:32:22+00:00","og_image":[{"width":800,"height":800,"url":"https:\/\/www.enriquerequena.com\/wp-content\/uploads\/2019\/10\/products-26207529294-26207629987-262076205-2026208628042-TRANSMISION-CARDAN-ARBRE-DE-TRANSMISSION-PROPSHAFT-Bmw-X1-E84-Serie-3-E90-E91-2.jpg","type":"image\/jpeg"}],"twitter_card":"summary_large_image","schema":{"@context":"https:\/\/schema.org","@graph":[{"@type":"WebPage","@id":"https:\/\/www.enriquerequena.com\/fr\/tienda-online\/arbre-transmission-cardan\/arbre-transmission-cardan-4x4\/arbre-de-transmission-bmw-x1-e84-26207529294-26207629987-26207620520-26208628042\/","url":"https:\/\/www.enriquerequena.com\/fr\/tienda-online\/arbre-transmission-cardan\/arbre-transmission-cardan-4x4\/arbre-de-transmission-bmw-x1-e84-26207529294-26207629987-26207620520-26208628042\/","name":"Arbre transmission Bmw X1 E84, 26207529294, 26207629987, 26207620520, 26208628042","isPartOf":{"@id":"https:\/\/www.enriquerequena.com\/fr\/#website"},"primaryImageOfPage":{"@id":"https:\/\/www.enriquerequena.com\/fr\/tienda-online\/arbre-transmission-cardan\/arbre-transmission-cardan-4x4\/arbre-de-transmission-bmw-x1-e84-26207529294-26207629987-26207620520-26208628042\/#primaryimage"},"image":{"@id":"https:\/\/www.enriquerequena.com\/fr\/tienda-online\/arbre-transmission-cardan\/arbre-transmission-cardan-4x4\/arbre-de-transmission-bmw-x1-e84-26207529294-26207629987-26207620520-26208628042\/#primaryimage"},"thumbnailUrl":"https:\/\/www.enriquerequena.com\/wp-content\/uploads\/2019\/10\/products-26207529294-26207629987-262076205-2026208628042-TRANSMISION-CARDAN-ARBRE-DE-TRANSMISSION-PROPSHAFT-Bmw-X1-E84-Serie-3-E90-E91-2.jpg","datePublished":"2019-10-23T19:15:59+00:00","dateModified":"2023-02-07T15:32:22+00:00","description":"Arbre de transmission Bmw X1 E84 neuf et avec un an de garantie, r\u00e9f\u00e9rences: 26207529294, 26207629987, 26207620520, 26208628042","breadcrumb":{"@id":"https:\/\/www.enriquerequena.com\/fr\/tienda-online\/arbre-transmission-cardan\/arbre-transmission-cardan-4x4\/arbre-de-transmission-bmw-x1-e84-26207529294-26207629987-26207620520-26208628042\/#breadcrumb"},"inLanguage":"fr-FR","potentialAction":[{"@type":"ReadAction","target":["https:\/\/www.enriquerequena.com\/fr\/tienda-online\/arbre-transmission-cardan\/arbre-transmission-cardan-4x4\/arbre-de-transmission-bmw-x1-e84-26207529294-26207629987-26207620520-26208628042\/"]}]},{"@type":"ImageObject","inLanguage":"fr-FR","@id":"https:\/\/www.enriquerequena.com\/fr\/tienda-online\/arbre-transmission-cardan\/arbre-transmission-cardan-4x4\/arbre-de-transmission-bmw-x1-e84-26207529294-26207629987-26207620520-26208628042\/#primaryimage","url":"https:\/\/www.enriquerequena.com\/wp-content\/uploads\/2019\/10\/products-26207529294-26207629987-262076205-2026208628042-TRANSMISION-CARDAN-ARBRE-DE-TRANSMISSION-PROPSHAFT-Bmw-X1-E84-Serie-3-E90-E91-2.jpg","contentUrl":"https:\/\/www.enriquerequena.com\/wp-content\/uploads\/2019\/10\/products-26207529294-26207629987-262076205-2026208628042-TRANSMISION-CARDAN-ARBRE-DE-TRANSMISSION-PROPSHAFT-Bmw-X1-E84-Serie-3-E90-E91-2.jpg","width":800,"height":800,"caption":"26207529294, 26207629987, 26207620520, 26208628042, TRANSMISION, CARDAN, ARBRE DE TRANSMISSION, PROPSHAFT, Bmw, X1, E84, Serie 3, E90, E91"},{"@type":"WebSite","@id":"https:\/\/www.enriquerequena.com\/fr\/#website","url":"https:\/\/www.enriquerequena.com\/fr\/","name":"ENRIQUE REQUENA","description":"Sp\u00e9cialistes des transmissions cardan avec des exp\u00e9ditions dans le monde entier et des pi\u00e8ces d\u00e9tach\u00e9es pour voitures, camions et accessoires \u00e0 Valence, en Espagne. Avec vous depuis 1950!","publisher":{"@id":"https:\/\/www.enriquerequena.com\/fr\/#organization"},"potentialAction":[{"@type":"SearchAction","target":{"@type":"EntryPoint","urlTemplate":"https:\/\/www.enriquerequena.com\/fr\/?s={search_term_string}"},"query-input":{"@type":"PropertyValueSpecification","valueRequired":true,"valueName":"search_term_string"}}],"inLanguage":"fr-FR"},{"@type":"Organization","@id":"https:\/\/www.enriquerequena.com\/fr\/#organization","name":"Enrique Requena S.L.","url":"https:\/\/www.enriquerequena.com\/fr\/","logo":{"@type":"ImageObject","inLanguage":"fr-FR","@id":"https:\/\/www.enriquerequena.com\/fr\/#\/schema\/logo\/image\/","url":"https:\/\/www.enriquerequena.com\/wp-content\/uploads\/2019\/11\/enrique-requena-recambios-logotipo.jpg","contentUrl":"https:\/\/www.enriquerequena.com\/wp-content\/uploads\/2019\/11\/enrique-requena-recambios-logotipo.jpg","width":381,"height":75,"caption":"Enrique Requena S.L."},"image":{"@id":"https:\/\/www.enriquerequena.com\/fr\/#\/schema\/logo\/image\/"}}]}},"_links":{"self":[{"href":"https:\/\/www.enriquerequena.com\/fr\/wp-json\/wp\/v2\/product\/3911","targetHints":{"allow":["GET"]}}],"collection":[{"href":"https:\/\/www.enriquerequena.com\/fr\/wp-json\/wp\/v2\/product"}],"about":[{"href":"https:\/\/www.enriquerequena.com\/fr\/wp-json\/wp\/v2\/types\/product"}],"wp:featuredmedia":[{"embeddable":true,"href":"https:\/\/www.enriquerequena.com\/fr\/wp-json\/wp\/v2\/media\/3912"}],"wp:attachment":[{"href":"https:\/\/www.enriquerequena.com\/fr\/wp-json\/wp\/v2\/media?parent=3911"}],"wp:term":[{"taxonomy":"product_brand","embeddable":true,"href":"https:\/\/www.enriquerequena.com\/fr\/wp-json\/wp\/v2\/product_brand?post=3911"},{"taxonomy":"product_cat","embeddable":true,"href":"https:\/\/www.enriquerequena.com\/fr\/wp-json\/wp\/v2\/product_cat?post=3911"},{"taxonomy":"product_tag","embeddable":true,"href":"https:\/\/www.enriquerequena.com\/fr\/wp-json\/wp\/v2\/product_tag?post=3911"}],"curies":[{"name":"wp","href":"https:\/\/api.w.org\/{rel}","templated":true}]}}