{"id":3918,"date":"2019-11-19T18:39:52","date_gmt":"2019-11-19T18:39:52","guid":{"rendered":"https:\/\/www.enriquerequena.com\/?post_type=product&#038;p=3918"},"modified":"2023-02-07T16:27:44","modified_gmt":"2023-02-07T15:27:44","slug":"arbre-de-transmission-bmw-x3-e83-26207526677-26207502968-26207502969","status":"publish","type":"product","link":"https:\/\/www.enriquerequena.com\/fr\/tienda-online\/arbre-transmission-cardan\/arbre-transmission-cardan-4x4\/arbre-de-transmission-bmw-x3-e83-26207526677-26207502968-26207502969\/","title":{"rendered":"Arbre de Transmission Bmw X3 E83, 26207526677, 26207502968, 26207502969."},"content":{"rendered":"<p><span style=\"color: #666699;\">&#8211; Arbre de transmission Cardan Bmw<\/span><\/p>\n<p><span style=\"color: #666699;\">&#8211; Mod\u00e8le de v\u00e9hicule: X3 E83<\/span><\/p>\n<p><span style=\"color: #666699;\">&#8211; Longueur: 717mm<\/span><\/p>\n<p><span style=\"color: #666699;\">&#8211; \u00c9tat: neuf<\/span><\/p>\n<p><span style=\"color: #666699;\">&#8211; Garantie: 1 an<\/span><\/p>\n<p><span style=\"color: #666699;\">&#8211; Ref:\u00a026207526677, 26207502968, 26207502969.<\/span><\/p>\n","protected":false},"excerpt":{"rendered":"<p>Arbre de Transmision Bmw X3 E83, neuf et avec un an de garantie, r\u00e9f\u00e9rences:, 26207526677, 26207502968, 26207502969.<\/p>\n","protected":false},"featured_media":3919,"template":"","meta":[],"product_brand":[110],"product_cat":[144,156],"product_tag":[],"class_list":{"0":"post-3918","1":"product","2":"type-product","3":"status-publish","4":"has-post-thumbnail","6":"product_brand-bmw-2","7":"product_cat-arbre-transmission-cardan","8":"product_cat-arbre-transmission-cardan-4x4","9":"pa_manufacturer-bmw","10":"pa_tipo-4x4","12":"first","13":"instock","14":"taxable","15":"shipping-taxable","16":"purchasable","17":"product-type-simple"},"yoast_head":"<!-- This site is optimized with the Yoast SEO plugin v27.5 - https:\/\/yoast.com\/product\/yoast-seo-wordpress\/ -->\n<title>Arbre Transmission Bmw X3 E83, 26207526677, 26207502968, 26207502969<\/title>\n<meta name=\"description\" content=\"Arbre de Transmision Bmw X3 E83, neuf et avec un an de garantie, r\u00e9f\u00e9rences:, 26207526677, 26207502968, 26207502969.\" \/>\n<meta name=\"robots\" content=\"index, follow, max-snippet:-1, max-image-preview:large, max-video-preview:-1\" \/>\n<link rel=\"canonical\" href=\"https:\/\/www.enriquerequena.com\/fr\/tienda-online\/arbre-transmission-cardan\/arbre-transmission-cardan-4x4\/arbre-de-transmission-bmw-x3-e83-26207526677-26207502968-26207502969\/\" \/>\n<meta property=\"og:locale\" content=\"fr_FR\" \/>\n<meta property=\"og:type\" content=\"article\" \/>\n<meta property=\"og:title\" content=\"Arbre Transmission Bmw X3 E83, 26207526677, 26207502968, 26207502969\" \/>\n<meta property=\"og:description\" content=\"Arbre de Transmision Bmw X3 E83, neuf et avec un an de garantie, r\u00e9f\u00e9rences:, 26207526677, 26207502968, 26207502969.\" \/>\n<meta property=\"og:url\" content=\"https:\/\/www.enriquerequena.com\/fr\/tienda-online\/arbre-transmission-cardan\/arbre-transmission-cardan-4x4\/arbre-de-transmission-bmw-x3-e83-26207526677-26207502968-26207502969\/\" \/>\n<meta property=\"og:site_name\" content=\"ENRIQUE REQUENA\" \/>\n<meta property=\"article:modified_time\" content=\"2023-02-07T15:27:44+00:00\" \/>\n<meta property=\"og:image\" content=\"https:\/\/www.enriquerequena.com\/wp-content\/uploads\/2019\/11\/products-26207526677-TRANSMISION-CARDAN-ARBRE-DE-TRANSMISSION-PROPSHAFT-BMW-2.jpg\" \/>\n\t<meta property=\"og:image:width\" content=\"800\" \/>\n\t<meta property=\"og:image:height\" content=\"800\" \/>\n\t<meta property=\"og:image:type\" content=\"image\/jpeg\" \/>\n<meta name=\"twitter:card\" content=\"summary_large_image\" \/>\n<script type=\"application\/ld+json\" class=\"yoast-schema-graph\">{\"@context\":\"https:\\\/\\\/schema.org\",\"@graph\":[{\"@type\":\"WebPage\",\"@id\":\"https:\\\/\\\/www.enriquerequena.com\\\/fr\\\/tienda-online\\\/arbre-transmission-cardan\\\/arbre-transmission-cardan-4x4\\\/arbre-de-transmission-bmw-x3-e83-26207526677-26207502968-26207502969\\\/\",\"url\":\"https:\\\/\\\/www.enriquerequena.com\\\/fr\\\/tienda-online\\\/arbre-transmission-cardan\\\/arbre-transmission-cardan-4x4\\\/arbre-de-transmission-bmw-x3-e83-26207526677-26207502968-26207502969\\\/\",\"name\":\"Arbre Transmission Bmw X3 E83, 26207526677, 26207502968, 26207502969\",\"isPartOf\":{\"@id\":\"https:\\\/\\\/www.enriquerequena.com\\\/fr\\\/#website\"},\"primaryImageOfPage\":{\"@id\":\"https:\\\/\\\/www.enriquerequena.com\\\/fr\\\/tienda-online\\\/arbre-transmission-cardan\\\/arbre-transmission-cardan-4x4\\\/arbre-de-transmission-bmw-x3-e83-26207526677-26207502968-26207502969\\\/#primaryimage\"},\"image\":{\"@id\":\"https:\\\/\\\/www.enriquerequena.com\\\/fr\\\/tienda-online\\\/arbre-transmission-cardan\\\/arbre-transmission-cardan-4x4\\\/arbre-de-transmission-bmw-x3-e83-26207526677-26207502968-26207502969\\\/#primaryimage\"},\"thumbnailUrl\":\"https:\\\/\\\/www.enriquerequena.com\\\/wp-content\\\/uploads\\\/2019\\\/11\\\/products-26207526677-TRANSMISION-CARDAN-ARBRE-DE-TRANSMISSION-PROPSHAFT-BMW-2.jpg\",\"datePublished\":\"2019-11-19T18:39:52+00:00\",\"dateModified\":\"2023-02-07T15:27:44+00:00\",\"description\":\"Arbre de Transmision Bmw X3 E83, neuf et avec un an de garantie, r\u00e9f\u00e9rences:, 26207526677, 26207502968, 26207502969.\",\"breadcrumb\":{\"@id\":\"https:\\\/\\\/www.enriquerequena.com\\\/fr\\\/tienda-online\\\/arbre-transmission-cardan\\\/arbre-transmission-cardan-4x4\\\/arbre-de-transmission-bmw-x3-e83-26207526677-26207502968-26207502969\\\/#breadcrumb\"},\"inLanguage\":\"fr-FR\",\"potentialAction\":[{\"@type\":\"ReadAction\",\"target\":[\"https:\\\/\\\/www.enriquerequena.com\\\/fr\\\/tienda-online\\\/arbre-transmission-cardan\\\/arbre-transmission-cardan-4x4\\\/arbre-de-transmission-bmw-x3-e83-26207526677-26207502968-26207502969\\\/\"]}]},{\"@type\":\"ImageObject\",\"inLanguage\":\"fr-FR\",\"@id\":\"https:\\\/\\\/www.enriquerequena.com\\\/fr\\\/tienda-online\\\/arbre-transmission-cardan\\\/arbre-transmission-cardan-4x4\\\/arbre-de-transmission-bmw-x3-e83-26207526677-26207502968-26207502969\\\/#primaryimage\",\"url\":\"https:\\\/\\\/www.enriquerequena.com\\\/wp-content\\\/uploads\\\/2019\\\/11\\\/products-26207526677-TRANSMISION-CARDAN-ARBRE-DE-TRANSMISSION-PROPSHAFT-BMW-2.jpg\",\"contentUrl\":\"https:\\\/\\\/www.enriquerequena.com\\\/wp-content\\\/uploads\\\/2019\\\/11\\\/products-26207526677-TRANSMISION-CARDAN-ARBRE-DE-TRANSMISSION-PROPSHAFT-BMW-2.jpg\",\"width\":800,\"height\":800,\"caption\":\"26207526677, 26207502968, 26207502969, TRANSMISION, CARDAN, ARBRE DE TRANSMISSION, PROPSHAFT, BMW X3 E83\"},{\"@type\":\"WebSite\",\"@id\":\"https:\\\/\\\/www.enriquerequena.com\\\/fr\\\/#website\",\"url\":\"https:\\\/\\\/www.enriquerequena.com\\\/fr\\\/\",\"name\":\"ENRIQUE REQUENA\",\"description\":\"Sp\u00e9cialistes des transmissions cardan avec des exp\u00e9ditions dans le monde entier et des pi\u00e8ces d\u00e9tach\u00e9es pour voitures, camions et accessoires \u00e0 Valence, en Espagne. Avec vous depuis 1950!\",\"publisher\":{\"@id\":\"https:\\\/\\\/www.enriquerequena.com\\\/fr\\\/#organization\"},\"potentialAction\":[{\"@type\":\"SearchAction\",\"target\":{\"@type\":\"EntryPoint\",\"urlTemplate\":\"https:\\\/\\\/www.enriquerequena.com\\\/fr\\\/?s={search_term_string}\"},\"query-input\":{\"@type\":\"PropertyValueSpecification\",\"valueRequired\":true,\"valueName\":\"search_term_string\"}}],\"inLanguage\":\"fr-FR\"},{\"@type\":\"Organization\",\"@id\":\"https:\\\/\\\/www.enriquerequena.com\\\/fr\\\/#organization\",\"name\":\"Enrique Requena S.L.\",\"url\":\"https:\\\/\\\/www.enriquerequena.com\\\/fr\\\/\",\"logo\":{\"@type\":\"ImageObject\",\"inLanguage\":\"fr-FR\",\"@id\":\"https:\\\/\\\/www.enriquerequena.com\\\/fr\\\/#\\\/schema\\\/logo\\\/image\\\/\",\"url\":\"https:\\\/\\\/www.enriquerequena.com\\\/wp-content\\\/uploads\\\/2019\\\/11\\\/enrique-requena-recambios-logotipo.jpg\",\"contentUrl\":\"https:\\\/\\\/www.enriquerequena.com\\\/wp-content\\\/uploads\\\/2019\\\/11\\\/enrique-requena-recambios-logotipo.jpg\",\"width\":381,\"height\":75,\"caption\":\"Enrique Requena S.L.\"},\"image\":{\"@id\":\"https:\\\/\\\/www.enriquerequena.com\\\/fr\\\/#\\\/schema\\\/logo\\\/image\\\/\"}}]}<\/script>\n<!-- \/ Yoast SEO plugin. -->","yoast_head_json":{"title":"Arbre Transmission Bmw X3 E83, 26207526677, 26207502968, 26207502969","description":"Arbre de Transmision Bmw X3 E83, neuf et avec un an de garantie, r\u00e9f\u00e9rences:, 26207526677, 26207502968, 26207502969.","robots":{"index":"index","follow":"follow","max-snippet":"max-snippet:-1","max-image-preview":"max-image-preview:large","max-video-preview":"max-video-preview:-1"},"canonical":"https:\/\/www.enriquerequena.com\/fr\/tienda-online\/arbre-transmission-cardan\/arbre-transmission-cardan-4x4\/arbre-de-transmission-bmw-x3-e83-26207526677-26207502968-26207502969\/","og_locale":"fr_FR","og_type":"article","og_title":"Arbre Transmission Bmw X3 E83, 26207526677, 26207502968, 26207502969","og_description":"Arbre de Transmision Bmw X3 E83, neuf et avec un an de garantie, r\u00e9f\u00e9rences:, 26207526677, 26207502968, 26207502969.","og_url":"https:\/\/www.enriquerequena.com\/fr\/tienda-online\/arbre-transmission-cardan\/arbre-transmission-cardan-4x4\/arbre-de-transmission-bmw-x3-e83-26207526677-26207502968-26207502969\/","og_site_name":"ENRIQUE REQUENA","article_modified_time":"2023-02-07T15:27:44+00:00","og_image":[{"width":800,"height":800,"url":"https:\/\/www.enriquerequena.com\/wp-content\/uploads\/2019\/11\/products-26207526677-TRANSMISION-CARDAN-ARBRE-DE-TRANSMISSION-PROPSHAFT-BMW-2.jpg","type":"image\/jpeg"}],"twitter_card":"summary_large_image","schema":{"@context":"https:\/\/schema.org","@graph":[{"@type":"WebPage","@id":"https:\/\/www.enriquerequena.com\/fr\/tienda-online\/arbre-transmission-cardan\/arbre-transmission-cardan-4x4\/arbre-de-transmission-bmw-x3-e83-26207526677-26207502968-26207502969\/","url":"https:\/\/www.enriquerequena.com\/fr\/tienda-online\/arbre-transmission-cardan\/arbre-transmission-cardan-4x4\/arbre-de-transmission-bmw-x3-e83-26207526677-26207502968-26207502969\/","name":"Arbre Transmission Bmw X3 E83, 26207526677, 26207502968, 26207502969","isPartOf":{"@id":"https:\/\/www.enriquerequena.com\/fr\/#website"},"primaryImageOfPage":{"@id":"https:\/\/www.enriquerequena.com\/fr\/tienda-online\/arbre-transmission-cardan\/arbre-transmission-cardan-4x4\/arbre-de-transmission-bmw-x3-e83-26207526677-26207502968-26207502969\/#primaryimage"},"image":{"@id":"https:\/\/www.enriquerequena.com\/fr\/tienda-online\/arbre-transmission-cardan\/arbre-transmission-cardan-4x4\/arbre-de-transmission-bmw-x3-e83-26207526677-26207502968-26207502969\/#primaryimage"},"thumbnailUrl":"https:\/\/www.enriquerequena.com\/wp-content\/uploads\/2019\/11\/products-26207526677-TRANSMISION-CARDAN-ARBRE-DE-TRANSMISSION-PROPSHAFT-BMW-2.jpg","datePublished":"2019-11-19T18:39:52+00:00","dateModified":"2023-02-07T15:27:44+00:00","description":"Arbre de Transmision Bmw X3 E83, neuf et avec un an de garantie, r\u00e9f\u00e9rences:, 26207526677, 26207502968, 26207502969.","breadcrumb":{"@id":"https:\/\/www.enriquerequena.com\/fr\/tienda-online\/arbre-transmission-cardan\/arbre-transmission-cardan-4x4\/arbre-de-transmission-bmw-x3-e83-26207526677-26207502968-26207502969\/#breadcrumb"},"inLanguage":"fr-FR","potentialAction":[{"@type":"ReadAction","target":["https:\/\/www.enriquerequena.com\/fr\/tienda-online\/arbre-transmission-cardan\/arbre-transmission-cardan-4x4\/arbre-de-transmission-bmw-x3-e83-26207526677-26207502968-26207502969\/"]}]},{"@type":"ImageObject","inLanguage":"fr-FR","@id":"https:\/\/www.enriquerequena.com\/fr\/tienda-online\/arbre-transmission-cardan\/arbre-transmission-cardan-4x4\/arbre-de-transmission-bmw-x3-e83-26207526677-26207502968-26207502969\/#primaryimage","url":"https:\/\/www.enriquerequena.com\/wp-content\/uploads\/2019\/11\/products-26207526677-TRANSMISION-CARDAN-ARBRE-DE-TRANSMISSION-PROPSHAFT-BMW-2.jpg","contentUrl":"https:\/\/www.enriquerequena.com\/wp-content\/uploads\/2019\/11\/products-26207526677-TRANSMISION-CARDAN-ARBRE-DE-TRANSMISSION-PROPSHAFT-BMW-2.jpg","width":800,"height":800,"caption":"26207526677, 26207502968, 26207502969, TRANSMISION, CARDAN, ARBRE DE TRANSMISSION, PROPSHAFT, BMW X3 E83"},{"@type":"WebSite","@id":"https:\/\/www.enriquerequena.com\/fr\/#website","url":"https:\/\/www.enriquerequena.com\/fr\/","name":"ENRIQUE REQUENA","description":"Sp\u00e9cialistes des transmissions cardan avec des exp\u00e9ditions dans le monde entier et des pi\u00e8ces d\u00e9tach\u00e9es pour voitures, camions et accessoires \u00e0 Valence, en Espagne. Avec vous depuis 1950!","publisher":{"@id":"https:\/\/www.enriquerequena.com\/fr\/#organization"},"potentialAction":[{"@type":"SearchAction","target":{"@type":"EntryPoint","urlTemplate":"https:\/\/www.enriquerequena.com\/fr\/?s={search_term_string}"},"query-input":{"@type":"PropertyValueSpecification","valueRequired":true,"valueName":"search_term_string"}}],"inLanguage":"fr-FR"},{"@type":"Organization","@id":"https:\/\/www.enriquerequena.com\/fr\/#organization","name":"Enrique Requena S.L.","url":"https:\/\/www.enriquerequena.com\/fr\/","logo":{"@type":"ImageObject","inLanguage":"fr-FR","@id":"https:\/\/www.enriquerequena.com\/fr\/#\/schema\/logo\/image\/","url":"https:\/\/www.enriquerequena.com\/wp-content\/uploads\/2019\/11\/enrique-requena-recambios-logotipo.jpg","contentUrl":"https:\/\/www.enriquerequena.com\/wp-content\/uploads\/2019\/11\/enrique-requena-recambios-logotipo.jpg","width":381,"height":75,"caption":"Enrique Requena S.L."},"image":{"@id":"https:\/\/www.enriquerequena.com\/fr\/#\/schema\/logo\/image\/"}}]}},"_links":{"self":[{"href":"https:\/\/www.enriquerequena.com\/fr\/wp-json\/wp\/v2\/product\/3918","targetHints":{"allow":["GET"]}}],"collection":[{"href":"https:\/\/www.enriquerequena.com\/fr\/wp-json\/wp\/v2\/product"}],"about":[{"href":"https:\/\/www.enriquerequena.com\/fr\/wp-json\/wp\/v2\/types\/product"}],"wp:featuredmedia":[{"embeddable":true,"href":"https:\/\/www.enriquerequena.com\/fr\/wp-json\/wp\/v2\/media\/3919"}],"wp:attachment":[{"href":"https:\/\/www.enriquerequena.com\/fr\/wp-json\/wp\/v2\/media?parent=3918"}],"wp:term":[{"taxonomy":"product_brand","embeddable":true,"href":"https:\/\/www.enriquerequena.com\/fr\/wp-json\/wp\/v2\/product_brand?post=3918"},{"taxonomy":"product_cat","embeddable":true,"href":"https:\/\/www.enriquerequena.com\/fr\/wp-json\/wp\/v2\/product_cat?post=3918"},{"taxonomy":"product_tag","embeddable":true,"href":"https:\/\/www.enriquerequena.com\/fr\/wp-json\/wp\/v2\/product_tag?post=3918"}],"curies":[{"name":"wp","href":"https:\/\/api.w.org\/{rel}","templated":true}]}}